{"id":19301,"date":"2024-12-20T12:25:19","date_gmt":"2024-12-20T12:25:19","guid":{"rendered":"https:\/\/blog.tmgrupoinmobiliario.com\/pl\/?page_id=19301"},"modified":"2024-12-20T12:25:19","modified_gmt":"2024-12-20T12:25:19","slug":"medioambiente","status":"publish","type":"page","link":"https:\/\/blog.tmgrupoinmobiliario.com\/pl\/medioambiente\/","title":{"rendered":"Medioambiente"},"content":{"rendered":"<div class=\"gc\">\n<nav class=\"static-nav inline-nav lineas-nav locked\">\n<ul>\n<li><a href=\"\/pl\/gobierno-corporativo\/plan-director-rc\">G\u0142\u00f3wny plan odpowiedzialno\u015bci korporacyjnej<\/a><\/li>\n<li><a href=\"\/pl\/gobierno-corporativo\/memoria-rc\">Raport dotycz\u0105cy odpowiedzialno\u015bci korporacyjnej<\/a><\/li>\n<li><a href=\"\/pl\/gobierno-corporativo\/etica-y-gobernanza\">Etyka i \u0142ad korporacyjny<\/a><\/li>\n<li><a href=\"\/pl\/gobierno-corporativo\/accion-social\">Dzia\u0142alno\u015b\u0107 prospo\u0142eczna<\/a><\/li>\n<li><a class=\"active\" href=\"\/pl\/gobierno-corporativo\/medioambiente\">\u015arodowisko naturalne<\/a><\/li>\n<\/ul>\n<p>        <button class=\"toggle-static-nav\">menu <i class=\"far fa-caret-square-down\"><\/i><\/button><br \/>\n    <\/nav>\n<section class=\"gc-cover-section scroll-div\">\n<div class=\"cover\">\n<div class=\"gc-video-holder medioambiente\" style=\"background-image: url(https:\/\/www.tmgrupoinmobiliario.com\/blog\/wp-content\/uploads\/2023\/10\/Exteriores-Fase-6-scaled.jpg);\/*height: 600px;background-size: cover;background-position: center;*\/\">\n                <!--<video class=\"gc-cover-video\" playsinline=\"\" autoplay=\"autoplay\" muted=\"\" loop=\"\" style=\"width:100%\">\n<source src=\"\" type=\"video\/webm\">\n<source src=\"https:\/\/static.tmgrupoinmobiliario.com\/files\/Landing\/Sunset_Cliffs2_corte_azul.mp4\" type=\"video\/mp4\">\n<\/video> -->\n            <\/div>\n<\/p><\/div>\n<\/section>\n<section>\n<h2 class=\"text-center\" style=\"color:black\">\u015aRODOWISKO NATURALNE<\/h2>\n<\/section>\n<section class=\"sostenibilidad-eficiencia-section gc-section\">\n<div class=\"container mw-1200\">\n<div class=\"business-lines \/*gc-cards-section*\/\">\n<h3 style=\"\">ZR\u00d3WNOWA\u017bONY ROZW\u00d3J I EFEKTYWNO\u015a\u0106 ENERGETYCZNA<\/h3>\n<p class=\"text-center\">Wykonanie projektu i zr\u00f3wnowa\u017cona budowa naszych inwestycji odbywa si\u0119 z uwzgl\u0119dnieniem <b>kryteri\u00f3w \u015brodowiskowych i efektywno\u015bci energetycznej<\/b>, dostosowanych do specyficznych cech klimatycznych i krajobrazowych otoczenia w celu <b>zapewnienia optymalnego zu\u017cycia energii i maksymalnego komfortu w\u0142a\u015bcicieli<\/b>.<\/p>\n<div class=\"container sostenibilidad-slider\" style=\"margin: 40px 0;\">\n<div class=\"card-holder card-spain gc-card-holder\">\n<div class=\"card business-card sostenibilidad-card\">\n<div class=\"card-link\">\n                                <img decoding=\"async\" class=\"async-load dark-filter\" src=\"https:\/\/www.tmgrupoinmobiliario.com\/blog\/wp-content\/uploads\/2023\/10\/envolvente.jpg\" class=\"card-image\"\/><\/p>\n<div class=\"card-content\">\n<h3 class=\"card-title\">UDOSKONALENIE BRY\u0141Y ZEWN\u0118TRZNEJ <\/h3>\n<\/p><\/div>\n<\/p><\/div>\n<p>                            <button class=\"card-button btn-link open-menu-link\">Wi\u0119cej informacji<\/button><\/p>\n<div class=\"menu\">\n<p>Elewacje i pokrycia dachowe o doskona\u0142ych w\u0142a\u015bciwo\u015bciach izolacyjnych<\/p>\n<p>Elementy stolarki z komor\u0105 o parametrach zapewniaj\u0105cych wysok\u0105 jako\u015b\u0107<\/p>\n<p>Wykorzystanie r\u00f3\u017cnego rodzaju system\u00f3w chroni\u0105cych przed s\u0142o\u0144cem: szk\u0142o niskoemisyjne, \u017caluzje umo\u017cliwiaj\u0105ce kontrol\u0119 promieniowania s\u0142onecznego lub zastosowanie nad g\u0142\u00f3wnymi pomieszczeniami element\u00f3w nadwieszonych.<\/p>\n<\/p><\/div>\n<\/p><\/div>\n<\/p><\/div>\n<div class=\"card-holder card-spain gc-card-holder\">\n<div class=\"card business-card sostenibilidad-card \">\n<div class=\"card-link\">\n                                <img decoding=\"async\" class=\"async-load dark-filter\" src=\"https:\/\/www.tmgrupoinmobiliario.com\/blog\/wp-content\/uploads\/2023\/10\/eficiencia-energetica.jpg\" class=\"card-image\" \/><\/p>\n<div class=\"card-content\">\n<h3 class=\"card-title\">EFEKTYWNO\u015a\u0106 ENERGETYCZNA<\/h3>\n<\/p><\/div>\n<\/p><\/div>\n<p>                            <button class=\"card-button btn-link open-menu-link\">Wi\u0119cej informacji<\/button><\/p>\n<div class=\"menu\">\n<p>Wykorzystanie system\u00f3w wentylacji grawitacyjnej i dwuprzep\u0142ywowej<\/p>\n<p>Systemy aerotermicznej klimatyzacji i CWU oraz panele fotowoltaiczne<\/p>\n<p>Oszcz\u0119dne o\u015bwietlenie<\/p>\n<p>Instalacja urz\u0105dze\u0144 sanitarnych i ekologicznych baterii \u0142azienkowych o niskim zu\u017cyciu energii i wody<\/p>\n<\/p><\/div>\n<\/p><\/div>\n<\/p><\/div>\n<div class=\"card-holder card-spain gc-card-holder\">\n<div class=\"card business-card sostenibilidad-card \">\n<div class=\"card-link\">\n                                <img decoding=\"async\" class=\"async-load dark-filter\" src=\"https:\/\/www.tmgrupoinmobiliario.com\/blog\/wp-content\/uploads\/2023\/10\/reutilizacion-agua.jpg\" class=\"card-image\" \/><\/p>\n<div class=\"card-content\">\n<h3 class=\"card-title\">REUTYLIZACJA WODY<\/h3>\n<\/p><\/div>\n<\/p><\/div>\n<p>                            <button class=\"card-button btn-link open-menu-link\">Wi\u0119cej informacji<\/button><\/p>\n<div class=\"menu\">\n<p>Wsp\u00f3lnotowe systemy ponownego wykorzystania wody<\/p>\n<\/p><\/div>\n<\/p><\/div>\n<\/p><\/div>\n<div class=\"card-holder card-spain gc-card-holder\">\n<div class=\"card business-card sostenibilidad-card\">\n<div class=\"card-link\">\n                                <img decoding=\"async\" class=\"async-load dark-filter\" src=\"https:\/\/www.tmgrupoinmobiliario.com\/blog\/wp-content\/uploads\/2023\/10\/envolvente.jpg\" class=\"card-image\" \/><\/p>\n<div class=\"card-content\">\n<h3 class=\"card-title\">UDOSKONALENIE BRY\u0141Y ZEWN\u0118TRZNEJ <\/h3>\n<\/p><\/div>\n<\/p><\/div>\n<p>                            <button class=\"card-button btn-link open-menu-link\">Wi\u0119cej informacji<\/button><\/p>\n<div class=\"menu\">\n<p>Elewacje i pokrycia dachowe o doskona\u0142ych w\u0142a\u015bciwo\u015bciach izolacyjnych<\/p>\n<p>Elementy stolarki z komor\u0105 o parametrach zapewniaj\u0105cych wysok\u0105 jako\u015b\u0107<\/p>\n<p>Wykorzystanie r\u00f3\u017cnego rodzaju system\u00f3w chroni\u0105cych przed s\u0142o\u0144cem: szk\u0142o niskoemisyjne, \u017caluzje umo\u017cliwiaj\u0105ce kontrol\u0119 promieniowania s\u0142onecznego lub zastosowanie nad g\u0142\u00f3wnymi pomieszczeniami element\u00f3w nadwieszonych.<\/p>\n<\/p><\/div>\n<\/p><\/div>\n<\/p><\/div>\n<div class=\"card-holder card-spain gc-card-holder\">\n<div class=\"card business-card sostenibilidad-card \">\n<div class=\"card-link\">\n                                <img decoding=\"async\" class=\"async-load dark-filter\" src=\"https:\/\/www.tmgrupoinmobiliario.com\/blog\/wp-content\/uploads\/2023\/10\/eficiencia-energetica.jpg\" class=\"card-image\" \/><\/p>\n<div class=\"card-content\">\n<h3 class=\"card-title\">EFEKTYWNO\u015a\u0106 ENERGETYCZNA<\/h3>\n<\/p><\/div>\n<\/p><\/div>\n<p>                            <button class=\"card-button btn-link open-menu-link\">Wi\u0119cej informacji<\/button><\/p>\n<div class=\"menu\">\n<p>Wykorzystanie system\u00f3w wentylacji grawitacyjnej i dwuprzep\u0142ywowej<\/p>\n<p>Systemy aerotermicznej klimatyzacji i CWU oraz panele fotowoltaiczne<\/p>\n<p>Oszcz\u0119dne o\u015bwietlenie<\/p>\n<p>Instalacja urz\u0105dze\u0144 sanitarnych i ekologicznych baterii \u0142azienkowych o niskim zu\u017cyciu energii i wody<\/p>\n<\/p><\/div>\n<\/p><\/div>\n<\/p><\/div>\n<div class=\"card-holder card-spain gc-card-holder\">\n<div class=\"card business-card sostenibilidad-card \">\n<div class=\"card-link\">\n                                <img decoding=\"async\" class=\"async-load dark-filter\" src=\"https:\/\/www.tmgrupoinmobiliario.com\/blog\/wp-content\/uploads\/2023\/10\/reutilizacion-agua.jpg\" class=\"card-image\" \/><\/p>\n<div class=\"card-content\">\n<h3 class=\"card-title\">REUTYLIZACJA WODY<\/h3>\n<\/p><\/div>\n<\/p><\/div>\n<p>                            <button class=\"card-button btn-link open-menu-link\">Wi\u0119cej informacji<\/button><\/p>\n<div class=\"menu\">\n<p>Wsp\u00f3lnotowe systemy ponownego wykorzystania wody<\/p>\n<\/p><\/div>\n<\/p><\/div>\n<\/p><\/div>\n<\/p><\/div>\n<\/p><\/div>\n<\/p><\/div>\n<\/section>\n<section class=\"economia-circular-section background-gray-lighter gc-section\" style=\"\/*margin:2em 0*\/\">\n<div class=\"business-lines \/*gc-cards-section*\/ container mw-1200\">\n            <!--\n\n<h2 class=\"text-center\">ECONOM\u00cdA CIRCULAR<\/h2>\n\n--><\/p>\n<h3>PROMUJEMY GOSPODARK\u0118 O OBIEGU ZAMKNI\u0118TYM<\/h3>\n<p class=\"text-center\">Przej\u015bcie od gospodarki linearnej do opartej na obiegu zamkni\u0119tym odgrywa kluczow\u0105 rol\u0119 w poprawie stanu \u015brodowiska naturalnego i dba\u0142o\u015bci o nie ze wzgl\u0119du na znaczn\u0105 redukcje odpad\u00f3w poprzez optymalne wykorzystanie dost\u0119pnych zasob\u00f3w. Dlatego te\u017c nasza Grupa przywi\u0105zuje ogromne znaczenie do <b>zapobiegania powstawaniu odpad\u00f3w oraz ich eliminowania<\/b>. Zobowi\u0105zujemy si\u0119 przy tym usuwa\u0107 wytwarzane odpady w spos\u00f3b odpowiedzialny.<\/p>\n<div class=\" economia-circular-slider\" style=\"margin:40px 0\">\n<div class=\"card-holder card-spain gc-card-holder\">\n<div class=\"card business-card\">\n<div class=\"card-link\">\n                            <img decoding=\"async\" class=\"async-load dark-filter\" src=\"https:\/\/www.tmgrupoinmobiliario.com\/blog\/wp-content\/uploads\/2023\/10\/DONACION-EQUIPOS.jpg\" class=\"card-image\" \/><\/p>\n<div class=\"card-content\">\n<h3 class=\"card-title\">PRZEKAZANIE SPRZ\u0118TU KOMPUTEROWEGO<\/h3>\n<\/p><\/div>\n<\/p><\/div>\n<p>                        <a class=\"btn card-button btn-link\" href=\"https:\/\/www.tmgrupoinmobiliario.com\/blog\/2022\/03\/17\/donamos-equipos-informaticos-a-la-fundacion-alinur\/\" target=\"_blank\" rel=\"noopener\">Wi\u0119cej informacji<\/a>\n                    <\/div>\n<\/p><\/div>\n<div class=\"card-holder card-spain gc-card-holder\">\n<div class=\"card business-card \">\n<div class=\"card-link\">\n                            <img decoding=\"async\" class=\"async-load dark-filter\" src=\"https:\/\/www.tmgrupoinmobiliario.com\/blog\/wp-content\/uploads\/2023\/10\/REPLANTACION-ARBOLES.jpg\" class=\"card-image\" \/><\/p>\n<div class=\"card-content\">\n<h3 class=\"card-title\">SADZENIE DRZEW<\/h3>\n<\/p><\/div>\n<\/p><\/div>\n<p>                        <a class=\"btn card-button btn-link\" href=\"https:\/\/www.tmgrupoinmobiliario.com\/blog\/2023\/10\/28\/tm-lleva-a-cabo-una-accion-de-reforestacion-en-bigastro-para-proteger-la-biodiversidad-y-cuidar-el-entorno\/\" target=\"_blank\" rel=\"noopener\">Wi\u0119cej informacji<\/a><\/p><\/div>\n<\/p><\/div>\n<div class=\"card-holder card-spain gc-card-holder\">\n<div class=\"card business-card \">\n<div class=\"card-link\">\n                            <img decoding=\"async\" class=\"async-load dark-filter\" src=\"https:\/\/www.tmgrupoinmobiliario.com\/blog\/wp-content\/uploads\/2023\/10\/DONACION-ALIMENTOS.jpg\" class=\"card-image\" \/><\/p>\n<div class=\"card-content\">\n<h3 class=\"card-title\">DAROWIZNA ARTYKU\u0141\u00d3W SPO\u017bYWCZYCH<\/h3>\n<\/p><\/div>\n<\/p><\/div>\n<p>                        <a class=\"btn card-button btn-link\" href=\"https:\/\/www.tmgrupoinmobiliario.com\/blog\/2021\/02\/23\/3-000-kg-de-citricos-para-cruz-roja-alimentos-solidarios-y-residencias-de-mayores\/\" target=\"_blank\" rel=\"noopener\">Wi\u0119cej informacji<\/a>\n                    <\/div>\n<\/p><\/div>\n<div class=\"card-holder card-spain gc-card-holder\">\n<div class=\"card business-card\">\n<div class=\"card-link\">\n                            <img decoding=\"async\" class=\"async-load dark-filter\" src=\"https:\/\/www.tmgrupoinmobiliario.com\/blog\/wp-content\/uploads\/2023\/10\/DONACION-EQUIPOS.jpg\" class=\"card-image\" \/><\/p>\n<div class=\"card-content\">\n<h3 class=\"card-title\">PRZEKAZANIE SPRZ\u0118TU KOMPUTEROWEGO<\/h3>\n<\/p><\/div>\n<\/p><\/div>\n<p>                        <a class=\"btn card-button btn-link\" href=\"https:\/\/www.tmgrupoinmobiliario.com\/blog\/2022\/03\/17\/donamos-equipos-informaticos-a-la-fundacion-alinur\/\" target=\"_blank\" rel=\"noopener\">Wi\u0119cej informacji<\/a>\n                    <\/div>\n<\/p><\/div>\n<div class=\"card-holder card-spain gc-card-holder\">\n<div class=\"card business-card \">\n<div class=\"card-link\">\n                            <img decoding=\"async\" class=\"async-load dark-filter\" src=\"https:\/\/www.tmgrupoinmobiliario.com\/blog\/wp-content\/uploads\/2023\/10\/REPLANTACION-ARBOLES.jpg\" class=\"card-image\" \/><\/p>\n<div class=\"card-content\">\n<h3 class=\"card-title\">SADZENIE DRZEW<\/h3>\n<\/p><\/div>\n<\/p><\/div>\n<p>                        <a class=\"btn card-button btn-link\" href=\"https:\/\/www.linkedin.com\/posts\/tm-grupo-inmobiliario_tmgrupoinmobiliario-compromiso-eficienciaenergetica-activity-6992796285409878016-6iGn?utm_source=share&#038;utm_medium=member_desktop\" target=\"_blank\" rel=\"noopener\">Wi\u0119cej informacji<\/a><\/p><\/div>\n<\/p><\/div>\n<div class=\"card-holder card-spain gc-card-holder\">\n<div class=\"card business-card \">\n<div class=\"card-link\">\n                            <img decoding=\"async\" class=\"async-load dark-filter\" src=\"https:\/\/www.tmgrupoinmobiliario.com\/blog\/wp-content\/uploads\/2023\/10\/DONACION-ALIMENTOS.jpg\" class=\"card-image\" \/><\/p>\n<div class=\"card-content\">\n<h3 class=\"card-title\">DAROWIZNA ARTYKU\u0141\u00d3W SPO\u017bYWCZYCH<\/h3>\n<\/p><\/div>\n<\/p><\/div>\n<p>                        <a class=\"btn card-button btn-link\" href=\"https:\/\/www.tmgrupoinmobiliario.com\/blog\/2021\/02\/23\/3-000-kg-de-citricos-para-cruz-roja-alimentos-solidarios-y-residencias-de-mayores\/\" target=\"_blank\" rel=\"noopener\">Wi\u0119cej informacji<\/a>\n                    <\/div>\n<\/p><\/div>\n<\/p><\/div>\n<\/p><\/div>\n<\/section>\n<section class=\"iniciativas-section gc-section\" id=\"sec-iniciativas\">\n<div class=\"container mw-1200\">\n<h3>NASZE INICJATYWY<\/h3>\n<p class=\"text-center\">W TM promujemy model odpowiedzialnej turystyki rezydencjalnej poprzez zr\u00f3wnowa\u017cone planowanie urbanistyczne i projektowanie, gwarantuj\u0105ce tworzenie warto\u015bci dodanej w ca\u0142ym procesie zarz\u0105dzania portfelem grunt\u00f3w.<\/p>\n<p class=\"text-center\">W tym celu wdra\u017camy r\u00f3\u017cnorodne inicjatywy skoncentrowane na ochronie morza i jego ekosystemu.<\/p>\n<div class=\"iniciativas-slider dots-slider\">\n<div class=\"slide-holder\">\n<h3 class=\"text-left\">CZYSZCZENIE PLA\u017b<\/h3>\n<div class=\"grid-container\">\n<div class=\"block1\">\n                                <img decoding=\"async\" src=\"https:\/\/www.tmgrupoinmobiliario.com\/blog\/wp-content\/uploads\/2023\/10\/Punta-Brava.jpg\" style=\"width: 100%;max-height:450px;\">\n                        <\/div>\n<div class=\"block2\">\n<p class=\"text-left\"><b>Organizowanie akcji czyszczenia na pla\u017cach Punta Brava w Meksyku<\/b> przed rozpocz\u0119ciem okresu l\u0119gowego \u017c\u00f3\u0142wi morskich.<\/p>\n<p class=\"text-left\"><b>Czyszczenie pla\u017cy La Mata (Torrevieja)<\/b>, aby uniemo\u017cliwi\u0107 przedostanie si\u0119 do morza porzuconych na niej odpad\u00f3w.<\/p>\n<\/p><\/div>\n<div class=\"block3\">\n                            <img decoding=\"async\" src=\"https:\/\/www.tmgrupoinmobiliario.com\/blog\/wp-content\/uploads\/2023\/10\/Torrevijea.jpeg\">\n                        <\/div>\n<\/p><\/div>\n<\/p><\/div>\n<p>               <!-- \n\n<div class=\"card-holder\">\n                    \n\n<div class=\"card revista-card\">\n                        \n\n<div class=\"card-content\">\n                            \n\n<h3 class=\"text-left\">LIMPIEZA DE PLAYAS<\/h3>\n\n  \n                            \n\n<div class=\"row\">\n                                \n\n<div class=\"col col-lg-8 col-md-8 col-sm-12 text-right microcredit-col col-left\">\n                                    <img decoding=\"async\" src=\"https:\/\/www.tmgrupoinmobiliario.com\/blog\/wp-content\/uploads\/2023\/10\/Punta-Brava.jpg\" style=\"width: 100%\">\n                                <\/div>\n\n\n                                \n\n<div class=\"col col-lg-4 col-md-4 col-sm-12 text-left microcredit-col col-right\">\n                                    \n\n<div class=\"flex-container\">\n                                        \n\n<div> \n                                            \n\n<p class=\"text-left\"><b>Limpieza de playas en Punta Brava, M\u00e9xico<\/b> antes del inicio de la temporada de anidaci\u00f3n de Tortugas Marinas.<\/p>\n\n\n                                            \n\n<p class=\"text-left\"><b>Limpieza de la playa de La Mata, Torrevieja<\/b> para evitar que los residuos vertidos en la playa lleguen al mar.<\/p>\n\n\n                                        <\/div>\n\n\n                                        \n\n<div>\n                                            <img decoding=\"async\" src=\"https:\/\/www.tmgrupoinmobiliario.com\/blog\/wp-content\/uploads\/2023\/10\/Torrevijea.jpeg\">\n                                        <\/div>\n\n\n                                    <\/div>\n\n \n                                <\/div>\n\n\n                            <\/div>\n\n   \n                        <\/div>\n\n\n                    <\/div>\n\n\n                <\/div>\n\n--><\/p>\n<div class=\"slide-holder\">\n<h3 class=\"text-left\">BUDOWA PUBLICZNEGO PARKINGU (BENIDORM)<\/h3>\n<div class=\"grid-container\">\n<div class=\"block1\">\n                                <img decoding=\"async\" src=\"https:\/\/www.tmgrupoinmobiliario.com\/blog\/wp-content\/uploads\/2023\/10\/parking1.jpg\" style=\"width: 100%;max-height:450px;\">\n                        <\/div>\n<div class=\"block2\">\n<p class=\"text-left\">Realizacja budowy w Benidormie publicznego parkingu samochodowego o powierzchni <b>5000 m2 przy malowniczym punkcie widokowym<\/b> na \u015br\u00f3dziemnomorski las, z dost\u0119pem dla os\u00f3b o ograniczonej sprawno\u015bci ruchowej i miejscem do parkowania rower\u00f3w.<\/p>\n<\/p><\/div>\n<div class=\"block3\">\n                            <img decoding=\"async\" src=\"https:\/\/www.tmgrupoinmobiliario.com\/blog\/wp-content\/uploads\/2023\/10\/parking2.jpg\">\n                        <\/div>\n<\/p><\/div>\n<\/p><\/div>\n<p>               <!---- \n\n<div class=\"card-holder\">\n                    \n\n<div class=\"card revista-card\">\n                        \n\n<div class=\"card-content\">\n                            \n\n<h3 class=\"text-left\">CONSTRUCCI\u00d3N APARCAMIENTO P\u00daBLICO EN BENIDORM<\/h3>\n\n  \n                            \n\n<div class=\"row\">\n                                \n\n<div class=\"col col-lg-8 col-md-8 col-sm-12 text-right microcredit-col col-left\">\n                                    <img decoding=\"async\" src=\"https:\/\/www.tmgrupoinmobiliario.com\/blog\/wp-content\/uploads\/2023\/10\/parking1.jpg\" style=\"width: 100%;max-height:450px;\">\n                                <\/div>\n\n\n                                \n\n<div class=\"col col-lg-4 col-md-4 col-sm-12 text-left microcredit-col col-right\">\n                                    \n\n<div class=\"flex-container\">\n                                        \n\n<div>\n                                            \n\n<p class=\"text-left\">Construcci\u00f3n de un aparcamiento p\u00fablico con  <b>5.000 m2 de mirador paisaj\u00edstico<\/b> de bosque mediterr\u00e1neo con accesos para personas con movilidad reducida y aparcamiento para bicicletas, en Benidorm.<\/p>\n\n\n                                        <\/div>\n\n\n                                        \n\n<div>\n                                            <img decoding=\"async\" src=\"https:\/\/www.tmgrupoinmobiliario.com\/blog\/wp-content\/uploads\/2023\/10\/parking2.jpg\" style=\"max-height: 450px;\">\n                                        <\/div>\n\n\n                                    <\/div>\n\n\n                                <\/div>\n\n\n                            <\/div>\n\n    \n                        <\/div>\n\n\n                    <\/div>\n\n\n                <\/div>\n\n--><\/p>\n<div class=\"slide-holder\">\n<h3 class=\"text-left\">BADANIE PO\u015aWI\u0118CONE PRZYSZ\u0141YM WIE\u017bOWCOM SAMOWYSTARCZALNYM ENERGETYCZNIE<\/h3>\n<div class=\"grid-container\">\n<div class=\"block1\">\n<div class=\"\">\n                                <img decoding=\"async\" src=\"https:\/\/www.tmgrupoinmobiliario.com\/blog\/wp-content\/uploads\/2023\/10\/Edificio-eolico.jpeg\" style=\"width: 100%;max-height:450px;\">\n                            <\/div>\n<\/p><\/div>\n<div class=\"block2\">\n<p class=\"text-left\">Badanie naukowe realizowane wsp\u00f3lnie z Uniwersytetem w Alicante i w\u0142adzami miejskimi Benidormu, maj\u0105ce na celu stworzenie <b>samowystarczalnych energetycznie budynk\u00f3w<\/b> dzi\u0119ki wykorzystaniu energii wiatrowej pozyskiwanej na du\u017cych wysoko\u015bciach.<\/p>\n<\/p><\/div>\n<div class=\"block3\">\n                        <\/div>\n<\/p><\/div>\n<\/p><\/div>\n<p>               <!--\n\n<div class=\"card-holder\">\n                    \n\n<div class=\"card revista-card\">\n                        \n\n<div class=\"card-content\">\n                            \n\n<h3 class=\"text-left\">INVESTIGACI\u00d3N FUTURO RASCACIELOS ENERG\u00c9TICAMENTE AUTOSUFICIENTE<\/h3>\n\n  \n                            \n\n<div class=\"row\">\n                                \n\n<div class=\"col col-lg-8 col-md-8 col-sm-12 text-right microcredit-col col-left\">\n                                    <img decoding=\"async\" src=\"https:\/\/www.tmgrupoinmobiliario.com\/blog\/wp-content\/uploads\/2023\/10\/Edificio-eolico.jpeg\" style=\"width: 100%; max-height:450px;\">\n                                <\/div>\n\n\n                                \n\n<div class=\"col col-lg-4 col-md-4 col-sm-12 text-left microcredit-col col-right\">\n                                    \n\n<div class=\"flex-container\" style=\"justify-content: center\">\n                                        \n\n<div>\n                                            \n\n<p class=\"text-left\">Desarrollo de un estudio con la Universidad de Alicante y la ciudad de Benidorm para la creaci\u00f3n de <b>edificios energ\u00e9ticamente autosuficientes<\/b> gracias a la energ\u00eda e\u00f3lica en altura.<\/p>\n\n\n                                        <\/div>\n\n\n                                        \n\n<div>\n                                          \n                                        <\/div>\n\n\n                                    <\/div>\n\n\n                                <\/div>\n\n\n                            <\/div>\n\n    \n                        <\/div>\n\n\n                    <\/div>\n\n\n                <\/div>\n\n--><\/p>\n<div class=\"slide-holder\">\n<h3 class=\"text-left\">DAROWIZNA NA RZECZ PARKU MORSKIEGO W MIEJSCOWO\u015aCI PUERTO MORELOS<\/h3>\n<div class=\"grid-container\">\n<div class=\"block1\">\n                            <img decoding=\"async\" src=\"https:\/\/www.tmgrupoinmobiliario.com\/blog\/wp-content\/uploads\/2023\/10\/Puerto-Morelos.jpg\" style=\"width: 100%;max-height:450px;\">\n                        <\/div>\n<div class=\"block2\">\n<p class=\"text-left\">Wsp\u00f3\u0142praca z Parkiem Morskim Puerto Morelos w celu zachowania i ochrony rafy barierowej, kt\u00f3ra jest cz\u0119\u015bci\u0105 drugiej co do wielko\u015bci rafy na \u015bwiecie.<\/p>\n<\/p><\/div>\n<div class=\"block3\">\n                            <img decoding=\"async\" src=\"https:\/\/www.tmgrupoinmobiliario.com\/blog\/wp-content\/uploads\/2023\/10\/arrecifes-coral-1.jpg\">\n                        <\/div>\n<\/p><\/div>\n<\/p><\/div>\n<p>               <!-- \n\n<div class=\"card-holder\">\n                    \n\n<div class=\"card revista-card\">\n                        \n\n<div class=\"card-content\">\n                            \n\n<h3 class=\"text-left\">DONACI\u00d3N AL PARQUE MARINO DE PUERTO MORELOS<\/h3>\n\n  \n                            \n\n<div class=\"row\">\n                                \n\n<div class=\"col col-lg-8 col-md-8 col-sm-12 text-right microcredit-col col-left\">\n                                    <img decoding=\"async\" src=\"https:\/\/www.tmgrupoinmobiliario.com\/blog\/wp-content\/uploads\/2023\/10\/Puerto-Morelos.jpg\" style=\"width: 100%\">\n                                <\/div>\n\n\n                                \n\n<div class=\"col col-lg-4 col-md-4 col-sm-12 text-left microcredit-col col-right\">\n                                    \n\n<div class=\"flex-container\">\n                                        \n\n<div>\n                                            \n\n<p class=\"text-left\">Colaboraci\u00f3n con el Parque Marino de Puerto Morelos para la preservaci\u00f3n y protecci\u00f3n de su barrera arrecifal, que forma parte del segundo arrecife m\u00e1s grande del mundo.<\/p>\n\n\n                                        <\/div>\n\n\n                                        \n\n<div>\n                                            <img decoding=\"async\" src=\"https:\/\/www.tmgrupoinmobiliario.com\/blog\/wp-content\/uploads\/2023\/10\/arrecifes-coral-1.jpg\">\n                                        <\/div>\n\n\n                                    <\/div>\n\n\n                                <\/div>\n\n\n                            <\/div>\n\n    \n                        <\/div>\n\n\n                    <\/div>\n\n\n                <\/div>\n\n--><\/p>\n<div class=\"slide-holder\">\n<h3 class=\"text-left\">SADZENIE DRZEW W MIEJSCOWO\u015aCI BIGASTRO (ALICANTE)<\/h3>\n<div class=\"grid-container\">\n<div class=\"block1\">\n<div class=\"\">\n                                <img decoding=\"async\" src=\"https:\/\/www.tmgrupoinmobiliario.com\/blog\/wp-content\/uploads\/2023\/10\/bigastro1.jpg\" style=\"width: 100%; max-height:450px;\">\n                            <\/div>\n<\/p><\/div>\n<div class=\"block2\">\n<p class=\"text-left\">Dzie\u0144 sadzenia drzew w celu ponownego zalesienia parku naturalnego \u201eLa Pedrera Bigastro\u201d w prowincji Alicante.<\/p>\n<\/p><\/div>\n<div class=\"block3\">\n                            <img decoding=\"async\" src=\"https:\/\/www.tmgrupoinmobiliario.com\/blog\/wp-content\/uploads\/2023\/10\/bigastro.jpg\">\n                        <\/div>\n<\/p><\/div>\n<\/p><\/div>\n<p>               <!-- \n\n<div class=\"card-holder\">\n                    \n\n<div class=\"card revista-card\">\n                        \n\n<div class=\"card-content\">\n                            \n\n<h3 class=\"text-left\">SADZENIE DRZEW EN BIGASTRO, ALICANTE<\/h3>\n\n  \n                            \n\n<div class=\"row\">\n                                \n\n<div class=\"col col-lg-8 col-md-8 col-sm-12 text-right microcredit-col col-left\">\n                                    <img decoding=\"async\" src=\"https:\/\/www.tmgrupoinmobiliario.com\/blog\/wp-content\/uploads\/2023\/10\/bigastro1.jpg\" style=\"width: 100%\">\n                                <\/div>\n\n\n                                \n\n<div class=\"col col-lg-4 col-md-4 col-sm-12 text-left microcredit-col col-right\">\n                                    \n\n<div class=\"flex-container\">\n                                        \n\n<div>\n                                            \n\n<p class=\"text-left\">Jornada de SADZENIE DRZEW para la reforestaci\u00f3n del paraje natural La Pedrera Bigastro (Alicante).<\/p>\n\n\n                                        <\/div>\n\n\n                                        \n\n<div>\n                                            <img decoding=\"async\" src=\"https:\/\/www.tmgrupoinmobiliario.com\/blog\/wp-content\/uploads\/2023\/10\/bigastro.jpg\">\n                                        <\/div>\n\n\n                                    <\/div>\n\n\n                                <\/div>\n\n\n                            <\/div>\n\n    \n                        <\/div>\n\nS\n                    <\/div>\n\n\n                <\/div>\n\n--><\/p><\/div>\n<p> <!--slider-->\n        <\/div>\n<\/section>\n<div>\n","protected":false},"excerpt":{"rendered":"<p>G\u0142\u00f3wny plan odpowiedzialno\u015bci korporacyjnej Raport dotycz\u0105cy odpowiedzialno\u015bci korporacyjnej Etyka i \u0142ad korporacyjny Dzia\u0142alno\u015b\u0107 prospo\u0142eczna \u015arodowisko naturalne menu \u015aRODOWISKO NATURALNE ZR\u00d3WNOWA\u017bONY ROZW\u00d3J I EFEKTYWNO\u015a\u0106 ENERGETYCZNA Wykonanie projektu i zr\u00f3wnowa\u017cona budowa naszych inwestycji odbywa si\u0119 z uwzgl\u0119dnieniem kryteri\u00f3w \u015brodowiskowych i efektywno\u015bci energetycznej, dostosowanych do specyficznych cech klimatycznych i krajobrazowych otoczenia w celu zapewnienia optymalnego zu\u017cycia energii i [&hellip;]<\/p>\n","protected":false},"author":11715,"featured_media":0,"parent":0,"menu_order":0,"comment_status":"closed","ping_status":"closed","template":"","meta":{"footnotes":""},"class_list":["post-19301","page","type-page","status-publish","hentry"],"better_featured_image":null,"acf":[],"yoast_head":"<!-- This site is optimized with the Yoast SEO Premium plugin v23.6 (Yoast SEO v27.5) - https:\/\/yoast.com\/product\/yoast-seo-premium-wordpress\/ -->\n<title>Medioambiente - Polski<\/title>\n<meta name=\"robots\" content=\"index, follow, max-snippet:-1, max-image-preview:large, max-video-preview:-1\" \/>\n<link rel=\"canonical\" href=\"https:\/\/blog.tmgrupoinmobiliario.com\/pl\/medioambiente\/\" \/>\n<meta property=\"og:locale\" content=\"pl_PL\" \/>\n<meta property=\"og:type\" content=\"article\" \/>\n<meta property=\"og:title\" content=\"Medioambiente\" \/>\n<meta property=\"og:description\" content=\"G\u0142\u00f3wny plan odpowiedzialno\u015bci korporacyjnej Raport dotycz\u0105cy odpowiedzialno\u015bci korporacyjnej Etyka i \u0142ad korporacyjny Dzia\u0142alno\u015b\u0107 prospo\u0142eczna \u015arodowisko naturalne menu \u015aRODOWISKO NATURALNE ZR\u00d3WNOWA\u017bONY ROZW\u00d3J I EFEKTYWNO\u015a\u0106 ENERGETYCZNA Wykonanie projektu i zr\u00f3wnowa\u017cona budowa naszych inwestycji odbywa si\u0119 z uwzgl\u0119dnieniem kryteri\u00f3w \u015brodowiskowych i efektywno\u015bci energetycznej, dostosowanych do specyficznych cech klimatycznych i krajobrazowych otoczenia w celu zapewnienia optymalnego zu\u017cycia energii i [&hellip;]\" \/>\n<meta property=\"og:url\" content=\"https:\/\/blog.tmgrupoinmobiliario.com\/pl\/medioambiente\/\" \/>\n<meta property=\"og:site_name\" content=\"Polski\" \/>\n<meta property=\"og:image\" content=\"https:\/\/www.tmgrupoinmobiliario.com\/blog\/wp-content\/uploads\/2023\/10\/envolvente.jpg\" \/>\n<meta name=\"twitter:card\" content=\"summary_large_image\" \/>\n<script type=\"application\/ld+json\" class=\"yoast-schema-graph\">{\"@context\":\"https:\\\/\\\/schema.org\",\"@graph\":[{\"@type\":\"WebPage\",\"@id\":\"https:\\\/\\\/blog.tmgrupoinmobiliario.com\\\/pl\\\/medioambiente\\\/\",\"url\":\"https:\\\/\\\/blog.tmgrupoinmobiliario.com\\\/pl\\\/medioambiente\\\/\",\"name\":\"Medioambiente - Polski\",\"isPartOf\":{\"@id\":\"https:\\\/\\\/blog.tmgrupoinmobiliario.com\\\/pl\\\/#website\"},\"primaryImageOfPage\":{\"@id\":\"https:\\\/\\\/blog.tmgrupoinmobiliario.com\\\/pl\\\/medioambiente\\\/#primaryimage\"},\"image\":{\"@id\":\"https:\\\/\\\/blog.tmgrupoinmobiliario.com\\\/pl\\\/medioambiente\\\/#primaryimage\"},\"thumbnailUrl\":\"https:\\\/\\\/www.tmgrupoinmobiliario.com\\\/blog\\\/wp-content\\\/uploads\\\/2023\\\/10\\\/envolvente.jpg\",\"datePublished\":\"2024-12-20T12:25:19+00:00\",\"breadcrumb\":{\"@id\":\"https:\\\/\\\/blog.tmgrupoinmobiliario.com\\\/pl\\\/medioambiente\\\/#breadcrumb\"},\"inLanguage\":\"pl-PL\",\"potentialAction\":[{\"@type\":\"ReadAction\",\"target\":[\"https:\\\/\\\/blog.tmgrupoinmobiliario.com\\\/pl\\\/medioambiente\\\/\"]}]},{\"@type\":\"ImageObject\",\"inLanguage\":\"pl-PL\",\"@id\":\"https:\\\/\\\/blog.tmgrupoinmobiliario.com\\\/pl\\\/medioambiente\\\/#primaryimage\",\"url\":\"https:\\\/\\\/www.tmgrupoinmobiliario.com\\\/blog\\\/wp-content\\\/uploads\\\/2023\\\/10\\\/envolvente.jpg\",\"contentUrl\":\"https:\\\/\\\/www.tmgrupoinmobiliario.com\\\/blog\\\/wp-content\\\/uploads\\\/2023\\\/10\\\/envolvente.jpg\"},{\"@type\":\"BreadcrumbList\",\"@id\":\"https:\\\/\\\/blog.tmgrupoinmobiliario.com\\\/pl\\\/medioambiente\\\/#breadcrumb\",\"itemListElement\":[{\"@type\":\"ListItem\",\"position\":1,\"name\":\"Home\",\"item\":\"https:\\\/\\\/blog.tmgrupoinmobiliario.com\\\/pl\\\/\"},{\"@type\":\"ListItem\",\"position\":2,\"name\":\"Medioambiente\"}]},{\"@type\":\"WebSite\",\"@id\":\"https:\\\/\\\/blog.tmgrupoinmobiliario.com\\\/pl\\\/#website\",\"url\":\"https:\\\/\\\/blog.tmgrupoinmobiliario.com\\\/pl\\\/\",\"name\":\"Polski\",\"description\":\"Just another Blog Desarrollo TM sitios site\",\"potentialAction\":[{\"@type\":\"SearchAction\",\"target\":{\"@type\":\"EntryPoint\",\"urlTemplate\":\"https:\\\/\\\/blog.tmgrupoinmobiliario.com\\\/pl\\\/?s={search_term_string}\"},\"query-input\":{\"@type\":\"PropertyValueSpecification\",\"valueRequired\":true,\"valueName\":\"search_term_string\"}}],\"inLanguage\":\"pl-PL\"}]}<\/script>\n<!-- \/ Yoast SEO Premium plugin. -->","yoast_head_json":{"title":"Medioambiente - Polski","robots":{"index":"index","follow":"follow","max-snippet":"max-snippet:-1","max-image-preview":"max-image-preview:large","max-video-preview":"max-video-preview:-1"},"canonical":"https:\/\/blog.tmgrupoinmobiliario.com\/pl\/medioambiente\/","og_locale":"pl_PL","og_type":"article","og_title":"Medioambiente","og_description":"G\u0142\u00f3wny plan odpowiedzialno\u015bci korporacyjnej Raport dotycz\u0105cy odpowiedzialno\u015bci korporacyjnej Etyka i \u0142ad korporacyjny Dzia\u0142alno\u015b\u0107 prospo\u0142eczna \u015arodowisko naturalne menu \u015aRODOWISKO NATURALNE ZR\u00d3WNOWA\u017bONY ROZW\u00d3J I EFEKTYWNO\u015a\u0106 ENERGETYCZNA Wykonanie projektu i zr\u00f3wnowa\u017cona budowa naszych inwestycji odbywa si\u0119 z uwzgl\u0119dnieniem kryteri\u00f3w \u015brodowiskowych i efektywno\u015bci energetycznej, dostosowanych do specyficznych cech klimatycznych i krajobrazowych otoczenia w celu zapewnienia optymalnego zu\u017cycia energii i [&hellip;]","og_url":"https:\/\/blog.tmgrupoinmobiliario.com\/pl\/medioambiente\/","og_site_name":"Polski","og_image":[{"url":"https:\/\/www.tmgrupoinmobiliario.com\/blog\/wp-content\/uploads\/2023\/10\/envolvente.jpg","type":"","width":"","height":""}],"twitter_card":"summary_large_image","schema":{"@context":"https:\/\/schema.org","@graph":[{"@type":"WebPage","@id":"https:\/\/blog.tmgrupoinmobiliario.com\/pl\/medioambiente\/","url":"https:\/\/blog.tmgrupoinmobiliario.com\/pl\/medioambiente\/","name":"Medioambiente - Polski","isPartOf":{"@id":"https:\/\/blog.tmgrupoinmobiliario.com\/pl\/#website"},"primaryImageOfPage":{"@id":"https:\/\/blog.tmgrupoinmobiliario.com\/pl\/medioambiente\/#primaryimage"},"image":{"@id":"https:\/\/blog.tmgrupoinmobiliario.com\/pl\/medioambiente\/#primaryimage"},"thumbnailUrl":"https:\/\/www.tmgrupoinmobiliario.com\/blog\/wp-content\/uploads\/2023\/10\/envolvente.jpg","datePublished":"2024-12-20T12:25:19+00:00","breadcrumb":{"@id":"https:\/\/blog.tmgrupoinmobiliario.com\/pl\/medioambiente\/#breadcrumb"},"inLanguage":"pl-PL","potentialAction":[{"@type":"ReadAction","target":["https:\/\/blog.tmgrupoinmobiliario.com\/pl\/medioambiente\/"]}]},{"@type":"ImageObject","inLanguage":"pl-PL","@id":"https:\/\/blog.tmgrupoinmobiliario.com\/pl\/medioambiente\/#primaryimage","url":"https:\/\/www.tmgrupoinmobiliario.com\/blog\/wp-content\/uploads\/2023\/10\/envolvente.jpg","contentUrl":"https:\/\/www.tmgrupoinmobiliario.com\/blog\/wp-content\/uploads\/2023\/10\/envolvente.jpg"},{"@type":"BreadcrumbList","@id":"https:\/\/blog.tmgrupoinmobiliario.com\/pl\/medioambiente\/#breadcrumb","itemListElement":[{"@type":"ListItem","position":1,"name":"Home","item":"https:\/\/blog.tmgrupoinmobiliario.com\/pl\/"},{"@type":"ListItem","position":2,"name":"Medioambiente"}]},{"@type":"WebSite","@id":"https:\/\/blog.tmgrupoinmobiliario.com\/pl\/#website","url":"https:\/\/blog.tmgrupoinmobiliario.com\/pl\/","name":"Polski","description":"Just another Blog Desarrollo TM sitios site","potentialAction":[{"@type":"SearchAction","target":{"@type":"EntryPoint","urlTemplate":"https:\/\/blog.tmgrupoinmobiliario.com\/pl\/?s={search_term_string}"},"query-input":{"@type":"PropertyValueSpecification","valueRequired":true,"valueName":"search_term_string"}}],"inLanguage":"pl-PL"}]}},"jetpack_sharing_enabled":true,"_links":{"self":[{"href":"https:\/\/blog.tmgrupoinmobiliario.com\/pl\/wp-json\/wp\/v2\/pages\/19301","targetHints":{"allow":["GET"]}}],"collection":[{"href":"https:\/\/blog.tmgrupoinmobiliario.com\/pl\/wp-json\/wp\/v2\/pages"}],"about":[{"href":"https:\/\/blog.tmgrupoinmobiliario.com\/pl\/wp-json\/wp\/v2\/types\/page"}],"author":[{"embeddable":true,"href":"https:\/\/blog.tmgrupoinmobiliario.com\/pl\/wp-json\/wp\/v2\/users\/11715"}],"replies":[{"embeddable":true,"href":"https:\/\/blog.tmgrupoinmobiliario.com\/pl\/wp-json\/wp\/v2\/comments?post=19301"}],"version-history":[{"count":1,"href":"https:\/\/blog.tmgrupoinmobiliario.com\/pl\/wp-json\/wp\/v2\/pages\/19301\/revisions"}],"predecessor-version":[{"id":19302,"href":"https:\/\/blog.tmgrupoinmobiliario.com\/pl\/wp-json\/wp\/v2\/pages\/19301\/revisions\/19302"}],"wp:attachment":[{"href":"https:\/\/blog.tmgrupoinmobiliario.com\/pl\/wp-json\/wp\/v2\/media?parent=19301"}],"curies":[{"name":"wp","href":"https:\/\/api.w.org\/{rel}","templated":true}]}}