{"id":19299,"date":"2024-12-20T12:24:19","date_gmt":"2024-12-20T12:24:19","guid":{"rendered":"https:\/\/blog.tmgrupoinmobiliario.com\/pl\/?page_id=19299"},"modified":"2024-12-20T12:24:19","modified_gmt":"2024-12-20T12:24:19","slug":"accion-social","status":"publish","type":"page","link":"https:\/\/blog.tmgrupoinmobiliario.com\/pl\/accion-social\/","title":{"rendered":"Acci\u00f3n Social"},"content":{"rendered":"<div class=\"gc\">\n<nav class=\"static-nav inline-nav lineas-nav locked\">\n<ul>\n<li><a href=\"\/pl\/gobierno-corporativo\/plan-director-rc\">G\u0142\u00f3wny plan odpowiedzialno\u015bci korporacyjnej<\/a><\/li>\n<li><a href=\"\/pl\/gobierno-corporativo\/memoria-rc\">Raport dotycz\u0105cy odpowiedzialno\u015bci korporacyjnej<\/a><\/li>\n<li><a href=\"\/pl\/gobierno-corporativo\/etica-y-gobernanza\">Etyka i \u0142ad korporacyjny<\/a><\/li>\n<li><a class=\"active\" href=\"\/pl\/gobierno-corporativo\/accion-social\">Dzia\u0142alno\u015b\u0107 prospo\u0142eczna<\/a><\/li>\n<li><a href=\"\/pl\/gobierno-corporativo\/medioambiente\">\u015arodowisko naturalne<\/a><\/li>\n<\/ul>\n<p>        <button class=\"toggle-static-nav\">menu <i class=\"far fa-caret-square-down\"><\/i><\/button><br \/>\n    <\/nav>\n<section class=\"gc-cover-section top-cover scroll-div\">\n<div class=\"cover\" style=\"position: relative;\">\n<div class=\"gc-video-holder accion-social\" style=\"\/*height: 400px;display: flex;justify-content: center;align-items: center;overflow: hidden;*\/\">\n            <\/div>\n<p>            <a href=\"https:\/\/www.youtube.com\/watch?v=MBssLjq_FYw\" data-fancybox=\"\" class=\"btn btn-outlined\"><br \/>\n                <svg class=\"svg-inline--fa fa-play-circle fa-w-16 fa-lg\" aria-hidden=\"true\" data-prefix=\"far\" data-icon=\"play-circle\" role=\"img\" xmlns=\"http:\/\/www.w3.org\/2000\/svg\" viewBox=\"0 0 512 512\" data-fa-i2svg=\"\" style=\"width: 18.7px; height: 18.7px;\">\n                    <path fill=\"currentColor\" d=\"M371.7 238l-176-107c-15.8-8.8-35.7 2.5-35.7 21v208c0 18.4 19.8 29.8 35.7 21l176-101c16.4-9.1 16.4-32.8 0-42zM504 256C504 119 393 8 256 8S8 119 8 256s111 248 248 248 248-111 248-248zm-448 0c0-110.5 89.5-200 200-200s200 89.5 200 200-89.5 200-200 200S56 366.5 56 256z\"><\/path><\/svg><br \/>\n                    Zobacz ca\u0142y film<br \/>\n            <\/a>\n        <\/div>\n<\/section>\n<section class=\"social-counter-section gc-section\">\n<div class=\"container mw-1200 \">\n<h1 class=\"gc-title text-center\" style=\"color:black\">DZIA\u0141ALNO\u015a\u0106 PROSPO\u0141ECZNA<\/h1>\n<div class=\"counters\">\n<div class=\"row\">\n<div class=\"col col-md-6\">\n<p class=\"text-center counter\" id=\"counter-a\">\n<p class=\"text-center\">\n<h2 class=\"text-center\">KAMPANII PRZEPROWADZONYCH<\/h2>\n<\/p>\n<p class=\"text-center year\">W ROKU 2023<\/p>\n<\/p><\/div>\n<div class=\"col col-md-6\">\n<p class=\"text-center counter\" id=\"counter-b\">\n<p class=\"text-center\">\n<h2 class=\"text-center\">BENEFICJENT\u00d3W<\/h2>\n<\/p>\n<p class=\"text-center year\">W ROKU 2023<\/p>\n<\/p><\/div>\n<\/p><\/div>\n<\/p><\/div>\n<\/p><\/div>\n<\/section>\n<section class=\"accion-destacada-section gc-section background-gray-lighter\">\n<div class=\"container mw-1200 gc-accion-destacada\">\n<p class=\"text-center\">WYR\u00d3\u017bNIAJ\u0104CE SI\u0118 INICJATYWY <\/p>\n<h2 class=\"text-center\">WSP\u00d3\u0141PRACA Z ORGANIZACJ\u0104 POZARZ\u0104DOW\u0104 \u201eRAFIKI AFRICA\u201d <\/h2>\n<div class=\"row\">\n<div class=\"col col-md-6\">\n<p>TM wsp\u00f3\u0142pracuje z \u201eRafiki Africa\u201d w ramach trzech projekt\u00f3w realizowanych w wiosce <b>Kenziga<\/b>, w regionie Sembabule (Uganda), kt\u00f3re przyczyniaj\u0105 si\u0119 do <b>wyeliminowania ub\u00f3stwa, nier\u00f3wno\u015bci i wykluczenia spo\u0142ecznego<\/b>. <\/p>\n<p>Projekty te obejmuj\u0105 mi\u0119dzy innymi <b>budow\u0119 szko\u0142y przysposobienia rolniczego<\/b>, utworzenie <b>stacji uzdatniania wody pitnej<\/b> i wdro\u017cenie programu <b>mikrokredyt\u00f3w dla miejscowych kobiet<\/b>.<\/p>\n<\/p><\/div>\n<div class=\"col col-md-6\">\n                    <img decoding=\"async\" src=\"https:\/\/www.tmgrupoinmobiliario.com\/blog\/wp-content\/uploads\/2023\/07\/Colaboracion-Rafiki.jpg\" alt=\"\" >\n                <\/div>\n<\/p><\/div>\n<\/p><\/div>\n<\/section>\n<section class=\"iniciativas-slider-section gc-section\">\n<div class=\"container mw-1200\">\n<div class=\"acciones-slider dots-slider\">\n<div class=\"slide-holder\">\n<h3 class=\"text-left\">PROGRAM MIKROKREDYT\u00d3W DLA KOBIET<\/h3>\n<div class=\"grid-container\">\n<div class=\"block1\">\n<div class=\"\">\n                                <img decoding=\"async\" src=\"https:\/\/www.tmgrupoinmobiliario.com\/blog\/wp-content\/uploads\/2024\/02\/IMG20221208171235-scaled-1.jpg\" style=\"\" class=\"img-fluid\">\n                            <\/div>\n<\/p><\/div>\n<div class=\"block2\">\n<div class=\"\">\n<p class=\"text-left\">W wi\u0119kszo\u015bci kraj\u00f3w afryka\u0144skich do najwa\u017cniejszych wyzwa\u0144 w procesie rozwoju spo\u0142ecznego nale\u017cy wzmacnianie pozycji kobiet.<\/p>\n<p class=\"text-left\">Mikropo\u017cyczki umo\u017cliwiaj\u0105 im rozpocz\u0119cie dzia\u0142alno\u015bci przynosz\u0105cej dochody, dzi\u0119ki kt\u00f3rym mog\u0105 oneMikropo\u017cyczki umo\u017cliwiaj\u0105 im rozpocz\u0119cie dzia\u0142alno\u015bci przynosz\u0105cej dochody, dzi\u0119ki kt\u00f3rym mog\u0105 one <b>poprawi\u0107 jako\u015b\u0107 w\u0142asnego \u017cycia i swoich rodzin.<\/b><\/p>\n<\/div><\/div>\n<div class=\"block3\">\n                            <video controls muted style=\"width: 100%; height: 230px;background: linear-gradient(45deg, #bb8038, #a93a3a1c, #6b2b2bcf);\"><source src=\"https:\/\/static.tmgrupoinmobiliario.com\/files\/microcreditos-video.mp4\" type=\"video\/mp4\">Twoja przegl\u0105darka nie obs\u0142uguje tagu wideo.<\/video>\n                        <\/div>\n<\/p><\/div>\n<\/p><\/div>\n<div class=\"slide-holder\">\n<h3 class=\"text-left\">UCZELNIA ROLNICZA<\/h3>\n<div class=\"grid-container\">\n<div class=\"block1\">\n                            <img decoding=\"async\" src=\"https:\/\/www.tmgrupoinmobiliario.com\/blog\/wp-content\/uploads\/2024\/02\/Escuela-agraria-1-scaled-1.jpg\">\n                        <\/div>\n<div class=\"block2\">\n<p class=\"text-left\">Budowa szko\u0142y rolniczej, w kt\u00f3rej miejscowe kobiety ucz\u0105 si\u0119 <b>wydajnych i zr\u00f3wnowa\u017conych metod<\/b> zwi\u0105zanych mi\u0119dzy innymi z hodowl\u0105 k\u00f3z, drobiu i pszczelarstwem lub wydajn\u0105 upraw\u0105 kukurydzy.<\/p>\n<\/p><\/div>\n<div class=\"block3\">\n                            <img decoding=\"async\" src=\"https:\/\/www.tmgrupoinmobiliario.com\/blog\/wp-content\/uploads\/2024\/02\/Escuela-agraria-2.jpeg\" class=\"img-fluid\" style=\"\">\n                        <\/div>\n<\/p><\/div>\n<\/p><\/div>\n<div class=\"slide-holder\">\n<h3 class=\"text-left\">STACJA UZDATNIANIA WODY<\/h3>\n<div class=\"grid-container\">\n<div class=\"block1\">\n                            <img decoding=\"async\" src=\"https:\/\/www.tmgrupoinmobiliario.com\/blog\/wp-content\/uploads\/2024\/02\/potabilizacion.png\" class=\"img-fluid\" style=\"\">\n                        <\/div>\n<div class=\"block2\">\n<p class=\"text-left\">Na obszarach wiejskich w Ugandzie zwykle nie ma bezpiecznej wody pitnej, poniewa\u017c s\u0105 tylko stawy, kt\u00f3re nape\u0142niaj\u0105 si\u0119 wraz z opadami deszczu..<\/p>\n<p class=\"text-left\">Z tego powodu <b>zbudowano stacj\u0119 uzdatniania wody<\/b>, sk\u0142adaj\u0105c\u0105 si\u0119 z dziesi\u0119ciu kran\u00f3w, kt\u00f3re umo\u017cliwi\u0105 dost\u0119p do wody pitnej uczniom i rodzinom ze szko\u0142y <em>Rafiki Carmen P\u00e9rez Gonz\u00e1lez<\/em>.<\/p>\n<\/p><\/div>\n<div class=\"block3\">\n                            <img decoding=\"async\" src=\"https:\/\/www.tmgrupoinmobiliario.com\/blog\/wp-content\/uploads\/2024\/02\/Planta-potabilizadora-2.jpg\" class=\"img-fluid\" style=\"object-position: 50% 70%;\" >\n                        <\/div>\n<\/p><\/div>\n<\/p><\/div>\n<div class=\"slide-holder\">\n<h3 class=\"text-left\">BUDOWA SZKO\u0141Y Z INTERNATEM<\/h3>\n<div class=\"grid-container\">\n<div class=\"block1\">\n                            <img decoding=\"async\" src=\"https:\/\/www.tmgrupoinmobiliario.com\/blog\/wp-content\/uploads\/2024\/02\/orfanato.jpg\" class=\"img-fluid\">\n                        <\/div>\n<div class=\"block2\">\n<p class=\"text-left\"><b>Utworzenie szko\u0142y z internatem<\/b>, w kt\u00f3rej uczniowie szk\u00f3\u0142 \u015brednich b\u0119d\u0105 mogli kontynuowa\u0107 swoje \u017cycie i edukacj\u0119 w \u015brodowisku lepiej dostosowanym do ich potrzeb.<\/p>\n<\/p><\/div>\n<div class=\"block3\">\n                            <video style=\"WIDTH: 100%;height:250px\" class=\"img-fluid\" controls=\"\" muted ><source src=\"https:\/\/static.tmgrupoinmobiliario.com\/files\/gc\/video\/Orfanato.mp4\" type=\"video\/mp4\">Twoja przegl\u0105darka nie obs\u0142uguje wideo HTML.<\/video>\n                        <\/div>\n<\/p><\/div>\n<\/p><\/div>\n<\/p><\/div>\n<p> <!--slider--><\/p><\/div>\n<p><!--container--><br \/>\n    <\/section>\n<p>        <!--<\/div>\n\n--><\/p>\n<p>    <!--\n\n<div class=\"gc gc-accion-social-section \/*compromiso-ods-section*\/\">--><\/p>\n<section class=\"gc-cover-section ods-cover gc-section\">\n<h1>NASZE ZAANGA\u017bOWANIE W CELE ZR\u00d3WNOWA\u017bONEGO ROZWOJU (SDG)<\/h1>\n<div class=\"cover\" style=\"position:relative\">\n<div class=\"gc-video-holder compromiso-ods\" style=\"height: 400px;display: flex;justify-content: center;align-items: center;overflow: hidden;\"><\/div>\n<p>            <a href=\"https:\/\/www.youtube.com\/watch?v=-rz-qVeidso\" data-fancybox=\"\" class=\"btn btn-outlined\"><br \/>\n                <svg class=\"svg-inline--fa fa-play-circle fa-w-16 fa-lg\" aria-hidden=\"true\" data-prefix=\"far\" data-icon=\"play-circle\" role=\"img\" xmlns=\"http:\/\/www.w3.org\/2000\/svg\" viewBox=\"0 0 512 512\" data-fa-i2svg=\"\" style=\"width: 18.7px; height: 18.7px;\">\n                    <path fill=\"currentColor\" d=\"M371.7 238l-176-107c-15.8-8.8-35.7 2.5-35.7 21v208c0 18.4 19.8 29.8 35.7 21l176-101c16.4-9.1 16.4-32.8 0-42zM504 256C504 119 393 8 256 8S8 119 8 256s111 248 248 248 248-111 248-248zm-448 0c0-110.5 89.5-200 200-200s200 89.5 200 200-89.5 200-200 200S56 366.5 56 256z\"><\/path><\/svg><!-- <i class=\"far fa-lg fa-play-circle\"><\/i> --><br \/>\n                    Zobacz ca\u0142y film<br \/>\n            <\/a><br \/>\n            <!--\n            \n\n<p style=\"position:absolute;bottom:10%;z-index:2;width: 100%;text-align:center;\"><a class=\"btn btn-default\" href=\"https:\/\/www.youtube.com\/watch?v=-rz-qVeidso\" target=\"_blank\" rel=\"noopener\">Ver video completo<\/a><\/p>\n\n-->\n        <\/div>\n<\/section>\n<section class=\"compromiso-ods-section gc-section\">\n<div class=\"container mw-1200\">\n<div class=\"ods-nav nav nav-tabs\" style=\"display: flex; justify-content: center;flex-direction: row;flex-wrap: wrap;\">\n                <a class=\"nav-link active\" role=\"presentation\" id=\"tab1\" data-toggle=\"tab\" href=\"#ods-3\"><\/p>\n<div class=\"link-holder\">\n                            <img decoding=\"async\" src=\"https:\/\/static.tmgrupoinmobiliario.com\/files\/gc\/img\/ods-3.png\">\n                    <\/div>\n<p>                <\/a><\/p>\n<p>                <a class=\"nav-link\" role=\"presentation\" id=\"tab1\" data-toggle=\"tab\" href=\"#ods-4\"><\/p>\n<div class=\"link-holder\">\n                        <img decoding=\"async\" src=\"https:\/\/static.tmgrupoinmobiliario.com\/files\/gc\/img\/ODS-4.png\">\n                    <\/div>\n<p>                <\/a><br \/>\n                <a class=\"nav-link\" role=\"presentation\" id=\"tab2\" data-toggle=\"tab\" href=\"#ods-6\"><\/p>\n<div class=\"link-holder\">\n                        <img decoding=\"async\" src=\"https:\/\/static.tmgrupoinmobiliario.com\/files\/gc\/img\/ODS-6.png\">\n                    <\/div>\n<p>                <\/a><br \/>\n                <!--<a class=\"nav-link\" role=\"presentation\" id=\"tab3\" data-toggle=\"tab\" href=\"#ods-8\">\n                    \n\n<div class=\"link-holder\">\n                        <img decoding=\"async\" src=\"https:\/\/static.tmgrupoinmobiliario.com\/files\/gc\/img\/ODS-8.png\"> \n                    <\/div>\n\n\n                <\/a>--><br \/>\n                <a class=\"nav-link\" role=\"presentation\" id=\"tab4\" data-toggle=\"tab\" href=\"#ods-10\"><\/p>\n<div class=\"link-holder\">\n                        <img decoding=\"async\" src=\"https:\/\/static.tmgrupoinmobiliario.com\/files\/gc\/img\/ODS-10.png\">\n                    <\/div>\n<p>                <\/a><br \/>\n                <!--  \n\n<div class=\"link-holder\">\n                            <a class=\"nav-link\" role=\"presentation\" id=\"tab5\" data-toggle=\"tab\" href=\"#ods-16\">\n                                <img decoding=\"async\" src=\"https:\/\/static.tmgrupoinmobiliario.com\/files\/gc\/img\/ODS-16.png')}}\">\n                            <\/a>\n                        <\/div>\n\n --><br \/>\n                <a class=\"nav-link\" role=\"presentation\" id=\"tab6\" data-toggle=\"tab\" href=\"#ods-17\"><\/p>\n<div class=\"link-holder\">\n                        <img decoding=\"async\" src=\"https:\/\/static.tmgrupoinmobiliario.com\/files\/gc\/img\/ods-17-150x150.jpg\">\n                    <\/div>\n<p>                <\/a>\n            <\/div>\n<\/p><\/div>\n<div id=\"\" class=\"section-politicas section-noticias\">\n<div class=\"container mw-1200 tab-content\" style=\"margin:auto\">\n<div class=\"tab-pane active\" id=\"ods-3\">\n<div class=\"ods-3-slider ods-slider dots-slider ods-arrows-slider\">\n<div class=\"card-holder\">\n<div class=\"card revista-card\" style=\"max-height:450px; padding:15px;\">\n<div class=\"slide-img slide-img-1\">\n\t\t\t\t\t\t\t\t\t  <img decoding=\"async\" src=\"https:\/\/static.tmgrupoinmobiliario.com\/files\/gc\/img\/ods-slider\/ODS+3\/3.+Movimiento+Rapunzel.PNG\">\n\t\t\t\t\t\t\t\t<\/div>\n<div class=\"card-content\">\n<p>Program \u201eMoviemiento Rapunzel\u201d wytwarzania peruk dla pacjent\u00f3w onkologicznych<\/p>\n<\/p><\/div>\n<\/p><\/div>\n<\/p><\/div>\n<div class=\"card-holder\">\n<div class=\"card revista-card\" style=\"max-height: 450px; padding:15px;\">\n<div class=\"slide-img slide-img-2\">\n\t\t\t\t\t\t\t\t\t<img decoding=\"async\" src=\"https:\/\/www.tmgrupoinmobiliario.com\/blog\/wp-content\/uploads\/2024\/01\/3-brigada-de-salud-previn-imms.png\"\/>\n                                       <\/div>\n<div class=\"card-content\">\n<p>Brygada zdrowia PrevinIMMS<\/p>\n<\/p><\/div>\n<\/p><\/div>\n<\/p><\/div>\n<div class=\"card-holder\">\n<div class=\"card revista-card\" style=\"max-height: 450px; padding:15px;\">\n<div class=\"slide-img slide-img-3\" >\n                                       <img decoding=\"async\" src=\"https:\/\/www.tmgrupoinmobiliario.com\/blog\/wp-content\/uploads\/2024\/01\/3-brigada-salud-visual-mexico.png\"\/>\n                                    <\/div>\n<div class=\"card-content\">\n<p>Brygada zdrowego wzroku<\/p>\n<\/p><\/div>\n<\/p><\/div>\n<\/p><\/div>\n<\/p><\/div>\n<\/p><\/div>\n<div class=\"tab-pane\" id=\"ods-4\">\n<div class=\"ods-4-slider ods-slider dots-slider ods-arrows-slider\">\n<div class=\"card-holder\">\n<div class=\"card revista-card\">\n                                <a href=\"https:\/\/www.tmgrupoinmobiliario.com\/blog\/2023\/03\/23\/tm-grupo-inmobiliario-renueva-su-compromiso-con-ong-rafiki-para-luchar-contra-la-pobreza-en-uganda\/\" target=\"_blank\" rel=\"noopener\"><\/p>\n<div class=\"slide-img slide-img-1\" >\n\t\t\t\t\t\t\t\t\t<img decoding=\"async\" src=\"https:\/\/www.tmgrupoinmobiliario.com\/blog\/wp-content\/uploads\/2024\/01\/4-escuela-agraria.jpg\"\/>\n\t\t\t\t\t\t\t\t\t<\/div>\n<div class=\"card-content\">\n<p>Budowa szko\u0142y rolniczej wraz z organizacj\u0105 pozarz\u0105dow\u0105 \u201eRafiki Africa\u201d<\/p>\n<\/div>\n<p>                                <\/a>\n                            <\/div>\n<\/p><\/div>\n<div class=\"card-holder\">\n<div class=\"card revista-card\">\n<div class=\"slide-img slide-img-2\" >\n                                 <img decoding=\"async\" src=\"https:\/\/www.tmgrupoinmobiliario.com\/blog\/wp-content\/uploads\/2024\/01\/4-escuela-noh-bec.jpg\"\/>\n                                <\/div>\n<div class=\"card-content\">\n<p>Wizyta w nowym o\u015brodku dziennym pomocy spo\u0142ecznej dla dzieci \u201eNoh-Bec\u201d<\/p>\n<\/p><\/div>\n<\/p><\/div>\n<\/p><\/div>\n<div class=\"card-holder\">\n<div class=\"card revista-card\">\n                                <a href=\"https:\/\/www.tmgrupoinmobiliario.com\/blog\/2022\/06\/27\/tm-esta-presente-en-los-xxviii-premios-fundeun\/\" target=\"_blank\" rel=\"noopener\"><\/p>\n<div class=\"slide-img slide-img-3\">\n\t\t\t\t\t\t\t\t\t<img decoding=\"async\" src=\"https:\/\/static.tmgrupoinmobiliario.com\/files\/gc\/img\/ods-slider\/ODS+4\/fundeun.jpeg\"\/>\n\t\t\t\t\t\t\t\t\t<\/div>\n<div class=\"card-content\">\n<p>Wyr\u00f3\u017cnienie firmy TM Real Estate Group w ramach Nagr\u00f3d Fundeun w kategorii Nowych idei biznesowych <\/p>\n<\/div>\n<p>                                <\/a>\n                            <\/div>\n<\/p><\/div>\n<div class=\"card-holder\">\n<div class=\"card revista-card\">\n<div class=\"slide-img slide-img-4\">\n\t\t\t\t\t\t\t\t<!--<img decoding=\"async\" src=\"https:\/\/www.tmgrupoinmobiliario.com\/blog\/wp-content\/uploads\/2024\/01\/4-capdepera.jpg\"\/>--><br \/>\n\t\t\t\t\t\t\t\t<img decoding=\"async\" src=\"https:\/\/static.tmgrupoinmobiliario.com\/files\/gc\/img\/ods-slider\/ODS+4\/Capdepera.png\"\/>\n                                <\/div>\n<div class=\"card-content\">\n<p>Stypendia dla student\u00f3w szk\u00f3\u0142 wy\u017cszych (wraz z Zarz\u0105dem Miejskim Capdepery)<\/p>\n<\/p><\/div>\n<\/p><\/div>\n<\/p><\/div>\n<p>                       <!-- \n\n<div class=\"card-holder\">\n                            \n\n<div class=\"card revista-card\">\n                          <a href=\"https:\/\/www.tmgrupoinmobiliario.com\/blog\/2023\/03\/23\/tm-grupo-inmobiliario-renueva-su-compromiso-con-ong-rafiki-para-luchar-contra-la-pobreza-en-uganda\/\" target=\"_blank\" rel=\"noopener\">\n\t\t\t\t\t\t\t  \n\n<div class=\"slide-img slide-img-5\">\n\t\t\t\t\t\t\t  <img decoding=\"async\" src=\"https:\/\/www.tmgrupoinmobiliario.com\/blog\/wp-content\/uploads\/2024\/01\/microcreditos.jpeg\"\/>\n\t\t\t\t\t\t\t  <\/div>\n\n\n                                    \n\n<div class=\"card-content\">\n                                        \n\n<p>Programa de microcr\u00e9ditos a mujeres emprendedoras en Uganda con ONG Rafiki \u00c1frica<\/p>\n\n\n                                    <\/div>\n\n\n                                <\/a> \n                            <\/div>\n\n\n                        <\/div>\n\n--><\/p><\/div>\n<\/p><\/div>\n<div class=\"tab-pane\" id=\"ods-6\">\n<div class=\"ods-6-slider dots-slider ods-slider ods-arrows-slider\">\n<div class=\"card-holder\">\n<div class=\"card revista-card\">\n                         <a href=\"https:\/\/www.tmgrupoinmobiliario.com\/blog\/2023\/03\/23\/tm-grupo-inmobiliario-renueva-su-compromiso-con-ong-rafiki-para-luchar-contra-la-pobreza-en-uganda\/\" target=\"_blank\" rel=\"noopener\"><\/p>\n<div class=\"slide-img slide-img-1\" >\n\t\t\t\t\t\t\t\t\t<img decoding=\"async\" src=\"https:\/\/static.tmgrupoinmobiliario.com\/files\/gc\/img\/ods-slider\/ODS+6\/planta+de+agua+potable.jpg\"\/><\/p><\/div>\n<div class=\"card-content\">\n<p>Budowa stacji uzdatniania wody pitnej w wiosce Kenziga (Uganda) wraz z organizacj\u0105 pozarz\u0105dow\u0105 \u201eRafiki Africa\u201d<\/p>\n<\/p><\/div>\n<p>                                <\/a>\n                            <\/div>\n<\/p><\/div>\n<div class=\"card-holder\">\n<div class=\"card revista-card\">\n                     <a href=\"https:\/\/www.tmgrupoinmobiliario.com\/blog\/2022\/11\/29\/tm-grupo-inmobiliario-y-fundacion-vicente-ferrer-desarrollaran-un-proyecto-de-agua-potable-en-la-india\/\" target=\"_blank\" rel=\"noopener\"><\/p>\n<div class=\"slide-img slide-img-2\" >\n\t\t\t\t\t\t\t\t\t<img decoding=\"async\" src=\"https:\/\/www.tmgrupoinmobiliario.com\/blog\/wp-content\/uploads\/2024\/01\/6-fundacionVF.jpg\"\/><\/p><\/div>\n<div class=\"card-content\">\n<p>Budowa konstrukcji wodnych w wiosce D. K. Thanda (wraz z Fundacj\u0105 \u201eVicente Ferrer\u201d)<\/p>\n<\/p><\/div>\n<p>                                <\/a>\n                            <\/div>\n<\/p><\/div>\n<\/p><\/div>\n<\/p><\/div>\n<div class=\"tab-pane\" id=\"ods-8\">\n<div class=\"\/*ods-8-slider*\/ ods-slider\">\n<div class=\"row card revista-card\" style=\"margin: 10px;\">\n<div class=\"col-md-2 col-sm-12\"><\/div>\n<div class=\"col col-md-8 col-sm-12 \/*slide-img slide-img-5*\/\" \n\t\t\t\t\t\t\tstyle=\"\"><br \/>\n                         <a href=\"https:\/\/www.tmgrupoinmobiliario.com\/blog\/2023\/03\/23\/tm-grupo-inmobiliario-renueva-su-compromiso-con-ong-rafiki-para-luchar-contra-la-pobreza-en-uganda\/\" target=\"_blank\" rel=\"noopener\"><\/p>\n<div class=\"slide-img\" style=\"margin:auto\" >\n\t\t\t\t\t\t\t\t<img decoding=\"async\" src=\"https:\/\/www.tmgrupoinmobiliario.com\/blog\/wp-content\/uploads\/2024\/01\/microcreditos.jpeg\"\/>\n\t\t\t\t\t\t\t\t<\/div>\n<\/p><\/div>\n<div class=\"card-content\">\n<p>Program mikrokredyt\u00f3w dla przedsi\u0119biorczych kobiet w Ugandzie (wraz z organizacj\u0105 pozarz\u0105dow\u0105 \u201eRafiki Africa\u201d) <\/p>\n<\/p><\/div>\n<p>                           <\/a>  <\/p>\n<div class=\"col-md-2 col-sm-12\">\n\t\t\t\t\t\t\t<\/div>\n<\/p><\/div>\n<\/p><\/div>\n<\/p><\/div>\n<div class=\"tab-pane\" id=\"ods-10\">\n<div class=\"ods-10-slider ods-slider dots-slider ods-arrows-slider\">\n<div class=\"card-holder\">\n<div class=\"card revista-card\">\n<div class=\"slide-img slide-img-1\" >\n\t\t\t\t\t\t\t\t<img decoding=\"async\" src=\"https:\/\/static.tmgrupoinmobiliario.com\/files\/gc\/img\/ods-slider\/ODS+10\/AFA.jpg\"\/>\n\t\t\t\t\t\t\t\t<\/div>\n<div class=\"card-content\">\n<p>Bieg charytatywny AFA<\/p>\n<\/p><\/div>\n<\/p><\/div>\n<\/p><\/div>\n<div class=\"card-holder\">\n<div class=\"card revista-card\">\n                          <a href=\"https:\/\/www.tmgrupoinmobiliario.com\/blog\/2023\/03\/23\/tm-grupo-inmobiliario-renueva-su-compromiso-con-ong-rafiki-para-luchar-contra-la-pobreza-en-uganda\/\" target=\"_blank\" rel=\"noopener\"><\/p>\n<div class=\"slide-img slide-img-2\" >\n\t\t\t\t\t\t\t\t\t<img decoding=\"async\" src=\"https:\/\/static.tmgrupoinmobiliario.com\/files\/gc\/img\/ods-slider\/Microcr\u00e9ditos2.jpg\"\/>\n\t\t\t\t\t\t\t\t\t<\/div>\n<div class=\"card-content\">\n<p>Program mikrokredyt\u00f3w dla przedsi\u0119biorczych kobiet w Ugandzie (wraz z organizacj\u0105 pozarz\u0105dow\u0105 \u201eRafiki Africa\u201d)<\/p>\n<\/p><\/div>\n<p>                                <\/a>\n                            <\/div>\n<\/p><\/div>\n<p>                       <!-- \n\n<div class=\"card-holder\">\n                            \n\n<div class=\"card revista-card\">\n                                <a href=\"https:\/\/www.youtube.com\/watch?v=eVZUkh8Auko&t=4s\" target=\"_blank\" rel=\"noopener\">\n                                    \n\n<div class=\"slide-img slide-img-3\" style=\"background-image: url(https:\/\/www.tmgrupoinmobiliario.com\/blog\/wp-content\/uploads\/2023\/12\/Convencion_proveedores_TM_2023-scaled.jpg);\"><\/div>\n\n\n                                    \n\n<div class=\"card-content\">\n                                        \n\n<p>Convenci\u00f3n de Proveedores 2023, \"Compromiso TM\" <\/p>\n\n\n                                    <\/div>\n\n\n                                <\/a>\n                            <\/div>\n\n\n                        <\/div>\n\n--><\/p><\/div>\n<\/p><\/div>\n<p>                <!--\n\n<div class=\"tab-pane\" id=\"ods-16\">\n                    \n\n<div class=\"ods-16-slider ods-slider\">\n                        \n\n<div class=\"card-holder\">\n                            \n\n<div class=\"card revista-card\" style=\"left:20%\">\n                                \n                                \n\n<div class=\"slide-img slide-img-1\" style=\"background-image:url('https:\/\/static.tmgrupoinmobiliario.com\/files\/gc\/img\/ods-slider\/ODS+16\/ayuda+Ucrania.jpg');\"><\/div>\n\n\n                                \n\n<div class=\"card-content\">\n                                    \n\n<p>Compra de material sanitario para ayuda a Ucrania<\/p>\n\n\n                                <\/div>\n\n\n                            <\/div>\n\n\n                        <\/div>\n\n\n                    <\/div>\n\n\n                <\/div>\n\n--><\/p>\n<div class=\"tab-pane\" id=\"ods-17\">\n<div class=\"ods-17-slider ods-slider dots-slider ods-arrows-slider\">\n<div class=\"card-holder\">\n<div class=\"card revista-card\">\n<div class=\"slide-img slide-img-1\" >\n\t\t\t\t\t\t\t\t<!--<img decoding=\"async\" src=\"https:\/\/www.tmgrupoinmobiliario.com\/blog\/wp-content\/uploads\/2024\/01\/17-aecc-marbella.jpg\"\/>--><br \/>\n\t\t\t\t\t\t\t\t<img decoding=\"async\" src=\"https:\/\/static.tmgrupoinmobiliario.com\/files\/gc\/img\/ods-slider\/ODS+17\/aecc+marbella.jpg\"\/>\n\t\t\t\t\t\t\t\t<\/div>\n<div class=\"card-content\">\n<p>Kolacja po\u0142\u0105czona z gal\u0105 Hiszpa\u0144skiego stowarzyszenia walki z chorobami nowotworowymi (AECC) w Marbelli<\/p>\n<\/p><\/div>\n<\/p><\/div>\n<\/p><\/div>\n<div class=\"card-holder\">\n<div class=\"card revista-card\">\n                           <a href=\"https:\/\/www.tmgrupoinmobiliario.com\/blog\/2021\/11\/23\/tm-se-une-al-centro-internacional-de-investigacion-del-envejecimiento-pionero-en-espana-y-europa\/\" target=\"_blank\" rel=\"noopener\"><\/p>\n<div class=\"slide-img slide-img-2\" >\n\t\t\t\t\t\t\t\t\t<!--<img decoding=\"async\" src=\"https:\/\/www.tmgrupoinmobiliario.com\/blog\/wp-content\/uploads\/2024\/01\/17-envejecimiento.jpeg\"\/>--><br \/>\n\t\t\t\t\t\t\t\t\t<img decoding=\"async\" src=\"https:\/\/static.tmgrupoinmobiliario.com\/files\/gc\/img\/ods-slider\/ODS+17\/envejecimiento.jpeg\"\/>\n\t\t\t\t\t\t\t\t\t<\/div>\n<div class=\"card-content\">\n<p>Wk\u0142ad finansowy na rzecz Fundacji krajowego o\u015brodka badania procesu starzenia (Fundaci\u00f3n Centro Nacional Investigaci\u00f3n para el Envejecimiento)<\/p>\n<\/p><\/div>\n<p>                                <\/a>\n                            <\/div>\n<\/p><\/div>\n<div class=\"card-holder\">\n<div class=\"card revista-card\">\n                               <a href=\"https:\/\/www.tmgrupoinmobiliario.com\/blog\/2023\/03\/27\/tm-grupo-inmobiliario-patrocinador-oficial-de-la-20a-edicion-del-festival-de-cine-de-alicante\/\" target=\"_blank\" rel=\"noopener\"><\/p>\n<div class=\"slide-img slide-img-3\" >\n\t\t\t\t\t\t\t\t\t<img decoding=\"async\" src=\"https:\/\/www.tmgrupoinmobiliario.com\/blog\/wp-content\/uploads\/2024\/01\/17-FestivalCine.jpg\"\/>\n\t\t\t\t\t\t\t\t\t<\/div>\n<div class=\"card-content\">\n<p>Mi\u0119dzynarodowy festiwal filmowy w Alicante<\/p>\n<\/p><\/div>\n<p>                                <\/a>\n                            <\/div>\n<\/p><\/div>\n<div class=\"card-holder\">\n<div class=\"card revista-card\">\n                                <a href=\"https:\/\/www.youtube.com\/watch?v=eVZUkh8Auko&#038;t=4s\" target=\"_blank\" rel=\"noopener\"><\/p>\n<div class=\"slide-img slide-img-3\" >\n\t\t\t\t\t\t\t\t\t<img decoding=\"async\" src=\"https:\/\/www.tmgrupoinmobiliario.com\/blog\/wp-content\/uploads\/2024\/01\/17-Convencion_proveedores_TM_2023-scaled-1.jpg\"\/>\n\t\t\t\t\t\t\t\t\t<\/div>\n<div class=\"card-content\">\n<p>Zjazd dostawc\u00f3w 2323 \u201eZaanga\u017cowanie TM\u201d <\/p>\n<\/p><\/div>\n<p>                                <\/a>\n                            <\/div>\n<\/p><\/div>\n<\/p><\/div>\n<\/p><\/div>\n<\/p><\/div>\n<\/p><\/div>\n<\/section>\n<\/div>\n","protected":false},"excerpt":{"rendered":"<p>G\u0142\u00f3wny plan odpowiedzialno\u015bci korporacyjnej Raport dotycz\u0105cy odpowiedzialno\u015bci korporacyjnej Etyka i \u0142ad korporacyjny Dzia\u0142alno\u015b\u0107 prospo\u0142eczna \u015arodowisko naturalne menu Zobacz ca\u0142y film DZIA\u0141ALNO\u015a\u0106 PROSPO\u0141ECZNA KAMPANII PRZEPROWADZONYCH W ROKU 2023 BENEFICJENT\u00d3W W ROKU 2023 WYR\u00d3\u017bNIAJ\u0104CE SI\u0118 INICJATYWY WSP\u00d3\u0141PRACA Z ORGANIZACJ\u0104 POZARZ\u0104DOW\u0104 \u201eRAFIKI AFRICA\u201d TM wsp\u00f3\u0142pracuje z \u201eRafiki Africa\u201d w ramach trzech projekt\u00f3w realizowanych w wiosce Kenziga, w regionie [&hellip;]<\/p>\n","protected":false},"author":11715,"featured_media":0,"parent":0,"menu_order":0,"comment_status":"closed","ping_status":"closed","template":"","meta":{"footnotes":""},"class_list":["post-19299","page","type-page","status-publish","hentry"],"better_featured_image":null,"acf":[],"yoast_head":"<!-- This site is optimized with the Yoast SEO Premium plugin v23.6 (Yoast SEO v27.5) - https:\/\/yoast.com\/product\/yoast-seo-premium-wordpress\/ -->\n<title>Acci\u00f3n Social - Polski<\/title>\n<meta name=\"robots\" content=\"index, follow, max-snippet:-1, max-image-preview:large, max-video-preview:-1\" \/>\n<link rel=\"canonical\" href=\"https:\/\/blog.tmgrupoinmobiliario.com\/pl\/accion-social\/\" \/>\n<meta property=\"og:locale\" content=\"pl_PL\" \/>\n<meta property=\"og:type\" content=\"article\" \/>\n<meta property=\"og:title\" content=\"Acci\u00f3n Social\" \/>\n<meta property=\"og:description\" content=\"G\u0142\u00f3wny plan odpowiedzialno\u015bci korporacyjnej Raport dotycz\u0105cy odpowiedzialno\u015bci korporacyjnej Etyka i \u0142ad korporacyjny Dzia\u0142alno\u015b\u0107 prospo\u0142eczna \u015arodowisko naturalne menu Zobacz ca\u0142y film DZIA\u0141ALNO\u015a\u0106 PROSPO\u0141ECZNA KAMPANII PRZEPROWADZONYCH W ROKU 2023 BENEFICJENT\u00d3W W ROKU 2023 WYR\u00d3\u017bNIAJ\u0104CE SI\u0118 INICJATYWY WSP\u00d3\u0141PRACA Z ORGANIZACJ\u0104 POZARZ\u0104DOW\u0104 \u201eRAFIKI AFRICA\u201d TM wsp\u00f3\u0142pracuje z \u201eRafiki Africa\u201d w ramach trzech projekt\u00f3w realizowanych w wiosce Kenziga, w regionie [&hellip;]\" \/>\n<meta property=\"og:url\" content=\"https:\/\/blog.tmgrupoinmobiliario.com\/pl\/accion-social\/\" \/>\n<meta property=\"og:site_name\" content=\"Polski\" \/>\n<meta property=\"og:image\" content=\"https:\/\/www.tmgrupoinmobiliario.com\/blog\/wp-content\/uploads\/2023\/07\/Colaboracion-Rafiki.jpg\" \/>\n<meta name=\"twitter:card\" content=\"summary_large_image\" \/>\n<script type=\"application\/ld+json\" class=\"yoast-schema-graph\">{\"@context\":\"https:\\\/\\\/schema.org\",\"@graph\":[{\"@type\":\"WebPage\",\"@id\":\"https:\\\/\\\/blog.tmgrupoinmobiliario.com\\\/pl\\\/accion-social\\\/\",\"url\":\"https:\\\/\\\/blog.tmgrupoinmobiliario.com\\\/pl\\\/accion-social\\\/\",\"name\":\"Acci\u00f3n Social - Polski\",\"isPartOf\":{\"@id\":\"https:\\\/\\\/blog.tmgrupoinmobiliario.com\\\/pl\\\/#website\"},\"primaryImageOfPage\":{\"@id\":\"https:\\\/\\\/blog.tmgrupoinmobiliario.com\\\/pl\\\/accion-social\\\/#primaryimage\"},\"image\":{\"@id\":\"https:\\\/\\\/blog.tmgrupoinmobiliario.com\\\/pl\\\/accion-social\\\/#primaryimage\"},\"thumbnailUrl\":\"https:\\\/\\\/www.tmgrupoinmobiliario.com\\\/blog\\\/wp-content\\\/uploads\\\/2023\\\/07\\\/Colaboracion-Rafiki.jpg\",\"datePublished\":\"2024-12-20T12:24:19+00:00\",\"breadcrumb\":{\"@id\":\"https:\\\/\\\/blog.tmgrupoinmobiliario.com\\\/pl\\\/accion-social\\\/#breadcrumb\"},\"inLanguage\":\"pl-PL\",\"potentialAction\":[{\"@type\":\"ReadAction\",\"target\":[\"https:\\\/\\\/blog.tmgrupoinmobiliario.com\\\/pl\\\/accion-social\\\/\"]}]},{\"@type\":\"ImageObject\",\"inLanguage\":\"pl-PL\",\"@id\":\"https:\\\/\\\/blog.tmgrupoinmobiliario.com\\\/pl\\\/accion-social\\\/#primaryimage\",\"url\":\"https:\\\/\\\/www.tmgrupoinmobiliario.com\\\/blog\\\/wp-content\\\/uploads\\\/2023\\\/07\\\/Colaboracion-Rafiki.jpg\",\"contentUrl\":\"https:\\\/\\\/www.tmgrupoinmobiliario.com\\\/blog\\\/wp-content\\\/uploads\\\/2023\\\/07\\\/Colaboracion-Rafiki.jpg\"},{\"@type\":\"BreadcrumbList\",\"@id\":\"https:\\\/\\\/blog.tmgrupoinmobiliario.com\\\/pl\\\/accion-social\\\/#breadcrumb\",\"itemListElement\":[{\"@type\":\"ListItem\",\"position\":1,\"name\":\"Home\",\"item\":\"https:\\\/\\\/blog.tmgrupoinmobiliario.com\\\/pl\\\/\"},{\"@type\":\"ListItem\",\"position\":2,\"name\":\"Acci\u00f3n Social\"}]},{\"@type\":\"WebSite\",\"@id\":\"https:\\\/\\\/blog.tmgrupoinmobiliario.com\\\/pl\\\/#website\",\"url\":\"https:\\\/\\\/blog.tmgrupoinmobiliario.com\\\/pl\\\/\",\"name\":\"Polski\",\"description\":\"Just another Blog Desarrollo TM sitios site\",\"potentialAction\":[{\"@type\":\"SearchAction\",\"target\":{\"@type\":\"EntryPoint\",\"urlTemplate\":\"https:\\\/\\\/blog.tmgrupoinmobiliario.com\\\/pl\\\/?s={search_term_string}\"},\"query-input\":{\"@type\":\"PropertyValueSpecification\",\"valueRequired\":true,\"valueName\":\"search_term_string\"}}],\"inLanguage\":\"pl-PL\"}]}<\/script>\n<!-- \/ Yoast SEO Premium plugin. -->","yoast_head_json":{"title":"Acci\u00f3n Social - Polski","robots":{"index":"index","follow":"follow","max-snippet":"max-snippet:-1","max-image-preview":"max-image-preview:large","max-video-preview":"max-video-preview:-1"},"canonical":"https:\/\/blog.tmgrupoinmobiliario.com\/pl\/accion-social\/","og_locale":"pl_PL","og_type":"article","og_title":"Acci\u00f3n Social","og_description":"G\u0142\u00f3wny plan odpowiedzialno\u015bci korporacyjnej Raport dotycz\u0105cy odpowiedzialno\u015bci korporacyjnej Etyka i \u0142ad korporacyjny Dzia\u0142alno\u015b\u0107 prospo\u0142eczna \u015arodowisko naturalne menu Zobacz ca\u0142y film DZIA\u0141ALNO\u015a\u0106 PROSPO\u0141ECZNA KAMPANII PRZEPROWADZONYCH W ROKU 2023 BENEFICJENT\u00d3W W ROKU 2023 WYR\u00d3\u017bNIAJ\u0104CE SI\u0118 INICJATYWY WSP\u00d3\u0141PRACA Z ORGANIZACJ\u0104 POZARZ\u0104DOW\u0104 \u201eRAFIKI AFRICA\u201d TM wsp\u00f3\u0142pracuje z \u201eRafiki Africa\u201d w ramach trzech projekt\u00f3w realizowanych w wiosce Kenziga, w regionie [&hellip;]","og_url":"https:\/\/blog.tmgrupoinmobiliario.com\/pl\/accion-social\/","og_site_name":"Polski","og_image":[{"url":"https:\/\/www.tmgrupoinmobiliario.com\/blog\/wp-content\/uploads\/2023\/07\/Colaboracion-Rafiki.jpg","type":"","width":"","height":""}],"twitter_card":"summary_large_image","schema":{"@context":"https:\/\/schema.org","@graph":[{"@type":"WebPage","@id":"https:\/\/blog.tmgrupoinmobiliario.com\/pl\/accion-social\/","url":"https:\/\/blog.tmgrupoinmobiliario.com\/pl\/accion-social\/","name":"Acci\u00f3n Social - Polski","isPartOf":{"@id":"https:\/\/blog.tmgrupoinmobiliario.com\/pl\/#website"},"primaryImageOfPage":{"@id":"https:\/\/blog.tmgrupoinmobiliario.com\/pl\/accion-social\/#primaryimage"},"image":{"@id":"https:\/\/blog.tmgrupoinmobiliario.com\/pl\/accion-social\/#primaryimage"},"thumbnailUrl":"https:\/\/www.tmgrupoinmobiliario.com\/blog\/wp-content\/uploads\/2023\/07\/Colaboracion-Rafiki.jpg","datePublished":"2024-12-20T12:24:19+00:00","breadcrumb":{"@id":"https:\/\/blog.tmgrupoinmobiliario.com\/pl\/accion-social\/#breadcrumb"},"inLanguage":"pl-PL","potentialAction":[{"@type":"ReadAction","target":["https:\/\/blog.tmgrupoinmobiliario.com\/pl\/accion-social\/"]}]},{"@type":"ImageObject","inLanguage":"pl-PL","@id":"https:\/\/blog.tmgrupoinmobiliario.com\/pl\/accion-social\/#primaryimage","url":"https:\/\/www.tmgrupoinmobiliario.com\/blog\/wp-content\/uploads\/2023\/07\/Colaboracion-Rafiki.jpg","contentUrl":"https:\/\/www.tmgrupoinmobiliario.com\/blog\/wp-content\/uploads\/2023\/07\/Colaboracion-Rafiki.jpg"},{"@type":"BreadcrumbList","@id":"https:\/\/blog.tmgrupoinmobiliario.com\/pl\/accion-social\/#breadcrumb","itemListElement":[{"@type":"ListItem","position":1,"name":"Home","item":"https:\/\/blog.tmgrupoinmobiliario.com\/pl\/"},{"@type":"ListItem","position":2,"name":"Acci\u00f3n Social"}]},{"@type":"WebSite","@id":"https:\/\/blog.tmgrupoinmobiliario.com\/pl\/#website","url":"https:\/\/blog.tmgrupoinmobiliario.com\/pl\/","name":"Polski","description":"Just another Blog Desarrollo TM sitios site","potentialAction":[{"@type":"SearchAction","target":{"@type":"EntryPoint","urlTemplate":"https:\/\/blog.tmgrupoinmobiliario.com\/pl\/?s={search_term_string}"},"query-input":{"@type":"PropertyValueSpecification","valueRequired":true,"valueName":"search_term_string"}}],"inLanguage":"pl-PL"}]}},"jetpack_sharing_enabled":true,"_links":{"self":[{"href":"https:\/\/blog.tmgrupoinmobiliario.com\/pl\/wp-json\/wp\/v2\/pages\/19299","targetHints":{"allow":["GET"]}}],"collection":[{"href":"https:\/\/blog.tmgrupoinmobiliario.com\/pl\/wp-json\/wp\/v2\/pages"}],"about":[{"href":"https:\/\/blog.tmgrupoinmobiliario.com\/pl\/wp-json\/wp\/v2\/types\/page"}],"author":[{"embeddable":true,"href":"https:\/\/blog.tmgrupoinmobiliario.com\/pl\/wp-json\/wp\/v2\/users\/11715"}],"replies":[{"embeddable":true,"href":"https:\/\/blog.tmgrupoinmobiliario.com\/pl\/wp-json\/wp\/v2\/comments?post=19299"}],"version-history":[{"count":1,"href":"https:\/\/blog.tmgrupoinmobiliario.com\/pl\/wp-json\/wp\/v2\/pages\/19299\/revisions"}],"predecessor-version":[{"id":19300,"href":"https:\/\/blog.tmgrupoinmobiliario.com\/pl\/wp-json\/wp\/v2\/pages\/19299\/revisions\/19300"}],"wp:attachment":[{"href":"https:\/\/blog.tmgrupoinmobiliario.com\/pl\/wp-json\/wp\/v2\/media?parent=19299"}],"curies":[{"name":"wp","href":"https:\/\/api.w.org\/{rel}","templated":true}]}}