{"id":19297,"date":"2024-12-20T12:23:23","date_gmt":"2024-12-20T12:23:23","guid":{"rendered":"https:\/\/blog.tmgrupoinmobiliario.com\/pl\/?page_id=19297"},"modified":"2024-12-30T11:05:18","modified_gmt":"2024-12-30T11:05:18","slug":"buzon-etico","status":"publish","type":"page","link":"https:\/\/blog.tmgrupoinmobiliario.com\/pl\/buzon-etico\/","title":{"rendered":"Buz\u00f3n \u00c9tico"},"content":{"rendered":"<div class=\"gc\">\n<nav class=\"static-nav inline-nav lineas-nav locked\">\n<ul>\n<li><a href=\"\/pl\/gobierno-corporativo\/plan-director-rc\">G\u0142\u00f3wny plan odpowiedzialno\u015bci korporacyjnej<\/a><\/li>\n<li><a href=\"\/pl\/gobierno-corporativo\/memoria-rc\">Raport dotycz\u0105cy odpowiedzialno\u015bci korporacyjnej<\/a><\/li>\n<li><a class=\"active\" href=\"\/pl\/gobierno-corporativo\/etica-y-gobernanza\">Etyka i \u0142ad korporacyjny<\/a><\/li>\n<li><a href=\"\/pl\/gobierno-corporativo\/accion-social\">Dzia\u0142alno\u015b\u0107 prospo\u0142eczna<\/a><\/li>\n<li><a href=\"\/pl\/gobierno-corporativo\/medioambiente\">\u015arodowisko naturalne<\/a><\/li>\n<\/ul>\n<p>        <button class=\"toggle-static-nav\">menu <i class=\"far fa-caret-square-down\"><\/i><\/button><br \/>\n    <\/nav>\n<section class=\"ca gc-buzon-etico-section gc-subsection\">\n<div class=\"container mw-1200\">\n<div class=\"mod-promotion-breadcrumb-holder\" style=\"padding:15px;\">\n<ul class=\"breadcrumb\">\n<li><a href=\"\/pl\/gobierno-corporativo\/etica-y-gobernanza#ethics-gov\">Etyka i \u0142ad korporacyjny<\/a><\/li>\n<li><strong>Zg\u0142aszanie narusze\u0144 i ochrona sygnalist\u00f3w<\/strong><\/li>\n<\/ul><\/div>\n<div class=\"ca-intro gc-seguridad\">\n<div class=\"intro\">\n<h4>Zg\u0142aszanie narusze\u0144 i ochrona sygnalist\u00f3w<\/h4>\n<p>W TM czujemy si\u0119 zobowi\u0105zani do pe\u0142nienia roli punktu odniesienia pod wzgl\u0119dem dobrego zarz\u0105dzania i etyki biznesowej. Dlatego te\u017c kontynuujemy prace nad naszym modelem zgodno\u015bci z przepisami, uwzgl\u0119dniaj\u0105c przy tym wymogi prawne zawarte w Ustawie o ochronie sygnalist\u00f3w, kt\u00f3ra obowi\u0105zuje w Hiszpanii.<\/p>\n<\/p><\/div>\n<div class=\"\">\n<div class=\"row\">\n<div class=\"col col-md-6\">\n                            <img decoding=\"async\" style=\"width: 100%\" src=\"https:\/\/www.tmgrupoinmobiliario.com\/blog\/wp-content\/uploads\/2023\/06\/06_12-Sistema-Interno-de-Informacion-y-Defensa-del-Informante-de-TM-Grupo-Inmobiliario-1000x666-1.jpg\">\n                        <\/div>\n<div class=\"col col-md-6  gc-buz\u00f3n-etico\">\n<p class=\"subtitle\"><em>Wewn\u0119trzny system zg\u0142aszania narusze\u0144 i ochrona sygnalist\u00f3w w TM<\/em><\/p>\n<p class=\"text-left text\">Poniewa\u017c stawiamy sobie za cel bycie punktem odniesienia w zakresie dobrego zarz\u0105dzania i etyki biznesowej, dysponujemy <b>Polityk\u0105 opart\u0105 na wewn\u0119trznym systemie zg\u0142aszania narusze\u0144 i ochronie sygnalist\u00f3we<\/b> Ma ona na celu zapewnienie informatorom niezb\u0119dnej ochrony oraz wzmocnienie i promowanie kultury ujawniania nieprawid\u0142owo\u015bci jako mechanizmu umo\u017cliwiaj\u0105cego przeciwdzia\u0142anie oraz wykrywanie narusze\u0144 i niezgodnego z przepisami post\u0119powania, a tak\u017ce odpowiednie na nie reagowanie.<\/p>\n<p class=\"text-left text\">\n<div>\n<div class=\"text-left col col-md-12 col-sm-12 text-left\" style=\"padding-left: 0;\">\n                                    <a href=\"https:\/\/static.tmgrupoinmobiliario.com\/files\/Pol%C3%ADtica-sistema-info-defensa.pdf\" class=\"gc-memoria-pdf-btn gc-pdf-link btn\" target=\"_blank\" style=\"border-radius: 0;font-size: 16px;\" rel=\"noopener\">Tutaj mo\u017cna zapozna\u0107 si\u0119 z nasz\u0105 polityk\u0105 w tym zakresie<\/a>\n                            \t<\/div>\n<div class=\"col col-md-12 col-sm-12\" style=\"padding-left: 0;\">\n                                    <a href=\"https:\/\/canaldenuncias.tmgrupoinmobiliario.com\/#\/\" class=\"gc-memoria-pdf-btn gc-pdf-link btn\" target=\"_blank\" style=\"border-radius: 0;font-size: 16px;\" rel=\"noopener\">Kliknij tutaj, aby uzyska\u0107 dost\u0119p do kana\u0142u dla sygnalist\u00f3w<\/a><\/div>\n<\/p><\/div>\n<\/p><\/div>\n<\/p><\/div>\n<div class=\"row\">\n<div class=\"col col-md-6\">\n                            <img decoding=\"async\" style=\"width: 100%\" src=\"https:\/\/www.tmgrupoinmobiliario.com\/blog\/wp-content\/uploads\/2022\/11\/buzon-etico.jpg\">\n                        <\/div>\n<div class=\"col col-md-6  gc-buz\u00f3n-etico\">\n<p class=\"subtitle\"><em>Etyczna skrzynka kontaktowa<\/em><\/p>\n<p class=\"text-left text\">Umo\u017cliwia poufne zg\u0142aszanie za pomoc\u0105 specjalnego formularza wszelkich dzia\u0142a\u0144 lub zachowa\u0144, kt\u00f3re mog\u0105 stanowi\u0107 naruszenie obowi\u0105zuj\u0105cego Kodeksu.<\/p>\n<p class=\"text-left text\">Komisja ds. \u0141adu Korporacyjnego otrzymuje i przetwarza w odpowiedni spos\u00f3b zg\u0142oszenia, ze \u015bcis\u0142ym zachowaniem ca\u0142kowitej poufno\u015bci, zarz\u0105dzaj\u0105c ka\u017cd\u0105 z wiadomo\u015bci zgodnie z procedur\u0105 opart\u0105 na dobrych praktykach w celu udzielenia stosownej odpowiedzi.<\/p>\n<p class=\"text-left\" style=\"margin-top:2em\"><a href=\"mailto:buzonetico@tmgrupoinmobiliario.com\" class=\"gc-memoria-pdf-btn gc-pdf-link btn\">Tutaj mo\u017cna zostawi\u0107 wiadomo\u015b\u0107 w naszej Etycznej skrzynce kontaktowej<\/a><\/p>\n<\/p><\/div>\n<\/p><\/div>\n<\/p><\/div>\n<\/p><\/div>\n<\/p><\/div>\n<\/section>\n<\/div>\n","protected":false},"excerpt":{"rendered":"<p>G\u0142\u00f3wny plan odpowiedzialno\u015bci korporacyjnej Raport dotycz\u0105cy odpowiedzialno\u015bci korporacyjnej Etyka i \u0142ad korporacyjny Dzia\u0142alno\u015b\u0107 prospo\u0142eczna \u015arodowisko naturalne menu Etyka i \u0142ad korporacyjny Zg\u0142aszanie narusze\u0144 i ochrona sygnalist\u00f3w Zg\u0142aszanie narusze\u0144 i ochrona sygnalist\u00f3w W TM czujemy si\u0119 zobowi\u0105zani do pe\u0142nienia roli punktu odniesienia pod wzgl\u0119dem dobrego zarz\u0105dzania i etyki biznesowej. Dlatego te\u017c kontynuujemy prace nad naszym modelem [&hellip;]<\/p>\n","protected":false},"author":11715,"featured_media":0,"parent":0,"menu_order":0,"comment_status":"closed","ping_status":"closed","template":"","meta":{"footnotes":""},"class_list":["post-19297","page","type-page","status-publish","hentry"],"better_featured_image":null,"acf":[],"yoast_head":"<!-- This site is optimized with the Yoast SEO Premium plugin v23.6 (Yoast SEO v27.5) - https:\/\/yoast.com\/product\/yoast-seo-premium-wordpress\/ -->\n<title>Buz\u00f3n \u00c9tico - Polski<\/title>\n<meta name=\"robots\" content=\"index, follow, max-snippet:-1, max-image-preview:large, max-video-preview:-1\" \/>\n<link rel=\"canonical\" href=\"https:\/\/blog.tmgrupoinmobiliario.com\/pl\/buzon-etico\/\" \/>\n<meta property=\"og:locale\" content=\"pl_PL\" \/>\n<meta property=\"og:type\" content=\"article\" \/>\n<meta property=\"og:title\" content=\"Buz\u00f3n \u00c9tico\" \/>\n<meta property=\"og:description\" content=\"G\u0142\u00f3wny plan odpowiedzialno\u015bci korporacyjnej Raport dotycz\u0105cy odpowiedzialno\u015bci korporacyjnej Etyka i \u0142ad korporacyjny Dzia\u0142alno\u015b\u0107 prospo\u0142eczna \u015arodowisko naturalne menu Etyka i \u0142ad korporacyjny Zg\u0142aszanie narusze\u0144 i ochrona sygnalist\u00f3w Zg\u0142aszanie narusze\u0144 i ochrona sygnalist\u00f3w W TM czujemy si\u0119 zobowi\u0105zani do pe\u0142nienia roli punktu odniesienia pod wzgl\u0119dem dobrego zarz\u0105dzania i etyki biznesowej. Dlatego te\u017c kontynuujemy prace nad naszym modelem [&hellip;]\" \/>\n<meta property=\"og:url\" content=\"https:\/\/blog.tmgrupoinmobiliario.com\/pl\/buzon-etico\/\" \/>\n<meta property=\"og:site_name\" content=\"Polski\" \/>\n<meta property=\"article:modified_time\" content=\"2024-12-30T11:05:18+00:00\" \/>\n<meta property=\"og:image\" content=\"https:\/\/www.tmgrupoinmobiliario.com\/blog\/wp-content\/uploads\/2023\/06\/06_12-Sistema-Interno-de-Informacion-y-Defensa-del-Informante-de-TM-Grupo-Inmobiliario-1000x666-1.jpg\" \/>\n<meta name=\"twitter:card\" content=\"summary_large_image\" \/>\n<meta name=\"twitter:label1\" content=\"Szacowany czas czytania\" \/>\n\t<meta name=\"twitter:data1\" content=\"2 minuty\" \/>\n<script type=\"application\/ld+json\" class=\"yoast-schema-graph\">{\"@context\":\"https:\\\/\\\/schema.org\",\"@graph\":[{\"@type\":\"WebPage\",\"@id\":\"https:\\\/\\\/blog.tmgrupoinmobiliario.com\\\/pl\\\/buzon-etico\\\/\",\"url\":\"https:\\\/\\\/blog.tmgrupoinmobiliario.com\\\/pl\\\/buzon-etico\\\/\",\"name\":\"Buz\u00f3n \u00c9tico - Polski\",\"isPartOf\":{\"@id\":\"https:\\\/\\\/blog.tmgrupoinmobiliario.com\\\/pl\\\/#website\"},\"primaryImageOfPage\":{\"@id\":\"https:\\\/\\\/blog.tmgrupoinmobiliario.com\\\/pl\\\/buzon-etico\\\/#primaryimage\"},\"image\":{\"@id\":\"https:\\\/\\\/blog.tmgrupoinmobiliario.com\\\/pl\\\/buzon-etico\\\/#primaryimage\"},\"thumbnailUrl\":\"https:\\\/\\\/www.tmgrupoinmobiliario.com\\\/blog\\\/wp-content\\\/uploads\\\/2023\\\/06\\\/06_12-Sistema-Interno-de-Informacion-y-Defensa-del-Informante-de-TM-Grupo-Inmobiliario-1000x666-1.jpg\",\"datePublished\":\"2024-12-20T12:23:23+00:00\",\"dateModified\":\"2024-12-30T11:05:18+00:00\",\"breadcrumb\":{\"@id\":\"https:\\\/\\\/blog.tmgrupoinmobiliario.com\\\/pl\\\/buzon-etico\\\/#breadcrumb\"},\"inLanguage\":\"pl-PL\",\"potentialAction\":[{\"@type\":\"ReadAction\",\"target\":[\"https:\\\/\\\/blog.tmgrupoinmobiliario.com\\\/pl\\\/buzon-etico\\\/\"]}]},{\"@type\":\"ImageObject\",\"inLanguage\":\"pl-PL\",\"@id\":\"https:\\\/\\\/blog.tmgrupoinmobiliario.com\\\/pl\\\/buzon-etico\\\/#primaryimage\",\"url\":\"https:\\\/\\\/www.tmgrupoinmobiliario.com\\\/blog\\\/wp-content\\\/uploads\\\/2023\\\/06\\\/06_12-Sistema-Interno-de-Informacion-y-Defensa-del-Informante-de-TM-Grupo-Inmobiliario-1000x666-1.jpg\",\"contentUrl\":\"https:\\\/\\\/www.tmgrupoinmobiliario.com\\\/blog\\\/wp-content\\\/uploads\\\/2023\\\/06\\\/06_12-Sistema-Interno-de-Informacion-y-Defensa-del-Informante-de-TM-Grupo-Inmobiliario-1000x666-1.jpg\"},{\"@type\":\"BreadcrumbList\",\"@id\":\"https:\\\/\\\/blog.tmgrupoinmobiliario.com\\\/pl\\\/buzon-etico\\\/#breadcrumb\",\"itemListElement\":[{\"@type\":\"ListItem\",\"position\":1,\"name\":\"Home\",\"item\":\"https:\\\/\\\/blog.tmgrupoinmobiliario.com\\\/pl\\\/\"},{\"@type\":\"ListItem\",\"position\":2,\"name\":\"Buz\u00f3n \u00c9tico\"}]},{\"@type\":\"WebSite\",\"@id\":\"https:\\\/\\\/blog.tmgrupoinmobiliario.com\\\/pl\\\/#website\",\"url\":\"https:\\\/\\\/blog.tmgrupoinmobiliario.com\\\/pl\\\/\",\"name\":\"Polski\",\"description\":\"Just another Blog Desarrollo TM sitios site\",\"potentialAction\":[{\"@type\":\"SearchAction\",\"target\":{\"@type\":\"EntryPoint\",\"urlTemplate\":\"https:\\\/\\\/blog.tmgrupoinmobiliario.com\\\/pl\\\/?s={search_term_string}\"},\"query-input\":{\"@type\":\"PropertyValueSpecification\",\"valueRequired\":true,\"valueName\":\"search_term_string\"}}],\"inLanguage\":\"pl-PL\"}]}<\/script>\n<!-- \/ Yoast SEO Premium plugin. -->","yoast_head_json":{"title":"Buz\u00f3n \u00c9tico - Polski","robots":{"index":"index","follow":"follow","max-snippet":"max-snippet:-1","max-image-preview":"max-image-preview:large","max-video-preview":"max-video-preview:-1"},"canonical":"https:\/\/blog.tmgrupoinmobiliario.com\/pl\/buzon-etico\/","og_locale":"pl_PL","og_type":"article","og_title":"Buz\u00f3n \u00c9tico","og_description":"G\u0142\u00f3wny plan odpowiedzialno\u015bci korporacyjnej Raport dotycz\u0105cy odpowiedzialno\u015bci korporacyjnej Etyka i \u0142ad korporacyjny Dzia\u0142alno\u015b\u0107 prospo\u0142eczna \u015arodowisko naturalne menu Etyka i \u0142ad korporacyjny Zg\u0142aszanie narusze\u0144 i ochrona sygnalist\u00f3w Zg\u0142aszanie narusze\u0144 i ochrona sygnalist\u00f3w W TM czujemy si\u0119 zobowi\u0105zani do pe\u0142nienia roli punktu odniesienia pod wzgl\u0119dem dobrego zarz\u0105dzania i etyki biznesowej. Dlatego te\u017c kontynuujemy prace nad naszym modelem [&hellip;]","og_url":"https:\/\/blog.tmgrupoinmobiliario.com\/pl\/buzon-etico\/","og_site_name":"Polski","article_modified_time":"2024-12-30T11:05:18+00:00","og_image":[{"url":"https:\/\/www.tmgrupoinmobiliario.com\/blog\/wp-content\/uploads\/2023\/06\/06_12-Sistema-Interno-de-Informacion-y-Defensa-del-Informante-de-TM-Grupo-Inmobiliario-1000x666-1.jpg","type":"","width":"","height":""}],"twitter_card":"summary_large_image","twitter_misc":{"Szacowany czas czytania":"2 minuty"},"schema":{"@context":"https:\/\/schema.org","@graph":[{"@type":"WebPage","@id":"https:\/\/blog.tmgrupoinmobiliario.com\/pl\/buzon-etico\/","url":"https:\/\/blog.tmgrupoinmobiliario.com\/pl\/buzon-etico\/","name":"Buz\u00f3n \u00c9tico - Polski","isPartOf":{"@id":"https:\/\/blog.tmgrupoinmobiliario.com\/pl\/#website"},"primaryImageOfPage":{"@id":"https:\/\/blog.tmgrupoinmobiliario.com\/pl\/buzon-etico\/#primaryimage"},"image":{"@id":"https:\/\/blog.tmgrupoinmobiliario.com\/pl\/buzon-etico\/#primaryimage"},"thumbnailUrl":"https:\/\/www.tmgrupoinmobiliario.com\/blog\/wp-content\/uploads\/2023\/06\/06_12-Sistema-Interno-de-Informacion-y-Defensa-del-Informante-de-TM-Grupo-Inmobiliario-1000x666-1.jpg","datePublished":"2024-12-20T12:23:23+00:00","dateModified":"2024-12-30T11:05:18+00:00","breadcrumb":{"@id":"https:\/\/blog.tmgrupoinmobiliario.com\/pl\/buzon-etico\/#breadcrumb"},"inLanguage":"pl-PL","potentialAction":[{"@type":"ReadAction","target":["https:\/\/blog.tmgrupoinmobiliario.com\/pl\/buzon-etico\/"]}]},{"@type":"ImageObject","inLanguage":"pl-PL","@id":"https:\/\/blog.tmgrupoinmobiliario.com\/pl\/buzon-etico\/#primaryimage","url":"https:\/\/www.tmgrupoinmobiliario.com\/blog\/wp-content\/uploads\/2023\/06\/06_12-Sistema-Interno-de-Informacion-y-Defensa-del-Informante-de-TM-Grupo-Inmobiliario-1000x666-1.jpg","contentUrl":"https:\/\/www.tmgrupoinmobiliario.com\/blog\/wp-content\/uploads\/2023\/06\/06_12-Sistema-Interno-de-Informacion-y-Defensa-del-Informante-de-TM-Grupo-Inmobiliario-1000x666-1.jpg"},{"@type":"BreadcrumbList","@id":"https:\/\/blog.tmgrupoinmobiliario.com\/pl\/buzon-etico\/#breadcrumb","itemListElement":[{"@type":"ListItem","position":1,"name":"Home","item":"https:\/\/blog.tmgrupoinmobiliario.com\/pl\/"},{"@type":"ListItem","position":2,"name":"Buz\u00f3n \u00c9tico"}]},{"@type":"WebSite","@id":"https:\/\/blog.tmgrupoinmobiliario.com\/pl\/#website","url":"https:\/\/blog.tmgrupoinmobiliario.com\/pl\/","name":"Polski","description":"Just another Blog Desarrollo TM sitios site","potentialAction":[{"@type":"SearchAction","target":{"@type":"EntryPoint","urlTemplate":"https:\/\/blog.tmgrupoinmobiliario.com\/pl\/?s={search_term_string}"},"query-input":{"@type":"PropertyValueSpecification","valueRequired":true,"valueName":"search_term_string"}}],"inLanguage":"pl-PL"}]}},"jetpack_sharing_enabled":true,"_links":{"self":[{"href":"https:\/\/blog.tmgrupoinmobiliario.com\/pl\/wp-json\/wp\/v2\/pages\/19297","targetHints":{"allow":["GET"]}}],"collection":[{"href":"https:\/\/blog.tmgrupoinmobiliario.com\/pl\/wp-json\/wp\/v2\/pages"}],"about":[{"href":"https:\/\/blog.tmgrupoinmobiliario.com\/pl\/wp-json\/wp\/v2\/types\/page"}],"author":[{"embeddable":true,"href":"https:\/\/blog.tmgrupoinmobiliario.com\/pl\/wp-json\/wp\/v2\/users\/11715"}],"replies":[{"embeddable":true,"href":"https:\/\/blog.tmgrupoinmobiliario.com\/pl\/wp-json\/wp\/v2\/comments?post=19297"}],"version-history":[{"count":2,"href":"https:\/\/blog.tmgrupoinmobiliario.com\/pl\/wp-json\/wp\/v2\/pages\/19297\/revisions"}],"predecessor-version":[{"id":19315,"href":"https:\/\/blog.tmgrupoinmobiliario.com\/pl\/wp-json\/wp\/v2\/pages\/19297\/revisions\/19315"}],"wp:attachment":[{"href":"https:\/\/blog.tmgrupoinmobiliario.com\/pl\/wp-json\/wp\/v2\/media?parent=19297"}],"curies":[{"name":"wp","href":"https:\/\/api.w.org\/{rel}","templated":true}]}}