{"id":19291,"date":"2024-12-20T12:17:17","date_gmt":"2024-12-20T12:17:17","guid":{"rendered":"https:\/\/blog.tmgrupoinmobiliario.com\/pl\/?page_id=19291"},"modified":"2025-04-25T16:30:50","modified_gmt":"2025-04-25T16:30:50","slug":"memoria-rc","status":"publish","type":"page","link":"https:\/\/blog.tmgrupoinmobiliario.com\/pl\/memoria-rc\/","title":{"rendered":"Memoria RC"},"content":{"rendered":"<div class=\"gc\">\n<nav class=\"static-nav inline-nav lineas-nav locked\">\n<ul>\n<li><a href=\"\/pl\/gobierno-corporativo\/plan-director-rc\">G\u0142\u00f3wny plan odpowiedzialno\u015bci korporacyjnej<\/a><\/li>\n<li><a class=\"active\" href=\"\/pl\/gobierno-corporativo\/memoria-rc\">Raport dotycz\u0105cy odpowiedzialno\u015bci korporacyjnej<\/a><\/li>\n<li><a href=\"\/pl\/gobierno-corporativo\/etica-y-gobernanza\">Etyka i \u0142ad korporacyjny<\/a><\/li>\n<li><a href=\"\/pl\/gobierno-corporativo\/accion-social\">Dzia\u0142alno\u015b\u0107 prospo\u0142eczna<\/a><\/li>\n<li><a href=\"\/pl\/gobierno-corporativo\/medioambiente\">\u015arodowisko naturalne<\/a><\/li>\n<\/ul>\n<p>        <button class=\"toggle-static-nav\">menu <i class=\"far fa-caret-square-down\"><\/i><\/button><br \/>\n    <\/nav>\n<section class=\"gc-cover-section top-cover scroll-div\">\n<div class=\"cover\" style=\"position: relative;\">\n<div class=\"gc-video-holder memoria-rc\">\n                <!--   <video class=\"gc-cover-video\" playsinline=\"\" autoplay=\"autoplay\" muted=\"\" loop=\"\" style=\"width:100%\">\n<source src=\"\" type=\"video\/webm\">\n<source src=\"https:\/\/static.tmgrupoinmobiliario.com\/files\/gc\/video\/TM+VIDEO+MEMORIA+RC_sin+mosca+subs+ING.mp4\" type=\"video\/mp4\">\n<\/video> -->\n            <\/div>\n<p>            <a href=\"https:\/\/youtu.be\/xjmobmCiNqE?feature=shared\" data-fancybox=\"\" class=\"btn btn-outlined\"><br \/>\n                <svg class=\"svg-inline--fa fa-play-circle fa-w-16 fa-lg\" aria-hidden=\"true\" data-prefix=\"far\" data-icon=\"play-circle\" role=\"img\" xmlns=\"http:\/\/www.w3.org\/2000\/svg\" viewBox=\"0 0 512 512\" data-fa-i2svg=\"\" style=\"width: 18.7px; height: 18.7px;\">\n                    <path fill=\"currentColor\" d=\"M371.7 238l-176-107c-15.8-8.8-35.7 2.5-35.7 21v208c0 18.4 19.8 29.8 35.7 21l176-101c16.4-9.1 16.4-32.8 0-42zM504 256C504 119 393 8 256 8S8 119 8 256s111 248 248 248 248-111 248-248zm-448 0c0-110.5 89.5-200 200-200s200 89.5 200 200-89.5 200-200 200S56 366.5 56 256z\"><\/path><\/svg><!-- <i class=\"far fa-lg fa-play-circle\"><\/i> --><br \/>\n                    Zobacz ca\u0142y film<br \/>\n            <\/a><br \/>\n            <!-- \n\n<p style=\"position:absolute;bottom:10%;z-index:2;width: 100%;text-align:center;\"><a class=\"btn btn-default\" href=\"https:\/\/www.youtube.com\/watch?v=pQzWmKq2_Sg\" target=\"_blank\" rel=\"noopener\">Ver video completo<\/a><\/p>\n\n -->\n        <\/div>\n<\/section>\n<section class=\"container mw-1200  gc-memoria-container\">\n<h1 class=\"gc-title gc-memoria-title\">RAPORT DOTYCZ\u0104CY ODPOWIEDZIALNO\u015aCI KORPORACYJNEJ<\/h1>\n<div class=\"row gc-memoria-row\">\n<div class=\"col col-md-7 text-right\">\n                <img decoding=\"async\" style=\"width: 100%\" src=\"https:\/\/static.tmgrupoinmobiliario.com\/files\/Portada+Memoria+2024.jpg\">\n            <\/div>\n<div class=\"col col-md-5 text-left gc-memoria-col-text\">\n<p>ZAPRASZAMY DO ZAPOZNANIA SI\u0118 Z NASZYM<\/p>\n<h3>RAPORTEM DOTYCZ\u0104CYM ODPOWIEDZIALNO\u015aCI KORPORACYJNEJ ZA ROK<br \/>2024<\/h3>\n<p>                <a href=\"https:\/\/static.tmgrupoinmobiliario.com\/files\/MEMORIA-RESPONSABILIDAD-CORPORATIVA-TM-2024.pdf\" class=\"gc-memoria-pdf-btn\" target=\"_blank\" rel=\"noopener\">Dost\u0119p do raportu<\/a><\/p>\n<p style=\"font-size: 10px; margin: 30px 0;\">Aby korzysta\u0107 z interaktywnej wersji na tablecie i telefonie kom\u00f3rkowym, wymagany jest program Adobe Acrobat Reader for PDF. Mo\u017cna go pobra\u0107 ze strony<br \/>\n                     <a href=\"https:\/\/apps.apple.com\/pl\/app\/adobe-acrobat-reader-edit-pdf\/id469337564\">App Store<\/a> o <a href=\"https:\/\/play.google.com\/store\/apps\/details?id=com.adobe.reader\">Play Store<\/a><\/p>\n<\/p><\/div>\n<\/p><\/div>\n<p class=\"gc-memoria-subtitle\"><b>Nasze poprzednie raporty dotycz\u0105ce odpowiedzialno\u015bci korporacyjnej:<\/b><\/p>\n<\/section>\n<section class=\"business-lines gc-memoria-cards-section\" >\n<div class=\"memoria-slider dots-slider\">\n<div class=\"card-holder\">\n<div class=\"card business-card gc-memoria-card\">\n<div class=\"card-link gc-memoria-card-link\" target=\"_blank\" \/>\n                        <img decoding=\"async\" class=\"async-load\" src=\"https:\/\/static.tmgrupoinmobiliario.com\/files\/Portada+Memoria+2023.jpg\" class=\"card-image\" \/><\/p>\n<div class=\"gc-memoria-card-content\">\n<div class=\"title-holder\">\n<h3 class=\"card-title gc-memoria-card-title\">RAPORT DOTYCZ\u0104CY ODPOWIEDZIALNO\u015aCI KORPORACYJNEJ ZA ROK<br \/>2023<\/h3>\n<\/div>\n<div> <a href=\"https:\/\/static.tmgrupoinmobiliario.com\/files\/MEMORIA_RESPONSABILIDAD_CORPORATIVA_TM_2023.pdf\" class=\"gc-memoria-card-button\" target=\"_blank\" rel=\"noopener\"> Dost\u0119p do raportu<\/a><\/div>\n<\/p><\/div>\n<\/p><\/div>\n<\/p><\/div>\n<\/p><\/div>\n<div class=\"card-holder\">\n<div class=\"card business-card gc-memoria-card\">\n<div class=\"card-link gc-memoria-card-link\" target=\"_blank\" \/>\n                        <img decoding=\"async\" class=\"async-load\" src=\"https:\/\/www.tmgrupoinmobiliario.com\/blog\/wp-content\/uploads\/2024\/06\/portada-memoria-rc-2022-360px.jpg\" class=\"card-image\" \/><\/p>\n<div class=\"gc-memoria-card-content\">\n<div class=\"title-holder\">\n<h3 class=\"card-title gc-memoria-card-title\">RAPORT DOTYCZ\u0104CY ODPOWIEDZIALNO\u015aCI KORPORACYJNEJ ZA ROK<br \/>2022<\/h3>\n<\/div>\n<div> <a href=\"https:\/\/static.tmgrupoinmobiliario.com\/files\/MEMORIA_DE_RESPONSABILIDAD_CORPORATIVA_TM_2022.pdf\" class=\"gc-memoria-card-button\" target=\"_blank\" rel=\"noopener\"> Dost\u0119p do raportu<\/a><\/div>\n<\/p><\/div>\n<\/p><\/div>\n<\/p><\/div>\n<\/p><\/div>\n<div class=\"card-holder\">\n<div class=\"card business-card gc-memoria-card\">\n<div class=\"card-link gc-memoria-card-link\" target=\"_blank\" \/>\n                        <img decoding=\"async\" class=\"async-load\" src=\"https:\/\/www.tmgrupoinmobiliario.com\/blog\/wp-content\/uploads\/2023\/07\/Memoria-RC-2021.jpg\" class=\"card-image\" \/><\/p>\n<div class=\"gc-memoria-card-content\">\n<div class=\"title-holder\">\n<h3 class=\"card-title gc-memoria-card-title\">RAPORT DOTYCZ\u0104CY ODPOWIEDZIALNO\u015aCI KORPORACYJNEJ ZA ROK<br \/>2021<\/h3>\n<\/div>\n<div> <a href=\"https:\/\/static.tmgrupoinmobiliario.com\/files\/Memoria+Responsabilidad+Corporativa+2021.pdf\" class=\"gc-memoria-card-button\" target=\"_blank\" rel=\"noopener\"> Dost\u0119p do raportu<\/a><\/div>\n<\/p><\/div>\n<\/p><\/div>\n<\/p><\/div>\n<\/p><\/div>\n<div class=\"card-holder\">\n<div class=\"card business-card gc-memoria-card\">\n<div class=\"card-link gc-memoria-card-link\">\n                        <img decoding=\"async\" class=\"async-load\" src=\"https:\/\/www.tmgrupoinmobiliario.com\/blog\/wp-content\/uploads\/2023\/07\/Memoria-RC-2020.jpg\" class=\"card-image\" \/><\/p>\n<div class=\"gc-memoria-card-content\">\n<div class=\"title-holder\">\n<h3 class=\"card-title gc-memoria-card-title\">RAPORT DOTYCZ\u0104CY ODPOWIEDZIALNO\u015aCI KORPORACYJNEJ ZA ROK<br \/>2020<\/h3>\n<\/div>\n<div><a href=\"https:\/\/static.tmgrupoinmobiliario.com\/files\/memoria_RC_2020.pdf\" class=\"gc-memoria-card-button\" target=\"_blank\" rel=\"noopener\">Dost\u0119p do raportu<\/a><\/div>\n<\/p><\/div>\n<\/p><\/div>\n<\/p><\/div>\n<\/p><\/div>\n<div class=\"card-holder\">\n<div class=\"card business-card gc-memoria-card\">\n<div class=\"card-link gc-memoria-card-link\">\n                        <img decoding=\"async\" class=\"async-load\" src=\"https:\/\/www.tmgrupoinmobiliario.com\/blog\/wp-content\/uploads\/2023\/07\/Memoria-RC-2019.jpg\" class=\"card-image\" \/><\/p>\n<div class=\"card-content gc-memoria-card-content\">\n<div class=\"title-holder\">\n<h3 class=\"card-title gc-memoria-card-title\">RAPORT DOTYCZ\u0104CY ODPOWIEDZIALNO\u015aCI KORPORACYJNEJ ZA ROK<br \/>2019<\/h3>\n<\/div>\n<div> <a href=\"https:\/\/static.tmgrupoinmobiliario.com\/files\/Memoria-Responsabilidad-Corporativa-2019.pdf\" class=\"gc-memoria-card-button\" target=\"_blank\" rel=\"noopener\">Dost\u0119p do raportu<\/a><\/div>\n<\/p><\/div>\n<\/p><\/div>\n<\/p><\/div>\n<\/p><\/div>\n<div class=\"card-holder\">\n<div class=\"card business-card gc-memoria-card\">\n<div class=\"card-link gc-memoria-card-link\">\n                        <img decoding=\"async\" class=\"async-load\" src=\"https:\/\/www.tmgrupoinmobiliario.com\/blog\/wp-content\/uploads\/2023\/07\/Memoria-RC-2017-2018.png\" class=\"card-image\" \/><\/p>\n<div class=\"gc-memoria-card-content\">\n<div class=\"title-holder\">\n<h3 class=\"card-title gc-memoria-card-title\">RAPORT DOTYCZ\u0104CY ODPOWIEDZIALNO\u015aCI KORPORACYJNEJ ZA ROK<br \/>2018\/2017<\/h3>\n<\/div>\n<div><a href=\"https:\/\/static.tmgrupoinmobiliario.com\/files\/Memoria+RC+2017-2018.pdf\" class=\"gc-memoria-card-button\" target=\"_blank\" rel=\"noopener\">Dost\u0119p do raportu<\/a><\/div>\n<\/p><\/div>\n<\/p><\/div>\n<\/p><\/div>\n<\/p><\/div>\n<\/p><\/div>\n<\/section>\n<\/div>\n","protected":false},"excerpt":{"rendered":"<p>G\u0142\u00f3wny plan odpowiedzialno\u015bci korporacyjnej Raport dotycz\u0105cy odpowiedzialno\u015bci korporacyjnej Etyka i \u0142ad korporacyjny Dzia\u0142alno\u015b\u0107 prospo\u0142eczna \u015arodowisko naturalne menu Zobacz ca\u0142y film RAPORT DOTYCZ\u0104CY ODPOWIEDZIALNO\u015aCI KORPORACYJNEJ ZAPRASZAMY DO ZAPOZNANIA SI\u0118 Z NASZYM RAPORTEM DOTYCZ\u0104CYM ODPOWIEDZIALNO\u015aCI KORPORACYJNEJ ZA ROK2024 Dost\u0119p do raportu Aby korzysta\u0107 z interaktywnej wersji na tablecie i telefonie kom\u00f3rkowym, wymagany jest program Adobe Acrobat Reader [&hellip;]<\/p>\n","protected":false},"author":11715,"featured_media":0,"parent":0,"menu_order":0,"comment_status":"closed","ping_status":"closed","template":"","meta":{"footnotes":""},"class_list":["post-19291","page","type-page","status-publish","hentry"],"better_featured_image":null,"acf":[],"yoast_head":"<!-- This site is optimized with the Yoast SEO Premium plugin v23.6 (Yoast SEO v27.5) - https:\/\/yoast.com\/product\/yoast-seo-premium-wordpress\/ -->\n<title>Memoria RC - Polski<\/title>\n<meta name=\"robots\" content=\"index, follow, max-snippet:-1, max-image-preview:large, max-video-preview:-1\" \/>\n<link rel=\"canonical\" href=\"https:\/\/blog.tmgrupoinmobiliario.com\/pl\/memoria-rc\/\" \/>\n<meta property=\"og:locale\" content=\"pl_PL\" \/>\n<meta property=\"og:type\" content=\"article\" \/>\n<meta property=\"og:title\" content=\"Memoria RC\" \/>\n<meta property=\"og:description\" content=\"G\u0142\u00f3wny plan odpowiedzialno\u015bci korporacyjnej Raport dotycz\u0105cy odpowiedzialno\u015bci korporacyjnej Etyka i \u0142ad korporacyjny Dzia\u0142alno\u015b\u0107 prospo\u0142eczna \u015arodowisko naturalne menu Zobacz ca\u0142y film RAPORT DOTYCZ\u0104CY ODPOWIEDZIALNO\u015aCI KORPORACYJNEJ ZAPRASZAMY DO ZAPOZNANIA SI\u0118 Z NASZYM RAPORTEM DOTYCZ\u0104CYM ODPOWIEDZIALNO\u015aCI KORPORACYJNEJ ZA ROK2024 Dost\u0119p do raportu Aby korzysta\u0107 z interaktywnej wersji na tablecie i telefonie kom\u00f3rkowym, wymagany jest program Adobe Acrobat Reader [&hellip;]\" \/>\n<meta property=\"og:url\" content=\"https:\/\/blog.tmgrupoinmobiliario.com\/pl\/memoria-rc\/\" \/>\n<meta property=\"og:site_name\" content=\"Polski\" \/>\n<meta property=\"article:modified_time\" content=\"2025-04-25T16:30:50+00:00\" \/>\n<meta property=\"og:image\" content=\"https:\/\/static.tmgrupoinmobiliario.com\/files\/Portada+Memoria+2024.jpg\" \/>\n<meta name=\"twitter:card\" content=\"summary_large_image\" \/>\n<meta name=\"twitter:label1\" content=\"Szacowany czas czytania\" \/>\n\t<meta name=\"twitter:data1\" content=\"3 minuty\" \/>\n<script type=\"application\/ld+json\" class=\"yoast-schema-graph\">{\"@context\":\"https:\\\/\\\/schema.org\",\"@graph\":[{\"@type\":\"WebPage\",\"@id\":\"https:\\\/\\\/blog.tmgrupoinmobiliario.com\\\/pl\\\/memoria-rc\\\/\",\"url\":\"https:\\\/\\\/blog.tmgrupoinmobiliario.com\\\/pl\\\/memoria-rc\\\/\",\"name\":\"Memoria RC - Polski\",\"isPartOf\":{\"@id\":\"https:\\\/\\\/blog.tmgrupoinmobiliario.com\\\/pl\\\/#website\"},\"primaryImageOfPage\":{\"@id\":\"https:\\\/\\\/blog.tmgrupoinmobiliario.com\\\/pl\\\/memoria-rc\\\/#primaryimage\"},\"image\":{\"@id\":\"https:\\\/\\\/blog.tmgrupoinmobiliario.com\\\/pl\\\/memoria-rc\\\/#primaryimage\"},\"thumbnailUrl\":\"https:\\\/\\\/static.tmgrupoinmobiliario.com\\\/files\\\/Portada+Memoria+2024.jpg\",\"datePublished\":\"2024-12-20T12:17:17+00:00\",\"dateModified\":\"2025-04-25T16:30:50+00:00\",\"breadcrumb\":{\"@id\":\"https:\\\/\\\/blog.tmgrupoinmobiliario.com\\\/pl\\\/memoria-rc\\\/#breadcrumb\"},\"inLanguage\":\"pl-PL\",\"potentialAction\":[{\"@type\":\"ReadAction\",\"target\":[\"https:\\\/\\\/blog.tmgrupoinmobiliario.com\\\/pl\\\/memoria-rc\\\/\"]}]},{\"@type\":\"ImageObject\",\"inLanguage\":\"pl-PL\",\"@id\":\"https:\\\/\\\/blog.tmgrupoinmobiliario.com\\\/pl\\\/memoria-rc\\\/#primaryimage\",\"url\":\"https:\\\/\\\/static.tmgrupoinmobiliario.com\\\/files\\\/Portada+Memoria+2024.jpg\",\"contentUrl\":\"https:\\\/\\\/static.tmgrupoinmobiliario.com\\\/files\\\/Portada+Memoria+2024.jpg\"},{\"@type\":\"BreadcrumbList\",\"@id\":\"https:\\\/\\\/blog.tmgrupoinmobiliario.com\\\/pl\\\/memoria-rc\\\/#breadcrumb\",\"itemListElement\":[{\"@type\":\"ListItem\",\"position\":1,\"name\":\"Home\",\"item\":\"https:\\\/\\\/blog.tmgrupoinmobiliario.com\\\/pl\\\/\"},{\"@type\":\"ListItem\",\"position\":2,\"name\":\"Memoria RC\"}]},{\"@type\":\"WebSite\",\"@id\":\"https:\\\/\\\/blog.tmgrupoinmobiliario.com\\\/pl\\\/#website\",\"url\":\"https:\\\/\\\/blog.tmgrupoinmobiliario.com\\\/pl\\\/\",\"name\":\"Polski\",\"description\":\"Just another Blog Desarrollo TM sitios site\",\"potentialAction\":[{\"@type\":\"SearchAction\",\"target\":{\"@type\":\"EntryPoint\",\"urlTemplate\":\"https:\\\/\\\/blog.tmgrupoinmobiliario.com\\\/pl\\\/?s={search_term_string}\"},\"query-input\":{\"@type\":\"PropertyValueSpecification\",\"valueRequired\":true,\"valueName\":\"search_term_string\"}}],\"inLanguage\":\"pl-PL\"}]}<\/script>\n<!-- \/ Yoast SEO Premium plugin. -->","yoast_head_json":{"title":"Memoria RC - Polski","robots":{"index":"index","follow":"follow","max-snippet":"max-snippet:-1","max-image-preview":"max-image-preview:large","max-video-preview":"max-video-preview:-1"},"canonical":"https:\/\/blog.tmgrupoinmobiliario.com\/pl\/memoria-rc\/","og_locale":"pl_PL","og_type":"article","og_title":"Memoria RC","og_description":"G\u0142\u00f3wny plan odpowiedzialno\u015bci korporacyjnej Raport dotycz\u0105cy odpowiedzialno\u015bci korporacyjnej Etyka i \u0142ad korporacyjny Dzia\u0142alno\u015b\u0107 prospo\u0142eczna \u015arodowisko naturalne menu Zobacz ca\u0142y film RAPORT DOTYCZ\u0104CY ODPOWIEDZIALNO\u015aCI KORPORACYJNEJ ZAPRASZAMY DO ZAPOZNANIA SI\u0118 Z NASZYM RAPORTEM DOTYCZ\u0104CYM ODPOWIEDZIALNO\u015aCI KORPORACYJNEJ ZA ROK2024 Dost\u0119p do raportu Aby korzysta\u0107 z interaktywnej wersji na tablecie i telefonie kom\u00f3rkowym, wymagany jest program Adobe Acrobat Reader [&hellip;]","og_url":"https:\/\/blog.tmgrupoinmobiliario.com\/pl\/memoria-rc\/","og_site_name":"Polski","article_modified_time":"2025-04-25T16:30:50+00:00","og_image":[{"url":"https:\/\/static.tmgrupoinmobiliario.com\/files\/Portada+Memoria+2024.jpg","type":"","width":"","height":""}],"twitter_card":"summary_large_image","twitter_misc":{"Szacowany czas czytania":"3 minuty"},"schema":{"@context":"https:\/\/schema.org","@graph":[{"@type":"WebPage","@id":"https:\/\/blog.tmgrupoinmobiliario.com\/pl\/memoria-rc\/","url":"https:\/\/blog.tmgrupoinmobiliario.com\/pl\/memoria-rc\/","name":"Memoria RC - Polski","isPartOf":{"@id":"https:\/\/blog.tmgrupoinmobiliario.com\/pl\/#website"},"primaryImageOfPage":{"@id":"https:\/\/blog.tmgrupoinmobiliario.com\/pl\/memoria-rc\/#primaryimage"},"image":{"@id":"https:\/\/blog.tmgrupoinmobiliario.com\/pl\/memoria-rc\/#primaryimage"},"thumbnailUrl":"https:\/\/static.tmgrupoinmobiliario.com\/files\/Portada+Memoria+2024.jpg","datePublished":"2024-12-20T12:17:17+00:00","dateModified":"2025-04-25T16:30:50+00:00","breadcrumb":{"@id":"https:\/\/blog.tmgrupoinmobiliario.com\/pl\/memoria-rc\/#breadcrumb"},"inLanguage":"pl-PL","potentialAction":[{"@type":"ReadAction","target":["https:\/\/blog.tmgrupoinmobiliario.com\/pl\/memoria-rc\/"]}]},{"@type":"ImageObject","inLanguage":"pl-PL","@id":"https:\/\/blog.tmgrupoinmobiliario.com\/pl\/memoria-rc\/#primaryimage","url":"https:\/\/static.tmgrupoinmobiliario.com\/files\/Portada+Memoria+2024.jpg","contentUrl":"https:\/\/static.tmgrupoinmobiliario.com\/files\/Portada+Memoria+2024.jpg"},{"@type":"BreadcrumbList","@id":"https:\/\/blog.tmgrupoinmobiliario.com\/pl\/memoria-rc\/#breadcrumb","itemListElement":[{"@type":"ListItem","position":1,"name":"Home","item":"https:\/\/blog.tmgrupoinmobiliario.com\/pl\/"},{"@type":"ListItem","position":2,"name":"Memoria RC"}]},{"@type":"WebSite","@id":"https:\/\/blog.tmgrupoinmobiliario.com\/pl\/#website","url":"https:\/\/blog.tmgrupoinmobiliario.com\/pl\/","name":"Polski","description":"Just another Blog Desarrollo TM sitios site","potentialAction":[{"@type":"SearchAction","target":{"@type":"EntryPoint","urlTemplate":"https:\/\/blog.tmgrupoinmobiliario.com\/pl\/?s={search_term_string}"},"query-input":{"@type":"PropertyValueSpecification","valueRequired":true,"valueName":"search_term_string"}}],"inLanguage":"pl-PL"}]}},"jetpack_sharing_enabled":true,"_links":{"self":[{"href":"https:\/\/blog.tmgrupoinmobiliario.com\/pl\/wp-json\/wp\/v2\/pages\/19291","targetHints":{"allow":["GET"]}}],"collection":[{"href":"https:\/\/blog.tmgrupoinmobiliario.com\/pl\/wp-json\/wp\/v2\/pages"}],"about":[{"href":"https:\/\/blog.tmgrupoinmobiliario.com\/pl\/wp-json\/wp\/v2\/types\/page"}],"author":[{"embeddable":true,"href":"https:\/\/blog.tmgrupoinmobiliario.com\/pl\/wp-json\/wp\/v2\/users\/11715"}],"replies":[{"embeddable":true,"href":"https:\/\/blog.tmgrupoinmobiliario.com\/pl\/wp-json\/wp\/v2\/comments?post=19291"}],"version-history":[{"count":3,"href":"https:\/\/blog.tmgrupoinmobiliario.com\/pl\/wp-json\/wp\/v2\/pages\/19291\/revisions"}],"predecessor-version":[{"id":19492,"href":"https:\/\/blog.tmgrupoinmobiliario.com\/pl\/wp-json\/wp\/v2\/pages\/19291\/revisions\/19492"}],"wp:attachment":[{"href":"https:\/\/blog.tmgrupoinmobiliario.com\/pl\/wp-json\/wp\/v2\/media?parent=19291"}],"curies":[{"name":"wp","href":"https:\/\/api.w.org\/{rel}","templated":true}]}}