{"id":12720,"date":"2018-08-28T12:06:56","date_gmt":"2018-08-28T10:06:56","guid":{"rendered":"https:\/\/blog.tmgrupoinmobiliario.com\/?page_id=12720"},"modified":"2025-12-26T10:12:20","modified_gmt":"2025-12-26T10:12:20","slug":"news","status":"publish","type":"page","link":"https:\/\/blog.tmgrupoinmobiliario.com\/pl\/news\/","title":{"rendered":"Comunicaci\u00f3n \/ Actualidad"},"content":{"rendered":"<section id=\"noticias\" class=\"section-noticias\">\r\n\t<div class=\"container\" style=\"background-image: none\">\r\n\t\t<h2 class=\"section-title\">Notatka prasowa<\/h2>\r\n\t\t<div class=\"row noticias comunicacion comunicacion-placeholder\">\r\n\t\t\t            <div class=\"col-md-3 col-sm-12\">\n                        <a href=\"https:\/\/blog.tmgrupoinmobiliario.com\/pl\/2026\/04\/08\/tm-real-estate-group-odnawia-swoje-zobowiazanie-do-wspolpracy-z-organizacja-pozarzadowa-rafiki-africa-aby-wspierac-przedsiebiorczosc-i-edukacje-200-rodzin-w-ugandzie\/\"><img decoding=\"async\" src=\"https:\/\/blog.tmgrupoinmobiliario.com\/pl\/wp-content\/uploads\/sites\/7\/2026\/04\/100666-Rafiki-y-TM.jpg\" class=\"visibe-xs hidden-sm img-responsive\" \/><\/a>\n                        <h3 class=\"noticias-title\"><a href=\"https:\/\/blog.tmgrupoinmobiliario.com\/pl\/2026\/04\/08\/tm-real-estate-group-odnawia-swoje-zobowiazanie-do-wspolpracy-z-organizacja-pozarzadowa-rafiki-africa-aby-wspierac-przedsiebiorczosc-i-edukacje-200-rodzin-w-ugandzie\/\">TM Real Estate Group odnawia swoje zobowi\u0105zanie do wsp\u00f3\u0142pracy z organizacj\u0105 pozarz\u0105dow\u0105 Rafiki \u00c1frica, aby wspiera\u0107 przedsi\u0119biorczo\u015b\u0107 i edukacj\u0119 200 rodzin w Ugandzie<\/a><\/h3>\n            <\/div>\n                    <div class=\"col-md-3 col-sm-12\">\n                        <a href=\"https:\/\/blog.tmgrupoinmobiliario.com\/pl\/2026\/03\/11\/tm-real-estate-group-inwestuje-70-milionow-euro-w-swoj-nowy-projekt-mieszkaniowy-w-canet-den-berenguer\/\"><img decoding=\"async\" src=\"https:\/\/blog.tmgrupoinmobiliario.com\/pl\/wp-content\/uploads\/sites\/7\/2026\/03\/1000666-1.jpg\" class=\"visibe-xs hidden-sm img-responsive\" \/><\/a>\n                        <h3 class=\"noticias-title\"><a href=\"https:\/\/blog.tmgrupoinmobiliario.com\/pl\/2026\/03\/11\/tm-real-estate-group-inwestuje-70-milionow-euro-w-swoj-nowy-projekt-mieszkaniowy-w-canet-den-berenguer\/\">TM Real Estate Group inwestuje 70 milion\u00f3w euro w sw\u00f3j nowy projekt mieszkaniowy w Canet d\u2019en Berenguer<\/a><\/h3>\n            <\/div>\n                    <div class=\"col-md-3 col-sm-12\">\n                        <a href=\"https:\/\/blog.tmgrupoinmobiliario.com\/pl\/2026\/02\/18\/mediterraneo-responsable-utrwala-model-ochrony-morza-srodziemnego-po-usunieciu-ponad-18-000-kilogramow-odpadow\/\"><img decoding=\"async\" src=\"https:\/\/blog.tmgrupoinmobiliario.com\/pl\/wp-content\/uploads\/sites\/7\/2026\/02\/325-4.jpg\" class=\"visibe-xs hidden-sm img-responsive\" \/><\/a>\n                        <h3 class=\"noticias-title\"><a href=\"https:\/\/blog.tmgrupoinmobiliario.com\/pl\/2026\/02\/18\/mediterraneo-responsable-utrwala-model-ochrony-morza-srodziemnego-po-usunieciu-ponad-18-000-kilogramow-odpadow\/\">Mediterr\u00e1neo Responsable utrwala model ochrony Morza \u015ar\u00f3dziemnego po usuni\u0119ciu ponad 18 000 kilogram\u00f3w odpad\u00f3w.<\/a><\/h3>\n            <\/div>\n                    <div class=\"col-md-3 col-sm-12\">\n                        <a href=\"https:\/\/blog.tmgrupoinmobiliario.com\/pl\/2025\/09\/23\/tm-tower-tak-bedzie-wygladac-najwyzszy-wiezowiec-mieszkalny-w-europie\/\"><img decoding=\"async\" src=\"https:\/\/blog.tmgrupoinmobiliario.com\/pl\/wp-content\/uploads\/sites\/7\/2025\/09\/Presidenta-y-CEO-instituciones-TM-Tower.png\" class=\"visibe-xs hidden-sm img-responsive\" \/><\/a>\n                        <h3 class=\"noticias-title\"><a href=\"https:\/\/blog.tmgrupoinmobiliario.com\/pl\/2025\/09\/23\/tm-tower-tak-bedzie-wygladac-najwyzszy-wiezowiec-mieszkalny-w-europie\/\">TM Tower: tak b\u0119dzie wygl\u0105da\u0107 najwy\u017cszy wie\u017cowiec mieszkalny w Europie<\/a><\/h3>\n            <\/div>\n        <\/div><div class=\"row noticias comunicacion\">\r\n\t\t<\/div>\r\n\t\t<p class=\"text-center load-more-news\"><a href=\"https:\/\/www.tmgrupoinmobiliario.com\/blog\/pl\/category\/notas-prensa\/\" class=\"btn btn-default\">Zobacz wi\u0119cej<\/a><\/p>\r\n\t<\/div>\r\n<\/section>\r\n<section id=\"actualidad\" class=\"section-noticias background-gray-lighter\">\r\n\t<div class=\"container\" style=\"background-image: none\">\r\n\t\t<h2 class=\"section-title\">TM  Nowo\u015bci<\/h2>\r\n\t\t<div class=\"row noticias comunicacion actualidad-placeholder\">\r\n\t\t\t            <div class=\"col-md-3 col-sm-12\">\n                        <a href=\"https:\/\/blog.tmgrupoinmobiliario.com\/pl\/2026\/04\/28\/tm-real-estate-group-i-valencia-cf-wspolnie-promuja-srodziemnomorski-styl-zycia-poprzez-vip-watch-party-experience-w-berlinie\/\"><img decoding=\"async\" src=\"https:\/\/blog.tmgrupoinmobiliario.com\/pl\/wp-content\/uploads\/sites\/7\/2026\/04\/1000-666.jpg\" class=\"visibe-xs hidden-sm img-responsive\" \/><\/a>\n                        <h3 class=\"noticias-title\"><a href=\"https:\/\/blog.tmgrupoinmobiliario.com\/pl\/2026\/04\/28\/tm-real-estate-group-i-valencia-cf-wspolnie-promuja-srodziemnomorski-styl-zycia-poprzez-vip-watch-party-experience-w-berlinie\/\">TM Real Estate Group i Valencia CF wsp\u00f3lnie promuj\u0105 \u015br\u00f3dziemnomorski styl \u017cycia poprzez VIP Watch Party Experience w Berlinie.<\/a><\/h3>\n            <\/div>\n                    <div class=\"col-md-3 col-sm-12\">\n                        <a href=\"https:\/\/blog.tmgrupoinmobiliario.com\/pl\/2026\/04\/08\/tm-real-estate-group-odnawia-swoje-zobowiazanie-do-wspolpracy-z-organizacja-pozarzadowa-rafiki-africa-aby-wspierac-przedsiebiorczosc-i-edukacje-200-rodzin-w-ugandzie\/\"><img decoding=\"async\" src=\"https:\/\/blog.tmgrupoinmobiliario.com\/pl\/wp-content\/uploads\/sites\/7\/2026\/04\/100666-Rafiki-y-TM.jpg\" class=\"visibe-xs hidden-sm img-responsive\" \/><\/a>\n                        <h3 class=\"noticias-title\"><a href=\"https:\/\/blog.tmgrupoinmobiliario.com\/pl\/2026\/04\/08\/tm-real-estate-group-odnawia-swoje-zobowiazanie-do-wspolpracy-z-organizacja-pozarzadowa-rafiki-africa-aby-wspierac-przedsiebiorczosc-i-edukacje-200-rodzin-w-ugandzie\/\">TM Real Estate Group odnawia swoje zobowi\u0105zanie do wsp\u00f3\u0142pracy z organizacj\u0105 pozarz\u0105dow\u0105 Rafiki \u00c1frica, aby wspiera\u0107 przedsi\u0119biorczo\u015b\u0107 i edukacj\u0119 200 rodzin w Ugandzie<\/a><\/h3>\n            <\/div>\n                    <div class=\"col-md-3 col-sm-12\">\n                        <a href=\"https:\/\/blog.tmgrupoinmobiliario.com\/pl\/2026\/03\/25\/tm-real-estate-umowa-terra-mitica-mundomar-aqualandia\/\"><img decoding=\"async\" src=\"https:\/\/blog.tmgrupoinmobiliario.com\/pl\/wp-content\/uploads\/sites\/7\/2026\/03\/1000x666_TM-con-Aqualandia-Terra-Mitica-Mundomar.jpg\" class=\"visibe-xs hidden-sm img-responsive\" \/><\/a>\n                        <h3 class=\"noticias-title\"><a href=\"https:\/\/blog.tmgrupoinmobiliario.com\/pl\/2026\/03\/25\/tm-real-estate-umowa-terra-mitica-mundomar-aqualandia\/\">TM Real Estate Group podpisuje umow\u0119 z Terra M\u00edtica, Mundomar i Aqualandia, oferuj\u0105c swoim klientom ekskluzywne korzy\u015bci.<\/a><\/h3>\n            <\/div>\n                    <div class=\"col-md-3 col-sm-12\">\n                        <a href=\"https:\/\/blog.tmgrupoinmobiliario.com\/pl\/2026\/03\/11\/tm-real-estate-group-inwestuje-70-milionow-euro-w-swoj-nowy-projekt-mieszkaniowy-w-canet-den-berenguer\/\"><img decoding=\"async\" src=\"https:\/\/blog.tmgrupoinmobiliario.com\/pl\/wp-content\/uploads\/sites\/7\/2026\/03\/1000666-1.jpg\" class=\"visibe-xs hidden-sm img-responsive\" \/><\/a>\n                        <h3 class=\"noticias-title\"><a href=\"https:\/\/blog.tmgrupoinmobiliario.com\/pl\/2026\/03\/11\/tm-real-estate-group-inwestuje-70-milionow-euro-w-swoj-nowy-projekt-mieszkaniowy-w-canet-den-berenguer\/\">TM Real Estate Group inwestuje 70 milion\u00f3w euro w sw\u00f3j nowy projekt mieszkaniowy w Canet d\u2019en Berenguer<\/a><\/h3>\n            <\/div>\n        <\/div><div class=\"row noticias comunicacion\">\r\n\t\t<\/div>\r\n\t\t<p class=\"text-center load-more-news\"><a href=\"https:\/\/www.tmgrupoinmobiliario.com\/blog\/pl\/category\/actualidad-tm\/\" class=\"btn btn-default\">Zobacz wi\u0119cej<\/a><\/p>\r\n\t<\/div>\r\n<\/section>\r\n<section id=\"blog\" class=\"section-blog\"><a href=\"https:\/\/www.tmgrupoinmobiliario.com\/blog\/\"><picture><source srcset=\"https:\/\/www.tmgrupoinmobiliario.com\/blog\/wp-content\/uploads\/2020\/05\/cabecera-blog.jpg\" media=\"(min-width: 768px)\"><img decoding=\"async\" src=\"https:\/\/www.tmgrupoinmobiliario.com\/blog\/wp-content\/uploads\/2020\/05\/cabecera-blog-mobile.jpg\" alt=\"\"><\/picture><\/a><\/section>\r\n<section id=\"rrss\" class=\"section-noticias\">\r\n\t<div class=\"container\">\r\n\t\t<h2 class=\"section-title\">Sieci spe\u0142eczno\u015bciowe TM<\/h2>\r\n\t\t<div class=\"heateor_sssp_sharing_container heateor_sssp_horizontal_sharing\" data-heateor-ss-offset=\"0\" data-heateor-sssp-href='https:\/\/blog.tmgrupoinmobiliario.com\/pl\/2026\/03\/11\/tm-real-estate-group-inwestuje-70-milionow-euro-w-swoj-nowy-projekt-mieszkaniowy-w-canet-den-berenguer\/'><div class=\"heateor_sssp_sharing_ul\"><a class=\"heateor_sssp_button_linkedin\" href=\"http:\/\/www.linkedin.com\/shareArticle?mini=true&url=https%3A%2F%2Fblog.tmgrupoinmobiliario.com%2Fpl%2F2026%2F03%2F11%2Ftm-real-estate-group-inwestuje-70-milionow-euro-w-swoj-nowy-projekt-mieszkaniowy-w-canet-den-berenguer%2F&title=TM%20Real%20Estate%20Group%20inwestuje%2070%20milion%C3%B3w%20euro%20w%20sw%C3%B3j%20nowy%20projekt%20mieszkaniowy%20w%20Canet%20d%E2%80%99en%20Berenguer\" title=\"LinkedIn\" rel=\"nofollow noopener\" target=\"_blank\" style=\"font-size:24px!important;box-shadow:none;display:inline-block;vertical-align:middle\"><span class=\"heateor_sssp_svg heateor_sssp_s__default heateor_sssp_s_linkedin\" style=\"background-color:#0077b5;width:75px;height:75px;border-radius:999px;display:inline-block;opacity:1;float:left;font-size:24px;box-shadow:none;display:inline-block;font-size:16px;padding:0 4px;vertical-align:middle;background-repeat:repeat;overflow:hidden;padding:0;cursor:pointer;box-sizing:content-box\"><svg style=\"display:block;border-radius:999px;\" focusable=\"false\" aria-hidden=\"true\" xmlns=\"http:\/\/www.w3.org\/2000\/svg\" width=\"100%\" height=\"100%\" viewBox=\"0 0 32 32\"><path d=\"M6.227 12.61h4.19v13.48h-4.19V12.61zm2.095-6.7a2.43 2.43 0 0 1 0 4.86c-1.344 0-2.428-1.09-2.428-2.43s1.084-2.43 2.428-2.43m4.72 6.7h4.02v1.84h.058c.56-1.058 1.927-2.176 3.965-2.176 4.238 0 5.02 2.792 5.02 6.42v7.395h-4.183v-6.56c0-1.564-.03-3.574-2.178-3.574-2.18 0-2.514 1.7-2.514 3.46v6.668h-4.187V12.61z\" fill=\"#fff\"><\/path><\/svg><\/span><span class=\"heateor_sssp_square_count heateor_sssp_linkedin_count\">&nbsp;<\/span><\/a><a class=\"heateor_sssp_facebook\" href=\"https:\/\/www.facebook.com\/sharer\/sharer.php?u=https%3A%2F%2Fblog.tmgrupoinmobiliario.com%2Fpl%2F2026%2F03%2F11%2Ftm-real-estate-group-inwestuje-70-milionow-euro-w-swoj-nowy-projekt-mieszkaniowy-w-canet-den-berenguer%2F\" title=\"Facebook\" rel=\"nofollow noopener\" target=\"_blank\" style=\"font-size:24px!important;box-shadow:none;display:inline-block;vertical-align:middle\"><span class=\"heateor_sssp_svg\" style=\"background-color:#3c589a;width:75px;height:75px;border-radius:999px;display:inline-block;opacity:1;float:left;font-size:24px;box-shadow:none;display:inline-block;font-size:16px;padding:0 4px;vertical-align:middle;background-repeat:repeat;overflow:hidden;padding:0;cursor:pointer;box-sizing:content-box\"><svg style=\"display:block;border-radius:999px;\" focusable=\"false\" aria-hidden=\"true\" xmlns=\"http:\/\/www.w3.org\/2000\/svg\" width=\"100%\" height=\"100%\" viewBox=\"-5 -5 42 42\"><path class=\"heateor_sssp_logo\" d=\"M17.78 27.5V17.008h3.522l.527-4.09h-4.05v-2.61c0-1.182.33-1.99 2.023-1.99h2.166V4.66c-.375-.05-1.66-.16-3.155-.16-3.123 0-5.26 1.905-5.26 5.405v3.016h-3.53v4.09h3.53V27.5h4.223z\" fill=\"#fff\"><\/path><\/svg><\/span><span class=\"heateor_sssp_square_count heateor_sssp_facebook_count\">&nbsp;<\/span><\/a><a class=\"heateor_sssp_button_twitter\" href=\"http:\/\/twitter.com\/intent\/tweet?via=TMGrupoInmo&text=TM%20Real%20Estate%20Group%20inwestuje%2070%20milion%C3%B3w%20euro%20w%20sw%C3%B3j%20nowy%20projekt%20mieszkaniowy%20w%20Canet%20d%E2%80%99en%20Berenguer&url=https%3A%2F%2Fblog.tmgrupoinmobiliario.com%2Fpl%2F2026%2F03%2F11%2Ftm-real-estate-group-inwestuje-70-milionow-euro-w-swoj-nowy-projekt-mieszkaniowy-w-canet-den-berenguer%2F\" title=\"Twitter\" rel=\"nofollow noopener\" target=\"_blank\" style=\"font-size:24px!important;box-shadow:none;display:inline-block;vertical-align:middle\"><span class=\"heateor_sssp_svg heateor_sssp_s__default heateor_sssp_s_twitter\" style=\"background-color:#55acee;width:75px;height:75px;border-radius:999px;display:inline-block;opacity:1;float:left;font-size:24px;box-shadow:none;display:inline-block;font-size:16px;padding:0 4px;vertical-align:middle;background-repeat:repeat;overflow:hidden;padding:0;cursor:pointer;box-sizing:content-box\"><svg style=\"display:block;border-radius:999px;\" focusable=\"false\" aria-hidden=\"true\" xmlns=\"http:\/\/www.w3.org\/2000\/svg\" width=\"100%\" height=\"100%\" viewBox=\"-4 -4 39 39\"><path class=\"heateor_sssp_logo\" d=\"M28 8.557a9.913 9.913 0 0 1-2.828.775 4.93 4.93 0 0 0 2.166-2.725 9.738 9.738 0 0 1-3.13 1.194 4.92 4.92 0 0 0-3.593-1.55 4.924 4.924 0 0 0-4.794 6.049c-4.09-.21-7.72-2.17-10.15-5.15a4.942 4.942 0 0 0-.665 2.477c0 1.71.87 3.214 2.19 4.1a4.968 4.968 0 0 1-2.23-.616v.06c0 2.39 1.7 4.38 3.952 4.83-.414.115-.85.174-1.297.174-.318 0-.626-.03-.928-.086a4.935 4.935 0 0 0 4.6 3.42 9.893 9.893 0 0 1-6.114 2.107c-.398 0-.79-.023-1.175-.068a13.953 13.953 0 0 0 7.55 2.213c9.056 0 14.01-7.507 14.01-14.013 0-.213-.005-.426-.015-.637.96-.695 1.795-1.56 2.455-2.55z\" fill=\"#fff\"><\/path><\/svg><\/span><span class=\"heateor_sssp_square_count heateor_sssp_twitter_count\">&nbsp;<\/span><\/a><a class=\"heateor_sssp_button_instagram\" href=\"https:\/\/www.instagram.com\/tmgrupoinmobiliario\" title=\"Instagram\" rel=\"nofollow noopener\" target=\"_blank\" style=\"font-size:24px!important;box-shadow:none;display:inline-block;vertical-align:middle\"><span class=\"heateor_sssp_svg\" style=\"background-color:#53beee;width:75px;height:75px;border-radius:999px;display:inline-block;opacity:1;float:left;font-size:24px;box-shadow:none;display:inline-block;font-size:16px;padding:0 4px;vertical-align:middle;background-repeat:repeat;overflow:hidden;padding:0;cursor:pointer;box-sizing:content-box\"><svg style=\"display:block;border-radius:999px;\" id=\"Layer_1\" version=\"1.1\" viewBox=\"-10 -10 148 148\" width=\"100%\" height=\"100%\" xml:space=\"preserve\" xmlns=\"http:\/\/www.w3.org\/2000\/svg\" xmlns:xlink=\"http:\/\/www.w3.org\/1999\/xlink\"><g><g><path d=\"M86,112H42c-14.336,0-26-11.663-26-26V42c0-14.337,11.664-26,26-26h44c14.337,0,26,11.663,26,26v44 C112,100.337,100.337,112,86,112z M42,24c-9.925,0-18,8.074-18,18v44c0,9.925,8.075,18,18,18h44c9.926,0,18-8.075,18-18V42 c0-9.926-8.074-18-18-18H42z\" fill=\"#fff\"><\/path><\/g><g><path d=\"M64,88c-13.234,0-24-10.767-24-24c0-13.234,10.766-24,24-24s24,10.766,24,24C88,77.233,77.234,88,64,88z M64,48c-8.822,0-16,7.178-16,16s7.178,16,16,16c8.822,0,16-7.178,16-16S72.822,48,64,48z\" fill=\"#fff\"><\/path><\/g><g><circle cx=\"89.5\" cy=\"38.5\" fill=\"#fff\" r=\"5.5\"><\/circle><\/g><\/g><\/svg><\/span><span class=\"heateor_sssp_square_count heateor_sssp_instagram_count\">&nbsp;<\/span><\/a><a class=\"heateor_sssp_whatsapp\" href=\"https:\/\/api.whatsapp.com\/send?text=TM%20Real%20Estate%20Group%20inwestuje%2070%20milion%C3%B3w%20euro%20w%20sw%C3%B3j%20nowy%20projekt%20mieszkaniowy%20w%20Canet%20d%E2%80%99en%20Berenguer https%3A%2F%2Fblog.tmgrupoinmobiliario.com%2Fpl%2F2026%2F03%2F11%2Ftm-real-estate-group-inwestuje-70-milionow-euro-w-swoj-nowy-projekt-mieszkaniowy-w-canet-den-berenguer%2F\" title=\"Whatsapp\" rel=\"nofollow noopener\" target=\"_blank\" style=\"font-size:24px!important;box-shadow:none;display:inline-block;vertical-align:middle\"><span class=\"heateor_sssp_svg heateor_sssp_s__default heateor_sssp_s_whatsapp\" style=\"background-color:#55eb4c;width:75px;height:75px;border-radius:999px;display:inline-block;opacity:1;float:left;font-size:24px;box-shadow:none;display:inline-block;font-size:16px;padding:0 4px;vertical-align:middle;background-repeat:repeat;overflow:hidden;padding:0;cursor:pointer;box-sizing:content-box\"><svg style=\"display:block;border-radius:999px;\" focusable=\"false\" aria-hidden=\"true\" xmlns=\"http:\/\/www.w3.org\/2000\/svg\" width=\"100%\" height=\"100%\" viewBox=\"-6 -5 40 40\"><path class=\"heateor_sssp_svg_stroke heateor_sssp_no_fill\" stroke=\"#fff\" stroke-width=\"2\" fill=\"none\" d=\"M 11.579798566743314 24.396926207859085 A 10 10 0 1 0 6.808479557110079 20.73576436351046\"><\/path><path d=\"M 7 19 l -1 6 l 6 -1\" class=\"heateor_sssp_no_fill heateor_sssp_svg_stroke\" stroke=\"#fff\" stroke-width=\"2\" fill=\"none\"><\/path><path d=\"M 10 10 q -1 8 8 11 c 5 -1 0 -6 -1 -3 q -4 -3 -5 -5 c 4 -2 -1 -5 -1 -4\" fill=\"#fff\"><\/path><\/svg><\/span><span class=\"heateor_sssp_square_count heateor_sssp_whatsapp_count\">&nbsp;<\/span><\/a><a class=\"heateor_sssp_button_telegram\" href=\"https:\/\/telegram.me\/share\/url?url=https%3A%2F%2Fblog.tmgrupoinmobiliario.com%2Fpl%2F2026%2F03%2F11%2Ftm-real-estate-group-inwestuje-70-milionow-euro-w-swoj-nowy-projekt-mieszkaniowy-w-canet-den-berenguer%2F&text=TM%20Real%20Estate%20Group%20inwestuje%2070%20milion%C3%B3w%20euro%20w%20sw%C3%B3j%20nowy%20projekt%20mieszkaniowy%20w%20Canet%20d%E2%80%99en%20Berenguer\" title=\"Telegram\" rel=\"nofollow noopener\" target=\"_blank\" style=\"font-size:24px!important;box-shadow:none;display:inline-block;vertical-align:middle\"><span class=\"heateor_sssp_svg heateor_sssp_s__default heateor_sssp_s_telegram\" style=\"background-color:#3da5f1;width:75px;height:75px;border-radius:999px;display:inline-block;opacity:1;float:left;font-size:24px;box-shadow:none;display:inline-block;font-size:16px;padding:0 4px;vertical-align:middle;background-repeat:repeat;overflow:hidden;padding:0;cursor:pointer;box-sizing:content-box\"><svg style=\"display:block;border-radius:999px;\" focusable=\"false\" aria-hidden=\"true\" xmlns=\"http:\/\/www.w3.org\/2000\/svg\" width=\"100%\" height=\"100%\" viewBox=\"0 0 32 32\"><path fill=\"#fff\" d=\"M25.515 6.896L6.027 14.41c-1.33.534-1.322 1.276-.243 1.606l5 1.56 1.72 5.66c.226.625.115.873.77.873.506 0 .73-.235 1.012-.51l2.43-2.363 5.056 3.734c.93.514 1.602.25 1.834-.863l3.32-15.638c.338-1.363-.52-1.98-1.41-1.577z\"><\/path><\/svg><\/span><span class=\"heateor_sssp_square_count heateor_sssp_Telegram_count\">&nbsp;<\/span><\/a><\/div><\/div><div style=\"clear:both\"><\/div><script>heateorSsspLoadEvent(function(){heateorSsspCallAjax(function(){heateorSsspGetSharingCounts();});});<\/script>\r\n\t<\/div>\r\n<\/section>\r\n<section id=\"revista\" class=\"section-noticias background-gray-lighter\">\r\n\t<div class=\"container\">\r\n\t\t<h2 class=\"section-title\">Magazyn TM<\/h2>\r\n\t\t<div class=\"revista-slider\">\r\n\t\t\r\n\t\t   <div class=\"card-holder\" style=\"max-width: 400px\">\r\n\t\t\t\t<div class=\"card revista-card\"><a target=\"_blank\" href=\"https:\/\/static.tmgrupoinmobiliario.com\/files\/revista-52.pdf\" class=\"card-link\" rel=\"noopener noreferrer\"><img decoding=\"async\" src=\"https:\/\/static.tmgrupoinmobiliario.com\/files\/portada-revista-52.jpg\" class=\"card-image\">\r\n\t\t\t\t\t<div class=\"card-content\">\r\n\t\t\t\t\t\t<h3 class=\"card-title\">Magazyn 52<br><small>Grudzie\u0144, 2025<\/small><\/h3>\r\n\t\t\t\t\t<\/div>\r\n\t\t\t\t<\/a><\/div>\r\n\t\t\t<\/div>\r\n\r\n\r\n\t\t\t<div class=\"card-holder\" style=\"max-width: 400px\">\r\n\t\t\t\t<div class=\"card revista-card\"><a target=\"_blank\" href=\"https:\/\/static.tmgrupoinmobiliario.com\/files\/revista-51.pdf\" class=\"card-link\" rel=\"noopener noreferrer\"><img decoding=\"async\" src=\"https:\/\/static.tmgrupoinmobiliario.com\/files\/portada-revista-51.jpg\" class=\"card-image\">\r\n\t\t\t\t\t<div class=\"card-content\">\r\n\t\t\t\t\t\t<h3 class=\"card-title\">Magazyn 51<br><small>Grudzie\u0144, 2024<\/small><\/h3>\r\n\t\t\t\t\t<\/div>\r\n\t\t\t\t<\/a><\/div>\r\n\t\t\t<\/div>\r\n\r\n\t\t\t<div class=\"card-holder\" style=\"max-width: 400px\">\r\n\t\t\t\t<div class=\"card revista-card\"><a target=\"_blank\" href=\"https:\/\/static.tmgrupoinmobiliario.com\/files\/af-revista-tm-en-accion-50.pdf\" class=\"card-link\" rel=\"noopener noreferrer\"><img decoding=\"async\" src=\"https:\/\/www.tmgrupoinmobiliario.com\/blog\/wp-content\/uploads\/2023\/12\/portada-revista-tm-en-accion-50.png\" class=\"card-image\">\r\n\t\t\t\t\t<div class=\"card-content\">\r\n\t\t\t\t\t\t<h3 class=\"card-title\">Magazyn 50<br><small>Grudzie\u0144, 2023<\/small><\/h3>\r\n\t\t\t\t\t<\/div>\r\n\t\t\t\t<\/a><\/div>\r\n\t\t\t<\/div>\r\n\t\t\t\r\n\t\t\t<div class=\"card-holder\" style=\"max-width: 400px\">\r\n\t\t\t\t<div class=\"card revista-card\"><a target=\"_blank\" href=\"https:\/\/www.tmgrupoinmobiliario.com\/blog\/wp-content\/uploads\/2022\/12\/revista-49.pdf\" class=\"card-link\" rel=\"noopener noreferrer\"><img decoding=\"async\" src=\"https:\/\/www.tmgrupoinmobiliario.com\/blog\/wp-content\/uploads\/2022\/12\/portada-revista-49.jpg\" class=\"card-image\">\r\n\t\t\t\t\t<div class=\"card-content\">\r\n\t\t\t\t\t\t<h3 class=\"card-title\">Magazyn 49<br><small>Grudzie\u0144, 2022<\/small><\/h3>\r\n\t\t\t\t\t<\/div>\r\n\t\t\t\t<\/a><\/div>\r\n\t\t\t<\/div>\r\n\r\n\t\t\t<div class=\"card-holder\" style=\"max-width: 400px\">\r\n\t\t\t\t<div class=\"card revista-card\"><a target=\"_blank\" href=\"https:\/\/static.tmgrupoinmobiliario.com\/files\/revista-47.pdf\" class=\"card-link\" rel=\"noopener noreferrer\"><img decoding=\"async\" src=\"https:\/\/www.tmgrupoinmobiliario.com\/blog\/wp-content\/uploads\/2021\/01\/portada-revista-47.jpg\" class=\"card-image\">\r\n\t\t\t\t\t\t<div class=\"card-content\">\r\n\t\t\t\t\t\t\t<h3 class=\"card-title\">Magazyn 47<br><small>Stycze\u0144, 2021<\/small><\/h3>\r\n\t\t\t\t\t\t<\/div>\r\n\t\t\t\t\t<\/a><\/div>\r\n\t\t\t<\/div>\r\n\t\t\r\n\t\t\t<div class=\"card-holder\" style=\"max-width: 400px\">\r\n\t\t\t\t<div class=\"card revista-card\"><a target=\"_blank\" href=\"https:\/\/static.tmgrupoinmobiliario.com\/files\/revista-46.pdf\" class=\"card-link\" rel=\"noopener noreferrer\"><img decoding=\"async\" src=\"https:\/\/www.tmgrupoinmobiliario.com\/blog\/wp-content\/uploads\/2020\/04\/PreviewRevistaTM46.jpg\" class=\"card-image\">\r\n\t\t\t\t\t\t<div class=\"card-content\">\r\n\t\t\t\t\t\t\t<h3 class=\"card-title\">Magazyn 46<br><small>Kwiecie\u0144, 2020<\/small><\/h3>\r\n\t\t\t\t\t\t<\/div>\r\n\t\t\t\t\t<\/a><\/div>\r\n\t\t\t<\/div>\r\n\t\t\t<div class=\"card-holder\" style=\"max-width: 400px\">\r\n\t\t\t\t<div class=\"card revista-card\"><a target=\"_blank\" href=\"https:\/\/static.tmgrupoinmobiliario.com\/files\/revista-45.pdf\" class=\"card-link\" rel=\"noopener noreferrer\"><img decoding=\"async\" src=\"https:\/\/static.tmgrupoinmobiliario.com\/files\/img\/ImagenRevistaTM45.png\" class=\"card-image\" \/>\r\n\t\t\t\t\t\t<div class=\"card-content\">\r\n\t\t\t\t\t\t\t<h3 class=\"card-title\">Magazyn 45<br><small>Grudzie\u0144, 2018<\/small><\/h3>\r\n\t\t\t\t\t\t<\/div>\r\n\t\t\t\t\t<\/a><\/div>\r\n\t\t\t<\/div>\r\n\t\t\t<div class=\"card-holder\" style=\"max-width: 400px\">\r\n\t\t\t\t<div class=\"card revista-card\"><a target=\"_blank\" href=\"https:\/\/static.tmgrupoinmobiliario.com\/files\/revista-44.pdf\" class=\"card-link\" rel=\"noopener noreferrer\"><img decoding=\"async\" src=\"\/img\/revistas\/PORTADA_REVISTATM_44_600x731px.jpg\" class=\"card-image\" \/>\r\n\t\t\t\t\t\t<div class=\"card-content\">\r\n\t\t\t\t\t\t\t<h3 class=\"card-title\">Magazyn 44<br><small>Stycze\u0144, 2018<\/small><\/h3>\r\n\t\t\t\t\t\t<\/div>\r\n\t\t\t\t\t<\/a><\/div>\r\n\t\t\t<\/div>\r\n\t\t\t<div class=\"card-holder\" style=\"max-width: 400px\">\r\n\t\t\t\t<div class=\"card revista-card\"><a target=\"_blank\" href=\"https:\/\/static.tmgrupoinmobiliario.com\/files\/revista-43.pdf\" class=\"card-link\" rel=\"noopener noreferrer\"><img decoding=\"async\" src=\"\/img\/revistas\/PORTADA_REVISTATM_43_600x731px.jpg\" class=\"card-image\" \/>\r\n\t\t\t\t\t\t<div class=\"card-content\">\r\n\t\t\t\t\t\t\t<h3 class=\"card-title\">Magazyn 43<br><small>Stycze\u0144, 2017<\/small><\/h3>\r\n\t\t\t\t\t\t<\/div>\r\n\t\t\t\t\t<\/a><\/div>\r\n\t\t\t<\/div>\r\n\t\t\t<div class=\"card-holder\" style=\"max-width: 400px\">\r\n\t\t\t\t<div class=\"card revista-card\"><a target=\"_blank\" href=\"https:\/\/static.tmgrupoinmobiliario.com\/files\/revista-42.pdf\" class=\"card-link\" rel=\"noopener noreferrer\"><img decoding=\"async\" src=\"\/img\/revistas\/PORTADA_REVISTATM_42_600x731px.jpg\" class=\"card-image\" \/>\r\n\t\t\t\t\t\t<div class=\"card-content\">\r\n\t\t\t\t\t\t\t<h3 class=\"card-title\">Magazyn 42<br><small>Stycze\u0144, 2016<\/small><\/h3>\r\n\t\t\t\t\t\t<\/div>\r\n\t\t\t\t\t<\/a><\/div>\r\n\t\t\t<\/div>\r\n\t\t\t<div class=\"card-holder\" style=\"max-width: 400px\">\r\n\t\t\t\t<div class=\"card revista-card\"><a target=\"_blank\" href=\"https:\/\/static.tmgrupoinmobiliario.com\/files\/revista-41.pdf\" class=\"card-link\" rel=\"noopener noreferrer\"><img decoding=\"async\" src=\"\/img\/revistas\/PORTADA_REVISTATM_41_600x731px.jpg\" class=\"card-image\" \/>\r\n\t\t\t\t\t\t<div class=\"card-content\">\r\n\t\t\t\t\t\t\t<h3 class=\"card-title\">Magazyn 41<br><small>Luty, 2015<\/small><\/h3>\r\n\t\t\t\t\t\t<\/div>\r\n\t\t\t\t\t<\/a><\/div>\r\n\t\t\t<\/div>\r\n\t\t\t<div class=\"card-holder\" style=\"max-width: 400px\">\r\n\t\t\t\t<div class=\"card revista-card\"><a target=\"_blank\" href=\"https:\/\/static.tmgrupoinmobiliario.com\/files\/revista-40.pdf\" class=\"card-link\" rel=\"noopener noreferrer\"><img decoding=\"async\" src=\"\/img\/revistas\/PORTADA_REVISTATM_40_600x731px.jpg\" class=\"card-image\" \/>\r\n\t\t\t\t\t\t<div class=\"card-content\">\r\n\t\t\t\t\t\t\t<h3 class=\"card-title\">Magazyn 40.<br><small>Stycze\u0144, 2014<\/small><\/h3>\r\n\t\t\t\t\t\t<\/div>\r\n\t\t\t\t\t<\/a><\/div>\r\n\t\t\t<\/div>\r\n\t\t\t<div class=\"card-holder\" style=\"max-width: 400px\">\r\n\t\t\t\t<div class=\"card revista-card\"><a target=\"_blank\" href=\"https:\/\/static.tmgrupoinmobiliario.com\/files\/revista-39.pdf\" class=\"card-link\" rel=\"noopener noreferrer\"><img decoding=\"async\" src=\"\/img\/revistas\/PORTADA_REVISTATM_39_600x731px.jpg\" class=\"card-image\" \/>\r\n\t\t\t\t\t\t<div class=\"card-content\">\r\n\t\t\t\t\t\t\t<h3 class=\"card-title\">Magazyn 39.<br><small>Stycze\u0144, 2013<\/small><\/h3>\r\n\t\t\t\t\t\t<\/div>\r\n\t\t\t\t\t<\/a><\/div>\r\n\t\t\t<\/div>\r\n\t\t\t<div class=\"card-holder\" style=\"max-width: 400px\">\r\n\t\t\t\t<div class=\"card revista-card\"><a target=\"_blank\" href=\"https:\/\/static.tmgrupoinmobiliario.com\/files\/revista-38.pdf\" class=\"card-link\" rel=\"noopener noreferrer\"><img decoding=\"async\" src=\"\/img\/revistas\/PORTADA_REVISTATM_38_600x731px.jpg\" class=\"card-image\" \/>\r\n\t\t\t\t\t\t<div class=\"card-content\">\r\n\t\t\t\t\t\t\t<h3 class=\"card-title\">Magazyn 38.<br><small>Grudzie\u0144, 2011<\/small><\/h3>\r\n\t\t\t\t\t\t<\/div>\r\n\t\t\t\t\t<\/a><\/div>\r\n\t\t\t<\/div>\r\n\t\t\t<div class=\"card-holder\" style=\"max-width: 400px\">\r\n\t\t\t\t<div class=\"card revista-card\"><a target=\"_blank\" href=\"https:\/\/static.tmgrupoinmobiliario.com\/files\/revista-37.pdf\" class=\"card-link\" rel=\"noopener noreferrer\"><img decoding=\"async\" src=\"\/img\/revistas\/PORTADA_REVISTATM_37_600x731px.jpg\" class=\"card-image\" \/>\r\n\t\t\t\t\t\t<div class=\"card-content\">\r\n\t\t\t\t\t\t\t<h3 class=\"card-title\">Magazyn 37.<br><small>Marsz, 2010<\/small><\/h3>\r\n\t\t\t\t\t\t<\/div>\r\n\t\t\t\t\t<\/a><\/div>\r\n\t\t\t<\/div>\r\n\t\t\t<div class=\"card-holder\" style=\"max-width: 400px\">\r\n\t\t\t\t<div class=\"card revista-card\"><a target=\"_blank\" href=\"https:\/\/static.tmgrupoinmobiliario.com\/files\/revista-36.pdf\" class=\"card-link\" rel=\"noopener noreferrer\"><img decoding=\"async\" src=\"\/img\/revistas\/PORTADA_REVISTATM_36_600x731px.jpg\" class=\"card-image\" \/>\r\n\t\t\t\t\t\t<div class=\"card-content\">\r\n\t\t\t\t\t\t\t<h3 class=\"card-title\">Magazyn 36.<br><small>Stycze\u0144, 2008<\/small><\/h3>\r\n\t\t\t\t\t\t<\/div>\r\n\t\t\t\t\t<\/a><\/div>\r\n\t\t\t<\/div>\r\n\t\t\t<div class=\"card-holder\" style=\"max-width: 400px\">\r\n\t\t\t\t<div class=\"card revista-card\"><a target=\"_blank\" href=\"https:\/\/static.tmgrupoinmobiliario.com\/files\/revista-35.pdf\" class=\"card-link\" rel=\"noopener noreferrer\"><img decoding=\"async\" src=\"\/img\/revistas\/PORTADA_REVISTATM_35_600x731px.jpg\" class=\"card-image\" \/>\r\n\t\t\t\t\t\t<div class=\"card-content\">\r\n\t\t\t\t\t\t\t<h3 class=\"card-title\">Magazyn 35.<br><small>Stycze\u0144, 2007<\/small><\/h3>\r\n\t\t\t\t\t\t<\/div>\r\n\t\t\t\t\t<\/a><\/div>\r\n\t\t\t<\/div>\r\n\t\t\t<div class=\"card-holder\" style=\"max-width: 400px\">\r\n\t\t\t\t<div class=\"card revista-card\"><a target=\"_blank\" href=\"https:\/\/static.tmgrupoinmobiliario.com\/files\/revista-34.pdf\" class=\"card-link\" rel=\"noopener noreferrer\"><img decoding=\"async\" src=\"\/img\/revistas\/PORTADA_REVISTATM_34_600x731px.jpg\" class=\"card-image\" \/>\r\n\t\t\t\t\t\t<div class=\"card-content\">\r\n\t\t\t\t\t\t\t<h3 class=\"card-title\">Magazyn 34.<br><small>Czerwiec, 2006<\/small><\/h3>\r\n\t\t\t\t\t\t<\/div>\r\n\t\t\t\t\t<\/a><\/div>\r\n\t\t\t<\/div>\r\n\t\t\t<div class=\"card-holder\" style=\"max-width: 400px\">\r\n\t\t\t\t<div class=\"card revista-card\"><a target=\"_blank\" href=\"https:\/\/static.tmgrupoinmobiliario.com\/files\/revista-33.pdf\" class=\"card-link\" rel=\"noopener noreferrer\"><img decoding=\"async\" src=\"\/img\/revistas\/PORTADA_REVISTATM_33_600x731px.jpg\" class=\"card-image\" \/>\r\n\t\t\t\t\t\t<div class=\"card-content\">\r\n\t\t\t\t\t\t\t<h3 class=\"card-title\">Magazyn 33.<br><small>Luty, 2006<\/small><\/h3>\r\n\t\t\t\t\t\t<\/div>\r\n\t\t\t\t\t<\/a><\/div>\r\n\t\t\t<\/div>\r\n\t\t\t<div class=\"card-holder\" style=\"max-width: 400px\">\r\n\t\t\t\t<div class=\"card revista-card\"><a target=\"_blank\" href=\"https:\/\/static.tmgrupoinmobiliario.com\/files\/revista-32.pdf\" class=\"card-link\" rel=\"noopener noreferrer\"><img decoding=\"async\" src=\"\/img\/revistas\/PORTADA_REVISTATM_32_600x731px.jpg\" class=\"card-image\" \/>\r\n\t\t\t\t\t\t<div class=\"card-content\">\r\n\t\t\t\t\t\t\t<h3 class=\"card-title\">Magazyn 32.<br><small>Lipiec, 2005<\/small><\/h3>\r\n\t\t\t\t\t\t<\/div>\r\n\t\t\t\t\t<\/a><\/div>\r\n\t\t\t<\/div>\r\n\t\t\t<div class=\"card-holder\" style=\"max-width: 400px\">\r\n\t\t\t\t<div class=\"card revista-card\"><a target=\"_blank\" href=\"https:\/\/static.tmgrupoinmobiliario.com\/files\/revista-31.pdf\" class=\"card-link\" rel=\"noopener noreferrer\"><img decoding=\"async\" src=\"\/img\/revistas\/PORTADA_REVISTATM_31_600x731px.jpg\" class=\"card-image\" \/>\r\n\t\t\t\t\t\t<div class=\"card-content\">\r\n\t\t\t\t\t\t\t<h3 class=\"card-title\">Magazyn 31.<br><small>Grudzie\u0144, 2004<\/small><\/h3>\r\n\t\t\t\t\t\t<\/div>\r\n\t\t\t\t\t<\/a><\/div>\r\n\t\t\t<\/div>\r\n\t\t<\/div>\r\n\t<\/div>\r\n<\/section>\r\n<section id=\"recursos\" class=\"section section-recursos\">\r\n\t<div class=\"container container-flex\">\r\n\t\t<div class=\"recursos-block\">\r\n\t\t\t<h2 class=\"section-title static-title\">Zasoby korporacyjne<\/h2>\r\n\t\t\t<ul>\r\n\t\t\t\t<li><a href=\"https:\/\/static.tmgrupoinmobiliario.com\/files\/MEMORIA_RESPONSABILIDAD_CORPORATIVA_TM_2023.pdf\" target=\"blank\" rel=\"noopener noreferrer\">Dossier <img decoding=\"async\" src=\"https:\/\/www.tmgrupoinmobiliario.com\/blog\/wp-content\/uploads\/2020\/05\/blog-icono-descarga-300x300.png\" alt=\"\" class=\"alignnone size-medium imagen-descarga wp-image-12969\" \/><\/a><\/li>\r\n\t\t\t\t<li><a href=\"https:\/\/www.youtube.com\/watch?v=Cotactvbufc&amp;feature=youtu.be\" target=\"blank\" rel=\"noopener noreferrer\">Film korporacyjny <img decoding=\"async\" src=\"https:\/\/www.tmgrupoinmobiliario.com\/blog\/wp-content\/uploads\/2020\/05\/blog-icono-descarga-300x300.png\" alt=\"\" class=\"alignnone size-medium imagen-descarga wp-image-12969\" \/><\/a><\/li>\r\n\t\t\t\t<li><a href=\"https:\/\/static.tmgrupoinmobiliario.com\/files\/ManualCorporativoReducido_TM.pdf\" target=\"blank\" rel=\"noopener noreferrer\">Podr\u0119cznik to\u017csamo\u015bci korporacyjnej <img decoding=\"async\" src=\"https:\/\/www.tmgrupoinmobiliario.com\/blog\/wp-content\/uploads\/2020\/05\/blog-icono-descarga-300x300.png\" alt=\"\" class=\"alignnone size-medium imagen-descarga wp-image-12969\" \/><\/a><\/li>\r\n\t\t\t\t<li><a href=\"https:\/\/static.tmgrupoinmobiliario.com\/files\/LOGOS_TM_KIT_DE_COMUNICACION_ES.zip\" target=\"blank\" rel=\"noopener noreferrer\">Logo ES <img decoding=\"async\" src=\"https:\/\/www.tmgrupoinmobiliario.com\/blog\/wp-content\/uploads\/2020\/05\/blog-icono-descarga-300x300.png\" alt=\"\" class=\"alignnone size-medium imagen-descarga wp-image-12969\" \/><\/a><\/li>\r\n\t\t\t\t<li><a href=\"https:\/\/static.tmgrupoinmobiliario.com\/files\/LOGOS_TM_KIT_DE_COMUNICACION_EN.zip\" target=\"blank\" rel=\"noopener noreferrer\">Logo EN <img decoding=\"async\" src=\"https:\/\/www.tmgrupoinmobiliario.com\/blog\/wp-content\/uploads\/2020\/05\/blog-icono-descarga-300x300.png\" alt=\"\" class=\"alignnone size-medium imagen-descarga wp-image-12969\" \/><\/a><\/li>\r\n\t\t\t<\/ul>\r\n\t\t<\/div>\r\n\t\t<div class=\"recursos-block\">\r\n\t\t\t<h2 class=\"section-title static-title\">Kontakt<\/h2>\r\n\t\t\t<p><a href=\"mailto:comunicacion@tmgrupoinmobiliario.com\">comunicacion@tmgrupoinmobiliario.com<\/a><\/p>\r\n\t\t\t<p>+34 96 571 20 11<\/p>\r\n\t\t<\/div>\r\n\t<\/div>\r\n<\/section>","protected":false},"excerpt":{"rendered":"<p>Notatka prasowa Zobacz wi\u0119cej TM Nowo\u015bci Zobacz wi\u0119cej Sieci spe\u0142eczno\u015bciowe TM Magazyn TM Magazyn 52Grudzie\u0144, 2025 Magazyn 51Grudzie\u0144, 2024 Magazyn 50Grudzie\u0144, 2023 Magazyn 49Grudzie\u0144, 2022 Magazyn 47Stycze\u0144, 2021 Magazyn 46Kwiecie\u0144, 2020 Magazyn 45Grudzie\u0144, 2018 Magazyn 44Stycze\u0144, 2018 Magazyn 43Stycze\u0144, 2017 Magazyn 42Stycze\u0144, 2016 Magazyn 41Luty, 2015 Magazyn 40.Stycze\u0144, 2014 Magazyn 39.Stycze\u0144, 2013 Magazyn 38.Grudzie\u0144, 2011 [&hellip;]<\/p>\n","protected":false},"author":2,"featured_media":0,"parent":0,"menu_order":0,"comment_status":"closed","ping_status":"closed","template":"tpl-comunicacion.php","meta":{"footnotes":""},"class_list":["post-12720","page","type-page","status-publish","hentry"],"better_featured_image":null,"acf":{"disable_auto_formatting":"1"},"yoast_head":"<!-- This site is optimized with the Yoast SEO Premium plugin v23.6 (Yoast SEO v27.5) - https:\/\/yoast.com\/product\/yoast-seo-premium-wordpress\/ -->\n<title>Comunicaci\u00f3n \/ Actualidad - Polski<\/title>\n<meta name=\"robots\" content=\"index, follow, max-snippet:-1, max-image-preview:large, max-video-preview:-1\" \/>\n<link rel=\"canonical\" href=\"https:\/\/blog.tmgrupoinmobiliario.com\/pl\/news\/\" \/>\n<meta property=\"og:locale\" content=\"pl_PL\" \/>\n<meta property=\"og:type\" content=\"article\" \/>\n<meta property=\"og:title\" content=\"Comunicaci\u00f3n \/ Actualidad\" \/>\n<meta property=\"og:description\" content=\"Notatka prasowa Zobacz wi\u0119cej TM Nowo\u015bci Zobacz wi\u0119cej Sieci spe\u0142eczno\u015bciowe TM Magazyn TM Magazyn 52Grudzie\u0144, 2025 Magazyn 51Grudzie\u0144, 2024 Magazyn 50Grudzie\u0144, 2023 Magazyn 49Grudzie\u0144, 2022 Magazyn 47Stycze\u0144, 2021 Magazyn 46Kwiecie\u0144, 2020 Magazyn 45Grudzie\u0144, 2018 Magazyn 44Stycze\u0144, 2018 Magazyn 43Stycze\u0144, 2017 Magazyn 42Stycze\u0144, 2016 Magazyn 41Luty, 2015 Magazyn 40.Stycze\u0144, 2014 Magazyn 39.Stycze\u0144, 2013 Magazyn 38.Grudzie\u0144, 2011 [&hellip;]\" \/>\n<meta property=\"og:url\" content=\"https:\/\/blog.tmgrupoinmobiliario.com\/pl\/news\/\" \/>\n<meta property=\"og:site_name\" content=\"Polski\" \/>\n<meta property=\"article:modified_time\" content=\"2025-12-26T10:12:20+00:00\" \/>\n<meta property=\"og:image\" content=\"https:\/\/www.tmgrupoinmobiliario.com\/blog\/wp-content\/uploads\/2020\/05\/cabecera-blog-mobile.jpg\" \/>\n<meta name=\"twitter:card\" content=\"summary_large_image\" \/>\n<meta name=\"twitter:label1\" content=\"Szacowany czas czytania\" \/>\n\t<meta name=\"twitter:data1\" content=\"7 minut\" \/>\n<script type=\"application\/ld+json\" class=\"yoast-schema-graph\">{\"@context\":\"https:\\\/\\\/schema.org\",\"@graph\":[{\"@type\":\"WebPage\",\"@id\":\"https:\\\/\\\/blog.tmgrupoinmobiliario.com\\\/pl\\\/news\\\/\",\"url\":\"https:\\\/\\\/blog.tmgrupoinmobiliario.com\\\/pl\\\/news\\\/\",\"name\":\"Comunicaci\u00f3n \\\/ Actualidad - Polski\",\"isPartOf\":{\"@id\":\"https:\\\/\\\/blog.tmgrupoinmobiliario.com\\\/pl\\\/#website\"},\"primaryImageOfPage\":{\"@id\":\"https:\\\/\\\/blog.tmgrupoinmobiliario.com\\\/pl\\\/news\\\/#primaryimage\"},\"image\":{\"@id\":\"https:\\\/\\\/blog.tmgrupoinmobiliario.com\\\/pl\\\/news\\\/#primaryimage\"},\"thumbnailUrl\":\"https:\\\/\\\/www.tmgrupoinmobiliario.com\\\/blog\\\/wp-content\\\/uploads\\\/2020\\\/05\\\/cabecera-blog-mobile.jpg\",\"datePublished\":\"2018-08-28T10:06:56+00:00\",\"dateModified\":\"2025-12-26T10:12:20+00:00\",\"breadcrumb\":{\"@id\":\"https:\\\/\\\/blog.tmgrupoinmobiliario.com\\\/pl\\\/news\\\/#breadcrumb\"},\"inLanguage\":\"pl-PL\",\"potentialAction\":[{\"@type\":\"ReadAction\",\"target\":[\"https:\\\/\\\/blog.tmgrupoinmobiliario.com\\\/pl\\\/news\\\/\"]}]},{\"@type\":\"ImageObject\",\"inLanguage\":\"pl-PL\",\"@id\":\"https:\\\/\\\/blog.tmgrupoinmobiliario.com\\\/pl\\\/news\\\/#primaryimage\",\"url\":\"https:\\\/\\\/www.tmgrupoinmobiliario.com\\\/blog\\\/wp-content\\\/uploads\\\/2020\\\/05\\\/cabecera-blog-mobile.jpg\",\"contentUrl\":\"https:\\\/\\\/www.tmgrupoinmobiliario.com\\\/blog\\\/wp-content\\\/uploads\\\/2020\\\/05\\\/cabecera-blog-mobile.jpg\"},{\"@type\":\"BreadcrumbList\",\"@id\":\"https:\\\/\\\/blog.tmgrupoinmobiliario.com\\\/pl\\\/news\\\/#breadcrumb\",\"itemListElement\":[{\"@type\":\"ListItem\",\"position\":1,\"name\":\"Home\",\"item\":\"https:\\\/\\\/blog.tmgrupoinmobiliario.com\\\/pl\\\/\"},{\"@type\":\"ListItem\",\"position\":2,\"name\":\"Comunicaci\u00f3n \\\/ Actualidad\"}]},{\"@type\":\"WebSite\",\"@id\":\"https:\\\/\\\/blog.tmgrupoinmobiliario.com\\\/pl\\\/#website\",\"url\":\"https:\\\/\\\/blog.tmgrupoinmobiliario.com\\\/pl\\\/\",\"name\":\"Polski\",\"description\":\"Just another Blog Desarrollo TM sitios site\",\"potentialAction\":[{\"@type\":\"SearchAction\",\"target\":{\"@type\":\"EntryPoint\",\"urlTemplate\":\"https:\\\/\\\/blog.tmgrupoinmobiliario.com\\\/pl\\\/?s={search_term_string}\"},\"query-input\":{\"@type\":\"PropertyValueSpecification\",\"valueRequired\":true,\"valueName\":\"search_term_string\"}}],\"inLanguage\":\"pl-PL\"}]}<\/script>\n<!-- \/ Yoast SEO Premium plugin. -->","yoast_head_json":{"title":"Comunicaci\u00f3n \/ Actualidad - Polski","robots":{"index":"index","follow":"follow","max-snippet":"max-snippet:-1","max-image-preview":"max-image-preview:large","max-video-preview":"max-video-preview:-1"},"canonical":"https:\/\/blog.tmgrupoinmobiliario.com\/pl\/news\/","og_locale":"pl_PL","og_type":"article","og_title":"Comunicaci\u00f3n \/ Actualidad","og_description":"Notatka prasowa Zobacz wi\u0119cej TM Nowo\u015bci Zobacz wi\u0119cej Sieci spe\u0142eczno\u015bciowe TM Magazyn TM Magazyn 52Grudzie\u0144, 2025 Magazyn 51Grudzie\u0144, 2024 Magazyn 50Grudzie\u0144, 2023 Magazyn 49Grudzie\u0144, 2022 Magazyn 47Stycze\u0144, 2021 Magazyn 46Kwiecie\u0144, 2020 Magazyn 45Grudzie\u0144, 2018 Magazyn 44Stycze\u0144, 2018 Magazyn 43Stycze\u0144, 2017 Magazyn 42Stycze\u0144, 2016 Magazyn 41Luty, 2015 Magazyn 40.Stycze\u0144, 2014 Magazyn 39.Stycze\u0144, 2013 Magazyn 38.Grudzie\u0144, 2011 [&hellip;]","og_url":"https:\/\/blog.tmgrupoinmobiliario.com\/pl\/news\/","og_site_name":"Polski","article_modified_time":"2025-12-26T10:12:20+00:00","og_image":[{"url":"https:\/\/www.tmgrupoinmobiliario.com\/blog\/wp-content\/uploads\/2020\/05\/cabecera-blog-mobile.jpg","type":"","width":"","height":""}],"twitter_card":"summary_large_image","twitter_misc":{"Szacowany czas czytania":"7 minut"},"schema":{"@context":"https:\/\/schema.org","@graph":[{"@type":"WebPage","@id":"https:\/\/blog.tmgrupoinmobiliario.com\/pl\/news\/","url":"https:\/\/blog.tmgrupoinmobiliario.com\/pl\/news\/","name":"Comunicaci\u00f3n \/ Actualidad - Polski","isPartOf":{"@id":"https:\/\/blog.tmgrupoinmobiliario.com\/pl\/#website"},"primaryImageOfPage":{"@id":"https:\/\/blog.tmgrupoinmobiliario.com\/pl\/news\/#primaryimage"},"image":{"@id":"https:\/\/blog.tmgrupoinmobiliario.com\/pl\/news\/#primaryimage"},"thumbnailUrl":"https:\/\/www.tmgrupoinmobiliario.com\/blog\/wp-content\/uploads\/2020\/05\/cabecera-blog-mobile.jpg","datePublished":"2018-08-28T10:06:56+00:00","dateModified":"2025-12-26T10:12:20+00:00","breadcrumb":{"@id":"https:\/\/blog.tmgrupoinmobiliario.com\/pl\/news\/#breadcrumb"},"inLanguage":"pl-PL","potentialAction":[{"@type":"ReadAction","target":["https:\/\/blog.tmgrupoinmobiliario.com\/pl\/news\/"]}]},{"@type":"ImageObject","inLanguage":"pl-PL","@id":"https:\/\/blog.tmgrupoinmobiliario.com\/pl\/news\/#primaryimage","url":"https:\/\/www.tmgrupoinmobiliario.com\/blog\/wp-content\/uploads\/2020\/05\/cabecera-blog-mobile.jpg","contentUrl":"https:\/\/www.tmgrupoinmobiliario.com\/blog\/wp-content\/uploads\/2020\/05\/cabecera-blog-mobile.jpg"},{"@type":"BreadcrumbList","@id":"https:\/\/blog.tmgrupoinmobiliario.com\/pl\/news\/#breadcrumb","itemListElement":[{"@type":"ListItem","position":1,"name":"Home","item":"https:\/\/blog.tmgrupoinmobiliario.com\/pl\/"},{"@type":"ListItem","position":2,"name":"Comunicaci\u00f3n \/ Actualidad"}]},{"@type":"WebSite","@id":"https:\/\/blog.tmgrupoinmobiliario.com\/pl\/#website","url":"https:\/\/blog.tmgrupoinmobiliario.com\/pl\/","name":"Polski","description":"Just another Blog Desarrollo TM sitios site","potentialAction":[{"@type":"SearchAction","target":{"@type":"EntryPoint","urlTemplate":"https:\/\/blog.tmgrupoinmobiliario.com\/pl\/?s={search_term_string}"},"query-input":{"@type":"PropertyValueSpecification","valueRequired":true,"valueName":"search_term_string"}}],"inLanguage":"pl-PL"}]}},"jetpack_sharing_enabled":true,"_links":{"self":[{"href":"https:\/\/blog.tmgrupoinmobiliario.com\/pl\/wp-json\/wp\/v2\/pages\/12720","targetHints":{"allow":["GET"]}}],"collection":[{"href":"https:\/\/blog.tmgrupoinmobiliario.com\/pl\/wp-json\/wp\/v2\/pages"}],"about":[{"href":"https:\/\/blog.tmgrupoinmobiliario.com\/pl\/wp-json\/wp\/v2\/types\/page"}],"author":[{"embeddable":true,"href":"https:\/\/blog.tmgrupoinmobiliario.com\/pl\/wp-json\/wp\/v2\/users\/2"}],"replies":[{"embeddable":true,"href":"https:\/\/blog.tmgrupoinmobiliario.com\/pl\/wp-json\/wp\/v2\/comments?post=12720"}],"version-history":[{"count":9,"href":"https:\/\/blog.tmgrupoinmobiliario.com\/pl\/wp-json\/wp\/v2\/pages\/12720\/revisions"}],"predecessor-version":[{"id":19789,"href":"https:\/\/blog.tmgrupoinmobiliario.com\/pl\/wp-json\/wp\/v2\/pages\/12720\/revisions\/19789"}],"wp:attachment":[{"href":"https:\/\/blog.tmgrupoinmobiliario.com\/pl\/wp-json\/wp\/v2\/media?parent=12720"}],"curies":[{"name":"wp","href":"https:\/\/api.w.org\/{rel}","templated":true}]}}