{"id":20158,"date":"2024-12-20T13:12:00","date_gmt":"2024-12-20T12:12:00","guid":{"rendered":"https:\/\/blog.tmgrupoinmobiliario.com\/fr\/?page_id=20158"},"modified":"2024-12-20T13:12:00","modified_gmt":"2024-12-20T12:12:00","slug":"medioambiente","status":"publish","type":"page","link":"https:\/\/blog.tmgrupoinmobiliario.com\/fr\/medioambiente\/","title":{"rendered":"Medioambiente"},"content":{"rendered":"<div class=\"gc\">\n<nav class=\"static-nav inline-nav lineas-nav locked\">\n<ul>\n<li><a href=\"\/fr\/gobierno-corporativo\/plan-director-rc\">Plan directeur en mati\u00e8re de responsabilit\u00e9 de l\u2019entreprise<\/a><\/li>\n<li><a href=\"\/fr\/gobierno-corporativo\/memoria-rc\">Rapports sur la responsabilit\u00e9 de l\u2019entreprise<\/a><\/li>\n<li><a href=\"\/fr\/gobierno-corporativo\/etica-y-gobernanza\">\u00c9thique et gouvernance<\/a><\/li>\n<li><a href=\"\/fr\/gobierno-corporativo\/accion-social\">Action sociale<\/a><\/li>\n<li><a class=\"active\" href=\"\/fr\/gobierno-corporativo\/medioambiente\">Environnement<\/a><\/li>\n<\/ul>\n<p>        <button class=\"toggle-static-nav\">menu <i class=\"far fa-caret-square-down\"><\/i><\/button><br \/>\n    <\/nav>\n<section class=\"gc-cover-section scroll-div\">\n<div class=\"cover\">\n<div class=\"gc-video-holder medioambiente\" style=\"background-image: url(https:\/\/www.tmgrupoinmobiliario.com\/blog\/wp-content\/uploads\/2023\/10\/Exteriores-Fase-6-scaled.jpg);\/*height: 600px;background-size: cover;background-position: center;*\/\">\n                <!--<video class=\"gc-cover-video\" playsinline=\"\" autoplay=\"autoplay\" muted=\"\" loop=\"\" style=\"width:100%\">\n<source src=\"\" type=\"video\/webm\">\n<source src=\"https:\/\/static.tmgrupoinmobiliario.com\/files\/Landing\/Sunset_Cliffs2_corte_azul.mp4\" type=\"video\/mp4\">\n<\/video> -->\n            <\/div>\n<\/p><\/div>\n<\/section>\n<section>\n<h2 class=\"text-center\" style=\"color:black\">ENVIRONNEMENT<\/h2>\n<\/section>\n<section class=\"sostenibilidad-eficiencia-section gc-section\">\n<div class=\"container mw-1200\">\n<div class=\"business-lines \/*gc-cards-section*\/\">\n<h3>DURABILIT\u00c9 ET PERFORMANCE \u00c9NERG\u00c9TIQUE<\/h3>\n<p class=\"text-center\">La conception et la construction durable de nos projets prennent en compte des <b>crit\u00e8res environnementaux et de performance \u00e9nerg\u00e9tique<\/b> adapt\u00e9s aux caract\u00e9ristiques climatiques et paysag\u00e8res de l\u2019environnement pour <b>optimiser la consommation et garantir le confort maximal des propri\u00e9taires<\/b>.<\/p>\n<div class=\"container sostenibilidad-slider\" style=\"margin: 40px 0;\">\n<div class=\"card-holder card-spain gc-card-holder\">\n<div class=\"card business-card sostenibilidad-card\">\n<div class=\"card-link\">\n                                <img decoding=\"async\" class=\"async-load dark-filter\" src=\"https:\/\/www.tmgrupoinmobiliario.com\/blog\/wp-content\/uploads\/2023\/10\/envolvente.jpg\" class=\"card-image\"\/><\/p>\n<div class=\"card-content\">\n<h3 class=\"card-title\">AM\u00c9LIORATION DE L\u2019ENVELOPPE<\/h3>\n<\/p><\/div>\n<\/p><\/div>\n<p>                            <button class=\"card-button btn-link open-menu-link\">Plus d&#8217;informations<\/button><\/p>\n<div class=\"menu\">\n<p>Fa\u00e7ades et toitures dot\u00e9es d\u2019une grande capacit\u00e9 d\u2019isolation<\/p>\n<p>Menuiseries avec lame d\u2019air hautes performances<\/p>\n<p>Utilisation de diff\u00e9rents syst\u00e8mes de protection contre le rayonnement solaire\u00a0: verre \u00e0 faibles \u00e9missions, stores \u00e0 commande solaire ou \u00e9l\u00e9ments saillants au-dessus des pi\u00e8ces principales.<\/p>\n<\/p><\/div>\n<\/p><\/div>\n<\/p><\/div>\n<div class=\"card-holder card-spain gc-card-holder\">\n<div class=\"card business-card sostenibilidad-card \">\n<div class=\"card-link\">\n                                <img decoding=\"async\" class=\"async-load dark-filter\" src=\"https:\/\/www.tmgrupoinmobiliario.com\/blog\/wp-content\/uploads\/2023\/10\/eficiencia-energetica.jpg\" class=\"card-image\" \/><\/p>\n<div class=\"card-content\">\n<h3 class=\"card-title\">PERFORMANCE \u00c9NERG\u00c9TIQUE<\/h3>\n<\/p><\/div>\n<\/p><\/div>\n<p>                            <button class=\"card-button btn-link open-menu-link\">Plus d&#8217;informations<\/button><\/p>\n<div class=\"menu\">\n<p>Utilisation de syst\u00e8mes de ventilation transversale et \u00e0 double flux<\/p>\n<p>Syst\u00e8mes de climatisation et eau chaude sanitaire par a\u00e9rothermie et panneaux solaires<\/p>\n<p>\u00c9clairage \u00e0 faible co\u00fbt<\/p>\n<p>Installation d\u2019appareils sanitaires et robinetterie \u00e9co-efficaces pour \u00e9conomiser l\u2019\u00e9nergie et l\u2019eau<\/p>\n<\/p><\/div>\n<\/p><\/div>\n<\/p><\/div>\n<div class=\"card-holder card-spain gc-card-holder\">\n<div class=\"card business-card sostenibilidad-card \">\n<div class=\"card-link\">\n                                <img decoding=\"async\" class=\"async-load dark-filter\" src=\"https:\/\/www.tmgrupoinmobiliario.com\/blog\/wp-content\/uploads\/2023\/10\/reutilizacion-agua.jpg\" class=\"card-image\" \/><\/p>\n<div class=\"card-content\">\n<h3 class=\"card-title\">R\u00c9UTILISATION DE L\u2019EAU<\/h3>\n<\/p><\/div>\n<\/p><\/div>\n<p>                            <button class=\"card-button btn-link open-menu-link\">Plus d&#8217;informations<\/button><\/p>\n<div class=\"menu\">\n<p>Syst\u00e8mes collectifs de r\u00e9utilisation de l\u2019eau<\/p>\n<\/p><\/div>\n<\/p><\/div>\n<\/p><\/div>\n<div class=\"card-holder card-spain gc-card-holder\">\n<div class=\"card business-card sostenibilidad-card\">\n<div class=\"card-link\">\n                                <img decoding=\"async\" class=\"async-load dark-filter\" src=\"https:\/\/www.tmgrupoinmobiliario.com\/blog\/wp-content\/uploads\/2023\/10\/envolvente.jpg\" class=\"card-image\" \/><\/p>\n<div class=\"card-content\">\n<h3 class=\"card-title\">AM\u00c9LIORATION DE L\u2019ENVELOPPE<\/h3>\n<\/p><\/div>\n<\/p><\/div>\n<p>                            <button class=\"card-button btn-link open-menu-link\">Plus d&#8217;informations<\/button><\/p>\n<div class=\"menu\">\n<p>Fa\u00e7ades et toitures dot\u00e9es d\u2019une grande capacit\u00e9 d\u2019isolation<\/p>\n<p>Menuiseries avec lame d\u2019air hautes performances<\/p>\n<p>Utilisation de diff\u00e9rents syst\u00e8mes de protection contre le rayonnement solaire\u00a0: verre \u00e0 faibles \u00e9missions, stores \u00e0 commande solaire ou \u00e9l\u00e9ments saillants au-dessus des pi\u00e8ces principales.<\/p>\n<\/p><\/div>\n<\/p><\/div>\n<\/p><\/div>\n<div class=\"card-holder card-spain gc-card-holder\">\n<div class=\"card business-card sostenibilidad-card \">\n<div class=\"card-link\">\n                                <img decoding=\"async\" class=\"async-load dark-filter\" src=\"https:\/\/www.tmgrupoinmobiliario.com\/blog\/wp-content\/uploads\/2023\/10\/eficiencia-energetica.jpg\" class=\"card-image\" \/><\/p>\n<div class=\"card-content\">\n<h3 class=\"card-title\">PERFORMANCE \u00c9NERG\u00c9TIQUE<\/h3>\n<\/p><\/div>\n<\/p><\/div>\n<p>                            <button class=\"card-button btn-link open-menu-link\">Plus d&#8217;informations<\/button><\/p>\n<div class=\"menu\">\n<p>Utilisation de syst\u00e8mes de ventilation transversale et \u00e0 double flux<\/p>\n<p>Syst\u00e8mes de climatisation et eau chaude sanitaire par a\u00e9rothermie et panneaux solaires<\/p>\n<p>\u00c9clairage \u00e0 faible co\u00fbt<\/p>\n<p>Installation d\u2019appareils sanitaires et robinetterie \u00e9co-efficaces pour \u00e9conomiser l\u2019\u00e9nergie et l\u2019eau<\/p>\n<\/p><\/div>\n<\/p><\/div>\n<\/p><\/div>\n<div class=\"card-holder card-spain gc-card-holder\">\n<div class=\"card business-card sostenibilidad-card \">\n<div class=\"card-link\">\n                                <img decoding=\"async\" class=\"async-load dark-filter\" src=\"https:\/\/www.tmgrupoinmobiliario.com\/blog\/wp-content\/uploads\/2023\/10\/reutilizacion-agua.jpg\" class=\"card-image\" \/><\/p>\n<div class=\"card-content\">\n<h3 class=\"card-title\">R\u00c9UTILISATION DE L\u2019EAU<\/h3>\n<\/p><\/div>\n<\/p><\/div>\n<p>                            <button class=\"card-button btn-link open-menu-link\">Plus d&#8217;informations<\/button><\/p>\n<div class=\"menu\">\n<p>Syst\u00e8mes collectifs de r\u00e9utilisation de l\u2019eau<\/p>\n<\/p><\/div>\n<\/p><\/div>\n<\/p><\/div>\n<\/p><\/div>\n<\/p><\/div>\n<\/p><\/div>\n<\/section>\n<section class=\"economia-circular-section background-gray-lighter gc-section\" style=\"\/*margin:2em 0*\/\">\n<div class=\"business-lines \/*gc-cards-section*\/ container mw-1200\">\n            <!--\n\n<h2 class=\"text-center\">ECONOM\u00cdA CIRCULAR<\/h2>\n\n--><\/p>\n<h3>NOUS ENCOURAGEONS L\u2019\u00c9CONOMIE CIRCULAIRE<\/h3>\n<p class=\"text-center\">Il est essentiel de passer d\u2019une \u00e9conomie lin\u00e9aire \u00e0 une \u00e9conomie circulaire pour am\u00e9liorer et pr\u00e9server l\u2019environnement. Cela permet de r\u00e9duire consid\u00e9rablement les d\u00e9chets gr\u00e2ce \u00e0 l\u2019utilisation optimale des ressources disponibles. C\u2019est la raison pour laquelle le Groupe accorde une grande importance \u00e0 la <b>pr\u00e9vention et \u00e0 l\u2019\u00e9limination des d\u00e9chets<\/b>, et s&#8217;engage \u00e0 le faire de mani\u00e8re responsable.<\/p>\n<div class=\" economia-circular-slider\" style=\"margin:40px 0\">\n<div class=\"card-holder card-spain gc-card-holder\">\n<div class=\"card business-card\">\n<div class=\"card-link\">\n                            <img decoding=\"async\" class=\"async-load dark-filter\" src=\"https:\/\/www.tmgrupoinmobiliario.com\/blog\/wp-content\/uploads\/2023\/10\/DONACION-EQUIPOS.jpg\" class=\"card-image\" \/><\/p>\n<div class=\"card-content\">\n<h3 class=\"card-title\">DON DE MAT\u00c9RIEL INFORMATIQUE<\/h3>\n<\/p><\/div>\n<\/p><\/div>\n<p>                        <a class=\"btn card-button btn-link\" href=\"https:\/\/www.tmgrupoinmobiliario.com\/blog\/2022\/03\/17\/donamos-equipos-informaticos-a-la-fundacion-alinur\/\" target=\"_blank\" rel=\"noopener\">Plus d&#8217;informations<\/a>\n                    <\/div>\n<\/p><\/div>\n<div class=\"card-holder card-spain gc-card-holder\">\n<div class=\"card business-card \">\n<div class=\"card-link\">\n                            <img decoding=\"async\" class=\"async-load dark-filter\" src=\"https:\/\/www.tmgrupoinmobiliario.com\/blog\/wp-content\/uploads\/2023\/10\/REPLANTACION-ARBOLES.jpg\" class=\"card-image\" \/><\/p>\n<div class=\"card-content\">\n<h3 class=\"card-title\">PLANTATION D\u2019ARBRES<\/h3>\n<\/p><\/div>\n<\/p><\/div>\n<p>                        <a class=\"btn card-button btn-link\" href=\"https:\/\/www.tmgrupoinmobiliario.com\/blog\/2023\/10\/28\/tm-lleva-a-cabo-una-accion-de-reforestacion-en-bigastro-para-proteger-la-biodiversidad-y-cuidar-el-entorno\/\" target=\"_blank\" rel=\"noopener\">Plus d&#8217;informations<\/a><\/p><\/div>\n<\/p><\/div>\n<div class=\"card-holder card-spain gc-card-holder\">\n<div class=\"card business-card \">\n<div class=\"card-link\">\n                            <img decoding=\"async\" class=\"async-load dark-filter\" src=\"https:\/\/www.tmgrupoinmobiliario.com\/blog\/wp-content\/uploads\/2023\/10\/DONACION-ALIMENTOS.jpg\" class=\"card-image\" \/><\/p>\n<div class=\"card-content\">\n<h3 class=\"card-title\">DON DE NOURRITURE<\/h3>\n<\/p><\/div>\n<\/p><\/div>\n<p>                        <a class=\"btn card-button btn-link\" href=\"https:\/\/www.tmgrupoinmobiliario.com\/blog\/2021\/02\/23\/3-000-kg-de-citricos-para-cruz-roja-alimentos-solidarios-y-residencias-de-mayores\/\" target=\"_blank\" rel=\"noopener\">Plus d&#8217;informations<\/a>\n                    <\/div>\n<\/p><\/div>\n<div class=\"card-holder card-spain gc-card-holder\">\n<div class=\"card business-card\">\n<div class=\"card-link\">\n                            <img decoding=\"async\" class=\"async-load dark-filter\" src=\"https:\/\/www.tmgrupoinmobiliario.com\/blog\/wp-content\/uploads\/2023\/10\/DONACION-EQUIPOS.jpg\" class=\"card-image\" \/><\/p>\n<div class=\"card-content\">\n<h3 class=\"card-title\">DON DE MAT\u00c9RIEL INFORMATIQUE<\/h3>\n<\/p><\/div>\n<\/p><\/div>\n<p>                        <a class=\"btn card-button btn-link\" href=\"https:\/\/www.tmgrupoinmobiliario.com\/blog\/2022\/03\/17\/donamos-equipos-informaticos-a-la-fundacion-alinur\/\" target=\"_blank\" rel=\"noopener\">Plus d&#8217;informations<\/a>\n                    <\/div>\n<\/p><\/div>\n<div class=\"card-holder card-spain gc-card-holder\">\n<div class=\"card business-card \">\n<div class=\"card-link\">\n                            <img decoding=\"async\" class=\"async-load dark-filter\" src=\"https:\/\/www.tmgrupoinmobiliario.com\/blog\/wp-content\/uploads\/2023\/10\/REPLANTACION-ARBOLES.jpg\" class=\"card-image\" \/><\/p>\n<div class=\"card-content\">\n<h3 class=\"card-title\">PLANTATION D\u2019ARBRES<\/h3>\n<\/p><\/div>\n<\/p><\/div>\n<p>                        <a class=\"btn card-button btn-link\" href=\"https:\/\/www.linkedin.com\/posts\/tm-grupo-inmobiliario_tmgrupoinmobiliario-compromiso-eficienciaenergetica-activity-6992796285409878016-6iGn?utm_source=share&#038;utm_medium=member_desktop\" target=\"_blank\" rel=\"noopener\">Plus d&#8217;informations<\/a><\/p><\/div>\n<\/p><\/div>\n<div class=\"card-holder card-spain gc-card-holder\">\n<div class=\"card business-card \">\n<div class=\"card-link\">\n                            <img decoding=\"async\" class=\"async-load dark-filter\" src=\"https:\/\/www.tmgrupoinmobiliario.com\/blog\/wp-content\/uploads\/2023\/10\/DONACION-ALIMENTOS.jpg\" class=\"card-image\" \/><\/p>\n<div class=\"card-content\">\n<h3 class=\"card-title\">DON DE NOURRITURE<\/h3>\n<\/p><\/div>\n<\/p><\/div>\n<p>                        <a class=\"btn card-button btn-link\" href=\"https:\/\/www.tmgrupoinmobiliario.com\/blog\/2021\/02\/23\/3-000-kg-de-citricos-para-cruz-roja-alimentos-solidarios-y-residencias-de-mayores\/\" target=\"_blank\" rel=\"noopener\">Plus d&#8217;informations<\/a>\n                    <\/div>\n<\/p><\/div>\n<\/p><\/div>\n<\/p><\/div>\n<\/section>\n<section class=\"iniciativas-section gc-section\" id=\"sec-iniciativas\">\n<div class=\"container mw-1200\">\n<h3>NOS INITIATIVES<\/h3>\n<p class=\"text-center\">TM encourage un mod\u00e8le de tourisme r\u00e9sidentiel responsable gr\u00e2ce \u00e0 un urbanisme et une conception durables qui garantissent la cr\u00e9ation de valeur tout au long du processus de gestion du portefeuille immobilier.<\/p>\n<p class=\"text-center\">Pour y r\u00e9pondre, nous menons diverses initiatives ax\u00e9es sur la pr\u00e9servation de la mer et de l\u2019\u00e9cosyst\u00e8me marin.<\/p>\n<div class=\"iniciativas-slider dots-slider\">\n<div class=\"slide-holder\">\n<h3 class=\"text-left\">NETTOYAGE DES PLAGES<\/h3>\n<div class=\"grid-container\">\n<div class=\"block1\">\n                                <img decoding=\"async\" src=\"https:\/\/www.tmgrupoinmobiliario.com\/blog\/wp-content\/uploads\/2023\/10\/Punta-Brava.jpg\" style=\"width: 100%;max-height:450px;\">\n                        <\/div>\n<div class=\"block2\">\n<p class=\"text-left\"><b>Nettoyage des plages \u00e0 Punta Brava, Mexique<\/b> avant le d\u00e9but de la saison de nidification des tortues de mer.<\/p>\n<p class=\"text-left\"><b>Nettoyage de la plage de La Mata, Torrevieja<\/b> pour pr\u00e9venir le rejet dans la mer des d\u00e9chets pr\u00e9sents sur la plage.<\/p>\n<\/p><\/div>\n<div class=\"block3\">\n                            <img decoding=\"async\" src=\"https:\/\/www.tmgrupoinmobiliario.com\/blog\/wp-content\/uploads\/2023\/10\/Torrevijea.jpeg\">\n                        <\/div>\n<\/p><\/div>\n<\/p><\/div>\n<p>               <!-- \n\n<div class=\"card-holder\">\n                    \n\n<div class=\"card revista-card\">\n                        \n\n<div class=\"card-content\">\n                            \n\n<h3 class=\"text-left\">LIMPIEZA DE PLAYAS<\/h3>\n\n  \n                            \n\n<div class=\"row\">\n                                \n\n<div class=\"col col-lg-8 col-md-8 col-sm-12 text-right microcredit-col col-left\">\n                                    <img decoding=\"async\" src=\"https:\/\/www.tmgrupoinmobiliario.com\/blog\/wp-content\/uploads\/2023\/10\/Punta-Brava.jpg\" style=\"width: 100%\">\n                                <\/div>\n\n\n                                \n\n<div class=\"col col-lg-4 col-md-4 col-sm-12 text-left microcredit-col col-right\">\n                                    \n\n<div class=\"flex-container\">\n                                        \n\n<div> \n                                            \n\n<p class=\"text-left\"><b>Limpieza de playas en Punta Brava, M\u00e9xico<\/b> antes del inicio de la temporada de anidaci\u00f3n de Tortugas Marinas.<\/p>\n\n\n                                            \n\n<p class=\"text-left\"><b>Limpieza de la playa de La Mata, Torrevieja<\/b> para evitar que los residuos vertidos en la playa lleguen al mar.<\/p>\n\n\n                                        <\/div>\n\n\n                                        \n\n<div>\n                                            <img decoding=\"async\" src=\"https:\/\/www.tmgrupoinmobiliario.com\/blog\/wp-content\/uploads\/2023\/10\/Torrevijea.jpeg\">\n                                        <\/div>\n\n\n                                    <\/div>\n\n \n                                <\/div>\n\n\n                            <\/div>\n\n   \n                        <\/div>\n\n\n                    <\/div>\n\n\n                <\/div>\n\n--><\/p>\n<div class=\"slide-holder\">\n<h3 class=\"text-left\">CONSTRUCTION D\u2019UN PARKING PUBLIC \u00c0 BENIDORM<\/h3>\n<div class=\"grid-container\">\n<div class=\"block1\">\n                                <img decoding=\"async\" src=\"https:\/\/www.tmgrupoinmobiliario.com\/blog\/wp-content\/uploads\/2023\/10\/parking1.jpg\" style=\"width: 100%;max-height:450px;\">\n                        <\/div>\n<div class=\"block2\">\n<p class=\"text-left\">Construction \u00e0 Benidorm d\u2019un parking public offrant  <b>un point de vue de 5\u00a0000\u00a0m\u00b2<\/b> sur la for\u00eat m\u00e9diterran\u00e9enne, \u00e9quip\u00e9 d\u2019acc\u00e8s pour les personnes \u00e0 mobilit\u00e9 r\u00e9duite et d\u2019un parking \u00e0 v\u00e9los.<\/p>\n<\/p><\/div>\n<div class=\"block3\">\n                            <img decoding=\"async\" src=\"https:\/\/www.tmgrupoinmobiliario.com\/blog\/wp-content\/uploads\/2023\/10\/parking2.jpg\">\n                        <\/div>\n<\/p><\/div>\n<\/p><\/div>\n<p>               <!---- \n\n<div class=\"card-holder\">\n                    \n\n<div class=\"card revista-card\">\n                        \n\n<div class=\"card-content\">\n                            \n\n<h3 class=\"text-left\">CONSTRUCCI\u00d3N APARCAMIENTO P\u00daBLICO EN BENIDORM<\/h3>\n\n  \n                            \n\n<div class=\"row\">\n                                \n\n<div class=\"col col-lg-8 col-md-8 col-sm-12 text-right microcredit-col col-left\">\n                                    <img decoding=\"async\" src=\"https:\/\/www.tmgrupoinmobiliario.com\/blog\/wp-content\/uploads\/2023\/10\/parking1.jpg\" style=\"width: 100%;max-height:450px;\">\n                                <\/div>\n\n\n                                \n\n<div class=\"col col-lg-4 col-md-4 col-sm-12 text-left microcredit-col col-right\">\n                                    \n\n<div class=\"flex-container\">\n                                        \n\n<div>\n                                            \n\n<p class=\"text-left\">Construcci\u00f3n de un aparcamiento p\u00fablico con  <b>5.000 m2 de mirador paisaj\u00edstico<\/b> de bosque mediterr\u00e1neo con accesos para personas con movilidad reducida y aparcamiento para bicicletas, en Benidorm.<\/p>\n\n\n                                        <\/div>\n\n\n                                        \n\n<div>\n                                            <img decoding=\"async\" src=\"https:\/\/www.tmgrupoinmobiliario.com\/blog\/wp-content\/uploads\/2023\/10\/parking2.jpg\" style=\"max-height: 450px;\">\n                                        <\/div>\n\n\n                                    <\/div>\n\n\n                                <\/div>\n\n\n                            <\/div>\n\n    \n                        <\/div>\n\n\n                    <\/div>\n\n\n                <\/div>\n\n--><\/p>\n<div class=\"slide-holder\">\n<h3 class=\"text-left\">RECHERCHE POUR DE FUTURS GRATTE-CIEL AUTOSUFFISANTS SUR LE PLAN \u00c9NERG\u00c9TIQUE<\/h3>\n<div class=\"grid-container\">\n<div class=\"block1\">\n<div class=\"\">\n                                <img decoding=\"async\" src=\"https:\/\/www.tmgrupoinmobiliario.com\/blog\/wp-content\/uploads\/2023\/10\/Edificio-eolico.jpeg\" style=\"width: 100%;max-height:450px;\">\n                            <\/div>\n<\/p><\/div>\n<div class=\"block2\">\n<p class=\"text-left\">D\u00e9veloppement d\u2019une \u00e9tude avec l\u2019Universit\u00e9 d\u2019Alicante et la ville de Benidorm pour la cr\u00e9ation de <b>b\u00e2timents autosuffisants sur le plan \u00e9nerg\u00e9tique<\/b>gr\u00e2ce \u00e0 l\u2019\u00e9nergie \u00e9olienne en hauteur.<\/p>\n<\/p><\/div>\n<div class=\"block3\">\n                        <\/div>\n<\/p><\/div>\n<\/p><\/div>\n<p>               <!--\n\n<div class=\"card-holder\">\n                    \n\n<div class=\"card revista-card\">\n                        \n\n<div class=\"card-content\">\n                            \n\n<h3 class=\"text-left\">INVESTIGACI\u00d3N FUTURO RASCACIELOS ENERG\u00c9TICAMENTE AUTOSUFICIENTE<\/h3>\n\n  \n                            \n\n<div class=\"row\">\n                                \n\n<div class=\"col col-lg-8 col-md-8 col-sm-12 text-right microcredit-col col-left\">\n                                    <img decoding=\"async\" src=\"https:\/\/www.tmgrupoinmobiliario.com\/blog\/wp-content\/uploads\/2023\/10\/Edificio-eolico.jpeg\" style=\"width: 100%; max-height:450px;\">\n                                <\/div>\n\n\n                                \n\n<div class=\"col col-lg-4 col-md-4 col-sm-12 text-left microcredit-col col-right\">\n                                    \n\n<div class=\"flex-container\" style=\"justify-content: center\">\n                                        \n\n<div>\n                                            \n\n<p class=\"text-left\">Desarrollo de un estudio con la Universidad de Alicante y la ciudad de Benidorm para la creaci\u00f3n de <b>edificios energ\u00e9ticamente autosuficientes<\/b> gracias a la energ\u00eda e\u00f3lica en altura.<\/p>\n\n\n                                        <\/div>\n\n\n                                        \n\n<div>\n                                          \n                                        <\/div>\n\n\n                                    <\/div>\n\n\n                                <\/div>\n\n\n                            <\/div>\n\n    \n                        <\/div>\n\n\n                    <\/div>\n\n\n                <\/div>\n\n--><\/p>\n<div class=\"slide-holder\">\n<h3 class=\"text-left\">DON AU PARC MARIN DE PUERTO MORELOS<\/h3>\n<div class=\"grid-container\">\n<div class=\"block1\">\n                            <img decoding=\"async\" src=\"https:\/\/www.tmgrupoinmobiliario.com\/blog\/wp-content\/uploads\/2023\/10\/Puerto-Morelos.jpg\" style=\"width: 100%;max-height:450px;\">\n                        <\/div>\n<div class=\"block2\">\n<p class=\"text-left\">Colaboraci\u00f3n con el Parque Marino de Puerto Morelos para la preservaci\u00f3n y protecci\u00f3n de su barrera arrecifal, que forma parte del segundo arrecife m\u00e1s grande del mundo.<\/p>\n<\/p><\/div>\n<div class=\"block3\">\n                            <img decoding=\"async\" src=\"https:\/\/www.tmgrupoinmobiliario.com\/blog\/wp-content\/uploads\/2023\/10\/arrecifes-coral-1.jpg\">\n                        <\/div>\n<\/p><\/div>\n<\/p><\/div>\n<p>               <!-- \n\n<div class=\"card-holder\">\n                    \n\n<div class=\"card revista-card\">\n                        \n\n<div class=\"card-content\">\n                            \n\n<h3 class=\"text-left\">DONACI\u00d3N AL PARQUE MARINO DE PUERTO MORELOS<\/h3>\n\n  \n                            \n\n<div class=\"row\">\n                                \n\n<div class=\"col col-lg-8 col-md-8 col-sm-12 text-right microcredit-col col-left\">\n                                    <img decoding=\"async\" src=\"https:\/\/www.tmgrupoinmobiliario.com\/blog\/wp-content\/uploads\/2023\/10\/Puerto-Morelos.jpg\" style=\"width: 100%\">\n                                <\/div>\n\n\n                                \n\n<div class=\"col col-lg-4 col-md-4 col-sm-12 text-left microcredit-col col-right\">\n                                    \n\n<div class=\"flex-container\">\n                                        \n\n<div>\n                                            \n\n<p class=\"text-left\">Colaboraci\u00f3n con el Parque Marino de Puerto Morelos para la preservaci\u00f3n y protecci\u00f3n de su barrera arrecifal, que forma parte del segundo arrecife m\u00e1s grande del mundo.<\/p>\n\n\n                                        <\/div>\n\n\n                                        \n\n<div>\n                                            <img decoding=\"async\" src=\"https:\/\/www.tmgrupoinmobiliario.com\/blog\/wp-content\/uploads\/2023\/10\/arrecifes-coral-1.jpg\">\n                                        <\/div>\n\n\n                                    <\/div>\n\n\n                                <\/div>\n\n\n                            <\/div>\n\n    \n                        <\/div>\n\n\n                    <\/div>\n\n\n                <\/div>\n\n--><\/p>\n<div class=\"slide-holder\">\n<h3 class=\"text-left\">PLANTATION D\u2019ARBRES \u00c0 BIGASTRO, ALICANTE<\/h3>\n<div class=\"grid-container\">\n<div class=\"block1\">\n<div class=\"\">\n                                <img decoding=\"async\" src=\"https:\/\/www.tmgrupoinmobiliario.com\/blog\/wp-content\/uploads\/2023\/10\/bigastro1.jpg\" style=\"width: 100%; max-height:450px;\">\n                            <\/div>\n<\/p><\/div>\n<div class=\"block2\">\n<p class=\"text-left\">Journ\u00e9e de plantation d\u2019arbres pour le reboisement du site naturel La Pedrera Bigastro (Alicante).<\/p>\n<\/p><\/div>\n<div class=\"block3\">\n                            <img decoding=\"async\" src=\"https:\/\/www.tmgrupoinmobiliario.com\/blog\/wp-content\/uploads\/2023\/10\/bigastro.jpg\">\n                        <\/div>\n<\/p><\/div>\n<\/p><\/div>\n<p>               <!-- \n\n<div class=\"card-holder\">\n                    \n\n<div class=\"card revista-card\">\n                        \n\n<div class=\"card-content\">\n                            \n\n<h3 class=\"text-left\">PLANTACI\u00d3N DE \u00c1RBOLES EN BIGASTRO, ALICANTE<\/h3>\n\n  \n                            \n\n<div class=\"row\">\n                                \n\n<div class=\"col col-lg-8 col-md-8 col-sm-12 text-right microcredit-col col-left\">\n                                    <img decoding=\"async\" src=\"https:\/\/www.tmgrupoinmobiliario.com\/blog\/wp-content\/uploads\/2023\/10\/bigastro1.jpg\" style=\"width: 100%\">\n                                <\/div>\n\n\n                                \n\n<div class=\"col col-lg-4 col-md-4 col-sm-12 text-left microcredit-col col-right\">\n                                    \n\n<div class=\"flex-container\">\n                                        \n\n<div>\n                                            \n\n<p class=\"text-left\">Jornada de plantaci\u00f3n de \u00e1rboles para la reforestaci\u00f3n del paraje natural La Pedrera Bigastro (Alicante).<\/p>\n\n\n                                        <\/div>\n\n\n                                        \n\n<div>\n                                            <img decoding=\"async\" src=\"https:\/\/www.tmgrupoinmobiliario.com\/blog\/wp-content\/uploads\/2023\/10\/bigastro.jpg\">\n                                        <\/div>\n\n\n                                    <\/div>\n\n\n                                <\/div>\n\n\n                            <\/div>\n\n    \n                        <\/div>\n\nS\n                    <\/div>\n\n\n                <\/div>\n\n--><\/p><\/div>\n<p> <!--slider-->\n        <\/div>\n<\/section>\n<div>\n","protected":false},"excerpt":{"rendered":"<p>Plan directeur en mati\u00e8re de responsabilit\u00e9 de l\u2019entreprise Rapports sur la responsabilit\u00e9 de l\u2019entreprise \u00c9thique et gouvernance Action sociale Environnement menu ENVIRONNEMENT DURABILIT\u00c9 ET PERFORMANCE \u00c9NERG\u00c9TIQUE La conception et la construction durable de nos projets prennent en compte des crit\u00e8res environnementaux et de performance \u00e9nerg\u00e9tique adapt\u00e9s aux caract\u00e9ristiques climatiques et paysag\u00e8res de l\u2019environnement pour optimiser [&hellip;]<\/p>\n","protected":false},"author":11715,"featured_media":0,"parent":0,"menu_order":0,"comment_status":"closed","ping_status":"closed","template":"","meta":{"footnotes":""},"class_list":["post-20158","page","type-page","status-publish","hentry"],"better_featured_image":null,"acf":[],"yoast_head":"<!-- This site is optimized with the Yoast SEO Premium plugin v23.6 (Yoast SEO v27.5) - https:\/\/yoast.com\/product\/yoast-seo-premium-wordpress\/ -->\n<title>Medioambiente - Francais<\/title>\n<meta name=\"robots\" content=\"index, follow, max-snippet:-1, max-image-preview:large, max-video-preview:-1\" \/>\n<link rel=\"canonical\" href=\"https:\/\/blog.tmgrupoinmobiliario.com\/fr\/medioambiente\/\" \/>\n<meta property=\"og:locale\" content=\"fr_FR\" \/>\n<meta property=\"og:type\" content=\"article\" \/>\n<meta property=\"og:title\" content=\"Medioambiente\" \/>\n<meta property=\"og:description\" content=\"Plan directeur en mati\u00e8re de responsabilit\u00e9 de l\u2019entreprise Rapports sur la responsabilit\u00e9 de l\u2019entreprise \u00c9thique et gouvernance Action sociale Environnement menu ENVIRONNEMENT DURABILIT\u00c9 ET PERFORMANCE \u00c9NERG\u00c9TIQUE La conception et la construction durable de nos projets prennent en compte des crit\u00e8res environnementaux et de performance \u00e9nerg\u00e9tique adapt\u00e9s aux caract\u00e9ristiques climatiques et paysag\u00e8res de l\u2019environnement pour optimiser [&hellip;]\" \/>\n<meta property=\"og:url\" content=\"https:\/\/blog.tmgrupoinmobiliario.com\/fr\/medioambiente\/\" \/>\n<meta property=\"og:site_name\" content=\"Francais\" \/>\n<meta property=\"og:image\" content=\"https:\/\/www.tmgrupoinmobiliario.com\/blog\/wp-content\/uploads\/2023\/10\/envolvente.jpg\" \/>\n<meta name=\"twitter:card\" content=\"summary_large_image\" \/>\n<script type=\"application\/ld+json\" class=\"yoast-schema-graph\">{\"@context\":\"https:\\\/\\\/schema.org\",\"@graph\":[{\"@type\":\"WebPage\",\"@id\":\"https:\\\/\\\/blog.tmgrupoinmobiliario.com\\\/fr\\\/medioambiente\\\/\",\"url\":\"https:\\\/\\\/blog.tmgrupoinmobiliario.com\\\/fr\\\/medioambiente\\\/\",\"name\":\"Medioambiente - Francais\",\"isPartOf\":{\"@id\":\"https:\\\/\\\/blog.tmgrupoinmobiliario.com\\\/fr\\\/#website\"},\"primaryImageOfPage\":{\"@id\":\"https:\\\/\\\/blog.tmgrupoinmobiliario.com\\\/fr\\\/medioambiente\\\/#primaryimage\"},\"image\":{\"@id\":\"https:\\\/\\\/blog.tmgrupoinmobiliario.com\\\/fr\\\/medioambiente\\\/#primaryimage\"},\"thumbnailUrl\":\"https:\\\/\\\/www.tmgrupoinmobiliario.com\\\/blog\\\/wp-content\\\/uploads\\\/2023\\\/10\\\/envolvente.jpg\",\"datePublished\":\"2024-12-20T12:12:00+00:00\",\"breadcrumb\":{\"@id\":\"https:\\\/\\\/blog.tmgrupoinmobiliario.com\\\/fr\\\/medioambiente\\\/#breadcrumb\"},\"inLanguage\":\"fr-FR\",\"potentialAction\":[{\"@type\":\"ReadAction\",\"target\":[\"https:\\\/\\\/blog.tmgrupoinmobiliario.com\\\/fr\\\/medioambiente\\\/\"]}]},{\"@type\":\"ImageObject\",\"inLanguage\":\"fr-FR\",\"@id\":\"https:\\\/\\\/blog.tmgrupoinmobiliario.com\\\/fr\\\/medioambiente\\\/#primaryimage\",\"url\":\"https:\\\/\\\/www.tmgrupoinmobiliario.com\\\/blog\\\/wp-content\\\/uploads\\\/2023\\\/10\\\/envolvente.jpg\",\"contentUrl\":\"https:\\\/\\\/www.tmgrupoinmobiliario.com\\\/blog\\\/wp-content\\\/uploads\\\/2023\\\/10\\\/envolvente.jpg\"},{\"@type\":\"BreadcrumbList\",\"@id\":\"https:\\\/\\\/blog.tmgrupoinmobiliario.com\\\/fr\\\/medioambiente\\\/#breadcrumb\",\"itemListElement\":[{\"@type\":\"ListItem\",\"position\":1,\"name\":\"Portada\",\"item\":\"https:\\\/\\\/blog.tmgrupoinmobiliario.com\\\/fr\\\/\"},{\"@type\":\"ListItem\",\"position\":2,\"name\":\"Medioambiente\"}]},{\"@type\":\"WebSite\",\"@id\":\"https:\\\/\\\/blog.tmgrupoinmobiliario.com\\\/fr\\\/#website\",\"url\":\"https:\\\/\\\/blog.tmgrupoinmobiliario.com\\\/fr\\\/\",\"name\":\"Francais\",\"description\":\"Otro sitio m\u00e1s de Blog Desarrollo TM sitios\",\"potentialAction\":[{\"@type\":\"SearchAction\",\"target\":{\"@type\":\"EntryPoint\",\"urlTemplate\":\"https:\\\/\\\/blog.tmgrupoinmobiliario.com\\\/fr\\\/?s={search_term_string}\"},\"query-input\":{\"@type\":\"PropertyValueSpecification\",\"valueRequired\":true,\"valueName\":\"search_term_string\"}}],\"inLanguage\":\"fr-FR\"}]}<\/script>\n<!-- \/ Yoast SEO Premium plugin. -->","yoast_head_json":{"title":"Medioambiente - Francais","robots":{"index":"index","follow":"follow","max-snippet":"max-snippet:-1","max-image-preview":"max-image-preview:large","max-video-preview":"max-video-preview:-1"},"canonical":"https:\/\/blog.tmgrupoinmobiliario.com\/fr\/medioambiente\/","og_locale":"fr_FR","og_type":"article","og_title":"Medioambiente","og_description":"Plan directeur en mati\u00e8re de responsabilit\u00e9 de l\u2019entreprise Rapports sur la responsabilit\u00e9 de l\u2019entreprise \u00c9thique et gouvernance Action sociale Environnement menu ENVIRONNEMENT DURABILIT\u00c9 ET PERFORMANCE \u00c9NERG\u00c9TIQUE La conception et la construction durable de nos projets prennent en compte des crit\u00e8res environnementaux et de performance \u00e9nerg\u00e9tique adapt\u00e9s aux caract\u00e9ristiques climatiques et paysag\u00e8res de l\u2019environnement pour optimiser [&hellip;]","og_url":"https:\/\/blog.tmgrupoinmobiliario.com\/fr\/medioambiente\/","og_site_name":"Francais","og_image":[{"url":"https:\/\/www.tmgrupoinmobiliario.com\/blog\/wp-content\/uploads\/2023\/10\/envolvente.jpg","type":"","width":"","height":""}],"twitter_card":"summary_large_image","schema":{"@context":"https:\/\/schema.org","@graph":[{"@type":"WebPage","@id":"https:\/\/blog.tmgrupoinmobiliario.com\/fr\/medioambiente\/","url":"https:\/\/blog.tmgrupoinmobiliario.com\/fr\/medioambiente\/","name":"Medioambiente - Francais","isPartOf":{"@id":"https:\/\/blog.tmgrupoinmobiliario.com\/fr\/#website"},"primaryImageOfPage":{"@id":"https:\/\/blog.tmgrupoinmobiliario.com\/fr\/medioambiente\/#primaryimage"},"image":{"@id":"https:\/\/blog.tmgrupoinmobiliario.com\/fr\/medioambiente\/#primaryimage"},"thumbnailUrl":"https:\/\/www.tmgrupoinmobiliario.com\/blog\/wp-content\/uploads\/2023\/10\/envolvente.jpg","datePublished":"2024-12-20T12:12:00+00:00","breadcrumb":{"@id":"https:\/\/blog.tmgrupoinmobiliario.com\/fr\/medioambiente\/#breadcrumb"},"inLanguage":"fr-FR","potentialAction":[{"@type":"ReadAction","target":["https:\/\/blog.tmgrupoinmobiliario.com\/fr\/medioambiente\/"]}]},{"@type":"ImageObject","inLanguage":"fr-FR","@id":"https:\/\/blog.tmgrupoinmobiliario.com\/fr\/medioambiente\/#primaryimage","url":"https:\/\/www.tmgrupoinmobiliario.com\/blog\/wp-content\/uploads\/2023\/10\/envolvente.jpg","contentUrl":"https:\/\/www.tmgrupoinmobiliario.com\/blog\/wp-content\/uploads\/2023\/10\/envolvente.jpg"},{"@type":"BreadcrumbList","@id":"https:\/\/blog.tmgrupoinmobiliario.com\/fr\/medioambiente\/#breadcrumb","itemListElement":[{"@type":"ListItem","position":1,"name":"Portada","item":"https:\/\/blog.tmgrupoinmobiliario.com\/fr\/"},{"@type":"ListItem","position":2,"name":"Medioambiente"}]},{"@type":"WebSite","@id":"https:\/\/blog.tmgrupoinmobiliario.com\/fr\/#website","url":"https:\/\/blog.tmgrupoinmobiliario.com\/fr\/","name":"Francais","description":"Otro sitio m\u00e1s de Blog Desarrollo TM sitios","potentialAction":[{"@type":"SearchAction","target":{"@type":"EntryPoint","urlTemplate":"https:\/\/blog.tmgrupoinmobiliario.com\/fr\/?s={search_term_string}"},"query-input":{"@type":"PropertyValueSpecification","valueRequired":true,"valueName":"search_term_string"}}],"inLanguage":"fr-FR"}]}},"jetpack_sharing_enabled":true,"_links":{"self":[{"href":"https:\/\/blog.tmgrupoinmobiliario.com\/fr\/wp-json\/wp\/v2\/pages\/20158","targetHints":{"allow":["GET"]}}],"collection":[{"href":"https:\/\/blog.tmgrupoinmobiliario.com\/fr\/wp-json\/wp\/v2\/pages"}],"about":[{"href":"https:\/\/blog.tmgrupoinmobiliario.com\/fr\/wp-json\/wp\/v2\/types\/page"}],"author":[{"embeddable":true,"href":"https:\/\/blog.tmgrupoinmobiliario.com\/fr\/wp-json\/wp\/v2\/users\/11715"}],"replies":[{"embeddable":true,"href":"https:\/\/blog.tmgrupoinmobiliario.com\/fr\/wp-json\/wp\/v2\/comments?post=20158"}],"version-history":[{"count":1,"href":"https:\/\/blog.tmgrupoinmobiliario.com\/fr\/wp-json\/wp\/v2\/pages\/20158\/revisions"}],"predecessor-version":[{"id":20159,"href":"https:\/\/blog.tmgrupoinmobiliario.com\/fr\/wp-json\/wp\/v2\/pages\/20158\/revisions\/20159"}],"wp:attachment":[{"href":"https:\/\/blog.tmgrupoinmobiliario.com\/fr\/wp-json\/wp\/v2\/media?parent=20158"}],"curies":[{"name":"wp","href":"https:\/\/api.w.org\/{rel}","templated":true}]}}