{"id":20156,"date":"2024-12-20T13:11:07","date_gmt":"2024-12-20T12:11:07","guid":{"rendered":"https:\/\/blog.tmgrupoinmobiliario.com\/fr\/?page_id=20156"},"modified":"2024-12-20T13:11:07","modified_gmt":"2024-12-20T12:11:07","slug":"accion-social","status":"publish","type":"page","link":"https:\/\/blog.tmgrupoinmobiliario.com\/fr\/accion-social\/","title":{"rendered":"Acci\u00f3n Social"},"content":{"rendered":"<div class=\"gc\">\n<nav class=\"static-nav inline-nav lineas-nav locked\">\n<ul>\n<li><a href=\"\/fr\/gobierno-corporativo\/plan-director-rc\">Plan directeur en mati\u00e8re de responsabilit\u00e9 de l\u2019entreprise<\/a><\/li>\n<li><a href=\"\/fr\/gobierno-corporativo\/memoria-rc\">Rapports sur la responsabilit\u00e9 de l\u2019entreprise<\/a><\/li>\n<li><a href=\"\/fr\/gobierno-corporativo\/etica-y-gobernanza\">\u00c9thique et gouvernance<\/a><\/li>\n<li><a class=\"active\" href=\"\/fr\/gobierno-corporativo\/accion-social\">Action sociale<\/a><\/li>\n<li><a href=\"\/fr\/gobierno-corporativo\/medioambiente\">Environnement<\/a><\/li>\n<\/ul>\n<p>        <button class=\"toggle-static-nav\">menu <i class=\"far fa-caret-square-down\"><\/i><\/button><br \/>\n    <\/nav>\n<section class=\"gc-cover-section top-cover scroll-div\">\n<div class=\"cover\" style=\"position: relative;\">\n<div class=\"gc-video-holder accion-social\" style=\"\/*height: 400px;display: flex;justify-content: center;align-items: center;overflow: hidden;*\/\">\n            <\/div>\n<p>            <a href=\"https:\/\/www.youtube.com\/watch?v=MBssLjq_FYw\" data-fancybox=\"\" class=\"btn btn-outlined\"><br \/>\n                <svg class=\"svg-inline--fa fa-play-circle fa-w-16 fa-lg\" aria-hidden=\"true\" data-prefix=\"far\" data-icon=\"play-circle\" role=\"img\" xmlns=\"http:\/\/www.w3.org\/2000\/svg\" viewBox=\"0 0 512 512\" data-fa-i2svg=\"\" style=\"width: 18.7px; height: 18.7px;\">\n                    <path fill=\"currentColor\" d=\"M371.7 238l-176-107c-15.8-8.8-35.7 2.5-35.7 21v208c0 18.4 19.8 29.8 35.7 21l176-101c16.4-9.1 16.4-32.8 0-42zM504 256C504 119 393 8 256 8S8 119 8 256s111 248 248 248 248-111 248-248zm-448 0c0-110.5 89.5-200 200-200s200 89.5 200 200-89.5 200-200 200S56 366.5 56 256z\"><\/path><\/svg><br \/>\n                    Voir la vid\u00e9o compl\u00e8te<br \/>\n            <\/a>\n        <\/div>\n<\/section>\n<section class=\"social-counter-section gc-section\">\n<div class=\"container mw-1200 \">\n<h1 class=\"gc-title text-center\" style=\"color:black\">ACTION SOCIALE<\/h1>\n<div class=\"counters\">\n<div class=\"row\">\n<div class=\"col col-md-6\">\n<p class=\"text-center counter\" id=\"counter-a\">\n<p class=\"text-center\">\n<h2 class=\"text-center\">ACTIONS R\u00c9ALIS\u00c9ES<\/h2>\n<\/p>\n<p class=\"text-center year\">EN 2023<\/p>\n<\/p><\/div>\n<div class=\"col col-md-6\">\n<p class=\"text-center counter\" id=\"counter-b\">\n<p class=\"text-center\">\n<h2 class=\"text-center\">B\u00c9N\u00c9FICIAIRES<\/h2>\n<\/p>\n<p class=\"text-center year\">EN 2023<\/p>\n<\/p><\/div>\n<\/p><\/div>\n<\/p><\/div>\n<\/p><\/div>\n<\/section>\n<section class=\"accion-destacada-section gc-section background-gray-lighter\">\n<div class=\"container mw-1200 gc-accion-destacada\">\n<p class=\"text-center\">ACTION IMPORTANTE<\/p>\n<h2 class=\"text-center\">COLLABORATION AVEC L\u2019ONG RAFIKI AFRICA <\/h2>\n<div class=\"row\">\n<div class=\"col col-md-6\">\n<p>TM collabore avec Rafiki Africa sur trois projets \u00e0 <b>Kenziga<\/b>, district de Sembabule (Ouganda), afin de contribuer \u00e0 la <b>lutte contre la pauvret\u00e9, les in\u00e9galit\u00e9s et l\u2019exclusion sociale<\/b>. <\/p>\n<p>Parmi les projets, citons la <b>construction d\u2019une \u00e9cole de formation agricole<\/b>,  la cr\u00e9ation d\u2019une <b>usine de traitement d\u2019eau potable<\/b> et un projet de <b>microcr\u00e9dits pour les femmes de la r\u00e9gion<\/b>.<\/p>\n<\/p><\/div>\n<div class=\"col col-md-6\">\n                    <img decoding=\"async\" src=\"https:\/\/www.tmgrupoinmobiliario.com\/blog\/wp-content\/uploads\/2023\/07\/Colaboracion-Rafiki.jpg\" alt=\"\" >\n                <\/div>\n<\/p><\/div>\n<\/p><\/div>\n<\/section>\n<section class=\"iniciativas-slider-section gc-section\">\n<div class=\"container mw-1200\">\n<div class=\"acciones-slider dots-slider\">\n<div class=\"slide-holder\">\n<h3 class=\"text-left\">PROGRAMME DE MICROCR\u00c9DITS POUR LES FEMMES DE LA R\u00c9GION<\/h3>\n<div class=\"grid-container\">\n<div class=\"block1\">\n<div class=\"\">\n                                <img decoding=\"async\" src=\"https:\/\/www.tmgrupoinmobiliario.com\/blog\/wp-content\/uploads\/2024\/02\/IMG20221208171235-scaled-1.jpg\" class=\"img-fluid\">\n                            <\/div>\n<\/p><\/div>\n<div class=\"block2\">\n<div class=\"\">\n<p class=\"text-left\">Dans la plupart des pays africains, l\u2019autonomisation des femmes est l\u2019un des principaux d\u00e9fis du d\u00e9veloppement social.<\/p>\n<p class=\"text-left\">Ces microcr\u00e9dits permettent aux b\u00e9n\u00e9ficiaires de d\u00e9marrer une activit\u00e9 g\u00e9n\u00e9ratrice de revenus afin de pouvoir <b>am\u00e9liorer leur qualit\u00e9 de vie et celle de leur famille.<\/b><\/p>\n<\/div><\/div>\n<div class=\"block3\">\n                            <video controls muted style=\"width: 100%; height: 230px;background: linear-gradient(45deg, #bb8038, #a93a3a1c, #6b2b2bcf);\"><source src=\"https:\/\/static.tmgrupoinmobiliario.com\/files\/microcreditos-video.mp4\" type=\"video\/mp4\">Votre navigateur ne prend pas en charge la balise vid\u00e9o.<\/video>\n                        <\/div>\n<\/p><\/div>\n<\/p><\/div>\n<div class=\"slide-holder\">\n<h3 class=\"text-left\">\u00c9COLE D&#8217;AGRICULTURE<\/h3>\n<div class=\"grid-container\">\n<div class=\"block1\">\n                            <img decoding=\"async\" src=\"https:\/\/www.tmgrupoinmobiliario.com\/blog\/wp-content\/uploads\/2024\/02\/Escuela-agraria-1-scaled-1.jpg\">\n                        <\/div>\n<div class=\"block2\">\n<p class=\"text-left\">Construction d&#8217;une \u00e9cole d&#8217;agriculture o\u00f9 les femmes locales apprennent des <b>m\u00e9thodes efficaces et durables<\/b> li\u00e9es \u00e0 l&#8217;\u00e9levage de ch\u00e8vres, de volailles et \u00e0 l&#8217;apiculture, ou \u00e0 la culture efficace du ma\u00efs, entre autres.<\/p>\n<\/p><\/div>\n<div class=\"block3\">\n                            <img decoding=\"async\" src=\"https:\/\/www.tmgrupoinmobiliario.com\/blog\/wp-content\/uploads\/2024\/02\/Escuela-agraria-2.jpeg\" class=\"img-fluid\">\n                        <\/div>\n<\/p><\/div>\n<\/p><\/div>\n<div class=\"slide-holder\">\n<h3 class=\"text-left\">STATION D&#8217;\u00c9PURATION DES EAUX<\/h3>\n<div class=\"grid-container\">\n<div class=\"block1\">\n                            <img decoding=\"async\" src=\"https:\/\/www.tmgrupoinmobiliario.com\/blog\/wp-content\/uploads\/2024\/02\/potabilizacion.png\" class=\"img-fluid\">\n                        <\/div>\n<div class=\"block2\">\n<p class=\"text-left\">Dans les zones rurales de l&#8217;Ouganda, il n&#8217;y a g\u00e9n\u00e9ralement pas d&#8217;eau potable, car il n&#8217;y a que des \u00e9tangs qui se remplissent avec les pluies.<\/p>\n<p class=\"text-left\">Pour cette raison, <b>une station de potabilisation a \u00e9t\u00e9 construite<\/b>, compos\u00e9e de dix robinets qui permettront aux \u00e9l\u00e8ves et aux familles de l&#8217;\u00e9cole <em>Rafiki Carmen P\u00e9rez Gonz\u00e1lez<\/em> d&#8217;acc\u00e9der \u00e0 de l&#8217;eau potable.<\/p>\n<\/p><\/div>\n<div class=\"block3\">\n                            <img decoding=\"async\" src=\"https:\/\/www.tmgrupoinmobiliario.com\/blog\/wp-content\/uploads\/2024\/02\/Planta-potabilizadora-2.jpg\" class=\"img-fluid\" style=\"object-position: 50% 70%;\" >\n                        <\/div>\n<\/p><\/div>\n<\/p><\/div>\n<div class=\"slide-holder\">\n<h3 class=\"text-left\">CONSTRUCTION DE L&#8217;INTERNAT<\/h3>\n<div class=\"grid-container\">\n<div class=\"block1\">\n                            <img decoding=\"async\" src=\"https:\/\/www.tmgrupoinmobiliario.com\/blog\/wp-content\/uploads\/2024\/02\/orfanato.jpg\" class=\"img-fluid\">\n                        <\/div>\n<div class=\"block2\">\n<p class=\"text-left\"><b>Mise en place d&#8217;un internat<\/b> o\u00f9 les enfants du secondaire pourront poursuivre leur vie et leur \u00e9ducation dans un environnement plus adapt\u00e9 \u00e0 leurs besoins.<\/p>\n<\/p><\/div>\n<div class=\"block3\">\n                            <video style=\"WIDTH: 100%;height:250px\" class=\"img-fluid\" controls=\"\" muted ><source src=\"https:\/\/static.tmgrupoinmobiliario.com\/files\/gc\/video\/Orfanato.mp4\" type=\"video\/mp4\">Votre navigateur ne prend pas en charge la balise vid\u00e9o.<\/video>\n                        <\/div>\n<\/p><\/div>\n<\/p><\/div>\n<\/p><\/div>\n<p> <!--slider--><\/p><\/div>\n<p><!--container--><br \/>\n    <\/section>\n<p>        <!--<\/div>\n\n--><\/p>\n<p>    <!--\n\n<div class=\"gc gc-accion-social-section \/*compromiso-ods-section*\/\">--><\/p>\n<section class=\"gc-cover-section ods-cover gc-section\">\n<h1>NOTRE ENGAGEMENT EN FAVEUR DES ODD<\/h1>\n<div class=\"cover\" style=\"position:relative\">\n<div class=\"gc-video-holder compromiso-ods\" style=\"height: 400px;display: flex;justify-content: center;align-items: center;overflow: hidden;\"><\/div>\n<p>            <a href=\"https:\/\/www.youtube.com\/watch?v=-rz-qVeidso\" data-fancybox=\"\" class=\"btn btn-outlined\"><br \/>\n                <svg class=\"svg-inline--fa fa-play-circle fa-w-16 fa-lg\" aria-hidden=\"true\" data-prefix=\"far\" data-icon=\"play-circle\" role=\"img\" xmlns=\"http:\/\/www.w3.org\/2000\/svg\" viewBox=\"0 0 512 512\" data-fa-i2svg=\"\" style=\"width: 18.7px; height: 18.7px;\">\n                    <path fill=\"currentColor\" d=\"M371.7 238l-176-107c-15.8-8.8-35.7 2.5-35.7 21v208c0 18.4 19.8 29.8 35.7 21l176-101c16.4-9.1 16.4-32.8 0-42zM504 256C504 119 393 8 256 8S8 119 8 256s111 248 248 248 248-111 248-248zm-448 0c0-110.5 89.5-200 200-200s200 89.5 200 200-89.5 200-200 200S56 366.5 56 256z\"><\/path><\/svg><!-- <i class=\"far fa-lg fa-play-circle\"><\/i> --><br \/>\n                    Voir la vid\u00e9o compl\u00e8te<br \/>\n            <\/a><br \/>\n            <!--\n            \n\n<p style=\"position:absolute;bottom:10%;z-index:2;width: 100%;text-align:center;\"><a class=\"btn btn-default\" href=\"https:\/\/www.youtube.com\/watch?v=-rz-qVeidso\" target=\"_blank\" rel=\"noopener\">Ver video completo<\/a><\/p>\n\n-->\n        <\/div>\n<\/section>\n<section class=\"compromiso-ods-section gc-section\">\n<div class=\"container mw-1200\">\n<div class=\"ods-nav nav nav-tabs\" style=\"display: flex; justify-content: center;flex-direction: row;flex-wrap: wrap;\">\n                <a class=\"nav-link active\" role=\"presentation\" id=\"tab1\" data-toggle=\"tab\" href=\"#ods-3\"><\/p>\n<div class=\"link-holder\">\n                            <img decoding=\"async\" src=\"https:\/\/static.tmgrupoinmobiliario.com\/files\/gc\/img\/ods-3.png\">\n                    <\/div>\n<p>                <\/a><\/p>\n<p>                <a class=\"nav-link\" role=\"presentation\" id=\"tab1\" data-toggle=\"tab\" href=\"#ods-4\"><\/p>\n<div class=\"link-holder\">\n                        <img decoding=\"async\" src=\"https:\/\/static.tmgrupoinmobiliario.com\/files\/gc\/img\/ODS-4.png\">\n                    <\/div>\n<p>                <\/a><br \/>\n                <a class=\"nav-link\" role=\"presentation\" id=\"tab2\" data-toggle=\"tab\" href=\"#ods-6\"><\/p>\n<div class=\"link-holder\">\n                        <img decoding=\"async\" src=\"https:\/\/static.tmgrupoinmobiliario.com\/files\/gc\/img\/ODS-6.png\">\n                    <\/div>\n<p>                <\/a><br \/>\n                <!--<a class=\"nav-link\" role=\"presentation\" id=\"tab3\" data-toggle=\"tab\" href=\"#ods-8\">\n                    \n\n<div class=\"link-holder\">\n                        <img decoding=\"async\" src=\"https:\/\/static.tmgrupoinmobiliario.com\/files\/gc\/img\/ODS-8.png\"> \n                    <\/div>\n\n\n                <\/a>--><br \/>\n                <a class=\"nav-link\" role=\"presentation\" id=\"tab4\" data-toggle=\"tab\" href=\"#ods-10\"><\/p>\n<div class=\"link-holder\">\n                        <img decoding=\"async\" src=\"https:\/\/static.tmgrupoinmobiliario.com\/files\/gc\/img\/ODS-10.png\">\n                    <\/div>\n<p>                <\/a><br \/>\n                <!--  \n\n<div class=\"link-holder\">\n                            <a class=\"nav-link\" role=\"presentation\" id=\"tab5\" data-toggle=\"tab\" href=\"#ods-16\">\n                                <img decoding=\"async\" src=\"https:\/\/static.tmgrupoinmobiliario.com\/files\/gc\/img\/ODS-16.png')}}\">\n                            <\/a>\n                        <\/div>\n\n --><br \/>\n                <a class=\"nav-link\" role=\"presentation\" id=\"tab6\" data-toggle=\"tab\" href=\"#ods-17\"><\/p>\n<div class=\"link-holder\">\n                        <img decoding=\"async\" src=\"https:\/\/static.tmgrupoinmobiliario.com\/files\/gc\/img\/ods-17-150x150.jpg\">\n                    <\/div>\n<p>                <\/a>\n            <\/div>\n<\/p><\/div>\n<div id=\"\" class=\"section-politicas section-noticias\">\n<div class=\"container mw-1200 tab-content\" style=\"margin:auto\">\n<div class=\"tab-pane active\" id=\"ods-3\">\n<div class=\"ods-3-slider ods-slider dots-slider ods-arrows-slider\">\n<div class=\"card-holder\">\n<div class=\"card revista-card\" style=\"max-height:450px; padding:15px;\">\n<div class=\"slide-img slide-img-1\">\n\t\t\t\t\t\t\t\t\t  <img decoding=\"async\" src=\"https:\/\/static.tmgrupoinmobiliario.com\/files\/gc\/img\/ods-slider\/ODS+3\/3.+Movimiento+Rapunzel.PNG\">\n\t\t\t\t\t\t\t\t<\/div>\n<div class=\"card-content\">\n<p>Mouvement Rapunzel pour la fabrication de perruques m\u00e9dicales<\/p>\n<\/p><\/div>\n<\/p><\/div>\n<\/p><\/div>\n<div class=\"card-holder\">\n<div class=\"card revista-card\" style=\"max-height: 450px; padding:15px;\">\n<div class=\"slide-img slide-img-2\">\n\t\t\t\t\t\t\t\t\t<img decoding=\"async\" src=\"https:\/\/www.tmgrupoinmobiliario.com\/blog\/wp-content\/uploads\/2024\/01\/3-brigada-de-salud-previn-imms.png\"\/>\n                                       <\/div>\n<div class=\"card-content\">\n<p>Brigade de sant\u00e9 PrevinIMMS<\/p>\n<\/p><\/div>\n<\/p><\/div>\n<\/p><\/div>\n<div class=\"card-holder\">\n<div class=\"card revista-card\" style=\"max-height: 450px; padding:15px;\">\n<div class=\"slide-img slide-img-3\" >\n                                       <img decoding=\"async\" src=\"https:\/\/www.tmgrupoinmobiliario.com\/blog\/wp-content\/uploads\/2024\/01\/3-brigada-salud-visual-mexico.png\"\/>\n                                    <\/div>\n<div class=\"card-content\">\n<p>Brigade de sant\u00e9 oculaire<\/p>\n<\/p><\/div>\n<\/p><\/div>\n<\/p><\/div>\n<\/p><\/div>\n<\/p><\/div>\n<div class=\"tab-pane\" id=\"ods-4\">\n<div class=\"ods-4-slider ods-slider dots-slider ods-arrows-slider\">\n<div class=\"card-holder\">\n<div class=\"card revista-card\">\n                                <a href=\"https:\/\/www.tmgrupoinmobiliario.com\/blog\/2023\/03\/23\/tm-grupo-inmobiliario-renueva-su-compromiso-con-ong-rafiki-para-luchar-contra-la-pobreza-en-uganda\/\" target=\"_blank\" rel=\"noopener\"><\/p>\n<div class=\"slide-img slide-img-1\" >\n\t\t\t\t\t\t\t\t\t<img decoding=\"async\" src=\"https:\/\/www.tmgrupoinmobiliario.com\/blog\/wp-content\/uploads\/2024\/01\/4-escuela-agraria.jpg\"\/>\n\t\t\t\t\t\t\t\t\t<\/div>\n<div class=\"card-content\">\n<p>Construction d\u2019une \u00e9cole agricole avec l\u2019ONG Rafiki Africa<\/p>\n<\/div>\n<p>                                <\/a>\n                            <\/div>\n<\/p><\/div>\n<div class=\"card-holder\">\n<div class=\"card revista-card\">\n<div class=\"slide-img slide-img-2\" >\n                                 <img decoding=\"async\" src=\"https:\/\/www.tmgrupoinmobiliario.com\/blog\/wp-content\/uploads\/2024\/01\/4-escuela-noh-bec.jpg\"\/>\n                                <\/div>\n<div class=\"card-content\">\n<p>Visite du foyer pour enfants de Nuevo Noh-Bec<\/p>\n<\/p><\/div>\n<\/p><\/div>\n<\/p><\/div>\n<div class=\"card-holder\">\n<div class=\"card revista-card\">\n                                <a href=\"https:\/\/www.tmgrupoinmobiliario.com\/blog\/2022\/06\/27\/tm-esta-presente-en-los-xxviii-premios-fundeun\/\" target=\"_blank\" rel=\"noopener\"><\/p>\n<div class=\"slide-img slide-img-3\">\n\t\t\t\t\t\t\t\t\t<img decoding=\"async\" src=\"https:\/\/static.tmgrupoinmobiliario.com\/files\/gc\/img\/ods-slider\/ODS+4\/fundeun.jpeg\"\/>\n\t\t\t\t\t\t\t\t\t<\/div>\n<div class=\"card-content\">\n<p>Prix TM Real Estate Group \u00e0 la c\u00e9r\u00e9monie de remise des Prix Fundeun r\u00e9compensant les Nouveaux projets d\u2019entreprise<\/p>\n<\/div>\n<p>                                <\/a>\n                            <\/div>\n<\/p><\/div>\n<div class=\"card-holder\">\n<div class=\"card revista-card\">\n<div class=\"slide-img slide-img-4\">\n\t\t\t\t\t\t\t\t<!--<img decoding=\"async\" src=\"https:\/\/www.tmgrupoinmobiliario.com\/blog\/wp-content\/uploads\/2024\/01\/4-capdepera.jpg\"\/>--><br \/>\n\t\t\t\t\t\t\t\t<img decoding=\"async\" src=\"https:\/\/static.tmgrupoinmobiliario.com\/files\/gc\/img\/ods-slider\/ODS+4\/Capdepera.png\"\/>\n                                <\/div>\n<div class=\"card-content\">\n<p>Bourses universitaires accord\u00e9es \u00e0 des \u00e9tudiants en association avec la mairie de Capdepera<\/p>\n<\/p><\/div>\n<\/p><\/div>\n<\/p><\/div>\n<p>                       <!-- \n\n<div class=\"card-holder\">\n                            \n\n<div class=\"card revista-card\">\n                          <a href=\"https:\/\/www.tmgrupoinmobiliario.com\/blog\/2023\/03\/23\/tm-grupo-inmobiliario-renueva-su-compromiso-con-ong-rafiki-para-luchar-contra-la-pobreza-en-uganda\/\" target=\"_blank\" rel=\"noopener\">\n\t\t\t\t\t\t\t  \n\n<div class=\"slide-img slide-img-5\">\n\t\t\t\t\t\t\t  <img decoding=\"async\" src=\"https:\/\/www.tmgrupoinmobiliario.com\/blog\/wp-content\/uploads\/2024\/01\/microcreditos.jpeg\"\/>\n\t\t\t\t\t\t\t  <\/div>\n\n\n                                    \n\n<div class=\"card-content\">\n                                        \n\n<p>Programa de microcr\u00e9ditos a mujeres emprendedoras en Uganda con ONG Rafiki \u00c1frica<\/p>\n\n\n                                    <\/div>\n\n\n                                <\/a> \n                            <\/div>\n\n\n                        <\/div>\n\n--><\/p><\/div>\n<\/p><\/div>\n<div class=\"tab-pane\" id=\"ods-6\">\n<div class=\"ods-6-slider dots-slider ods-slider ods-arrows-slider\">\n<div class=\"card-holder\">\n<div class=\"card revista-card\">\n                         <a href=\"https:\/\/www.tmgrupoinmobiliario.com\/blog\/2023\/03\/23\/tm-grupo-inmobiliario-renueva-su-compromiso-con-ong-rafiki-para-luchar-contra-la-pobreza-en-uganda\/\" target=\"_blank\" rel=\"noopener\"><\/p>\n<div class=\"slide-img slide-img-1\" >\n\t\t\t\t\t\t\t\t\t<img decoding=\"async\" src=\"https:\/\/static.tmgrupoinmobiliario.com\/files\/gc\/img\/ods-slider\/ODS+6\/planta+de+agua+potable.jpg\"\/><\/p><\/div>\n<div class=\"card-content\">\n<p>Construction d\u2019une usine de traitement des eaux \u00e0 Kenziga, Ouganda, avec l\u2019ONG Rafiki Africa<\/p>\n<\/p><\/div>\n<p>                                <\/a>\n                            <\/div>\n<\/p><\/div>\n<div class=\"card-holder\">\n<div class=\"card revista-card\">\n                     <a href=\"https:\/\/www.tmgrupoinmobiliario.com\/blog\/2022\/11\/29\/tm-grupo-inmobiliario-y-fundacion-vicente-ferrer-desarrollaran-un-proyecto-de-agua-potable-en-la-india\/\" target=\"_blank\" rel=\"noopener\"><\/p>\n<div class=\"slide-img slide-img-2\" >\n\t\t\t\t\t\t\t\t\t<img decoding=\"async\" src=\"https:\/\/www.tmgrupoinmobiliario.com\/blog\/wp-content\/uploads\/2024\/01\/6-fundacionVF.jpg\"\/><\/p><\/div>\n<div class=\"card-content\">\n<p>Construction de structures d\u2019approvisionnement en eau dans le village D. K. Thanda avec la fondation Vicente Ferrer<\/p>\n<\/p><\/div>\n<p>                                <\/a>\n                            <\/div>\n<\/p><\/div>\n<\/p><\/div>\n<\/p><\/div>\n<div class=\"tab-pane\" id=\"ods-8\">\n<div class=\"\/*ods-8-slider*\/ ods-slider\">\n<div class=\"row card revista-card\" style=\"margin: 10px;\">\n<div class=\"col-md-2 col-sm-12\"><\/div>\n<div class=\"col col-md-8 col-sm-12 \/*slide-img slide-img-5*\/\" \n\t\t\t\t\t\t\tstyle=\"\"><br \/>\n                         <a href=\"https:\/\/www.tmgrupoinmobiliario.com\/blog\/2023\/03\/23\/tm-grupo-inmobiliario-renueva-su-compromiso-con-ong-rafiki-para-luchar-contra-la-pobreza-en-uganda\/\" target=\"_blank\" rel=\"noopener\"><\/p>\n<div class=\"slide-img\" style=\"margin:auto\" >\n\t\t\t\t\t\t\t\t<img decoding=\"async\" src=\"https:\/\/www.tmgrupoinmobiliario.com\/blog\/wp-content\/uploads\/2024\/01\/microcreditos.jpeg\"\/>\n\t\t\t\t\t\t\t\t<\/div>\n<\/p><\/div>\n<div class=\"card-content\">\n<p>Programme de microcr\u00e9dits pour les femmes cheffes d\u2019entreprise en Ouganda avec l\u2019ONG Rafiki Africa <\/p>\n<\/p><\/div>\n<p>                           <\/a>  <\/p>\n<div class=\"col-md-2 col-sm-12\">\n\t\t\t\t\t\t\t<\/div>\n<\/p><\/div>\n<\/p><\/div>\n<\/p><\/div>\n<div class=\"tab-pane\" id=\"ods-10\">\n<div class=\"ods-10-slider ods-slider dots-slider ods-arrows-slider\">\n<div class=\"card-holder\">\n<div class=\"card revista-card\">\n<div class=\"slide-img slide-img-1\" >\n\t\t\t\t\t\t\t\t<img decoding=\"async\" src=\"https:\/\/static.tmgrupoinmobiliario.com\/files\/gc\/img\/ods-slider\/ODS+10\/AFA.jpg\"\/>\n\t\t\t\t\t\t\t\t<\/div>\n<div class=\"card-content\">\n<p>Course de solidarit\u00e9 AFA<\/p>\n<\/p><\/div>\n<\/p><\/div>\n<\/p><\/div>\n<div class=\"card-holder\">\n<div class=\"card revista-card\">\n                          <a href=\"https:\/\/www.tmgrupoinmobiliario.com\/blog\/2023\/03\/23\/tm-grupo-inmobiliario-renueva-su-compromiso-con-ong-rafiki-para-luchar-contra-la-pobreza-en-uganda\/\" target=\"_blank\" rel=\"noopener\"><\/p>\n<div class=\"slide-img slide-img-2\" >\n\t\t\t\t\t\t\t\t\t<img decoding=\"async\" src=\"https:\/\/static.tmgrupoinmobiliario.com\/files\/gc\/img\/ods-slider\/Microcr\u00e9ditos2.jpg\"\/>\n\t\t\t\t\t\t\t\t\t<\/div>\n<div class=\"card-content\">\n<p>Programme de microcr\u00e9dits pour les femmes cheffes d\u2019entreprise en Ouganda avec l\u2019ONG Rafiki Africa<\/p>\n<\/p><\/div>\n<p>                                <\/a>\n                            <\/div>\n<\/p><\/div>\n<p>                       <!-- \n\n<div class=\"card-holder\">\n                            \n\n<div class=\"card revista-card\">\n                                <a href=\"https:\/\/www.youtube.com\/watch?v=eVZUkh8Auko&t=4s\" target=\"_blank\" rel=\"noopener\">\n                                    \n\n<div class=\"slide-img slide-img-3\" style=\"background-image: url(https:\/\/www.tmgrupoinmobiliario.com\/blog\/wp-content\/uploads\/2023\/12\/Convencion_proveedores_TM_2023-scaled.jpg);\"><\/div>\n\n\n                                    \n\n<div class=\"card-content\">\n                                        \n\n<p>Convenci\u00f3n de Proveedores 2023, \"Compromiso TM\" <\/p>\n\n\n                                    <\/div>\n\n\n                                <\/a>\n                            <\/div>\n\n\n                        <\/div>\n\n--><\/p><\/div>\n<\/p><\/div>\n<p>                <!--\n\n<div class=\"tab-pane\" id=\"ods-16\">\n                    \n\n<div class=\"ods-16-slider ods-slider\">\n                        \n\n<div class=\"card-holder\">\n                            \n\n<div class=\"card revista-card\" style=\"left:20%\">\n                                \n                                \n\n<div class=\"slide-img slide-img-1\" style=\"background-image:url('https:\/\/static.tmgrupoinmobiliario.com\/files\/gc\/img\/ods-slider\/ODS+16\/ayuda+Ucrania.jpg');\"><\/div>\n\n\n                                \n\n<div class=\"card-content\">\n                                    \n\n<p>Compra de material sanitario para ayuda a Ucrania<\/p>\n\n\n                                <\/div>\n\n\n                            <\/div>\n\n\n                        <\/div>\n\n\n                    <\/div>\n\n\n                <\/div>\n\n--><\/p>\n<div class=\"tab-pane\" id=\"ods-17\">\n<div class=\"ods-17-slider ods-slider dots-slider ods-arrows-slider\">\n<div class=\"card-holder\">\n<div class=\"card revista-card\">\n<div class=\"slide-img slide-img-1\" >\n\t\t\t\t\t\t\t\t<!--<img decoding=\"async\" src=\"https:\/\/www.tmgrupoinmobiliario.com\/blog\/wp-content\/uploads\/2024\/01\/17-aecc-marbella.jpg\"\/>--><br \/>\n\t\t\t\t\t\t\t\t<img decoding=\"async\" src=\"https:\/\/static.tmgrupoinmobiliario.com\/files\/gc\/img\/ods-slider\/ODS+17\/aecc+marbella.jpg\"\/>\n\t\t\t\t\t\t\t\t<\/div>\n<div class=\"card-content\">\n<p>D\u00eener de gala AECC Marbella<\/p>\n<\/p><\/div>\n<\/p><\/div>\n<\/p><\/div>\n<div class=\"card-holder\">\n<div class=\"card revista-card\">\n                           <a href=\"https:\/\/www.tmgrupoinmobiliario.com\/blog\/2021\/11\/23\/tm-se-une-al-centro-internacional-de-investigacion-del-envejecimiento-pionero-en-espana-y-europa\/\" target=\"_blank\" rel=\"noopener\"><\/p>\n<div class=\"slide-img slide-img-2\" >\n\t\t\t\t\t\t\t\t\t<!--<img decoding=\"async\" src=\"https:\/\/www.tmgrupoinmobiliario.com\/blog\/wp-content\/uploads\/2024\/01\/17-envejecimiento.jpeg\"\/>--><br \/>\n\t\t\t\t\t\t\t\t\t<img decoding=\"async\" src=\"https:\/\/static.tmgrupoinmobiliario.com\/files\/gc\/img\/ods-slider\/ODS+17\/envejecimiento.jpeg\"\/>\n\t\t\t\t\t\t\t\t\t<\/div>\n<div class=\"card-content\">\n<p>Contribution financi\u00e8re vers\u00e9e \u00e0 la fondation Centre national de recherche sur le vieillissement<\/p>\n<\/p><\/div>\n<p>                                <\/a>\n                            <\/div>\n<\/p><\/div>\n<div class=\"card-holder\">\n<div class=\"card revista-card\">\n                               <a href=\"https:\/\/www.tmgrupoinmobiliario.com\/blog\/2023\/03\/27\/tm-grupo-inmobiliario-patrocinador-oficial-de-la-20a-edicion-del-festival-de-cine-de-alicante\/\" target=\"_blank\" rel=\"noopener\"><\/p>\n<div class=\"slide-img slide-img-3\" >\n\t\t\t\t\t\t\t\t\t<img decoding=\"async\" src=\"https:\/\/www.tmgrupoinmobiliario.com\/blog\/wp-content\/uploads\/2024\/01\/17-FestivalCine.jpg\"\/>\n\t\t\t\t\t\t\t\t\t<\/div>\n<div class=\"card-content\">\n<p>Festival international du cin\u00e9ma d\u2019Alicante<\/p>\n<\/p><\/div>\n<p>                                <\/a>\n                            <\/div>\n<\/p><\/div>\n<div class=\"card-holder\">\n<div class=\"card revista-card\">\n                                <a href=\"https:\/\/www.youtube.com\/watch?v=eVZUkh8Auko&#038;t=4s\" target=\"_blank\" rel=\"noopener\"><\/p>\n<div class=\"slide-img slide-img-3\" >\n\t\t\t\t\t\t\t\t\t<img decoding=\"async\" src=\"https:\/\/www.tmgrupoinmobiliario.com\/blog\/wp-content\/uploads\/2024\/01\/17-Convencion_proveedores_TM_2023-scaled-1.jpg\"\/>\n\t\t\t\t\t\t\t\t\t<\/div>\n<div class=\"card-content\">\n<p>Convention des fournisseurs 2323, \u00ab Engagement TM \u00bb <\/p>\n<\/p><\/div>\n<p>                                <\/a>\n                            <\/div>\n<\/p><\/div>\n<\/p><\/div>\n<\/p><\/div>\n<\/p><\/div>\n<\/p><\/div>\n<\/section>\n<\/div>\n","protected":false},"excerpt":{"rendered":"<p>Plan directeur en mati\u00e8re de responsabilit\u00e9 de l\u2019entreprise Rapports sur la responsabilit\u00e9 de l\u2019entreprise \u00c9thique et gouvernance Action sociale Environnement menu Voir la vid\u00e9o compl\u00e8te ACTION SOCIALE ACTIONS R\u00c9ALIS\u00c9ES EN 2023 B\u00c9N\u00c9FICIAIRES EN 2023 ACTION IMPORTANTE COLLABORATION AVEC L\u2019ONG RAFIKI AFRICA TM collabore avec Rafiki Africa sur trois projets \u00e0 Kenziga, district de Sembabule (Ouganda), [&hellip;]<\/p>\n","protected":false},"author":11715,"featured_media":0,"parent":0,"menu_order":0,"comment_status":"closed","ping_status":"closed","template":"","meta":{"footnotes":""},"class_list":["post-20156","page","type-page","status-publish","hentry"],"better_featured_image":null,"acf":[],"yoast_head":"<!-- This site is optimized with the Yoast SEO Premium plugin v23.6 (Yoast SEO v27.5) - https:\/\/yoast.com\/product\/yoast-seo-premium-wordpress\/ -->\n<title>Acci\u00f3n Social - Francais<\/title>\n<meta name=\"robots\" content=\"index, follow, max-snippet:-1, max-image-preview:large, max-video-preview:-1\" \/>\n<link rel=\"canonical\" href=\"https:\/\/blog.tmgrupoinmobiliario.com\/fr\/accion-social\/\" \/>\n<meta property=\"og:locale\" content=\"fr_FR\" \/>\n<meta property=\"og:type\" content=\"article\" \/>\n<meta property=\"og:title\" content=\"Acci\u00f3n Social\" \/>\n<meta property=\"og:description\" content=\"Plan directeur en mati\u00e8re de responsabilit\u00e9 de l\u2019entreprise Rapports sur la responsabilit\u00e9 de l\u2019entreprise \u00c9thique et gouvernance Action sociale Environnement menu Voir la vid\u00e9o compl\u00e8te ACTION SOCIALE ACTIONS R\u00c9ALIS\u00c9ES EN 2023 B\u00c9N\u00c9FICIAIRES EN 2023 ACTION IMPORTANTE COLLABORATION AVEC L\u2019ONG RAFIKI AFRICA TM collabore avec Rafiki Africa sur trois projets \u00e0 Kenziga, district de Sembabule (Ouganda), [&hellip;]\" \/>\n<meta property=\"og:url\" content=\"https:\/\/blog.tmgrupoinmobiliario.com\/fr\/accion-social\/\" \/>\n<meta property=\"og:site_name\" content=\"Francais\" \/>\n<meta property=\"og:image\" content=\"https:\/\/www.tmgrupoinmobiliario.com\/blog\/wp-content\/uploads\/2023\/07\/Colaboracion-Rafiki.jpg\" \/>\n<meta name=\"twitter:card\" content=\"summary_large_image\" \/>\n<script type=\"application\/ld+json\" class=\"yoast-schema-graph\">{\"@context\":\"https:\\\/\\\/schema.org\",\"@graph\":[{\"@type\":\"WebPage\",\"@id\":\"https:\\\/\\\/blog.tmgrupoinmobiliario.com\\\/fr\\\/accion-social\\\/\",\"url\":\"https:\\\/\\\/blog.tmgrupoinmobiliario.com\\\/fr\\\/accion-social\\\/\",\"name\":\"Acci\u00f3n Social - Francais\",\"isPartOf\":{\"@id\":\"https:\\\/\\\/blog.tmgrupoinmobiliario.com\\\/fr\\\/#website\"},\"primaryImageOfPage\":{\"@id\":\"https:\\\/\\\/blog.tmgrupoinmobiliario.com\\\/fr\\\/accion-social\\\/#primaryimage\"},\"image\":{\"@id\":\"https:\\\/\\\/blog.tmgrupoinmobiliario.com\\\/fr\\\/accion-social\\\/#primaryimage\"},\"thumbnailUrl\":\"https:\\\/\\\/www.tmgrupoinmobiliario.com\\\/blog\\\/wp-content\\\/uploads\\\/2023\\\/07\\\/Colaboracion-Rafiki.jpg\",\"datePublished\":\"2024-12-20T12:11:07+00:00\",\"breadcrumb\":{\"@id\":\"https:\\\/\\\/blog.tmgrupoinmobiliario.com\\\/fr\\\/accion-social\\\/#breadcrumb\"},\"inLanguage\":\"fr-FR\",\"potentialAction\":[{\"@type\":\"ReadAction\",\"target\":[\"https:\\\/\\\/blog.tmgrupoinmobiliario.com\\\/fr\\\/accion-social\\\/\"]}]},{\"@type\":\"ImageObject\",\"inLanguage\":\"fr-FR\",\"@id\":\"https:\\\/\\\/blog.tmgrupoinmobiliario.com\\\/fr\\\/accion-social\\\/#primaryimage\",\"url\":\"https:\\\/\\\/www.tmgrupoinmobiliario.com\\\/blog\\\/wp-content\\\/uploads\\\/2023\\\/07\\\/Colaboracion-Rafiki.jpg\",\"contentUrl\":\"https:\\\/\\\/www.tmgrupoinmobiliario.com\\\/blog\\\/wp-content\\\/uploads\\\/2023\\\/07\\\/Colaboracion-Rafiki.jpg\"},{\"@type\":\"BreadcrumbList\",\"@id\":\"https:\\\/\\\/blog.tmgrupoinmobiliario.com\\\/fr\\\/accion-social\\\/#breadcrumb\",\"itemListElement\":[{\"@type\":\"ListItem\",\"position\":1,\"name\":\"Portada\",\"item\":\"https:\\\/\\\/blog.tmgrupoinmobiliario.com\\\/fr\\\/\"},{\"@type\":\"ListItem\",\"position\":2,\"name\":\"Acci\u00f3n Social\"}]},{\"@type\":\"WebSite\",\"@id\":\"https:\\\/\\\/blog.tmgrupoinmobiliario.com\\\/fr\\\/#website\",\"url\":\"https:\\\/\\\/blog.tmgrupoinmobiliario.com\\\/fr\\\/\",\"name\":\"Francais\",\"description\":\"Otro sitio m\u00e1s de Blog Desarrollo TM sitios\",\"potentialAction\":[{\"@type\":\"SearchAction\",\"target\":{\"@type\":\"EntryPoint\",\"urlTemplate\":\"https:\\\/\\\/blog.tmgrupoinmobiliario.com\\\/fr\\\/?s={search_term_string}\"},\"query-input\":{\"@type\":\"PropertyValueSpecification\",\"valueRequired\":true,\"valueName\":\"search_term_string\"}}],\"inLanguage\":\"fr-FR\"}]}<\/script>\n<!-- \/ Yoast SEO Premium plugin. -->","yoast_head_json":{"title":"Acci\u00f3n Social - Francais","robots":{"index":"index","follow":"follow","max-snippet":"max-snippet:-1","max-image-preview":"max-image-preview:large","max-video-preview":"max-video-preview:-1"},"canonical":"https:\/\/blog.tmgrupoinmobiliario.com\/fr\/accion-social\/","og_locale":"fr_FR","og_type":"article","og_title":"Acci\u00f3n Social","og_description":"Plan directeur en mati\u00e8re de responsabilit\u00e9 de l\u2019entreprise Rapports sur la responsabilit\u00e9 de l\u2019entreprise \u00c9thique et gouvernance Action sociale Environnement menu Voir la vid\u00e9o compl\u00e8te ACTION SOCIALE ACTIONS R\u00c9ALIS\u00c9ES EN 2023 B\u00c9N\u00c9FICIAIRES EN 2023 ACTION IMPORTANTE COLLABORATION AVEC L\u2019ONG RAFIKI AFRICA TM collabore avec Rafiki Africa sur trois projets \u00e0 Kenziga, district de Sembabule (Ouganda), [&hellip;]","og_url":"https:\/\/blog.tmgrupoinmobiliario.com\/fr\/accion-social\/","og_site_name":"Francais","og_image":[{"url":"https:\/\/www.tmgrupoinmobiliario.com\/blog\/wp-content\/uploads\/2023\/07\/Colaboracion-Rafiki.jpg","type":"","width":"","height":""}],"twitter_card":"summary_large_image","schema":{"@context":"https:\/\/schema.org","@graph":[{"@type":"WebPage","@id":"https:\/\/blog.tmgrupoinmobiliario.com\/fr\/accion-social\/","url":"https:\/\/blog.tmgrupoinmobiliario.com\/fr\/accion-social\/","name":"Acci\u00f3n Social - Francais","isPartOf":{"@id":"https:\/\/blog.tmgrupoinmobiliario.com\/fr\/#website"},"primaryImageOfPage":{"@id":"https:\/\/blog.tmgrupoinmobiliario.com\/fr\/accion-social\/#primaryimage"},"image":{"@id":"https:\/\/blog.tmgrupoinmobiliario.com\/fr\/accion-social\/#primaryimage"},"thumbnailUrl":"https:\/\/www.tmgrupoinmobiliario.com\/blog\/wp-content\/uploads\/2023\/07\/Colaboracion-Rafiki.jpg","datePublished":"2024-12-20T12:11:07+00:00","breadcrumb":{"@id":"https:\/\/blog.tmgrupoinmobiliario.com\/fr\/accion-social\/#breadcrumb"},"inLanguage":"fr-FR","potentialAction":[{"@type":"ReadAction","target":["https:\/\/blog.tmgrupoinmobiliario.com\/fr\/accion-social\/"]}]},{"@type":"ImageObject","inLanguage":"fr-FR","@id":"https:\/\/blog.tmgrupoinmobiliario.com\/fr\/accion-social\/#primaryimage","url":"https:\/\/www.tmgrupoinmobiliario.com\/blog\/wp-content\/uploads\/2023\/07\/Colaboracion-Rafiki.jpg","contentUrl":"https:\/\/www.tmgrupoinmobiliario.com\/blog\/wp-content\/uploads\/2023\/07\/Colaboracion-Rafiki.jpg"},{"@type":"BreadcrumbList","@id":"https:\/\/blog.tmgrupoinmobiliario.com\/fr\/accion-social\/#breadcrumb","itemListElement":[{"@type":"ListItem","position":1,"name":"Portada","item":"https:\/\/blog.tmgrupoinmobiliario.com\/fr\/"},{"@type":"ListItem","position":2,"name":"Acci\u00f3n Social"}]},{"@type":"WebSite","@id":"https:\/\/blog.tmgrupoinmobiliario.com\/fr\/#website","url":"https:\/\/blog.tmgrupoinmobiliario.com\/fr\/","name":"Francais","description":"Otro sitio m\u00e1s de Blog Desarrollo TM sitios","potentialAction":[{"@type":"SearchAction","target":{"@type":"EntryPoint","urlTemplate":"https:\/\/blog.tmgrupoinmobiliario.com\/fr\/?s={search_term_string}"},"query-input":{"@type":"PropertyValueSpecification","valueRequired":true,"valueName":"search_term_string"}}],"inLanguage":"fr-FR"}]}},"jetpack_sharing_enabled":true,"_links":{"self":[{"href":"https:\/\/blog.tmgrupoinmobiliario.com\/fr\/wp-json\/wp\/v2\/pages\/20156","targetHints":{"allow":["GET"]}}],"collection":[{"href":"https:\/\/blog.tmgrupoinmobiliario.com\/fr\/wp-json\/wp\/v2\/pages"}],"about":[{"href":"https:\/\/blog.tmgrupoinmobiliario.com\/fr\/wp-json\/wp\/v2\/types\/page"}],"author":[{"embeddable":true,"href":"https:\/\/blog.tmgrupoinmobiliario.com\/fr\/wp-json\/wp\/v2\/users\/11715"}],"replies":[{"embeddable":true,"href":"https:\/\/blog.tmgrupoinmobiliario.com\/fr\/wp-json\/wp\/v2\/comments?post=20156"}],"version-history":[{"count":1,"href":"https:\/\/blog.tmgrupoinmobiliario.com\/fr\/wp-json\/wp\/v2\/pages\/20156\/revisions"}],"predecessor-version":[{"id":20157,"href":"https:\/\/blog.tmgrupoinmobiliario.com\/fr\/wp-json\/wp\/v2\/pages\/20156\/revisions\/20157"}],"wp:attachment":[{"href":"https:\/\/blog.tmgrupoinmobiliario.com\/fr\/wp-json\/wp\/v2\/media?parent=20156"}],"curies":[{"name":"wp","href":"https:\/\/api.w.org\/{rel}","templated":true}]}}