{"id":20154,"date":"2024-12-20T13:10:09","date_gmt":"2024-12-20T12:10:09","guid":{"rendered":"https:\/\/blog.tmgrupoinmobiliario.com\/fr\/?page_id=20154"},"modified":"2024-12-30T12:48:27","modified_gmt":"2024-12-30T11:48:27","slug":"buzon-etico-sistema-interno-de-inform","status":"publish","type":"page","link":"https:\/\/blog.tmgrupoinmobiliario.com\/fr\/buzon-etico-sistema-interno-de-inform\/","title":{"rendered":"Buz\u00f3n \u00c9tico (SISTEMA INTERNO DE INFORM.)"},"content":{"rendered":"<div class=\"gc\">\n<nav class=\"static-nav inline-nav lineas-nav locked\">\n<ul>\n<li><a href=\"\/fr\/gobierno-corporativo\/plan-director-rc\">Plan directeur en mati\u00e8re de responsabilit\u00e9 de l\u2019entreprise<\/a><\/li>\n<li><a href=\"\/fr\/gobierno-corporativo\/memoria-rc\">Rapports sur la responsabilit\u00e9 de l\u2019entreprise<\/a><\/li>\n<li><a class=\"active\" href=\"\/fr\/gobierno-corporativo\/etica-y-gobernanza\">\u00c9thique et gouvernance<\/a><\/li>\n<li><a href=\"\/fr\/gobierno-corporativo\/accion-social\">Action sociale<\/a><\/li>\n<li><a href=\"\/fr\/gobierno-corporativo\/medioambiente\">Environnement<\/a><\/li>\n<\/ul>\n<p>        <button class=\"toggle-static-nav\">menu <i class=\"far fa-caret-square-down\"><\/i><\/button><br \/>\n    <\/nav>\n<section class=\"ca gc-buzon-etico-section gc-subsection\">\n<div class=\"container mw-1200\">\n<div class=\"mod-promotion-breadcrumb-holder\" style=\"padding:15px;\">\n<ul class=\"breadcrumb\">\n<li><a href=\"\/fr\/gobierno-corporativo\/etica-y-gobernanza#ethics-gov\">\u00c9thique et gouvernance<\/a><\/li>\n<li><strong>Syst\u00e8me interne d\u2019information et de d\u00e9fense du lanceur d\u2019alerte<\/strong><\/li>\n<\/ul><\/div>\n<div class=\"ca-intro gc-seguridad\">\n<div class=\"intro\">\n<h4>Syst\u00e8me interne d\u2019information et de d\u00e9fense du lanceur d\u2019alerte<\/h4>\n<p>TM s\u2019engage \u00e0 \u00eatre une r\u00e9f\u00e9rence en mati\u00e8re de bonne gouvernance et d\u2019\u00e9thique commerciale. C\u2019est la raison pour laquelle nous continuons de perfectionner notre mod\u00e8le de conformit\u00e9 r\u00e9glementaire et de Compliance, en satisfaisant aux exigences de la loi sur la protection du lanceur d\u2019alerte, en vigueur en Espagne.<\/p>\n<\/p><\/div>\n<div class=\"\">\n<div class=\"row\">\n<div class=\"col col-md-6\">\n                            <img decoding=\"async\" style=\"width: 100%\" src=\"https:\/\/www.tmgrupoinmobiliario.com\/blog\/wp-content\/uploads\/2023\/06\/06_12-Sistema-Interno-de-Informacion-y-Defensa-del-Informante-de-TM-Grupo-Inmobiliario-1000x666-1.jpg\">\n                        <\/div>\n<div class=\"col col-md-6  gc-buz\u00f3n-etico\">\n<p class=\"subtitle\"><em>Syst\u00e8me interne d\u2019information et de d\u00e9fense du lanceur d\u2019alerte de TM<\/em><\/p>\n<p class=\"text-left text\">TM s\u2019engage \u00e0 \u00eatre une r\u00e9f\u00e9rence en mati\u00e8re de bonne gouvernance et d\u2019\u00e9thique commerciale. C\u2019est pourquoi nous nous appuyons sur la <b>Politique du Syst\u00e8me interne d\u2019information et de d\u00e9fense du lanceur d\u2019alerte<\/b> dont l\u2019objectif est de garantir la protection des lanceurs d\u2019alerte et de renforcer et encourager la culture de l\u2019information et la communication en tant que m\u00e9canisme permettant de pr\u00e9venir et de d\u00e9tecter des manquements, des comportements inappropri\u00e9s et de r\u00e9agir. <\/p>\n<p class=\"text-left text\">\n<div>\n<div class=\"text-left col col-md-6 col-sm-12 text-left\" style=\"padding-left: 0;\">\n                                    <a href=\"https:\/\/static.tmgrupoinmobiliario.com\/files\/Pol%C3%ADtica-sistema-info-defensa.pdf\" class=\"gc-memoria-pdf-btn gc-pdf-link btn\" target=\"_blank\" style=\"border-radius: 0;font-size: 16px;\" rel=\"noopener\">Acc\u00e9dez \u00e0 notre politique ici<\/a>\n                            <\/div>\n<div class=\"col col-md-6 col-sm-12\" style=\"padding-left: 0;\">\n                                    <a href=\"https:\/\/canaldenuncias.tmgrupoinmobiliario.com\/#\/\" class=\"gc-memoria-pdf-btn gc-pdf-link btn\" target=\"_blank\" style=\"border-radius: 0;font-size: 16px;\" rel=\"noopener\">Cliquez ici pour acc\u00e9der au canal des lanceurs d&#8217;alerte<\/a><\/div>\n<\/p><\/div>\n<\/p><\/div>\n<\/p><\/div>\n<div class=\"row\">\n<div class=\"col col-md-6\">\n                            <img decoding=\"async\" style=\"width: 100%\" src=\"https:\/\/www.tmgrupoinmobiliario.com\/blog\/wp-content\/uploads\/2022\/11\/buzon-etico.jpg\">\n                        <\/div>\n<div class=\"col col-md-6  gc-buz\u00f3n-etico\">\n<p class=\"subtitle\"><em>Bo\u00eete \u00e9thique<\/em><\/p>\n<p class=\"text-left text\">La Bo\u00eete \u00e9thique permet de communiquer, en toute confidentialit\u00e9 via un formulaire sp\u00e9cifique, les <b>activit\u00e9s ou comportements susceptibles d\u2019enfreindre le Code<\/b>.<\/p>\n<p class=\"text-left text\">Le Comit\u00e9 de gouvernance d\u2019entreprise re\u00e7oit et traite chaque communication avec diligence, rigueur et confidentialit\u00e9, conform\u00e9ment \u00e0 un protocole r\u00e9gi par les bonnes pratiques afin d\u2019apporter une r\u00e9ponse appropri\u00e9e.<\/p>\n<p class=\"text-left\" style=\"margin-top:2em\"><a href=\"mailto:buzonetico@tmgrupoinmobiliario.com\" class=\"gc-memoria-pdf-btn gc-pdf-link btn\">Envoyez un message \u00e0 notre Bo\u00eete \u00e9thique ici<\/a><\/p>\n<\/p><\/div>\n<\/p><\/div>\n<\/p><\/div>\n<\/p><\/div>\n<\/p><\/div>\n<\/section>\n<\/div>\n","protected":false},"excerpt":{"rendered":"<p>Plan directeur en mati\u00e8re de responsabilit\u00e9 de l\u2019entreprise Rapports sur la responsabilit\u00e9 de l\u2019entreprise \u00c9thique et gouvernance Action sociale Environnement menu \u00c9thique et gouvernance Syst\u00e8me interne d\u2019information et de d\u00e9fense du lanceur d\u2019alerte Syst\u00e8me interne d\u2019information et de d\u00e9fense du lanceur d\u2019alerte TM s\u2019engage \u00e0 \u00eatre une r\u00e9f\u00e9rence en mati\u00e8re de bonne gouvernance et d\u2019\u00e9thique [&hellip;]<\/p>\n","protected":false},"author":11715,"featured_media":0,"parent":0,"menu_order":0,"comment_status":"closed","ping_status":"closed","template":"","meta":{"footnotes":""},"class_list":["post-20154","page","type-page","status-publish","hentry"],"better_featured_image":null,"acf":[],"yoast_head":"<!-- This site is optimized with the Yoast SEO Premium plugin v23.6 (Yoast SEO v27.5) - https:\/\/yoast.com\/product\/yoast-seo-premium-wordpress\/ -->\n<title>Buz\u00f3n \u00c9tico (SISTEMA INTERNO DE INFORM.) - Francais<\/title>\n<meta name=\"robots\" content=\"index, follow, max-snippet:-1, max-image-preview:large, max-video-preview:-1\" \/>\n<link rel=\"canonical\" href=\"https:\/\/blog.tmgrupoinmobiliario.com\/fr\/buzon-etico-sistema-interno-de-inform\/\" \/>\n<meta property=\"og:locale\" content=\"fr_FR\" \/>\n<meta property=\"og:type\" content=\"article\" \/>\n<meta property=\"og:title\" content=\"Buz\u00f3n \u00c9tico (SISTEMA INTERNO DE INFORM.)\" \/>\n<meta property=\"og:description\" content=\"Plan directeur en mati\u00e8re de responsabilit\u00e9 de l\u2019entreprise Rapports sur la responsabilit\u00e9 de l\u2019entreprise \u00c9thique et gouvernance Action sociale Environnement menu \u00c9thique et gouvernance Syst\u00e8me interne d\u2019information et de d\u00e9fense du lanceur d\u2019alerte Syst\u00e8me interne d\u2019information et de d\u00e9fense du lanceur d\u2019alerte TM s\u2019engage \u00e0 \u00eatre une r\u00e9f\u00e9rence en mati\u00e8re de bonne gouvernance et d\u2019\u00e9thique [&hellip;]\" \/>\n<meta property=\"og:url\" content=\"https:\/\/blog.tmgrupoinmobiliario.com\/fr\/buzon-etico-sistema-interno-de-inform\/\" \/>\n<meta property=\"og:site_name\" content=\"Francais\" \/>\n<meta property=\"article:modified_time\" content=\"2024-12-30T11:48:27+00:00\" \/>\n<meta property=\"og:image\" content=\"https:\/\/www.tmgrupoinmobiliario.com\/blog\/wp-content\/uploads\/2023\/06\/06_12-Sistema-Interno-de-Informacion-y-Defensa-del-Informante-de-TM-Grupo-Inmobiliario-1000x666-1.jpg\" \/>\n<meta name=\"twitter:card\" content=\"summary_large_image\" \/>\n<meta name=\"twitter:label1\" content=\"Dur\u00e9e de lecture estim\u00e9e\" \/>\n\t<meta name=\"twitter:data1\" content=\"2 minutes\" \/>\n<script type=\"application\/ld+json\" class=\"yoast-schema-graph\">{\"@context\":\"https:\\\/\\\/schema.org\",\"@graph\":[{\"@type\":\"WebPage\",\"@id\":\"https:\\\/\\\/blog.tmgrupoinmobiliario.com\\\/fr\\\/buzon-etico-sistema-interno-de-inform\\\/\",\"url\":\"https:\\\/\\\/blog.tmgrupoinmobiliario.com\\\/fr\\\/buzon-etico-sistema-interno-de-inform\\\/\",\"name\":\"Buz\u00f3n \u00c9tico (SISTEMA INTERNO DE INFORM.) - Francais\",\"isPartOf\":{\"@id\":\"https:\\\/\\\/blog.tmgrupoinmobiliario.com\\\/fr\\\/#website\"},\"primaryImageOfPage\":{\"@id\":\"https:\\\/\\\/blog.tmgrupoinmobiliario.com\\\/fr\\\/buzon-etico-sistema-interno-de-inform\\\/#primaryimage\"},\"image\":{\"@id\":\"https:\\\/\\\/blog.tmgrupoinmobiliario.com\\\/fr\\\/buzon-etico-sistema-interno-de-inform\\\/#primaryimage\"},\"thumbnailUrl\":\"https:\\\/\\\/www.tmgrupoinmobiliario.com\\\/blog\\\/wp-content\\\/uploads\\\/2023\\\/06\\\/06_12-Sistema-Interno-de-Informacion-y-Defensa-del-Informante-de-TM-Grupo-Inmobiliario-1000x666-1.jpg\",\"datePublished\":\"2024-12-20T12:10:09+00:00\",\"dateModified\":\"2024-12-30T11:48:27+00:00\",\"breadcrumb\":{\"@id\":\"https:\\\/\\\/blog.tmgrupoinmobiliario.com\\\/fr\\\/buzon-etico-sistema-interno-de-inform\\\/#breadcrumb\"},\"inLanguage\":\"fr-FR\",\"potentialAction\":[{\"@type\":\"ReadAction\",\"target\":[\"https:\\\/\\\/blog.tmgrupoinmobiliario.com\\\/fr\\\/buzon-etico-sistema-interno-de-inform\\\/\"]}]},{\"@type\":\"ImageObject\",\"inLanguage\":\"fr-FR\",\"@id\":\"https:\\\/\\\/blog.tmgrupoinmobiliario.com\\\/fr\\\/buzon-etico-sistema-interno-de-inform\\\/#primaryimage\",\"url\":\"https:\\\/\\\/www.tmgrupoinmobiliario.com\\\/blog\\\/wp-content\\\/uploads\\\/2023\\\/06\\\/06_12-Sistema-Interno-de-Informacion-y-Defensa-del-Informante-de-TM-Grupo-Inmobiliario-1000x666-1.jpg\",\"contentUrl\":\"https:\\\/\\\/www.tmgrupoinmobiliario.com\\\/blog\\\/wp-content\\\/uploads\\\/2023\\\/06\\\/06_12-Sistema-Interno-de-Informacion-y-Defensa-del-Informante-de-TM-Grupo-Inmobiliario-1000x666-1.jpg\"},{\"@type\":\"BreadcrumbList\",\"@id\":\"https:\\\/\\\/blog.tmgrupoinmobiliario.com\\\/fr\\\/buzon-etico-sistema-interno-de-inform\\\/#breadcrumb\",\"itemListElement\":[{\"@type\":\"ListItem\",\"position\":1,\"name\":\"Portada\",\"item\":\"https:\\\/\\\/blog.tmgrupoinmobiliario.com\\\/fr\\\/\"},{\"@type\":\"ListItem\",\"position\":2,\"name\":\"Buz\u00f3n \u00c9tico (SISTEMA INTERNO DE INFORM.)\"}]},{\"@type\":\"WebSite\",\"@id\":\"https:\\\/\\\/blog.tmgrupoinmobiliario.com\\\/fr\\\/#website\",\"url\":\"https:\\\/\\\/blog.tmgrupoinmobiliario.com\\\/fr\\\/\",\"name\":\"Francais\",\"description\":\"Otro sitio m\u00e1s de Blog Desarrollo TM sitios\",\"potentialAction\":[{\"@type\":\"SearchAction\",\"target\":{\"@type\":\"EntryPoint\",\"urlTemplate\":\"https:\\\/\\\/blog.tmgrupoinmobiliario.com\\\/fr\\\/?s={search_term_string}\"},\"query-input\":{\"@type\":\"PropertyValueSpecification\",\"valueRequired\":true,\"valueName\":\"search_term_string\"}}],\"inLanguage\":\"fr-FR\"}]}<\/script>\n<!-- \/ Yoast SEO Premium plugin. -->","yoast_head_json":{"title":"Buz\u00f3n \u00c9tico (SISTEMA INTERNO DE INFORM.) - Francais","robots":{"index":"index","follow":"follow","max-snippet":"max-snippet:-1","max-image-preview":"max-image-preview:large","max-video-preview":"max-video-preview:-1"},"canonical":"https:\/\/blog.tmgrupoinmobiliario.com\/fr\/buzon-etico-sistema-interno-de-inform\/","og_locale":"fr_FR","og_type":"article","og_title":"Buz\u00f3n \u00c9tico (SISTEMA INTERNO DE INFORM.)","og_description":"Plan directeur en mati\u00e8re de responsabilit\u00e9 de l\u2019entreprise Rapports sur la responsabilit\u00e9 de l\u2019entreprise \u00c9thique et gouvernance Action sociale Environnement menu \u00c9thique et gouvernance Syst\u00e8me interne d\u2019information et de d\u00e9fense du lanceur d\u2019alerte Syst\u00e8me interne d\u2019information et de d\u00e9fense du lanceur d\u2019alerte TM s\u2019engage \u00e0 \u00eatre une r\u00e9f\u00e9rence en mati\u00e8re de bonne gouvernance et d\u2019\u00e9thique [&hellip;]","og_url":"https:\/\/blog.tmgrupoinmobiliario.com\/fr\/buzon-etico-sistema-interno-de-inform\/","og_site_name":"Francais","article_modified_time":"2024-12-30T11:48:27+00:00","og_image":[{"url":"https:\/\/www.tmgrupoinmobiliario.com\/blog\/wp-content\/uploads\/2023\/06\/06_12-Sistema-Interno-de-Informacion-y-Defensa-del-Informante-de-TM-Grupo-Inmobiliario-1000x666-1.jpg","type":"","width":"","height":""}],"twitter_card":"summary_large_image","twitter_misc":{"Dur\u00e9e de lecture estim\u00e9e":"2 minutes"},"schema":{"@context":"https:\/\/schema.org","@graph":[{"@type":"WebPage","@id":"https:\/\/blog.tmgrupoinmobiliario.com\/fr\/buzon-etico-sistema-interno-de-inform\/","url":"https:\/\/blog.tmgrupoinmobiliario.com\/fr\/buzon-etico-sistema-interno-de-inform\/","name":"Buz\u00f3n \u00c9tico (SISTEMA INTERNO DE INFORM.) - Francais","isPartOf":{"@id":"https:\/\/blog.tmgrupoinmobiliario.com\/fr\/#website"},"primaryImageOfPage":{"@id":"https:\/\/blog.tmgrupoinmobiliario.com\/fr\/buzon-etico-sistema-interno-de-inform\/#primaryimage"},"image":{"@id":"https:\/\/blog.tmgrupoinmobiliario.com\/fr\/buzon-etico-sistema-interno-de-inform\/#primaryimage"},"thumbnailUrl":"https:\/\/www.tmgrupoinmobiliario.com\/blog\/wp-content\/uploads\/2023\/06\/06_12-Sistema-Interno-de-Informacion-y-Defensa-del-Informante-de-TM-Grupo-Inmobiliario-1000x666-1.jpg","datePublished":"2024-12-20T12:10:09+00:00","dateModified":"2024-12-30T11:48:27+00:00","breadcrumb":{"@id":"https:\/\/blog.tmgrupoinmobiliario.com\/fr\/buzon-etico-sistema-interno-de-inform\/#breadcrumb"},"inLanguage":"fr-FR","potentialAction":[{"@type":"ReadAction","target":["https:\/\/blog.tmgrupoinmobiliario.com\/fr\/buzon-etico-sistema-interno-de-inform\/"]}]},{"@type":"ImageObject","inLanguage":"fr-FR","@id":"https:\/\/blog.tmgrupoinmobiliario.com\/fr\/buzon-etico-sistema-interno-de-inform\/#primaryimage","url":"https:\/\/www.tmgrupoinmobiliario.com\/blog\/wp-content\/uploads\/2023\/06\/06_12-Sistema-Interno-de-Informacion-y-Defensa-del-Informante-de-TM-Grupo-Inmobiliario-1000x666-1.jpg","contentUrl":"https:\/\/www.tmgrupoinmobiliario.com\/blog\/wp-content\/uploads\/2023\/06\/06_12-Sistema-Interno-de-Informacion-y-Defensa-del-Informante-de-TM-Grupo-Inmobiliario-1000x666-1.jpg"},{"@type":"BreadcrumbList","@id":"https:\/\/blog.tmgrupoinmobiliario.com\/fr\/buzon-etico-sistema-interno-de-inform\/#breadcrumb","itemListElement":[{"@type":"ListItem","position":1,"name":"Portada","item":"https:\/\/blog.tmgrupoinmobiliario.com\/fr\/"},{"@type":"ListItem","position":2,"name":"Buz\u00f3n \u00c9tico (SISTEMA INTERNO DE INFORM.)"}]},{"@type":"WebSite","@id":"https:\/\/blog.tmgrupoinmobiliario.com\/fr\/#website","url":"https:\/\/blog.tmgrupoinmobiliario.com\/fr\/","name":"Francais","description":"Otro sitio m\u00e1s de Blog Desarrollo TM sitios","potentialAction":[{"@type":"SearchAction","target":{"@type":"EntryPoint","urlTemplate":"https:\/\/blog.tmgrupoinmobiliario.com\/fr\/?s={search_term_string}"},"query-input":{"@type":"PropertyValueSpecification","valueRequired":true,"valueName":"search_term_string"}}],"inLanguage":"fr-FR"}]}},"jetpack_sharing_enabled":true,"_links":{"self":[{"href":"https:\/\/blog.tmgrupoinmobiliario.com\/fr\/wp-json\/wp\/v2\/pages\/20154","targetHints":{"allow":["GET"]}}],"collection":[{"href":"https:\/\/blog.tmgrupoinmobiliario.com\/fr\/wp-json\/wp\/v2\/pages"}],"about":[{"href":"https:\/\/blog.tmgrupoinmobiliario.com\/fr\/wp-json\/wp\/v2\/types\/page"}],"author":[{"embeddable":true,"href":"https:\/\/blog.tmgrupoinmobiliario.com\/fr\/wp-json\/wp\/v2\/users\/11715"}],"replies":[{"embeddable":true,"href":"https:\/\/blog.tmgrupoinmobiliario.com\/fr\/wp-json\/wp\/v2\/comments?post=20154"}],"version-history":[{"count":4,"href":"https:\/\/blog.tmgrupoinmobiliario.com\/fr\/wp-json\/wp\/v2\/pages\/20154\/revisions"}],"predecessor-version":[{"id":20168,"href":"https:\/\/blog.tmgrupoinmobiliario.com\/fr\/wp-json\/wp\/v2\/pages\/20154\/revisions\/20168"}],"wp:attachment":[{"href":"https:\/\/blog.tmgrupoinmobiliario.com\/fr\/wp-json\/wp\/v2\/media?parent=20154"}],"curies":[{"name":"wp","href":"https:\/\/api.w.org\/{rel}","templated":true}]}}