{"id":20152,"date":"2024-12-20T13:08:48","date_gmt":"2024-12-20T12:08:48","guid":{"rendered":"https:\/\/blog.tmgrupoinmobiliario.com\/fr\/?page_id=20152"},"modified":"2024-12-30T12:46:45","modified_gmt":"2024-12-30T11:46:45","slug":"codigo-etico","status":"publish","type":"page","link":"https:\/\/blog.tmgrupoinmobiliario.com\/fr\/codigo-etico\/","title":{"rendered":"C\u00f3digo \u00e9tico"},"content":{"rendered":"<div class=\"gc\">\n<nav class=\"static-nav inline-nav lineas-nav locked\">\n<ul>\n<li><a href=\"\/fr\/gobierno-corporativo\/plan-director-rc\">Plan directeur en mati\u00e8re de responsabilit\u00e9 de l\u2019entreprise<\/a><\/li>\n<li><a href=\"\/fr\/gobierno-corporativo\/memoria-rc\">Rapports sur la responsabilit\u00e9 de l\u2019entreprise<\/a><\/li>\n<li><a class=\"active\" href=\"\/fr\/gobierno-corporativo\/etica-y-gobernanza\">\u00c9thique et gouvernance<\/a><\/li>\n<li><a href=\"\/fr\/gobierno-corporativo\/accion-social\">Action sociale<\/a><\/li>\n<li><a href=\"\/fr\/gobierno-corporativo\/medioambiente\">Environnement<\/a><\/li>\n<\/ul>\n<p>    <button class=\"toggle-static-nav\">menu <i class=\"far fa-caret-square-down\"><\/i><\/button><br \/>\n    <\/nav>\n<section class=\"ca gc-codigo-etico gc-subsection\">\n<div class=\"container mw-1200\">\n<div class=\"mod-promotion-breadcrumb-holder\">\n<ul class=\"breadcrumb\">\n<li><a href=\"\/fr\/gobierno-corporativo\/etica-y-gobernanza#ethics-gov\">\u00c9thique et gouvernance<\/a><\/li>\n<li><strong>Code d\u2019\u00e9thique<\/strong><\/li>\n<\/ul><\/div>\n<div class=\"ca-intro\">\n<h4>Code d\u2019\u00e9thique<\/h4>\n<div class=\"\">\n<div class=\"row\">\n<div class=\"col col-md-6\">\n<figure class=\"lineas-de-actuacion--img\">\n                                <iframe loading=\"lazy\" width=\"560\" height=\"315\" src=\"https:\/\/www.youtube.com\/embed\/qIOBrlrtKqU?rel=0&amp;autoplay=1&#038;loop=1&#038;mute=1\" title=\"YouTube video player\" frameborder=\"0\" allow=\"accelerometer; autoplay; clipboard-write; encrypted-media; gyroscope; picture-in-picture; web-share\" allowfullscreen><\/iframe><br \/>\n                            <\/figure>\n<\/p><\/div>\n<div class=\"col col-md-6 gc-codigo-etico-text\">\n<p class=\"text-center\">Notre Code d\u2019\u00e9thique <b>est fond\u00e9 sur notre mission, notre vision et nos valeurs<\/b>.C\u2019est une r\u00e9f\u00e9rence pour tous ceux qui font partie de TM Real Estate Group, car il garantit un <b> comportement responsable<\/b> dans le d\u00e9veloppement de nos activit\u00e9s et refl\u00e8te nos engagements envers toutes nos parties prenantes.<\/p>\n<p class=\"text-center \" style=\"margin-top:2em\"> <a href=\"http:\/\/static.tmgrupoinmobiliario.com\/files\/gobierno-corporativo\/codigo-etico.pdf\" class=\"gc-memoria-pdf-btn gc-pdf-link\" target=\"_blank\" rel=\"noopener\"> T\u00e9l\u00e9chargez notre Code d\u2019\u00e9thique ici <\/a><\/p>\n<\/p><\/div>\n<\/p><\/div>\n<\/p><\/div>\n<\/p><\/div>\n<\/p><\/div>\n<\/section>\n<div>\n","protected":false},"excerpt":{"rendered":"<p>Plan directeur en mati\u00e8re de responsabilit\u00e9 de l\u2019entreprise Rapports sur la responsabilit\u00e9 de l\u2019entreprise \u00c9thique et gouvernance Action sociale Environnement menu \u00c9thique et gouvernance Code d\u2019\u00e9thique Code d\u2019\u00e9thique Notre Code d\u2019\u00e9thique est fond\u00e9 sur notre mission, notre vision et nos valeurs.C\u2019est une r\u00e9f\u00e9rence pour tous ceux qui font partie de TM Real Estate Group, car [&hellip;]<\/p>\n","protected":false},"author":11715,"featured_media":0,"parent":0,"menu_order":0,"comment_status":"closed","ping_status":"closed","template":"","meta":{"footnotes":""},"class_list":["post-20152","page","type-page","status-publish","hentry"],"better_featured_image":null,"acf":[],"yoast_head":"<!-- This site is optimized with the Yoast SEO Premium plugin v23.6 (Yoast SEO v27.5) - https:\/\/yoast.com\/product\/yoast-seo-premium-wordpress\/ -->\n<title>C\u00f3digo \u00e9tico - Francais<\/title>\n<meta name=\"robots\" content=\"index, follow, max-snippet:-1, max-image-preview:large, max-video-preview:-1\" \/>\n<link rel=\"canonical\" href=\"https:\/\/blog.tmgrupoinmobiliario.com\/fr\/codigo-etico\/\" \/>\n<meta property=\"og:locale\" content=\"fr_FR\" \/>\n<meta property=\"og:type\" content=\"article\" \/>\n<meta property=\"og:title\" content=\"C\u00f3digo \u00e9tico\" \/>\n<meta property=\"og:description\" content=\"Plan directeur en mati\u00e8re de responsabilit\u00e9 de l\u2019entreprise Rapports sur la responsabilit\u00e9 de l\u2019entreprise \u00c9thique et gouvernance Action sociale Environnement menu \u00c9thique et gouvernance Code d\u2019\u00e9thique Code d\u2019\u00e9thique Notre Code d\u2019\u00e9thique est fond\u00e9 sur notre mission, notre vision et nos valeurs.C\u2019est une r\u00e9f\u00e9rence pour tous ceux qui font partie de TM Real Estate Group, car [&hellip;]\" \/>\n<meta property=\"og:url\" content=\"https:\/\/blog.tmgrupoinmobiliario.com\/fr\/codigo-etico\/\" \/>\n<meta property=\"og:site_name\" content=\"Francais\" \/>\n<meta property=\"article:modified_time\" content=\"2024-12-30T11:46:45+00:00\" \/>\n<meta name=\"twitter:card\" content=\"summary_large_image\" \/>\n<meta name=\"twitter:label1\" content=\"Dur\u00e9e de lecture estim\u00e9e\" \/>\n\t<meta name=\"twitter:data1\" content=\"1 minute\" \/>\n<script type=\"application\/ld+json\" class=\"yoast-schema-graph\">{\"@context\":\"https:\\\/\\\/schema.org\",\"@graph\":[{\"@type\":\"WebPage\",\"@id\":\"https:\\\/\\\/blog.tmgrupoinmobiliario.com\\\/fr\\\/codigo-etico\\\/\",\"url\":\"https:\\\/\\\/blog.tmgrupoinmobiliario.com\\\/fr\\\/codigo-etico\\\/\",\"name\":\"C\u00f3digo \u00e9tico - Francais\",\"isPartOf\":{\"@id\":\"https:\\\/\\\/blog.tmgrupoinmobiliario.com\\\/fr\\\/#website\"},\"datePublished\":\"2024-12-20T12:08:48+00:00\",\"dateModified\":\"2024-12-30T11:46:45+00:00\",\"breadcrumb\":{\"@id\":\"https:\\\/\\\/blog.tmgrupoinmobiliario.com\\\/fr\\\/codigo-etico\\\/#breadcrumb\"},\"inLanguage\":\"fr-FR\",\"potentialAction\":[{\"@type\":\"ReadAction\",\"target\":[\"https:\\\/\\\/blog.tmgrupoinmobiliario.com\\\/fr\\\/codigo-etico\\\/\"]}]},{\"@type\":\"BreadcrumbList\",\"@id\":\"https:\\\/\\\/blog.tmgrupoinmobiliario.com\\\/fr\\\/codigo-etico\\\/#breadcrumb\",\"itemListElement\":[{\"@type\":\"ListItem\",\"position\":1,\"name\":\"Portada\",\"item\":\"https:\\\/\\\/blog.tmgrupoinmobiliario.com\\\/fr\\\/\"},{\"@type\":\"ListItem\",\"position\":2,\"name\":\"C\u00f3digo \u00e9tico\"}]},{\"@type\":\"WebSite\",\"@id\":\"https:\\\/\\\/blog.tmgrupoinmobiliario.com\\\/fr\\\/#website\",\"url\":\"https:\\\/\\\/blog.tmgrupoinmobiliario.com\\\/fr\\\/\",\"name\":\"Francais\",\"description\":\"Otro sitio m\u00e1s de Blog Desarrollo TM sitios\",\"potentialAction\":[{\"@type\":\"SearchAction\",\"target\":{\"@type\":\"EntryPoint\",\"urlTemplate\":\"https:\\\/\\\/blog.tmgrupoinmobiliario.com\\\/fr\\\/?s={search_term_string}\"},\"query-input\":{\"@type\":\"PropertyValueSpecification\",\"valueRequired\":true,\"valueName\":\"search_term_string\"}}],\"inLanguage\":\"fr-FR\"}]}<\/script>\n<!-- \/ Yoast SEO Premium plugin. -->","yoast_head_json":{"title":"C\u00f3digo \u00e9tico - Francais","robots":{"index":"index","follow":"follow","max-snippet":"max-snippet:-1","max-image-preview":"max-image-preview:large","max-video-preview":"max-video-preview:-1"},"canonical":"https:\/\/blog.tmgrupoinmobiliario.com\/fr\/codigo-etico\/","og_locale":"fr_FR","og_type":"article","og_title":"C\u00f3digo \u00e9tico","og_description":"Plan directeur en mati\u00e8re de responsabilit\u00e9 de l\u2019entreprise Rapports sur la responsabilit\u00e9 de l\u2019entreprise \u00c9thique et gouvernance Action sociale Environnement menu \u00c9thique et gouvernance Code d\u2019\u00e9thique Code d\u2019\u00e9thique Notre Code d\u2019\u00e9thique est fond\u00e9 sur notre mission, notre vision et nos valeurs.C\u2019est une r\u00e9f\u00e9rence pour tous ceux qui font partie de TM Real Estate Group, car [&hellip;]","og_url":"https:\/\/blog.tmgrupoinmobiliario.com\/fr\/codigo-etico\/","og_site_name":"Francais","article_modified_time":"2024-12-30T11:46:45+00:00","twitter_card":"summary_large_image","twitter_misc":{"Dur\u00e9e de lecture estim\u00e9e":"1 minute"},"schema":{"@context":"https:\/\/schema.org","@graph":[{"@type":"WebPage","@id":"https:\/\/blog.tmgrupoinmobiliario.com\/fr\/codigo-etico\/","url":"https:\/\/blog.tmgrupoinmobiliario.com\/fr\/codigo-etico\/","name":"C\u00f3digo \u00e9tico - Francais","isPartOf":{"@id":"https:\/\/blog.tmgrupoinmobiliario.com\/fr\/#website"},"datePublished":"2024-12-20T12:08:48+00:00","dateModified":"2024-12-30T11:46:45+00:00","breadcrumb":{"@id":"https:\/\/blog.tmgrupoinmobiliario.com\/fr\/codigo-etico\/#breadcrumb"},"inLanguage":"fr-FR","potentialAction":[{"@type":"ReadAction","target":["https:\/\/blog.tmgrupoinmobiliario.com\/fr\/codigo-etico\/"]}]},{"@type":"BreadcrumbList","@id":"https:\/\/blog.tmgrupoinmobiliario.com\/fr\/codigo-etico\/#breadcrumb","itemListElement":[{"@type":"ListItem","position":1,"name":"Portada","item":"https:\/\/blog.tmgrupoinmobiliario.com\/fr\/"},{"@type":"ListItem","position":2,"name":"C\u00f3digo \u00e9tico"}]},{"@type":"WebSite","@id":"https:\/\/blog.tmgrupoinmobiliario.com\/fr\/#website","url":"https:\/\/blog.tmgrupoinmobiliario.com\/fr\/","name":"Francais","description":"Otro sitio m\u00e1s de Blog Desarrollo TM sitios","potentialAction":[{"@type":"SearchAction","target":{"@type":"EntryPoint","urlTemplate":"https:\/\/blog.tmgrupoinmobiliario.com\/fr\/?s={search_term_string}"},"query-input":{"@type":"PropertyValueSpecification","valueRequired":true,"valueName":"search_term_string"}}],"inLanguage":"fr-FR"}]}},"jetpack_sharing_enabled":true,"_links":{"self":[{"href":"https:\/\/blog.tmgrupoinmobiliario.com\/fr\/wp-json\/wp\/v2\/pages\/20152","targetHints":{"allow":["GET"]}}],"collection":[{"href":"https:\/\/blog.tmgrupoinmobiliario.com\/fr\/wp-json\/wp\/v2\/pages"}],"about":[{"href":"https:\/\/blog.tmgrupoinmobiliario.com\/fr\/wp-json\/wp\/v2\/types\/page"}],"author":[{"embeddable":true,"href":"https:\/\/blog.tmgrupoinmobiliario.com\/fr\/wp-json\/wp\/v2\/users\/11715"}],"replies":[{"embeddable":true,"href":"https:\/\/blog.tmgrupoinmobiliario.com\/fr\/wp-json\/wp\/v2\/comments?post=20152"}],"version-history":[{"count":2,"href":"https:\/\/blog.tmgrupoinmobiliario.com\/fr\/wp-json\/wp\/v2\/pages\/20152\/revisions"}],"predecessor-version":[{"id":20167,"href":"https:\/\/blog.tmgrupoinmobiliario.com\/fr\/wp-json\/wp\/v2\/pages\/20152\/revisions\/20167"}],"wp:attachment":[{"href":"https:\/\/blog.tmgrupoinmobiliario.com\/fr\/wp-json\/wp\/v2\/media?parent=20152"}],"curies":[{"name":"wp","href":"https:\/\/api.w.org\/{rel}","templated":true}]}}