{"id":20144,"date":"2024-12-20T13:04:47","date_gmt":"2024-12-20T12:04:47","guid":{"rendered":"https:\/\/blog.tmgrupoinmobiliario.com\/fr\/?page_id=20144"},"modified":"2024-12-20T13:04:47","modified_gmt":"2024-12-20T12:04:47","slug":"politicas-corporativas","status":"publish","type":"page","link":"https:\/\/blog.tmgrupoinmobiliario.com\/fr\/politicas-corporativas\/","title":{"rendered":"Pol\u00edticas Corporativas"},"content":{"rendered":"<div class=\"gc\">\n<nav class=\"static-nav inline-nav lineas-nav locked\">\n<ul>\n<li><a href=\"\/fr\/gobierno-corporativo\/plan-director-rc\">Plan directeur en mati\u00e8re de responsabilit\u00e9 de l\u2019entreprise<\/a><\/li>\n<li><a href=\"\/fr\/gobierno-corporativo\/memoria-rc\">Rapports sur la responsabilit\u00e9 de l\u2019entreprise<\/a><\/li>\n<li><a href=\"\/fr\/gobierno-corporativo\/etica-y-gobernanza\">\u00c9thique et gouvernance<\/a><\/li>\n<li><a href=\"\/fr\/gobierno-corporativo\/accion-social\">Action sociale<\/a><\/li>\n<li><a href=\"\/fr\/gobierno-corporativo\/medioambiente\">Environnement<\/a><\/li>\n<\/ul>\n<p>        <button class=\"toggle-static-nav\">menu <i class=\"far fa-caret-square-down\"><\/i><\/button><br \/>\n    <\/nav>\n<div class=\"container mw-1400 gc-subsection\">\n<div class=\"mod-promotion-breadcrumb-holder\">\n<ul class=\"breadcrumb\">\n<li><a href=\"\/fr\/gobierno-corporativo#government-org\">Responsabilit\u00e9 de l\u2019entreprise<\/a><\/li>\n<li><strong>Politiques d\u2019entreprise<\/strong><\/li>\n<\/ul><\/div>\n<div class=\"pc-intro\">\n<h4>Politiques d\u2019entreprise<\/h4>\n<div class=\"text\">\n<p>TM Real Estate Group dispose d\u2019un ensemble de <b> r\u00e8gles d\u2019entreprise et de bonne gouvernance<\/b> qui guident les actions du Groupe pour en garantir le d\u00e9veloppement \u00e9thique et transparent.<\/p>\n<\/p><\/div>\n<\/p><\/div>\n<\/p><\/div>\n<section id=\"\" class=\"section-politicas section-noticias\">\n<div class=\"container mw-1400\">\n<div class=\"revista-slider politicas-slider dots-slider\">\n<div class=\"card-holder\">\n<div class=\"card revista-card\">\n                        <a target=\"_blank\" href=\"http:\/\/static.tmgrupoinmobiliario.com\/files\/gobierno-corporativo\/codigo-etico.pdf\" class=\"politicas-card-link card-link\" rel=\"noopener\"><br \/>\n                        <img decoding=\"async\" src=\"http:\/\/static.tmgrupoinmobiliario.com\/files\/gc\/img\/politicas\/C\u00d3DIGO+\u00c9TICO.png\" class=\"card-image\" \/><\/p>\n<div class=\"card-content\"><\/div>\n<p>                        <\/a>\n                    <\/div>\n<\/p><\/div>\n<div class=\"card-holder\">\n<div class=\"card revista-card\">\n                        <a target=\"_blank\" href=\"http:\/\/static.tmgrupoinmobiliario.com\/files\/gobierno-corporativo\/Reglamento+del+consejo+de+administracion.pdf\" class=\"politicas-card-link card-link\" rel=\"noopener\"><br \/>\n                        <img decoding=\"async\" src=\"http:\/\/static.tmgrupoinmobiliario.com\/files\/gc\/img\/politicas\/REGLAMENTO+C.ADMINISTRACI\u00d3N.png\" class=\"card-image\" \/><\/p>\n<div class=\"card-content\"><\/div>\n<p>                        <\/a>\n                    <\/div>\n<\/p><\/div>\n<div class=\"card-holder\">\n<div class=\"card revista-card\">\n                        <a target=\"_blank\" href=\"http:\/\/static.tmgrupoinmobiliario.com\/files\/gobierno-corporativo\/politica-de-responsabilidad-corporativa.pdf\" class=\"politicas-card-link card-link\" rel=\"noopener\"><br \/>\n                        <img decoding=\"async\" src=\"http:\/\/static.tmgrupoinmobiliario.com\/files\/gc\/img\/politicas\/POL\u00cdTICA+RC.png\" class=\"card-image\" \/><\/p>\n<div class=\"card-content\"><\/div>\n<p>                        <\/a>\n                    <\/div>\n<\/p><\/div>\n<div class=\"card-holder\">\n<div class=\"card revista-card\">\n                        <a target=\"_blank\" href=\"http:\/\/static.tmgrupoinmobiliario.com\/files\/gobierno-corporativo\/politica-de-respeto-a-los-derechos-humanos.pdf\" class=\"politicas-card-link card-link\" rel=\"noopener\"><br \/>\n                        <img decoding=\"async\" src=\"http:\/\/static.tmgrupoinmobiliario.com\/files\/gc\/img\/politicas\/POL\u00cdTICA+RESPETO+DDHH.png\" class=\"card-image\" \/><\/p>\n<div class=\"card-content\"><\/div>\n<p>                        <\/a>\n                    <\/div>\n<\/p><\/div>\n<div class=\"card-holder\">\n<div class=\"card revista-card\">\n                        <a target=\"_blank\" href=\"http:\/\/static.tmgrupoinmobiliario.com\/files\/gobierno-corporativo\/politica-general-de-control-y-gestion-de-riesgos.pdf\" class=\"politicas-card-link card-link\" rel=\"noopener\"><br \/>\n                        <img decoding=\"async\" src=\"http:\/\/static.tmgrupoinmobiliario.com\/files\/gc\/img\/politicas\/POL\u00cdTICA+DE+RIESGOS.png\" class=\"card-image\" \/><\/p>\n<div class=\"card-content\"><\/div>\n<p>                        <\/a>\n                    <\/div>\n<\/p><\/div>\n<div class=\"card-holder\">\n<div class=\"card revista-card\">\n                        <a target=\"_blank\" href=\"http:\/\/static.tmgrupoinmobiliario.com\/files\/gobierno-corporativo\/reglamento-del-consejo-de-familia.pdf\" class=\"politicas-card-link card-link\" rel=\"noopener\"><br \/>\n                        <img decoding=\"async\" src=\"http:\/\/static.tmgrupoinmobiliario.com\/files\/gc\/img\/politicas\/REGLAMENTO+C.FAMILIA.png\" class=\"card-image\" \/><\/p>\n<div class=\"card-content\"><\/div>\n<p>                        <\/a>\n                    <\/div>\n<\/p><\/div>\n<div class=\"card-holder\">\n<div class=\"card revista-card\">\n                        <a target=\"_blank\" href=\"http:\/\/static.tmgrupoinmobiliario.com\/files\/gobierno-corporativo\/Pol\u00edtica+General+de+Tesorer\u00eda%2C+Financiaci\u00f3n+y+Endeudamiento.pdf\" class=\"politicas-card-link card-link\" rel=\"noopener\"><br \/>\n                        <img decoding=\"async\" src=\"http:\/\/static.tmgrupoinmobiliario.com\/files\/gc\/img\/politicas\/POL\u00cdTICA+DE+TESORER\u00cdA.png\" class=\"card-image\" \/><\/p>\n<div class=\"card-content\"><\/div>\n<p>                        <\/a>\n                    <\/div>\n<\/p><\/div>\n<div class=\"card-holder\">\n<div class=\"card revista-card\">\n                        <a target=\"_blank\" href=\"http:\/\/static.tmgrupoinmobiliario.com\/files\/gobierno-corporativo\/PROTOCOLO+DE+ACOSO+EN+EL+TRABAJO.pdf\" class=\"politicas-card-link card-link\" rel=\"noopener\"><br \/>\n                        <img decoding=\"async\" src=\"https:\/\/www.tmgrupoinmobiliario.com\/blog\/wp-content\/uploads\/2023\/12\/portada-acoso.jpg\" class=\"card-image\" \/><\/p>\n<div class=\"card-content\"><\/div>\n<p>                        <\/a>\n                    <\/div>\n<\/p><\/div>\n<div class=\"card-holder\">\n<div class=\"card revista-card\">\n                        <a target=\"_blank\" href=\"http:\/\/static.tmgrupoinmobiliario.com\/files\/gobierno-corporativo\/politica-de-comunicacion-corporativa-y-marca.pdf\" class=\"politicas-card-link card-link\" rel=\"noopener\"><br \/>\n                        <img decoding=\"async\" src=\"https:\/\/www.tmgrupoinmobiliario.com\/blog\/wp-content\/uploads\/2023\/12\/portada-politica-de-marca.jpg\" class=\"card-image\" \/><\/p>\n<div class=\"card-content\"><\/div>\n<p>                        <\/a>\n                    <\/div>\n<\/p><\/div>\n<\/p><\/div>\n<\/p><\/div>\n<\/section>\n<div class=\"politicas-link-holder\">\n        <a class=\"ce-link btn-block\" href=\"\/fr\/gobierno-corporativo\/codigo-etico\">\u00a0Pour en savoir plus sur notre Code d\u2019\u00e9thique<\/a>\n    <\/div>\n<\/div>\n","protected":false},"excerpt":{"rendered":"<p>Plan directeur en mati\u00e8re de responsabilit\u00e9 de l\u2019entreprise Rapports sur la responsabilit\u00e9 de l\u2019entreprise \u00c9thique et gouvernance Action sociale Environnement menu Responsabilit\u00e9 de l\u2019entreprise Politiques d\u2019entreprise Politiques d\u2019entreprise TM Real Estate Group dispose d\u2019un ensemble de r\u00e8gles d\u2019entreprise et de bonne gouvernance qui guident les actions du Groupe pour en garantir le d\u00e9veloppement \u00e9thique et [&hellip;]<\/p>\n","protected":false},"author":11715,"featured_media":0,"parent":0,"menu_order":0,"comment_status":"closed","ping_status":"closed","template":"","meta":{"footnotes":""},"class_list":["post-20144","page","type-page","status-publish","hentry"],"better_featured_image":null,"acf":[],"yoast_head":"<!-- This site is optimized with the Yoast SEO Premium plugin v23.6 (Yoast SEO v27.5) - https:\/\/yoast.com\/product\/yoast-seo-premium-wordpress\/ -->\n<title>Pol\u00edticas Corporativas - Francais<\/title>\n<meta name=\"robots\" content=\"index, follow, max-snippet:-1, max-image-preview:large, max-video-preview:-1\" \/>\n<link rel=\"canonical\" href=\"https:\/\/blog.tmgrupoinmobiliario.com\/fr\/politicas-corporativas\/\" \/>\n<meta property=\"og:locale\" content=\"fr_FR\" \/>\n<meta property=\"og:type\" content=\"article\" \/>\n<meta property=\"og:title\" content=\"Pol\u00edticas Corporativas\" \/>\n<meta property=\"og:description\" content=\"Plan directeur en mati\u00e8re de responsabilit\u00e9 de l\u2019entreprise Rapports sur la responsabilit\u00e9 de l\u2019entreprise \u00c9thique et gouvernance Action sociale Environnement menu Responsabilit\u00e9 de l\u2019entreprise Politiques d\u2019entreprise Politiques d\u2019entreprise TM Real Estate Group dispose d\u2019un ensemble de r\u00e8gles d\u2019entreprise et de bonne gouvernance qui guident les actions du Groupe pour en garantir le d\u00e9veloppement \u00e9thique et [&hellip;]\" \/>\n<meta property=\"og:url\" content=\"https:\/\/blog.tmgrupoinmobiliario.com\/fr\/politicas-corporativas\/\" \/>\n<meta property=\"og:site_name\" content=\"Francais\" \/>\n<meta property=\"og:image\" content=\"http:\/\/static.tmgrupoinmobiliario.com\/files\/gc\/img\/politicas\/REGLAMENTO+C.FAMILIA.png\" \/>\n<meta name=\"twitter:card\" content=\"summary_large_image\" \/>\n<script type=\"application\/ld+json\" class=\"yoast-schema-graph\">{\"@context\":\"https:\\\/\\\/schema.org\",\"@graph\":[{\"@type\":\"WebPage\",\"@id\":\"https:\\\/\\\/blog.tmgrupoinmobiliario.com\\\/fr\\\/politicas-corporativas\\\/\",\"url\":\"https:\\\/\\\/blog.tmgrupoinmobiliario.com\\\/fr\\\/politicas-corporativas\\\/\",\"name\":\"Pol\u00edticas Corporativas - Francais\",\"isPartOf\":{\"@id\":\"https:\\\/\\\/blog.tmgrupoinmobiliario.com\\\/fr\\\/#website\"},\"primaryImageOfPage\":{\"@id\":\"https:\\\/\\\/blog.tmgrupoinmobiliario.com\\\/fr\\\/politicas-corporativas\\\/#primaryimage\"},\"image\":{\"@id\":\"https:\\\/\\\/blog.tmgrupoinmobiliario.com\\\/fr\\\/politicas-corporativas\\\/#primaryimage\"},\"thumbnailUrl\":\"http:\\\/\\\/static.tmgrupoinmobiliario.com\\\/files\\\/gc\\\/img\\\/politicas\\\/REGLAMENTO+C.FAMILIA.png\",\"datePublished\":\"2024-12-20T12:04:47+00:00\",\"breadcrumb\":{\"@id\":\"https:\\\/\\\/blog.tmgrupoinmobiliario.com\\\/fr\\\/politicas-corporativas\\\/#breadcrumb\"},\"inLanguage\":\"fr-FR\",\"potentialAction\":[{\"@type\":\"ReadAction\",\"target\":[\"https:\\\/\\\/blog.tmgrupoinmobiliario.com\\\/fr\\\/politicas-corporativas\\\/\"]}]},{\"@type\":\"ImageObject\",\"inLanguage\":\"fr-FR\",\"@id\":\"https:\\\/\\\/blog.tmgrupoinmobiliario.com\\\/fr\\\/politicas-corporativas\\\/#primaryimage\",\"url\":\"http:\\\/\\\/static.tmgrupoinmobiliario.com\\\/files\\\/gc\\\/img\\\/politicas\\\/REGLAMENTO+C.FAMILIA.png\",\"contentUrl\":\"http:\\\/\\\/static.tmgrupoinmobiliario.com\\\/files\\\/gc\\\/img\\\/politicas\\\/REGLAMENTO+C.FAMILIA.png\"},{\"@type\":\"BreadcrumbList\",\"@id\":\"https:\\\/\\\/blog.tmgrupoinmobiliario.com\\\/fr\\\/politicas-corporativas\\\/#breadcrumb\",\"itemListElement\":[{\"@type\":\"ListItem\",\"position\":1,\"name\":\"Portada\",\"item\":\"https:\\\/\\\/blog.tmgrupoinmobiliario.com\\\/fr\\\/\"},{\"@type\":\"ListItem\",\"position\":2,\"name\":\"Pol\u00edticas Corporativas\"}]},{\"@type\":\"WebSite\",\"@id\":\"https:\\\/\\\/blog.tmgrupoinmobiliario.com\\\/fr\\\/#website\",\"url\":\"https:\\\/\\\/blog.tmgrupoinmobiliario.com\\\/fr\\\/\",\"name\":\"Francais\",\"description\":\"Otro sitio m\u00e1s de Blog Desarrollo TM sitios\",\"potentialAction\":[{\"@type\":\"SearchAction\",\"target\":{\"@type\":\"EntryPoint\",\"urlTemplate\":\"https:\\\/\\\/blog.tmgrupoinmobiliario.com\\\/fr\\\/?s={search_term_string}\"},\"query-input\":{\"@type\":\"PropertyValueSpecification\",\"valueRequired\":true,\"valueName\":\"search_term_string\"}}],\"inLanguage\":\"fr-FR\"}]}<\/script>\n<!-- \/ Yoast SEO Premium plugin. -->","yoast_head_json":{"title":"Pol\u00edticas Corporativas - Francais","robots":{"index":"index","follow":"follow","max-snippet":"max-snippet:-1","max-image-preview":"max-image-preview:large","max-video-preview":"max-video-preview:-1"},"canonical":"https:\/\/blog.tmgrupoinmobiliario.com\/fr\/politicas-corporativas\/","og_locale":"fr_FR","og_type":"article","og_title":"Pol\u00edticas Corporativas","og_description":"Plan directeur en mati\u00e8re de responsabilit\u00e9 de l\u2019entreprise Rapports sur la responsabilit\u00e9 de l\u2019entreprise \u00c9thique et gouvernance Action sociale Environnement menu Responsabilit\u00e9 de l\u2019entreprise Politiques d\u2019entreprise Politiques d\u2019entreprise TM Real Estate Group dispose d\u2019un ensemble de r\u00e8gles d\u2019entreprise et de bonne gouvernance qui guident les actions du Groupe pour en garantir le d\u00e9veloppement \u00e9thique et [&hellip;]","og_url":"https:\/\/blog.tmgrupoinmobiliario.com\/fr\/politicas-corporativas\/","og_site_name":"Francais","og_image":[{"url":"http:\/\/static.tmgrupoinmobiliario.com\/files\/gc\/img\/politicas\/REGLAMENTO+C.FAMILIA.png","type":"","width":"","height":""}],"twitter_card":"summary_large_image","schema":{"@context":"https:\/\/schema.org","@graph":[{"@type":"WebPage","@id":"https:\/\/blog.tmgrupoinmobiliario.com\/fr\/politicas-corporativas\/","url":"https:\/\/blog.tmgrupoinmobiliario.com\/fr\/politicas-corporativas\/","name":"Pol\u00edticas Corporativas - Francais","isPartOf":{"@id":"https:\/\/blog.tmgrupoinmobiliario.com\/fr\/#website"},"primaryImageOfPage":{"@id":"https:\/\/blog.tmgrupoinmobiliario.com\/fr\/politicas-corporativas\/#primaryimage"},"image":{"@id":"https:\/\/blog.tmgrupoinmobiliario.com\/fr\/politicas-corporativas\/#primaryimage"},"thumbnailUrl":"http:\/\/static.tmgrupoinmobiliario.com\/files\/gc\/img\/politicas\/REGLAMENTO+C.FAMILIA.png","datePublished":"2024-12-20T12:04:47+00:00","breadcrumb":{"@id":"https:\/\/blog.tmgrupoinmobiliario.com\/fr\/politicas-corporativas\/#breadcrumb"},"inLanguage":"fr-FR","potentialAction":[{"@type":"ReadAction","target":["https:\/\/blog.tmgrupoinmobiliario.com\/fr\/politicas-corporativas\/"]}]},{"@type":"ImageObject","inLanguage":"fr-FR","@id":"https:\/\/blog.tmgrupoinmobiliario.com\/fr\/politicas-corporativas\/#primaryimage","url":"http:\/\/static.tmgrupoinmobiliario.com\/files\/gc\/img\/politicas\/REGLAMENTO+C.FAMILIA.png","contentUrl":"http:\/\/static.tmgrupoinmobiliario.com\/files\/gc\/img\/politicas\/REGLAMENTO+C.FAMILIA.png"},{"@type":"BreadcrumbList","@id":"https:\/\/blog.tmgrupoinmobiliario.com\/fr\/politicas-corporativas\/#breadcrumb","itemListElement":[{"@type":"ListItem","position":1,"name":"Portada","item":"https:\/\/blog.tmgrupoinmobiliario.com\/fr\/"},{"@type":"ListItem","position":2,"name":"Pol\u00edticas Corporativas"}]},{"@type":"WebSite","@id":"https:\/\/blog.tmgrupoinmobiliario.com\/fr\/#website","url":"https:\/\/blog.tmgrupoinmobiliario.com\/fr\/","name":"Francais","description":"Otro sitio m\u00e1s de Blog Desarrollo TM sitios","potentialAction":[{"@type":"SearchAction","target":{"@type":"EntryPoint","urlTemplate":"https:\/\/blog.tmgrupoinmobiliario.com\/fr\/?s={search_term_string}"},"query-input":{"@type":"PropertyValueSpecification","valueRequired":true,"valueName":"search_term_string"}}],"inLanguage":"fr-FR"}]}},"jetpack_sharing_enabled":true,"_links":{"self":[{"href":"https:\/\/blog.tmgrupoinmobiliario.com\/fr\/wp-json\/wp\/v2\/pages\/20144","targetHints":{"allow":["GET"]}}],"collection":[{"href":"https:\/\/blog.tmgrupoinmobiliario.com\/fr\/wp-json\/wp\/v2\/pages"}],"about":[{"href":"https:\/\/blog.tmgrupoinmobiliario.com\/fr\/wp-json\/wp\/v2\/types\/page"}],"author":[{"embeddable":true,"href":"https:\/\/blog.tmgrupoinmobiliario.com\/fr\/wp-json\/wp\/v2\/users\/11715"}],"replies":[{"embeddable":true,"href":"https:\/\/blog.tmgrupoinmobiliario.com\/fr\/wp-json\/wp\/v2\/comments?post=20144"}],"version-history":[{"count":1,"href":"https:\/\/blog.tmgrupoinmobiliario.com\/fr\/wp-json\/wp\/v2\/pages\/20144\/revisions"}],"predecessor-version":[{"id":20145,"href":"https:\/\/blog.tmgrupoinmobiliario.com\/fr\/wp-json\/wp\/v2\/pages\/20144\/revisions\/20145"}],"wp:attachment":[{"href":"https:\/\/blog.tmgrupoinmobiliario.com\/fr\/wp-json\/wp\/v2\/media?parent=20144"}],"curies":[{"name":"wp","href":"https:\/\/api.w.org\/{rel}","templated":true}]}}