{"id":20140,"date":"2024-12-20T13:03:04","date_gmt":"2024-12-20T12:03:04","guid":{"rendered":"https:\/\/blog.tmgrupoinmobiliario.com\/fr\/?page_id=20140"},"modified":"2024-12-20T13:03:04","modified_gmt":"2024-12-20T12:03:04","slug":"gobierno-corporativo","status":"publish","type":"page","link":"https:\/\/blog.tmgrupoinmobiliario.com\/fr\/gobierno-corporativo\/","title":{"rendered":"Gobierno Corporativo"},"content":{"rendered":"<div class=\"gc\">\n<nav class=\"static-nav inline-nav lineas-nav locked\">\n<ul>\n<li><a href=\"\/fr\/gobierno-corporativo\/plan-director-rc\">Plan directeur en mati\u00e8re de responsabilit\u00e9 de l\u2019entreprise<\/a><\/li>\n<li><a href=\"\/fr\/gobierno-corporativo\/memoria-rc\">Rapports sur la responsabilit\u00e9 de l\u2019entreprise<\/a><\/li>\n<li><a href=\"\/fr\/gobierno-corporativo\/etica-y-gobernanza\">\u00c9thique et gouvernance<\/a><\/li>\n<li><a href=\"\/fr\/gobierno-corporativo\/accion-social\">Action sociale<\/a><\/li>\n<li><a href=\"\/fr\/gobierno-corporativo\/medioambiente\">Environnement<\/a><\/li>\n<\/ul>\n<p>      <button class=\"toggle-static-nav\">menu <i class=\"far fa-caret-square-down\"><\/i><\/button><br \/>\n    <\/nav>\n<section class=\"gc-cover-section top-cover scroll-div\">\n<div class=\"cover\" style=\"position: relative;\">\n<div class=\"gc-video-holder home\">\n              <!--<video class=\"gc-cover-video\" playsinline=\"\" autoplay=\"autoplay\" muted=\"\" loop=\"\" style=\"width:100%\">\n<source src=\"\" type=\"video\/webm\">\n<source src=\"https:\/\/static.tmgrupoinmobiliario.com\/files\/gc\/video\/TM+Grupo+Inmobiliario+RC+y+ODS+actualizado.mp4\" type=\"video\/mp4\">\n<\/video> -->\n            <\/div>\n<p>            <!--\n\n<p style=\"position:absolute;bottom:10%;z-index:2;width: 100%;text-align:center;\"><a class=\"btn btn-default\" href=\"https:\/\/www.youtube.com\/watch?v=9WvX0veTLUU\" target=\"_blank\" rel=\"noopener\">Ver video completo<\/a><\/p>\n\n--><br \/>\n            <a href=\"https:\/\/www.youtube.com\/watch?v=9WvX0veTLUU\" data-fancybox=\"\" class=\"btn btn-outlined\"><br \/>\n                <svg class=\"svg-inline--fa fa-play-circle fa-w-16 fa-lg\" aria-hidden=\"true\" data-prefix=\"far\" data-icon=\"play-circle\" role=\"img\" xmlns=\"http:\/\/www.w3.org\/2000\/svg\" viewBox=\"0 0 512 512\" data-fa-i2svg=\"\" style=\"width: 18.7px; height: 18.7px;\">\n                    <path fill=\"currentColor\" d=\"M371.7 238l-176-107c-15.8-8.8-35.7 2.5-35.7 21v208c0 18.4 19.8 29.8 35.7 21l176-101c16.4-9.1 16.4-32.8 0-42zM504 256C504 119 393 8 256 8S8 119 8 256s111 248 248 248 248-111 248-248zm-448 0c0-110.5 89.5-200 200-200s200 89.5 200 200-89.5 200-200 200S56 366.5 56 256z\"><\/path><\/svg><!-- <i class=\"far fa-lg fa-play-circle\"><\/i> --><br \/>\n                    Voir la vid\u00e9o compl\u00e8te<br \/>\n            <\/a>\n        <\/div>\n<\/section>\n<section class=\"background-gray-lighter gobierno-section scroll-div\">\n<div class=\"container mw-1200\">\n<h3 class=\"\/*gc-title*\/\">GOUVERNANCE D\u2019ENTREPRISE<\/h3>\n<p class=\"gc-intro\">Pour TM Real Estate Group, la Gouvernance est une notion strat\u00e9gique au <b>centre de notre ADN social<\/b> en tant qu\u2019entreprise familiale et r\u00e9f\u00e9rence dans le secteur du tourisme r\u00e9sidentiel. C\u2019est pourquoi nous disposons de <b>solides structures de gouvernance d\u2019entreprise,<\/b>, junto con una cultura de <b>transparencia y accesibilidad de la informaci\u00f3n<\/b>, que son hoy un factor clave para la sostenibilidad y la confianza de nuestros grupos de inter\u00e9s. <\/p>\n<div class=\"row gb-img-container\">\n<div class=\"col-md-4 col-sm-12\"><img decoding=\"async\" style=\"width: 100%\" src=\"https:\/\/static.tmgrupoinmobiliario.com\/files\/gc\/img\/mision.png\"><\/div>\n<div class=\"col-md-4 col-sm-12\"><img decoding=\"async\" style=\"width: 100%\" src=\"https:\/\/static.tmgrupoinmobiliario.com\/files\/gc\/img\/vision.png\"><\/div>\n<div class=\"col-md-4 col-sm-12\"><img decoding=\"async\" style=\"width: 100%\" src=\"https:\/\/static.tmgrupoinmobiliario.com\/files\/gc\/img\/valores.png\"><\/div>\n<\/p><\/div>\n<p class=\"gc-text\">Notre <b>mission<\/b> notre<b>vision<\/b> et nos<b> valeurs<\/b> d\u00e9finissent la mani\u00e8re dont nous g\u00e9rons l\u2019activit\u00e9 et notre fa\u00e7on de nous engager vis-\u00e0-vis de nos parties prenantes.<\/p>\n<\/p><\/div>\n<\/section>\n<section class=\"government-org-section scroll-div\"  style=\"padding:2em 0\"><span id=\"government-org\"><\/span><\/p>\n<div class=\"container mw-800 \/*gc-main*\/\">\n<h3 class=\"\/*gc-title*\/\" style=\"\/*margin:2em 0*\/\">MOD\u00c8LE DE GOUVERNANCE D\u2019ENTREPRISE<\/h3>\n<div class=\"row gc-img-menu-holder\">\n<div class=\"col-md-6 col-sm-12\">\n                    <a href=\"\/fr\/gobierno-corporativo\/organos-de-gobierno\"><\/p>\n<div class=\"img-holder\">\n                            <img decoding=\"async\" src=\"https:\/\/static.tmgrupoinmobiliario.com\/files\/gc\/img\/consejo.png\"><\/p>\n<div class=\"gc-img-title\">Organes de gouvernance<\/div>\n<\/p><\/div>\n<p>                    <\/a>\n                <\/div>\n<div class=\"col-md-6 col-sm-12\">\n                    <a href=\"\/fr\/gobierno-corporativo\/politicas-corporativas\"><\/p>\n<div class=\"img-holder\">\n                            <img decoding=\"async\" src=\"https:\/\/static.tmgrupoinmobiliario.com\/files\/gc\/img\/politicas.jpg\"><\/p>\n<div class=\"gc-img-title\">Politiques d\u2019entreprise<\/div>\n<\/p><\/div>\n<p>                    <\/a>\n                <\/div>\n<\/p><\/div>\n<\/p><\/div>\n<\/section>\n<\/div>\n","protected":false},"excerpt":{"rendered":"<p>Plan directeur en mati\u00e8re de responsabilit\u00e9 de l\u2019entreprise Rapports sur la responsabilit\u00e9 de l\u2019entreprise \u00c9thique et gouvernance Action sociale Environnement menu Voir la vid\u00e9o compl\u00e8te GOUVERNANCE D\u2019ENTREPRISE Pour TM Real Estate Group, la Gouvernance est une notion strat\u00e9gique au centre de notre ADN social en tant qu\u2019entreprise familiale et r\u00e9f\u00e9rence dans le secteur du tourisme [&hellip;]<\/p>\n","protected":false},"author":11715,"featured_media":0,"parent":0,"menu_order":0,"comment_status":"closed","ping_status":"closed","template":"","meta":{"footnotes":""},"class_list":["post-20140","page","type-page","status-publish","hentry"],"better_featured_image":null,"acf":[],"yoast_head":"<!-- This site is optimized with the Yoast SEO Premium plugin v23.6 (Yoast SEO v27.5) - https:\/\/yoast.com\/product\/yoast-seo-premium-wordpress\/ -->\n<title>Gobierno Corporativo - Francais<\/title>\n<meta name=\"robots\" content=\"index, follow, max-snippet:-1, max-image-preview:large, max-video-preview:-1\" \/>\n<link rel=\"canonical\" href=\"https:\/\/blog.tmgrupoinmobiliario.com\/fr\/gobierno-corporativo\/\" \/>\n<meta property=\"og:locale\" content=\"fr_FR\" \/>\n<meta property=\"og:type\" content=\"article\" \/>\n<meta property=\"og:title\" content=\"Gobierno Corporativo\" \/>\n<meta property=\"og:description\" content=\"Plan directeur en mati\u00e8re de responsabilit\u00e9 de l\u2019entreprise Rapports sur la responsabilit\u00e9 de l\u2019entreprise \u00c9thique et gouvernance Action sociale Environnement menu Voir la vid\u00e9o compl\u00e8te GOUVERNANCE D\u2019ENTREPRISE Pour TM Real Estate Group, la Gouvernance est une notion strat\u00e9gique au centre de notre ADN social en tant qu\u2019entreprise familiale et r\u00e9f\u00e9rence dans le secteur du tourisme [&hellip;]\" \/>\n<meta property=\"og:url\" content=\"https:\/\/blog.tmgrupoinmobiliario.com\/fr\/gobierno-corporativo\/\" \/>\n<meta property=\"og:site_name\" content=\"Francais\" \/>\n<meta property=\"og:image\" content=\"https:\/\/static.tmgrupoinmobiliario.com\/files\/gc\/img\/mision.png\" \/>\n<meta name=\"twitter:card\" content=\"summary_large_image\" \/>\n<script type=\"application\/ld+json\" class=\"yoast-schema-graph\">{\"@context\":\"https:\\\/\\\/schema.org\",\"@graph\":[{\"@type\":\"WebPage\",\"@id\":\"https:\\\/\\\/blog.tmgrupoinmobiliario.com\\\/fr\\\/gobierno-corporativo\\\/\",\"url\":\"https:\\\/\\\/blog.tmgrupoinmobiliario.com\\\/fr\\\/gobierno-corporativo\\\/\",\"name\":\"Gobierno Corporativo - Francais\",\"isPartOf\":{\"@id\":\"https:\\\/\\\/blog.tmgrupoinmobiliario.com\\\/fr\\\/#website\"},\"primaryImageOfPage\":{\"@id\":\"https:\\\/\\\/blog.tmgrupoinmobiliario.com\\\/fr\\\/gobierno-corporativo\\\/#primaryimage\"},\"image\":{\"@id\":\"https:\\\/\\\/blog.tmgrupoinmobiliario.com\\\/fr\\\/gobierno-corporativo\\\/#primaryimage\"},\"thumbnailUrl\":\"https:\\\/\\\/static.tmgrupoinmobiliario.com\\\/files\\\/gc\\\/img\\\/mision.png\",\"datePublished\":\"2024-12-20T12:03:04+00:00\",\"breadcrumb\":{\"@id\":\"https:\\\/\\\/blog.tmgrupoinmobiliario.com\\\/fr\\\/gobierno-corporativo\\\/#breadcrumb\"},\"inLanguage\":\"fr-FR\",\"potentialAction\":[{\"@type\":\"ReadAction\",\"target\":[\"https:\\\/\\\/blog.tmgrupoinmobiliario.com\\\/fr\\\/gobierno-corporativo\\\/\"]}]},{\"@type\":\"ImageObject\",\"inLanguage\":\"fr-FR\",\"@id\":\"https:\\\/\\\/blog.tmgrupoinmobiliario.com\\\/fr\\\/gobierno-corporativo\\\/#primaryimage\",\"url\":\"https:\\\/\\\/static.tmgrupoinmobiliario.com\\\/files\\\/gc\\\/img\\\/mision.png\",\"contentUrl\":\"https:\\\/\\\/static.tmgrupoinmobiliario.com\\\/files\\\/gc\\\/img\\\/mision.png\"},{\"@type\":\"BreadcrumbList\",\"@id\":\"https:\\\/\\\/blog.tmgrupoinmobiliario.com\\\/fr\\\/gobierno-corporativo\\\/#breadcrumb\",\"itemListElement\":[{\"@type\":\"ListItem\",\"position\":1,\"name\":\"Portada\",\"item\":\"https:\\\/\\\/blog.tmgrupoinmobiliario.com\\\/fr\\\/\"},{\"@type\":\"ListItem\",\"position\":2,\"name\":\"Gobierno Corporativo\"}]},{\"@type\":\"WebSite\",\"@id\":\"https:\\\/\\\/blog.tmgrupoinmobiliario.com\\\/fr\\\/#website\",\"url\":\"https:\\\/\\\/blog.tmgrupoinmobiliario.com\\\/fr\\\/\",\"name\":\"Francais\",\"description\":\"Otro sitio m\u00e1s de Blog Desarrollo TM sitios\",\"potentialAction\":[{\"@type\":\"SearchAction\",\"target\":{\"@type\":\"EntryPoint\",\"urlTemplate\":\"https:\\\/\\\/blog.tmgrupoinmobiliario.com\\\/fr\\\/?s={search_term_string}\"},\"query-input\":{\"@type\":\"PropertyValueSpecification\",\"valueRequired\":true,\"valueName\":\"search_term_string\"}}],\"inLanguage\":\"fr-FR\"}]}<\/script>\n<!-- \/ Yoast SEO Premium plugin. -->","yoast_head_json":{"title":"Gobierno Corporativo - Francais","robots":{"index":"index","follow":"follow","max-snippet":"max-snippet:-1","max-image-preview":"max-image-preview:large","max-video-preview":"max-video-preview:-1"},"canonical":"https:\/\/blog.tmgrupoinmobiliario.com\/fr\/gobierno-corporativo\/","og_locale":"fr_FR","og_type":"article","og_title":"Gobierno Corporativo","og_description":"Plan directeur en mati\u00e8re de responsabilit\u00e9 de l\u2019entreprise Rapports sur la responsabilit\u00e9 de l\u2019entreprise \u00c9thique et gouvernance Action sociale Environnement menu Voir la vid\u00e9o compl\u00e8te GOUVERNANCE D\u2019ENTREPRISE Pour TM Real Estate Group, la Gouvernance est une notion strat\u00e9gique au centre de notre ADN social en tant qu\u2019entreprise familiale et r\u00e9f\u00e9rence dans le secteur du tourisme [&hellip;]","og_url":"https:\/\/blog.tmgrupoinmobiliario.com\/fr\/gobierno-corporativo\/","og_site_name":"Francais","og_image":[{"url":"https:\/\/static.tmgrupoinmobiliario.com\/files\/gc\/img\/mision.png","type":"","width":"","height":""}],"twitter_card":"summary_large_image","schema":{"@context":"https:\/\/schema.org","@graph":[{"@type":"WebPage","@id":"https:\/\/blog.tmgrupoinmobiliario.com\/fr\/gobierno-corporativo\/","url":"https:\/\/blog.tmgrupoinmobiliario.com\/fr\/gobierno-corporativo\/","name":"Gobierno Corporativo - Francais","isPartOf":{"@id":"https:\/\/blog.tmgrupoinmobiliario.com\/fr\/#website"},"primaryImageOfPage":{"@id":"https:\/\/blog.tmgrupoinmobiliario.com\/fr\/gobierno-corporativo\/#primaryimage"},"image":{"@id":"https:\/\/blog.tmgrupoinmobiliario.com\/fr\/gobierno-corporativo\/#primaryimage"},"thumbnailUrl":"https:\/\/static.tmgrupoinmobiliario.com\/files\/gc\/img\/mision.png","datePublished":"2024-12-20T12:03:04+00:00","breadcrumb":{"@id":"https:\/\/blog.tmgrupoinmobiliario.com\/fr\/gobierno-corporativo\/#breadcrumb"},"inLanguage":"fr-FR","potentialAction":[{"@type":"ReadAction","target":["https:\/\/blog.tmgrupoinmobiliario.com\/fr\/gobierno-corporativo\/"]}]},{"@type":"ImageObject","inLanguage":"fr-FR","@id":"https:\/\/blog.tmgrupoinmobiliario.com\/fr\/gobierno-corporativo\/#primaryimage","url":"https:\/\/static.tmgrupoinmobiliario.com\/files\/gc\/img\/mision.png","contentUrl":"https:\/\/static.tmgrupoinmobiliario.com\/files\/gc\/img\/mision.png"},{"@type":"BreadcrumbList","@id":"https:\/\/blog.tmgrupoinmobiliario.com\/fr\/gobierno-corporativo\/#breadcrumb","itemListElement":[{"@type":"ListItem","position":1,"name":"Portada","item":"https:\/\/blog.tmgrupoinmobiliario.com\/fr\/"},{"@type":"ListItem","position":2,"name":"Gobierno Corporativo"}]},{"@type":"WebSite","@id":"https:\/\/blog.tmgrupoinmobiliario.com\/fr\/#website","url":"https:\/\/blog.tmgrupoinmobiliario.com\/fr\/","name":"Francais","description":"Otro sitio m\u00e1s de Blog Desarrollo TM sitios","potentialAction":[{"@type":"SearchAction","target":{"@type":"EntryPoint","urlTemplate":"https:\/\/blog.tmgrupoinmobiliario.com\/fr\/?s={search_term_string}"},"query-input":{"@type":"PropertyValueSpecification","valueRequired":true,"valueName":"search_term_string"}}],"inLanguage":"fr-FR"}]}},"jetpack_sharing_enabled":true,"_links":{"self":[{"href":"https:\/\/blog.tmgrupoinmobiliario.com\/fr\/wp-json\/wp\/v2\/pages\/20140","targetHints":{"allow":["GET"]}}],"collection":[{"href":"https:\/\/blog.tmgrupoinmobiliario.com\/fr\/wp-json\/wp\/v2\/pages"}],"about":[{"href":"https:\/\/blog.tmgrupoinmobiliario.com\/fr\/wp-json\/wp\/v2\/types\/page"}],"author":[{"embeddable":true,"href":"https:\/\/blog.tmgrupoinmobiliario.com\/fr\/wp-json\/wp\/v2\/users\/11715"}],"replies":[{"embeddable":true,"href":"https:\/\/blog.tmgrupoinmobiliario.com\/fr\/wp-json\/wp\/v2\/comments?post=20140"}],"version-history":[{"count":1,"href":"https:\/\/blog.tmgrupoinmobiliario.com\/fr\/wp-json\/wp\/v2\/pages\/20140\/revisions"}],"predecessor-version":[{"id":20141,"href":"https:\/\/blog.tmgrupoinmobiliario.com\/fr\/wp-json\/wp\/v2\/pages\/20140\/revisions\/20141"}],"wp:attachment":[{"href":"https:\/\/blog.tmgrupoinmobiliario.com\/fr\/wp-json\/wp\/v2\/media?parent=20140"}],"curies":[{"name":"wp","href":"https:\/\/api.w.org\/{rel}","templated":true}]}}