{"id":19,"date":"2018-08-13T16:30:11","date_gmt":"2018-08-13T14:30:11","guid":{"rendered":"https:\/\/blog.tmgrupoinmobiliario.com\/?page_id=19"},"modified":"2023-06-14T19:05:22","modified_gmt":"2023-06-14T17:05:22","slug":"compromiso","status":"publish","type":"page","link":"https:\/\/blog.tmgrupoinmobiliario.com\/fr\/compromiso\/","title":{"rendered":"Compromiso"},"content":{"rendered":"<section class=\"promotion-gallery-fullscreen lineas-gallery\" id=\"main\">\n<div class=\"promotion-header\">\n<div>\n<span class=\"promotion-header-title\">Engag\u00e9s pour un monde meilleur<\/span><\/p>\n<div class=\"shader\"><\/div>\n<picture><source media=\"(max-width: 400px)\" srcset=\"https:\/\/www.tmgrupoinmobiliario.com\/blog\/wp-content\/uploads\/2020\/06\/compromiso-movil.jpg\"><source media=\"(min-width: 401px)\" srcset=\"https:\/\/www.tmgrupoinmobiliario.com\/blog\/wp-content\/uploads\/2020\/06\/compromiso-desktop.jpg\"><img decoding=\"async\" src=\"https:\/\/www.tmgrupoinmobiliario.com\/blog\/wp-content\/uploads\/2020\/06\/compromiso-desktop.jpg\" alt=\"\" \/>\n<\/picture>\n<\/div>\n<\/div>\n<\/section>\n<section id=\"main\" class=\"section no-pb\">\n<div class=\"container mw-1200\">\n<h2 class=\"section-title static-title\"><span>Notre engagement<\/span><\/h2>\n<div class=\"row\">\n<div class=\"col-md-12 col-xs-12\">\n<p class=\"fs-16\">TM Real Estate Group est une entreprise engag\u00e9e envers ses professionnels, la soci\u00e9t\u00e9 et l\u2019environnement, avec pour mission d\u2019agir de mani\u00e8re responsable dans toutes ses actions et initiatives.<\/p>\n<p class=\"fs-16\">Nous concevons la responsabilit\u00e9 d\u2019entreprise comme un engagement personnel de l\u2019ensemble de l\u2019organisation envers nos principales parties prenantes\u00a0: fournisseurs, clients, employ\u00e9s, actionnaires et la soci\u00e9t\u00e9 en g\u00e9n\u00e9ral. Nous la consid\u00e9rons comme une valeur ajout\u00e9e int\u00e9gr\u00e9e \u00e0 notre strat\u00e9gie d\u2019entreprise, qui nous permet de proposer des solutions et des services de qualit\u00e9 sup\u00e9rieure, une plus grande satisfaction de nos clients et un meilleur \u00e9quilibre en mati\u00e8re de d\u00e9veloppement durable des entreprises du groupe. <\/p>\n<p class=\"fs-16\">Nous travaillons donc avec la responsabilit\u00e9 de contribuer au d\u00e9veloppement des zones g\u00e9ographiques dans lesquelles nous sommes pr\u00e9sents gr\u00e2ce aux impacts sociaux de notre activit\u00e9, notamment la cr\u00e9ation d\u2019emplois directs et indirects, notre relation continue avec les fournisseurs et les collaborateurs, le d\u00e9veloppement d\u2019infrastructures qui am\u00e9liorent la qualit\u00e9 de vie de la population et la contribution \u00e0 l\u2019\u00c9tat-providence via les imp\u00f4ts.<\/p>\n<\/div>\n<\/div>\n<p class=\"text-center download-rsc\"><a href=\"https:\/\/static.tmgrupoinmobiliario.com\/files\/MEMORIA_DE_RESPONSABILIDAD_CORPORATIVA_TM_2022.pdf\" target=\"_blank\" rel=\"noopener noreferrer\" download><i class=\"fa fa-lg fa-arrow-alt-circle-down\"><\/i> T\u00e9l\u00e9charger le rapport de responsabilit\u00e9 d&#8217;entreprise 2022<\/a>&nbsp;&nbsp;&nbsp;<a href=\"https:\/\/static.tmgrupoinmobiliario.com\/files\/TM_POLITICA_RC_2021_DIGITAL.pdf\" target=\"_blank\" rel=\"noopener noreferrer\"><i class=\"fa fa-lg fa-arrow-alt-circle-down\"><\/i> T\u00e9l\u00e9charger la politique de RSE<\/a><\/p>\n<p style=\"margin: auto;position: relative;top: -25px;font-size: 10px;padding: 0 40px;text-align: center;\">\n\tAfin de profiter de l&#8217;interactivit\u00e9 des versions tablette et mobile, il est n\u00e9cessaire d&#8217;avoir Adobe Acrobat Reader, fichiers PDF, install\u00e9 sur l&#8217;appareil. T\u00e9l\u00e9charger dans  <a href=\"https:\/\/apps.apple.com\/es\/app\/adobe-acrobat-reader-leer-pdf\/id469337564\">App Store<\/a> ou <a href=\"https:\/\/play.google.com\/store\/apps\/details?id=com.adobe.reader\">Play Store<\/a>\n<\/div>\n<\/section>\n<section class=\"section lineas-de-actuacion lineas-de-actuacion-compromiso background-gray-lighter\">\n<div class=\"container mw-1200\">\n<h2 class=\"section-title static-title\"><span>Domaines d\u2019intervention<\/span><\/h2>\n<p class=\"fs-16\">Nous renfor\u00e7ons notre engagement envers la soci\u00e9t\u00e9 en d\u00e9veloppant diff\u00e9rentes initiatives, diff\u00e9rents programmes et projets dans les territoires o\u00f9 nous sommes pr\u00e9sents, tant en Espagne qu\u2019au Mexique, align\u00e9s sur nos axes strat\u00e9giques en mati\u00e8re de responsabilit\u00e9 d\u2019entreprise et sur les 17\u00a0objectifs de d\u00e9veloppement durable des Nations unies.<\/p>\n<div class=\"lineas-de-actuacion--holder\">\n<div class=\"lineas-de-actuacion--item\">\n<figure class=\"lineas-de-actuacion--img\"><img decoding=\"async\" src=\"https:\/\/static.tmgrupoinmobiliario.com\/files\/escuela-de-formacion-agraria.jpeg\" \/><\/figure>\n<div class=\"lineas-de-actuacion--data\">\n<h3 class=\"lineas-de-actuacion--title\">\u00c9ducation<\/h3>\n<p>Nous sommes conscients que l\u2019\u00e9ducation est essentielle au d\u00e9veloppement de la soci\u00e9t\u00e9. C\u2019est pourquoi souhaitons cr\u00e9er des opportunit\u00e9s en mati\u00e8re d\u2019\u00e9ducation et encourager les projets \u00e9ducatifs visant \u00e0 soutenir l\u2019\u00e9galit\u00e9 des chances en termes de perfectionnement et d\u2019apprentissage.<\/p>\n<p class=\"lineas-de-actuacion--programs\"><strong>Programmes:<\/strong><\/p>\n<ul>\n<li style=\"text-indent: -1.6em !important;\"><a href=\"https:\/\/www.tmgrupoinmobiliario.com\/blog\/fr\/2022\/11\/02\/tm-et-long-rafiki-consolident-leurs-projets-axes-sur-la-lutte-contre-la-pauvrete-en-ouganda\/\">Construction d\u2019une \u00e9cole de formation agricole \u00e0 Kenziga (Ouganda)<\/a>,<a href=\"https:\/\/www.tmgrupoinmobiliario.com\/blog\/2018\/09\/12\/inauguracion-en-mexico-del-jardin-de-ninos-jose-luis-serna-nuevo-noh-bec-financiado-por-tm-grupo-inmobiliario\/\"> \u00e9cole Jos\u00e9 Luis Serna (Mexique).<\/a><\/li>\n<li style=\"text-indent: -1.6em !important;\"><a href=\"-\thttps:\/\/www.tmgrupoinmobiliario.com\/blog\/fr\/2020\/09\/15\/tm-real-estate-group-participe-a-la-26e-edition-de-remise-des-prix-fundeun-2\/\">Prix FUNDEUN des nouvelles id\u00e9es entrepreneuriales.<\/a><\/li>\n<li style=\"text-indent: -1.6em !important;\">Livraison de fournitures scolaires \u00e0 des enfants au Mexique.<\/li>\n<li style=\"text-indent: -1.6em !important;\"><a href=\"https:\/\/www.tmgrupoinmobiliario.com\/blog\/fr\/2022\/03\/22\/nous-faisons-don-de-materiel-informatique-a-la-fondation-alinur\/\">Don de mat\u00e9riel informatique \u00e0 des personnes en risque d\u2019exclusion.<\/a><\/li>\n<li style=\"text-indent: -1.6em !important;\">Programme d\u2019aide universitaire en collaboration avec la mairie de Capdepera (Majorque).<\/li>\n<\/ul>\n<\/div>\n<\/div>\n<div class=\"lineas-de-actuacion--item\">\n<figure class=\"lineas-de-actuacion--img\"><img decoding=\"async\" src=\"https:\/\/static.tmgrupoinmobiliario.com\/files\/carrera-cancer-mama-orihuela.jpg\" \/><\/figure>\n<div class=\"lineas-de-actuacion--data\">\n<h3 class=\"lineas-de-actuacion--title\">Sport<\/h3>\n<p>Nous nous engageons en faveur du sport pour transmettre les valeurs de d\u00e9passement de soi, d\u2019effort et d\u2019engagement\u00a0; sous toutes ses formes et variantes, en soutenant diff\u00e9rentes disciplines.<\/p>\n<p class=\"lineas-de-actuacion--programs\"><strong>Programmes:<\/strong><\/p>\n<ul>\n<li style=\"text-indent: -1.6em !important;\">Collaboration avec des courses de solidarit\u00e9 contre le cancer du pancr\u00e9as, le cancer du sein, l\u2019\u00e9pilepsie et en faveur de la Croix-Rouge.<\/li>\n<li style=\"text-indent: -1.6em !important;\">Participation \u00e0 <a href=\"https:\/\/www.tmgrupoinmobiliario.com\/blog\/2022\/07\/04\/tm-y-el-grupo-respiralia-unidos-por-la-fibrosis-quistica\/\">des courses contre la mucoviscidose \u00e0 Majorque<\/a> et remise des prix Yo Soy Noticia pour r\u00e9compenser la carri\u00e8re de sportifs d\u2019\u00e9lite sans couverture m\u00e9diatique.<\/li>\n<\/ul>\n<\/div>\n<\/div>\n<div class=\"lineas-de-actuacion--item\">\n<figure class=\"lineas-de-actuacion--img\"><a href=\"https:\/\/youtu.be\/-rz-qVeidso\"><img decoding=\"async\" src=\"https:\/\/static.tmgrupoinmobiliario.com\/files\/india-video.png\" \/><\/a><\/figure>\n<div class=\"lineas-de-actuacion--data\">\n<h3 class=\"lineas-de-actuacion--title\">Acc\u00e8s au logement <\/h3>\n<p>Disposer d\u2019un logement d\u00e9cent est une condition essentielle au d\u00e9veloppement et \u00e0 l\u2019int\u00e9gration de toute personne. Elle est essentielle pour r\u00e9pondre aux situations d\u2019in\u00e9galit\u00e9 en mati\u00e8re de logement dont souffrent les groupes sociaux les plus vuln\u00e9rables.<\/p>\n<p class=\"lineas-de-actuacion--programs\"><strong>Programmes :<\/strong><\/p>\n<ul>\n<li style=\"text-indent: -1.6em !important;\"><a href=\"https:\/\/www.tmgrupoinmobiliario.com\/blog\/2019\/11\/26\/tm-grupo-inmobiliario-y-la-fundacion-vicente-ferrer-inauguran-la-aldea-jose-luis-serna-moukthikapuram-en-anantapur-sur-de-la-india\/\">Construction de 71\u00a0logements \u00e0 Moukthikapuram (Inde).<\/a><\/li>\n<li style=\"text-indent: -1.6em !important;\"><a href=\"https:\/\/www.tmgrupoinmobiliario.com\/blog\/2019\/06\/28\/tm-grupo-inmobiliario-y-el-ayuntamiento-de-molina-de-segura-renuevan-su-colaboracion-con-cruz-roja-para-favorecer-el-acceso-a-la-vivienda-de-familias-sin-recursos\/\">Collaboration avec les conseils municipaux de Pulp\u00ed, Orihuela, Estepona et Molina de Segura pour l\u2019acc\u00e8s au logement des familles en risque d\u2019exclusion sociale.<\/a><\/li>\n<li style=\"text-indent: -1.6em !important;\"><a href=\"https:\/\/www.tmgrupoinmobiliario.com\/blog\/2019\/10\/31\/tm-grupo-inmobiliario-dona-50-000e-a-cruz-roja-espanola-para-ayudar-a-los-afectados-por-la-dana\/\">Transfert de logements aux familles affect\u00e9es par les inondations de 2019 \u00e0 Vega Baja.<\/a><\/li>\n<\/ul>\n<\/div>\n<\/div>\n<div class=\"lineas-de-actuacion--item\" style=\"align-items: stretch\">\n<figure class=\"lineas-de-actuacion--img\"><!--<a href=\"https:\/\/www.youtube.com\/embed\/_2Y9pLd24oE\" class=\"\" data-fancybox=\"\">--><img decoding=\"async\" src=\"https:\/\/static.tmgrupoinmobiliario.com\/files\/equipo-cruz-roja-con-entrega.jpeg\" \/><!--<\/a>--><\/figure>\n<div class=\"lineas-de-actuacion--data\">\n<h3 class=\"lineas-de-actuacion--title\">Action sociale<\/h3>\n<p>Nous encourageons la collaboration avec diff\u00e9rentes entit\u00e9s publiques et priv\u00e9es et des ONG. Nous d\u00e9veloppons diverses actions qui permettent de s\u2019attaquer \u00e0 des probl\u00e8mes sociaux urgents tels que la lutte contre la pauvret\u00e9 ou l\u2019exclusion sociale.<\/p>\n<p class=\"lineas-de-actuacion--programs\"><strong>Programmes:<\/strong><\/p>\n<ul>\n<li style=\"text-indent: -1.6em !important;\"><a href=\"https:\/\/www.tmgrupoinmobiliario.com\/blog\/fr\/2022\/02\/28\/tm-et-rafiki-ameliorer-la-vie-en-ouganda\/\">Programme de microcr\u00e9dit pour les femmes entrepreneurs \u00e0 Kenziga (Ouganda).<\/a><\/li>\n<li style=\"text-indent: -1.6em !important;\"><a href=\"https:\/\/www.tmgrupoinmobiliario.com\/blog\/fr\/2022\/05\/23\/barc-busot-et-tm-main-dans-la-main-pour-une-belle-initiative\/\">Construction du centre de sauvetage des animaux Barc \u00e0 Busot.<\/a><\/li>\n<li style=\"text-indent: -1.6em !important;\">Don de 30\u00a0tonnes de nourriture \u00e0 la Croix-Rouge, Caritas, DYA, Despensa Solidaria et Residencia Mar Bella (Torrevieja).<\/li>\n<li style=\"text-indent: -1.6em !important;\">Don de nourriture, d\u2019articles m\u00e9nagers et de mat\u00e9riel sanitaire \u00e0 l\u2019Ukraine.<\/li>\n<\/ul>\n<\/div>\n<\/div>\n<div class=\"lineas-de-actuacion--item\">\n<figure class=\"lineas-de-actuacion--img\"><img decoding=\"async\" src=\"https:\/\/static.tmgrupoinmobiliario.com\/files\/green-sea-turtle.jpg\" \/><\/figure>\n<div class=\"lineas-de-actuacion--data\">\n<h3 class=\"lineas-de-actuacion--title\">Environnement<\/h3>\n<p>Nous sommes conscients de la n\u00e9cessit\u00e9 de pr\u00e9server et de prot\u00e9ger l\u2019environnement et nous nous engageons \u00e0 pr\u00e9venir et \u00e0 r\u00e9duire autant que possible l\u2019impact environnemental de nos activit\u00e9s. Entre autres, les engagements acquis dans ce domaine et d\u00e9finis dans le Code d\u2019\u00e9thique consistent \u00e0 minimiser les d\u00e9chets g\u00e9n\u00e9r\u00e9s, promouvoir les \u00e9conomies d\u2019\u00e9nergie, contribuer \u00e0 la pr\u00e9servation des ressources naturelles et promouvoir les bonnes pratiques au sein de l\u2019\u00e9quipe humaine qui compose le Groupe. <\/p>\n<p class=\"lineas-de-actuacion--programs\"><strong>Programmes :<\/strong><\/p>\n<ul>\n<li style=\"text-indent: -1.6em !important;\"><a href=\"https:\/\/www.tmgrupoinmobiliario.com\/blog\/fr\/2022\/11\/02\/tm-et-long-rafiki-consolident-leurs-projets-axes-sur-la-lutte-contre-la-pauvrete-en-ouganda\/\">Construction d\u2019une usine de traitement des eaux \u00e0 Kenziga (Ouganda).<\/a><\/li>\n<li style=\"text-indent: -1.6em !important;\"><a href=\"https:\/\/www.tmgrupoinmobiliario.com\/blog\/2022\/06\/05\/responsables-con-el-medio-ambiente\/\">Nettoyage de plages en Espagne et au Mexique.<\/a><\/li>\n<li style=\"text-indent: -1.6em !important;\">Protection des tortues de mer \u00e0 Puerto Morelos (Mexique). <\/li>\n<li style=\"text-indent: -1.6em !important;\">Participation au programme Retos Conectados sur l\u2019agriculture durable.<\/li>\n<\/ul>\n<\/div>\n<\/div>\n<\/div>\n<\/div>\n<\/section>\n<section class=\"video-corporativo vicente-ferrer\">\n<div class=\"video-holder\">\n<img decoding=\"async\" src=\"\/img\/video-vicente-ferrer.jpg\" alt=\"\" \/>\n<\/div>\n<p><a data-fancybox=\"\" href=\"https:\/\/www.youtube.com\/watch?v=-rz-qVeidso\" class=\"btn btn-outlined\"><i class=\"far fa-lg fa-play-circle\"><\/i> Voir la vid\u00e9o<\/a><br \/>\n<\/section>\n<section class=\"section contacto-rsc\">\n<div class=\"container mw-1200\">\n<h2 class=\"section-title static-title\"><span>Contact Responsabilit\u00e9 de l\u2019entreprise<\/span><\/h2>\n<form class=\"form-horizontal form-compromiso\">\n<p>Nous mettons \u00e0 votre disposition le formulaire suivant, par lequel vous pouvez nous adresser vos <strong> questions, suggestions, commentaires ou demandes d\u2019informations<\/strong> concernant notre responsabilit\u00e9 d\u2019entreprise.<\/p>\n<div class=\"ok-msg text-center\"><strong>Merci, nous vous contacterons prochainement<\/strong><\/div>\n<div class=\"alert alert-danger\">Une erreur est survenue<\/div>\n<div class=\"form-holder\">\n<div class=\"col-md-6\">\n<div class=\"form-group\" style=\"padding: 0 15px;\">\n<label for=\"nombre\" class=\"col-sm-2 control-label visible-xs\">Nom<\/label><br \/>\n<input type=\"text\" class=\"form-control\" name=\"name\" placeholder=\"Nom\">\n<\/div>\n<div class=\"form-group\" style=\"padding: 0 15px;\">\n<label for=\"email\" class=\"col-sm-2 control-label visible-xs\">Email<\/label><br \/>\n<input type=\"email\" class=\"form-control\" name=\"email\" placeholder=\"Email\">\n<\/div>\n<\/div>\n<div class=\"col-md-6 textarea-holder\">\n<div class=\"form-group\" style=\"padding: 0 15px;\">\n<label for=\"comments\" class=\"col-sm-2 control-label visible-xs\">Message<\/label><br \/>\n<textarea class=\"form-control\" name=\"comments\" rows=\"4\" placeholder=\"Message\"><\/textarea>\n<\/div>\n<\/div>\n<div class=\"col-md-12 text-center\">\n<div class=\"form-group\">\n<div class=\"checkbox\">\n<label style=\"padding-left: 40px;\"><br \/>\n<input type=\"checkbox\" name=\"checkbox-lopd\" value=\"lopd\"> J\u2019accepte la  <a target=\"_blank\" href=\"https:\/\/www.tmgrupoinmobiliario.com\/fr\/privacy\/contactos-rsc\" rel=\"noopener noreferrer\">politique de confidentialit\u00e9.<\/a>.<br \/>\n<\/label>\n<\/div>\n<\/div>\n<div class=\"form-group\" style=\"padding-right: 15px;\">\n<button class=\"btn btn-default\">Envoyer<\/button>\n<\/div>\n<\/div>\n<\/div>\n<\/form>\n<\/div>\n<\/section>\n","protected":false},"excerpt":{"rendered":"<p>Engag\u00e9s pour un monde meilleur Notre engagement TM Real Estate Group est une entreprise engag\u00e9e envers ses professionnels, la soci\u00e9t\u00e9 et l\u2019environnement, avec pour mission d\u2019agir de mani\u00e8re responsable dans toutes ses actions et initiatives. Nous concevons la responsabilit\u00e9 d\u2019entreprise comme un engagement personnel de l\u2019ensemble de l\u2019organisation envers nos principales parties prenantes\u00a0: fournisseurs, clients, [&hellip;]<\/p>\n","protected":false},"author":2,"featured_media":0,"parent":0,"menu_order":3,"comment_status":"closed","ping_status":"closed","template":"","meta":{"footnotes":""},"class_list":["post-19","page","type-page","status-publish","hentry"],"better_featured_image":null,"acf":[],"yoast_head":"<!-- This site is optimized with the Yoast SEO Premium plugin v23.6 (Yoast SEO v27.5) - https:\/\/yoast.com\/product\/yoast-seo-premium-wordpress\/ -->\n<title>Compromiso - Francais<\/title>\n<meta name=\"robots\" content=\"index, follow, max-snippet:-1, max-image-preview:large, max-video-preview:-1\" \/>\n<link rel=\"canonical\" href=\"https:\/\/blog.tmgrupoinmobiliario.com\/fr\/compromiso\/\" \/>\n<meta property=\"og:locale\" content=\"fr_FR\" \/>\n<meta property=\"og:type\" content=\"article\" \/>\n<meta property=\"og:title\" content=\"Compromiso\" \/>\n<meta property=\"og:description\" content=\"Engag\u00e9s pour un monde meilleur Notre engagement TM Real Estate Group est une entreprise engag\u00e9e envers ses professionnels, la soci\u00e9t\u00e9 et l\u2019environnement, avec pour mission d\u2019agir de mani\u00e8re responsable dans toutes ses actions et initiatives. Nous concevons la responsabilit\u00e9 d\u2019entreprise comme un engagement personnel de l\u2019ensemble de l\u2019organisation envers nos principales parties prenantes\u00a0: fournisseurs, clients, [&hellip;]\" \/>\n<meta property=\"og:url\" content=\"https:\/\/blog.tmgrupoinmobiliario.com\/fr\/compromiso\/\" \/>\n<meta property=\"og:site_name\" content=\"Francais\" \/>\n<meta property=\"article:modified_time\" content=\"2023-06-14T17:05:22+00:00\" \/>\n<meta property=\"og:image\" content=\"https:\/\/www.tmgrupoinmobiliario.com\/blog\/wp-content\/uploads\/2020\/06\/compromiso-desktop.jpg\" \/>\n<meta name=\"twitter:card\" content=\"summary_large_image\" \/>\n<meta name=\"twitter:label1\" content=\"Dur\u00e9e de lecture estim\u00e9e\" \/>\n\t<meta name=\"twitter:data1\" content=\"6 minutes\" \/>\n<script type=\"application\/ld+json\" class=\"yoast-schema-graph\">{\"@context\":\"https:\\\/\\\/schema.org\",\"@graph\":[{\"@type\":\"WebPage\",\"@id\":\"https:\\\/\\\/blog.tmgrupoinmobiliario.com\\\/fr\\\/compromiso\\\/\",\"url\":\"https:\\\/\\\/blog.tmgrupoinmobiliario.com\\\/fr\\\/compromiso\\\/\",\"name\":\"Compromiso - Francais\",\"isPartOf\":{\"@id\":\"https:\\\/\\\/blog.tmgrupoinmobiliario.com\\\/fr\\\/#website\"},\"primaryImageOfPage\":{\"@id\":\"https:\\\/\\\/blog.tmgrupoinmobiliario.com\\\/fr\\\/compromiso\\\/#primaryimage\"},\"image\":{\"@id\":\"https:\\\/\\\/blog.tmgrupoinmobiliario.com\\\/fr\\\/compromiso\\\/#primaryimage\"},\"thumbnailUrl\":\"https:\\\/\\\/www.tmgrupoinmobiliario.com\\\/blog\\\/wp-content\\\/uploads\\\/2020\\\/06\\\/compromiso-desktop.jpg\",\"datePublished\":\"2018-08-13T14:30:11+00:00\",\"dateModified\":\"2023-06-14T17:05:22+00:00\",\"breadcrumb\":{\"@id\":\"https:\\\/\\\/blog.tmgrupoinmobiliario.com\\\/fr\\\/compromiso\\\/#breadcrumb\"},\"inLanguage\":\"fr-FR\",\"potentialAction\":[{\"@type\":\"ReadAction\",\"target\":[\"https:\\\/\\\/blog.tmgrupoinmobiliario.com\\\/fr\\\/compromiso\\\/\"]}]},{\"@type\":\"ImageObject\",\"inLanguage\":\"fr-FR\",\"@id\":\"https:\\\/\\\/blog.tmgrupoinmobiliario.com\\\/fr\\\/compromiso\\\/#primaryimage\",\"url\":\"https:\\\/\\\/www.tmgrupoinmobiliario.com\\\/blog\\\/wp-content\\\/uploads\\\/2020\\\/06\\\/compromiso-desktop.jpg\",\"contentUrl\":\"https:\\\/\\\/www.tmgrupoinmobiliario.com\\\/blog\\\/wp-content\\\/uploads\\\/2020\\\/06\\\/compromiso-desktop.jpg\"},{\"@type\":\"BreadcrumbList\",\"@id\":\"https:\\\/\\\/blog.tmgrupoinmobiliario.com\\\/fr\\\/compromiso\\\/#breadcrumb\",\"itemListElement\":[{\"@type\":\"ListItem\",\"position\":1,\"name\":\"Portada\",\"item\":\"https:\\\/\\\/blog.tmgrupoinmobiliario.com\\\/fr\\\/\"},{\"@type\":\"ListItem\",\"position\":2,\"name\":\"Compromiso\"}]},{\"@type\":\"WebSite\",\"@id\":\"https:\\\/\\\/blog.tmgrupoinmobiliario.com\\\/fr\\\/#website\",\"url\":\"https:\\\/\\\/blog.tmgrupoinmobiliario.com\\\/fr\\\/\",\"name\":\"Francais\",\"description\":\"Otro sitio m\u00e1s de Blog Desarrollo TM sitios\",\"potentialAction\":[{\"@type\":\"SearchAction\",\"target\":{\"@type\":\"EntryPoint\",\"urlTemplate\":\"https:\\\/\\\/blog.tmgrupoinmobiliario.com\\\/fr\\\/?s={search_term_string}\"},\"query-input\":{\"@type\":\"PropertyValueSpecification\",\"valueRequired\":true,\"valueName\":\"search_term_string\"}}],\"inLanguage\":\"fr-FR\"}]}<\/script>\n<!-- \/ Yoast SEO Premium plugin. -->","yoast_head_json":{"title":"Compromiso - Francais","robots":{"index":"index","follow":"follow","max-snippet":"max-snippet:-1","max-image-preview":"max-image-preview:large","max-video-preview":"max-video-preview:-1"},"canonical":"https:\/\/blog.tmgrupoinmobiliario.com\/fr\/compromiso\/","og_locale":"fr_FR","og_type":"article","og_title":"Compromiso","og_description":"Engag\u00e9s pour un monde meilleur Notre engagement TM Real Estate Group est une entreprise engag\u00e9e envers ses professionnels, la soci\u00e9t\u00e9 et l\u2019environnement, avec pour mission d\u2019agir de mani\u00e8re responsable dans toutes ses actions et initiatives. Nous concevons la responsabilit\u00e9 d\u2019entreprise comme un engagement personnel de l\u2019ensemble de l\u2019organisation envers nos principales parties prenantes\u00a0: fournisseurs, clients, [&hellip;]","og_url":"https:\/\/blog.tmgrupoinmobiliario.com\/fr\/compromiso\/","og_site_name":"Francais","article_modified_time":"2023-06-14T17:05:22+00:00","og_image":[{"url":"https:\/\/www.tmgrupoinmobiliario.com\/blog\/wp-content\/uploads\/2020\/06\/compromiso-desktop.jpg","type":"","width":"","height":""}],"twitter_card":"summary_large_image","twitter_misc":{"Dur\u00e9e de lecture estim\u00e9e":"6 minutes"},"schema":{"@context":"https:\/\/schema.org","@graph":[{"@type":"WebPage","@id":"https:\/\/blog.tmgrupoinmobiliario.com\/fr\/compromiso\/","url":"https:\/\/blog.tmgrupoinmobiliario.com\/fr\/compromiso\/","name":"Compromiso - Francais","isPartOf":{"@id":"https:\/\/blog.tmgrupoinmobiliario.com\/fr\/#website"},"primaryImageOfPage":{"@id":"https:\/\/blog.tmgrupoinmobiliario.com\/fr\/compromiso\/#primaryimage"},"image":{"@id":"https:\/\/blog.tmgrupoinmobiliario.com\/fr\/compromiso\/#primaryimage"},"thumbnailUrl":"https:\/\/www.tmgrupoinmobiliario.com\/blog\/wp-content\/uploads\/2020\/06\/compromiso-desktop.jpg","datePublished":"2018-08-13T14:30:11+00:00","dateModified":"2023-06-14T17:05:22+00:00","breadcrumb":{"@id":"https:\/\/blog.tmgrupoinmobiliario.com\/fr\/compromiso\/#breadcrumb"},"inLanguage":"fr-FR","potentialAction":[{"@type":"ReadAction","target":["https:\/\/blog.tmgrupoinmobiliario.com\/fr\/compromiso\/"]}]},{"@type":"ImageObject","inLanguage":"fr-FR","@id":"https:\/\/blog.tmgrupoinmobiliario.com\/fr\/compromiso\/#primaryimage","url":"https:\/\/www.tmgrupoinmobiliario.com\/blog\/wp-content\/uploads\/2020\/06\/compromiso-desktop.jpg","contentUrl":"https:\/\/www.tmgrupoinmobiliario.com\/blog\/wp-content\/uploads\/2020\/06\/compromiso-desktop.jpg"},{"@type":"BreadcrumbList","@id":"https:\/\/blog.tmgrupoinmobiliario.com\/fr\/compromiso\/#breadcrumb","itemListElement":[{"@type":"ListItem","position":1,"name":"Portada","item":"https:\/\/blog.tmgrupoinmobiliario.com\/fr\/"},{"@type":"ListItem","position":2,"name":"Compromiso"}]},{"@type":"WebSite","@id":"https:\/\/blog.tmgrupoinmobiliario.com\/fr\/#website","url":"https:\/\/blog.tmgrupoinmobiliario.com\/fr\/","name":"Francais","description":"Otro sitio m\u00e1s de Blog Desarrollo TM sitios","potentialAction":[{"@type":"SearchAction","target":{"@type":"EntryPoint","urlTemplate":"https:\/\/blog.tmgrupoinmobiliario.com\/fr\/?s={search_term_string}"},"query-input":{"@type":"PropertyValueSpecification","valueRequired":true,"valueName":"search_term_string"}}],"inLanguage":"fr-FR"}]}},"jetpack_sharing_enabled":true,"_links":{"self":[{"href":"https:\/\/blog.tmgrupoinmobiliario.com\/fr\/wp-json\/wp\/v2\/pages\/19","targetHints":{"allow":["GET"]}}],"collection":[{"href":"https:\/\/blog.tmgrupoinmobiliario.com\/fr\/wp-json\/wp\/v2\/pages"}],"about":[{"href":"https:\/\/blog.tmgrupoinmobiliario.com\/fr\/wp-json\/wp\/v2\/types\/page"}],"author":[{"embeddable":true,"href":"https:\/\/blog.tmgrupoinmobiliario.com\/fr\/wp-json\/wp\/v2\/users\/2"}],"replies":[{"embeddable":true,"href":"https:\/\/blog.tmgrupoinmobiliario.com\/fr\/wp-json\/wp\/v2\/comments?post=19"}],"version-history":[{"count":23,"href":"https:\/\/blog.tmgrupoinmobiliario.com\/fr\/wp-json\/wp\/v2\/pages\/19\/revisions"}],"predecessor-version":[{"id":19482,"href":"https:\/\/blog.tmgrupoinmobiliario.com\/fr\/wp-json\/wp\/v2\/pages\/19\/revisions\/19482"}],"wp:attachment":[{"href":"https:\/\/blog.tmgrupoinmobiliario.com\/fr\/wp-json\/wp\/v2\/media?parent=19"}],"curies":[{"name":"wp","href":"https:\/\/api.w.org\/{rel}","templated":true}]}}