{"id":15,"date":"2018-08-13T16:28:21","date_gmt":"2018-08-13T14:28:21","guid":{"rendered":"https:\/\/blog.tmgrupoinmobiliario.com\/?page_id=15"},"modified":"2024-11-27T17:22:19","modified_gmt":"2024-11-27T16:22:19","slug":"diversificacion","status":"publish","type":"page","link":"https:\/\/blog.tmgrupoinmobiliario.com\/fr\/lineas-de-negocio\/diversificacion\/","title":{"rendered":"Diversificaci\u00f3n"},"content":{"rendered":"<nav class=\"static-nav inline-nav lineas-nav locked\">\n<ul>\n<li><a href=\"\/fr\/nos-activites-immobilieres\/promotions-immobilieres-au-spagne\">Nos biens immobiliers en Espagne<\/a><\/li>\n<li><a href=\"\/fr\/nos-activites-immobilieres\/promotions-immobilieres-au-mexico\">Nos biens immobiliers au Mexique<\/a><\/li>\n<li><a href=\"\/fr\/nos-activites-immobilieres\/hotels-au-mexico\">Nos h\u00f4tels au Mexique <\/a><\/li>\n<li><a class=\"active\" href=\"\/fr\/nos-activites-immobilieres\/diversification\">Nos autres projets <\/a><\/li>\n<\/ul>\n<p><button class=\"toggle-static-nav\">menu <i class=\"far fa-caret-square-down\"><\/i><\/button><br \/>\n<\/nav>\n<section class=\"promotion-gallery-fullscreen lineas-gallery\" id=\"main\">\n<div class=\"promotion-header\">\n<div>\n<span class=\"promotion-header-title\">Nos autres projets<\/span><\/p>\n<div class=\"shader\"><\/div>\n<p><img decoding=\"async\" src=\"\/img\/lineas-diversificacion.jpg\" alt=\"\" \/>\n<\/div>\n<\/div>\n<\/section>\n<section class=\"section diversificacion-mar-intro\">\n<div class=\"container mw-1200\">\n<h2 class=\"section-title static-title\"><span>Nos autres projets<\/span><\/h2>\n<p class=\"fs-16\">El \u00e1rea de Diversificaci\u00f3n de TM Grupo Inmobiliario, es reflejo de la visi\u00f3n emprendedora del Grupo y engloba todas aquellas l\u00edneas de negocio distintas a la actividad promotora e inmobiliaria, motor de nuestra actividad empresarial.<\/p>\n<\/div>\n<\/section>\n<section class=\"section background-gray-lighter diversificacion-mar\">\n<div class=\"container mw-1200\">\n<h2 class=\"section-title static-title\"><span>Mar Holidays<\/span><\/h2>\n<p class=\"fs-16\">Mar Holidays es la divisi\u00f3n vacacional de la compa\u00f1\u00eda que ofrece estancias en alojamientos tur\u00edsticos de calidad, adem\u00e1s de una extensa oferta de servicios para satisfacer todas las posibles necesidades de nuestros clientes tanto nacionales como internacionales en los mejores destinos del litoral mediterr\u00e1neo espa\u00f1ol y el Caribe mexicano.<\/p>\n<p class=\"fs-16\">Mar Holidays Espa\u00f1a, ofrece a nuestros clientes la posibilidad de rentabilizar su propiedad mediante el alquiler de su vivienda encarg\u00e1ndonos de gestionar los servicios de mantenimiento de la misma. Un nuevo concepto d\u00f3nde el cliente puede disfrutar de las ventajas de ser propietario mientras se siente hu\u00e9sped en un hotel.<\/p>\n<p class=\"fs-16\">A trav\u00e9s de Mar Holidays Caribe gestionamos reservas en nuestros dos complejos hoteleros en Playa de Carmen, Hotel The Fives Beach y Hotel The Fives Downtown, poniendo a disposici\u00f3n del cliente un amplio abanico de servicios a la carta.<\/p>\n<\/div>\n<div class=\"container\">\n<div class=\"galeria-lineas mt-60\">\n<div class=\"col-md-3\"><img decoding=\"async\" src=\"\/img\/lineas\/mar-3.jpg\" alt=\"\" \/><\/div>\n<div class=\"col-md-3\"><img decoding=\"async\" src=\"\/img\/lineas\/mar-1.jpg\" alt=\"\" \/><\/div>\n<div class=\"col-md-3\"><img decoding=\"async\" src=\"\/img\/lineas\/mar-4.jpg\" alt=\"\" \/><\/div>\n<div class=\"col-md-3\"><img decoding=\"async\" src=\"\/img\/lineas\/mar-2.jpg\" alt=\"\" \/><\/div>\n<\/div>\n<\/div>\n<div class=\"container mw-1200\">\n<div class=\"row mar-block-holder\">\n<div class=\"col-md-6 mar-block\">\n<a href=\"https:\/\/www.marholidays.es\"><img decoding=\"async\" src=\"\/img\/logo-mar-holidays.png\" alt=\"\" \/><\/a><\/p>\n<h3>Mar Holidays Espa\u00f1a<\/h3>\n<p class=\"fs-16\">\nAvda. de la Libertad, 1<br \/>\n03181 Torrevieja (Alicante)<br \/>\nTel\u00e9fono de contacto: +34 661 441 354<br \/>\n<a href=\"mailto:central@marholidays.net\">central@marholidays.net<\/a>\n<\/p>\n<p class=\"center mar-btn\"><a target=\"_blank\" href=\"https:\/\/www.marholidays.es\/index.php?lang=es\" class=\"btn btn-default\" rel=\"noopener noreferrer\">Reserva tus vacaciones<\/a><\/p>\n<\/div>\n<div class=\"col-md-6 mar-block\">\n<a href=\"https:\/\/www.marholidays.es\"><img decoding=\"async\" src=\"\/img\/logo-mar-holidays-caribe.png\" alt=\"\" \/><\/a><\/p>\n<h3>Mar Holidays Caribe<\/h3>\n<p class=\"fs-16\">\n77710 Playa del Carmen<br \/>\nAcceso Xcalacoco, Predio El Limonar Fraccion 2<br \/>\nQROO, Mexico<br \/>\nTel\u00e9fono de contacto: +52 (984) 877-27-50 ext 62106<br \/>\n<a href=\"mailto:ventas@marholidays.net\">ventas@marholidays.net<\/a>\n<\/p>\n<p class=\"center mar-btn\"><a target=\"_blank\" href=\"https:\/\/www.marholidayscaribe.com\/\" class=\"btn btn-default\" rel=\"noopener noreferrer\">Reserva tus vacaciones en el Caribe<\/a><\/p>\n<\/div>\n<div class=\"col-md-6 col-md-offset-3 text-center\">\n<a href=\"http:\/\/www.facebook.com\/marholidays\"><i class=\"fab fa-lg fa-facebook-square\"><\/i><\/a>&nbsp;&nbsp;<br \/>\n<a href=\"http:\/\/www.twitter.com\/mar_holidays\"><i class=\"fab fa-lg fa-twitter-square\"><\/i><\/a>&nbsp;&nbsp;<br \/>\n<a href=\"https:\/\/plus.google.com\/101459103195490162069\"><i class=\"fab fa-lg fa-google-plus-square\"><\/i><\/a>&nbsp;&nbsp;<br \/>\n<a href=\"https:\/\/www.youtube.com\/channel\/UCsvF2xujXOVKJuUSLXiZQEA\"><i class=\"fab fa-lg fa-youtube-square\"><\/i><\/a>\n<\/div>\n<\/div>\n<\/div>\n<\/section>\n<section class=\"section cifras-cultivo\">\n<div class=\"container mw-1200\">\n<h2 class=\"section-title static-title\"><span>Las Moreras Fruit &#038; Veggies<\/span><\/h2>\n<p class=\"fs-16\">Las Moreras Fruit &#038; Veggies est l&#8217;\u00e9volution de notre d\u00e9partement agricole. Il est n\u00e9 en 2009 dans le but d&#8217;exploiter les terrains agricoles de notre portefeuille qui est actuellement enti\u00e8rement consolid\u00e9 comme ligne d&#8217;activit\u00e9 au sein du groupe.<\/p>\n<p class=\"fs-16\">Nous produisons et commercialisons nos produits sans perdre l&#8217;essence de leur lieu d&#8217;origine, une enclave privil\u00e9gi\u00e9e : la Vega Baja del Segura. Nous disposons de plus de 150 hectares r\u00e9partis sur diff\u00e9rentes exploitations o\u00f9 nous cultivons principalement des citrons, des oranges, des mandarines et des citrons verts, mais aussi des amandes et diff\u00e9rents l\u00e9gumes.<\/p>\n<p class=\"fs-16\">Nos diff\u00e9rentes exploitations jouissent d&#8217;un climat m\u00e9diterran\u00e9en id\u00e9al pour la culture des agrumes. Parmi elles : Las Moreras qui, au long de son histoire, a \u00e9t\u00e9 \u00e0 l&#8217;origine d&#8217;initiatives pionni\u00e8res en mati\u00e8re de gestion agricole. En 2020, elle prend un nouvel \u00e9lan avec son centre de manutention moderne et \u00e9quip\u00e9 des derni\u00e8res technologies appliqu\u00e9es aux machines et d&#8217;efficacit\u00e9 \u00e9nerg\u00e9tique pour la commercialisation \u00e0 la source des agrumes traditionnels et biologiques.<\/p>\n<p class=\"fs-16\">Nos cultures r\u00e9pondent aux crit\u00e8res de s\u00e9curit\u00e9 alimentaire les plus exigeants et sont certifi\u00e9es par le label de qualit\u00e9 Global GAP, la certification de qualit\u00e9 la plus importante au monde pour les exploitations agricoles. Nous utilisons les techniques de fertigation les plus modernes afin d&#8217;optimiser l&#8217;utilisation de l&#8217;eau et de minimiser l&#8217;impact sur l&#8217;environnement. Une partie de la production est cultiv\u00e9e dans le respect des pratiques de l&#8217;agriculture biologique. <\/p>\n<\/p><\/div>\n<\/p>\n<div class=\"container\">\n<div class=\"galeria-lineas\">\n<div class=\"col-md-3\"><img decoding=\"async\" src=\"\/img\/lineas\/agricola-1.jpg\" alt=\"\" \/><\/div>\n<div class=\"col-md-3\"><img decoding=\"async\" src=\"\/img\/lineas\/agricola-2.jpg\" alt=\"\" \/><\/div>\n<div class=\"col-md-3\"><img decoding=\"async\" src=\"\/img\/lineas\/agricola-3.jpg\" alt=\"\" \/><\/div>\n<div class=\"col-md-3\"><img decoding=\"async\" src=\"\/img\/lineas\/agricola-4.jpg\" alt=\"\" \/><\/div>\n<\/p><\/div>\n<\/p><\/div>\n<div class=\"container mw-1200\">\n<div class=\"row mar-block-holder\">\n<div class=\"col-md-6 mar-block\">\n<a href=\"https:\/\/lasmorerasfruitandveggies.com\"><img decoding=\"async\" src=\"https:\/\/static.tmgrupoinmobiliario.com\/files\/moreras\/logo-moreras.png\" alt=\"\" \/><\/a><\/p>\n<\/div>\n<div class=\"col-md-6 mar-block\">\n<p class=\"fs-16\">\nCtra. CV-935 km 8,4 de Almorad\u00ed a Los Montesinos<br \/>\n3187 Montesinos (Alicante), Espa\u00f1a<br \/>\n+ 34 966 72 15 30<br \/>\n<a href=\"mailto:info@lasmorerasfruitandveggies.com\">info@lasmorerasfruitandveggies.com<\/a><br \/>\n<a href=\"https:\/\/lasmorerasfruitandveggies.com\">Las Moreras Fruit &#038; Veggies<\/a>\n<\/p>\n<\/div>\n<\/div>\n<\/div>\n<\/section>\n<section class=\"section lineas-de-actuacion lineas-de-actuacion-porquetm background-gray-lighter\">\n<div class=\"container mw-1200\">\n<h2 class=\"section-title static-title\"><span>Commercialisation<br \/>\n    <\/span><\/h2>\n<div class=\"lineas-de-actuacion--holder\">\n<div class=\"lineas-de-actuacion--item\">\n<figure class=\"lineas-de-actuacion--img\"><img decoding=\"async\" src=\"https:\/\/www.tmgrupoinmobiliario.com\/blog\/wp-content\/uploads\/2021\/09\/DJI_0002-1.jpg\" \/><\/figure>\n<div class=\"lineas-de-actuacion--data\">\n<p>Sur les installations de manutention r\u00e9cemment cr\u00e9\u00e9es, c&#8217;est une \u00e9quipe professionnelle, exp\u00e9riment\u00e9e et form\u00e9e qui s&#8217;engage \u00e0 offrir le meilleur service. Ce saut dans la cha\u00eene de valeur nous permet de r\u00e9pondre aux exigences de tous les march\u00e9s. Ainsi, en contr\u00f4lant depuis le d\u00e9but chaque \u00e9tape de la cha\u00eene d&#8217;approvisionnement (culture, production, r\u00e9colte, manipulation, conditionnement et vente), nous assurons la tra\u00e7abilit\u00e9 des aliments conform\u00e9ment aux normes de s\u00e9curit\u00e9 et de qualit\u00e9 les plus exigeantes.\n    <\/p>\n<\/p><\/div>\n<\/p><\/div>\n<div class=\"lineas-de-actuacion--item\">\n<figure class=\"lineas-de-actuacion--img\"><img decoding=\"async\" src=\"https:\/\/www.tmgrupoinmobiliario.com\/blog\/wp-content\/uploads\/2021\/09\/Encajados007-scaled.jpg\" \/><\/figure>\n<div class=\"lineas-de-actuacion--data\">\n<p>Nous sommes convaincus que la qualit\u00e9 commence sur nos terres et, c&#8217;est pourquoi nous prenons soin de nos cultures afin qu&#8217;elles nous donnent la meilleure mati\u00e8re premi\u00e8re. Notre r\u00e9colte est s\u00e9lective et adapt\u00e9e \u00e0 nos commandes. Ceci joint au fait que les installations de triage et de conditionnement se trouvent sur l&#8217;exploitation principale, assure une attention exclusive apport\u00e9e \u00e0 chaque commande afin de garantir qualit\u00e9 et fra\u00eecheur.\n    <\/p>\n<\/p><\/div>\n<\/p><\/div>\n<\/p><\/div>\n<\/p>\n<div class=\"text-center mt-60\"><iframe loading=\"lazy\" width=\"580\" height=\"315\" src=\"https:\/\/www.youtube.com\/embed\/AnmXAViK470?rel=0&amp;showinfo=0\" frameborder=\"0\" allow=\"autoplay; encrypted-media\" allowfullscreen><\/iframe><\/div>\n<\/div>\n<\/section>\n","protected":false},"excerpt":{"rendered":"<p>Nos biens immobiliers en Espagne Nos biens immobiliers au Mexique Nos h\u00f4tels au Mexique Nos autres projets menu Nos autres projets Nos autres projets El \u00e1rea de Diversificaci\u00f3n de TM Grupo Inmobiliario, es reflejo de la visi\u00f3n emprendedora del Grupo y engloba todas aquellas l\u00edneas de negocio distintas a la actividad promotora e inmobiliaria, motor [&hellip;]<\/p>\n","protected":false},"author":2,"featured_media":0,"parent":7,"menu_order":4,"comment_status":"closed","ping_status":"closed","template":"","meta":{"footnotes":""},"class_list":["post-15","page","type-page","status-publish","hentry"],"better_featured_image":null,"acf":[],"yoast_head":"<!-- This site is optimized with the Yoast SEO Premium plugin v23.6 (Yoast SEO v27.5) - https:\/\/yoast.com\/product\/yoast-seo-premium-wordpress\/ -->\n<title>Diversificaci\u00f3n - Francais<\/title>\n<meta name=\"robots\" content=\"index, follow, max-snippet:-1, max-image-preview:large, max-video-preview:-1\" \/>\n<link rel=\"canonical\" href=\"https:\/\/blog.tmgrupoinmobiliario.com\/fr\/lineas-de-negocio\/diversificacion\/\" \/>\n<meta property=\"og:locale\" content=\"fr_FR\" \/>\n<meta property=\"og:type\" content=\"article\" \/>\n<meta property=\"og:title\" content=\"Diversificaci\u00f3n\" \/>\n<meta property=\"og:description\" content=\"Nos biens immobiliers en Espagne Nos biens immobiliers au Mexique Nos h\u00f4tels au Mexique Nos autres projets menu Nos autres projets Nos autres projets El \u00e1rea de Diversificaci\u00f3n de TM Grupo Inmobiliario, es reflejo de la visi\u00f3n emprendedora del Grupo y engloba todas aquellas l\u00edneas de negocio distintas a la actividad promotora e inmobiliaria, motor [&hellip;]\" \/>\n<meta property=\"og:url\" content=\"https:\/\/blog.tmgrupoinmobiliario.com\/fr\/lineas-de-negocio\/diversificacion\/\" \/>\n<meta property=\"og:site_name\" content=\"Francais\" \/>\n<meta property=\"article:modified_time\" content=\"2024-11-27T16:22:19+00:00\" \/>\n<meta property=\"og:image\" content=\"https:\/\/static.tmgrupoinmobiliario.com\/files\/moreras\/logo-moreras.png\" \/>\n<meta name=\"twitter:card\" content=\"summary_large_image\" \/>\n<meta name=\"twitter:label1\" content=\"Dur\u00e9e de lecture estim\u00e9e\" \/>\n\t<meta name=\"twitter:data1\" content=\"7 minutes\" \/>\n<script type=\"application\/ld+json\" class=\"yoast-schema-graph\">{\"@context\":\"https:\\\/\\\/schema.org\",\"@graph\":[{\"@type\":\"WebPage\",\"@id\":\"https:\\\/\\\/blog.tmgrupoinmobiliario.com\\\/fr\\\/lineas-de-negocio\\\/diversificacion\\\/\",\"url\":\"https:\\\/\\\/blog.tmgrupoinmobiliario.com\\\/fr\\\/lineas-de-negocio\\\/diversificacion\\\/\",\"name\":\"Diversificaci\u00f3n - Francais\",\"isPartOf\":{\"@id\":\"https:\\\/\\\/blog.tmgrupoinmobiliario.com\\\/fr\\\/#website\"},\"primaryImageOfPage\":{\"@id\":\"https:\\\/\\\/blog.tmgrupoinmobiliario.com\\\/fr\\\/lineas-de-negocio\\\/diversificacion\\\/#primaryimage\"},\"image\":{\"@id\":\"https:\\\/\\\/blog.tmgrupoinmobiliario.com\\\/fr\\\/lineas-de-negocio\\\/diversificacion\\\/#primaryimage\"},\"thumbnailUrl\":\"https:\\\/\\\/static.tmgrupoinmobiliario.com\\\/files\\\/moreras\\\/logo-moreras.png\",\"datePublished\":\"2018-08-13T14:28:21+00:00\",\"dateModified\":\"2024-11-27T16:22:19+00:00\",\"breadcrumb\":{\"@id\":\"https:\\\/\\\/blog.tmgrupoinmobiliario.com\\\/fr\\\/lineas-de-negocio\\\/diversificacion\\\/#breadcrumb\"},\"inLanguage\":\"fr-FR\",\"potentialAction\":[{\"@type\":\"ReadAction\",\"target\":[\"https:\\\/\\\/blog.tmgrupoinmobiliario.com\\\/fr\\\/lineas-de-negocio\\\/diversificacion\\\/\"]}]},{\"@type\":\"ImageObject\",\"inLanguage\":\"fr-FR\",\"@id\":\"https:\\\/\\\/blog.tmgrupoinmobiliario.com\\\/fr\\\/lineas-de-negocio\\\/diversificacion\\\/#primaryimage\",\"url\":\"https:\\\/\\\/static.tmgrupoinmobiliario.com\\\/files\\\/moreras\\\/logo-moreras.png\",\"contentUrl\":\"https:\\\/\\\/static.tmgrupoinmobiliario.com\\\/files\\\/moreras\\\/logo-moreras.png\"},{\"@type\":\"BreadcrumbList\",\"@id\":\"https:\\\/\\\/blog.tmgrupoinmobiliario.com\\\/fr\\\/lineas-de-negocio\\\/diversificacion\\\/#breadcrumb\",\"itemListElement\":[{\"@type\":\"ListItem\",\"position\":1,\"name\":\"Portada\",\"item\":\"https:\\\/\\\/blog.tmgrupoinmobiliario.com\\\/fr\\\/\"},{\"@type\":\"ListItem\",\"position\":2,\"name\":\"Lineas de Negocio\",\"item\":\"https:\\\/\\\/blog.tmgrupoinmobiliario.com\\\/fr\\\/lineas-de-negocio\\\/\"},{\"@type\":\"ListItem\",\"position\":3,\"name\":\"Diversificaci\u00f3n\"}]},{\"@type\":\"WebSite\",\"@id\":\"https:\\\/\\\/blog.tmgrupoinmobiliario.com\\\/fr\\\/#website\",\"url\":\"https:\\\/\\\/blog.tmgrupoinmobiliario.com\\\/fr\\\/\",\"name\":\"Francais\",\"description\":\"Otro sitio m\u00e1s de Blog Desarrollo TM sitios\",\"potentialAction\":[{\"@type\":\"SearchAction\",\"target\":{\"@type\":\"EntryPoint\",\"urlTemplate\":\"https:\\\/\\\/blog.tmgrupoinmobiliario.com\\\/fr\\\/?s={search_term_string}\"},\"query-input\":{\"@type\":\"PropertyValueSpecification\",\"valueRequired\":true,\"valueName\":\"search_term_string\"}}],\"inLanguage\":\"fr-FR\"}]}<\/script>\n<!-- \/ Yoast SEO Premium plugin. -->","yoast_head_json":{"title":"Diversificaci\u00f3n - Francais","robots":{"index":"index","follow":"follow","max-snippet":"max-snippet:-1","max-image-preview":"max-image-preview:large","max-video-preview":"max-video-preview:-1"},"canonical":"https:\/\/blog.tmgrupoinmobiliario.com\/fr\/lineas-de-negocio\/diversificacion\/","og_locale":"fr_FR","og_type":"article","og_title":"Diversificaci\u00f3n","og_description":"Nos biens immobiliers en Espagne Nos biens immobiliers au Mexique Nos h\u00f4tels au Mexique Nos autres projets menu Nos autres projets Nos autres projets El \u00e1rea de Diversificaci\u00f3n de TM Grupo Inmobiliario, es reflejo de la visi\u00f3n emprendedora del Grupo y engloba todas aquellas l\u00edneas de negocio distintas a la actividad promotora e inmobiliaria, motor [&hellip;]","og_url":"https:\/\/blog.tmgrupoinmobiliario.com\/fr\/lineas-de-negocio\/diversificacion\/","og_site_name":"Francais","article_modified_time":"2024-11-27T16:22:19+00:00","og_image":[{"url":"https:\/\/static.tmgrupoinmobiliario.com\/files\/moreras\/logo-moreras.png","type":"","width":"","height":""}],"twitter_card":"summary_large_image","twitter_misc":{"Dur\u00e9e de lecture estim\u00e9e":"7 minutes"},"schema":{"@context":"https:\/\/schema.org","@graph":[{"@type":"WebPage","@id":"https:\/\/blog.tmgrupoinmobiliario.com\/fr\/lineas-de-negocio\/diversificacion\/","url":"https:\/\/blog.tmgrupoinmobiliario.com\/fr\/lineas-de-negocio\/diversificacion\/","name":"Diversificaci\u00f3n - Francais","isPartOf":{"@id":"https:\/\/blog.tmgrupoinmobiliario.com\/fr\/#website"},"primaryImageOfPage":{"@id":"https:\/\/blog.tmgrupoinmobiliario.com\/fr\/lineas-de-negocio\/diversificacion\/#primaryimage"},"image":{"@id":"https:\/\/blog.tmgrupoinmobiliario.com\/fr\/lineas-de-negocio\/diversificacion\/#primaryimage"},"thumbnailUrl":"https:\/\/static.tmgrupoinmobiliario.com\/files\/moreras\/logo-moreras.png","datePublished":"2018-08-13T14:28:21+00:00","dateModified":"2024-11-27T16:22:19+00:00","breadcrumb":{"@id":"https:\/\/blog.tmgrupoinmobiliario.com\/fr\/lineas-de-negocio\/diversificacion\/#breadcrumb"},"inLanguage":"fr-FR","potentialAction":[{"@type":"ReadAction","target":["https:\/\/blog.tmgrupoinmobiliario.com\/fr\/lineas-de-negocio\/diversificacion\/"]}]},{"@type":"ImageObject","inLanguage":"fr-FR","@id":"https:\/\/blog.tmgrupoinmobiliario.com\/fr\/lineas-de-negocio\/diversificacion\/#primaryimage","url":"https:\/\/static.tmgrupoinmobiliario.com\/files\/moreras\/logo-moreras.png","contentUrl":"https:\/\/static.tmgrupoinmobiliario.com\/files\/moreras\/logo-moreras.png"},{"@type":"BreadcrumbList","@id":"https:\/\/blog.tmgrupoinmobiliario.com\/fr\/lineas-de-negocio\/diversificacion\/#breadcrumb","itemListElement":[{"@type":"ListItem","position":1,"name":"Portada","item":"https:\/\/blog.tmgrupoinmobiliario.com\/fr\/"},{"@type":"ListItem","position":2,"name":"Lineas de Negocio","item":"https:\/\/blog.tmgrupoinmobiliario.com\/fr\/lineas-de-negocio\/"},{"@type":"ListItem","position":3,"name":"Diversificaci\u00f3n"}]},{"@type":"WebSite","@id":"https:\/\/blog.tmgrupoinmobiliario.com\/fr\/#website","url":"https:\/\/blog.tmgrupoinmobiliario.com\/fr\/","name":"Francais","description":"Otro sitio m\u00e1s de Blog Desarrollo TM sitios","potentialAction":[{"@type":"SearchAction","target":{"@type":"EntryPoint","urlTemplate":"https:\/\/blog.tmgrupoinmobiliario.com\/fr\/?s={search_term_string}"},"query-input":{"@type":"PropertyValueSpecification","valueRequired":true,"valueName":"search_term_string"}}],"inLanguage":"fr-FR"}]}},"jetpack_sharing_enabled":true,"_links":{"self":[{"href":"https:\/\/blog.tmgrupoinmobiliario.com\/fr\/wp-json\/wp\/v2\/pages\/15","targetHints":{"allow":["GET"]}}],"collection":[{"href":"https:\/\/blog.tmgrupoinmobiliario.com\/fr\/wp-json\/wp\/v2\/pages"}],"about":[{"href":"https:\/\/blog.tmgrupoinmobiliario.com\/fr\/wp-json\/wp\/v2\/types\/page"}],"author":[{"embeddable":true,"href":"https:\/\/blog.tmgrupoinmobiliario.com\/fr\/wp-json\/wp\/v2\/users\/2"}],"replies":[{"embeddable":true,"href":"https:\/\/blog.tmgrupoinmobiliario.com\/fr\/wp-json\/wp\/v2\/comments?post=15"}],"version-history":[{"count":10,"href":"https:\/\/blog.tmgrupoinmobiliario.com\/fr\/wp-json\/wp\/v2\/pages\/15\/revisions"}],"predecessor-version":[{"id":20112,"href":"https:\/\/blog.tmgrupoinmobiliario.com\/fr\/wp-json\/wp\/v2\/pages\/15\/revisions\/20112"}],"up":[{"embeddable":true,"href":"https:\/\/blog.tmgrupoinmobiliario.com\/fr\/wp-json\/wp\/v2\/pages\/7"}],"wp:attachment":[{"href":"https:\/\/blog.tmgrupoinmobiliario.com\/fr\/wp-json\/wp\/v2\/media?parent=15"}],"curies":[{"name":"wp","href":"https:\/\/api.w.org\/{rel}","templated":true}]}}