{"id":12977,"date":"2018-09-05T09:02:41","date_gmt":"2018-09-05T07:02:41","guid":{"rendered":"https:\/\/blog.tmgrupoinmobiliario.com\/?page_id=12977"},"modified":"2025-10-27T17:07:55","modified_gmt":"2025-10-27T16:07:55","slug":"aviso-legal","status":"publish","type":"page","link":"https:\/\/blog.tmgrupoinmobiliario.com\/fr\/aviso-legal\/","title":{"rendered":"Aviso Legal"},"content":{"rendered":"<section id=\"anyos_construyendo\" class=\"section lineas-de-actuacion\">\n<div class=\"container mw-1200\">\n<h2 class=\"section-title static-title\"><span>1. Informations l\u00e9gales<\/span><\/h2>\n<p>Conform\u00e9ment au devoir d&#8217;information \u00e9tabli \u00e0 l&#8217;article 10 de la loi 34\/2002 sur les services des soci\u00e9t\u00e9s de l&#8217;information et du commerce \u00e9lectronique, nous vous informons que le propri\u00e9taire du site www.tmgrupoinmobiliario.com est TM Groupo Inmobiliario compos\u00e9 des entreprises suivantes : <\/p>\n<ul>\n<li>Torreblanca del Mediterr\u00e1neo Sol S.L.\t<strong>B03350642<\/strong><\/li>\n<li>Mar Real Estates S.L.U. \t<strong>B53953873<\/strong><\/li>\n<li>TM Renovables Noblejas, S.A.U. \t<strong>A03178696<\/strong><\/li>\n<li>Beach Homes Real Estates S.L.U.\t<strong>B53644043<\/strong><\/li>\n<li>Residencial Vista Alegre S.A.U. \t<strong>A03182060<\/strong><\/li>\n<li>Villavi\u00f1as S.L.U.\t<strong>B03457462<\/strong><\/li>\n<li>Vi\u00f1amares S.L.U.\t<strong>B03309754<\/strong><\/li>\n<li>Torrevi\u00f1as, S.L.U.\t<strong>B03360021<\/strong><\/li>\n<li>TM Agr\u00edcola Las Moreras, S.L.U.\t<strong>B54076104<\/strong><\/li>\n<li>TM Marketing &amp; Sales, S.L.U.\t<strong>B54076096<\/strong><\/li>\n<li>Mar de Pulp\u00ed Health, Sport &amp; Leisure Center, S.L.\t<strong>B04798256<\/strong><\/li>\n<li>The Fives Sales &#038; Marketing, S.L.\t<strong>B42665315<\/strong><\/li>\n<\/ul>\n<p>En qualit\u00e9 de responsable du Groupe, les donn\u00e9es d&#8217;identification et de contact avec les propri\u00e9taires du site sont centralis\u00e9es dans :<\/p>\n<ul>\n<li><strong>Propri\u00e9taire:<\/strong> Torreblanca del Mediterr\u00e1neo Sol S.L.<\/li>\n<li><strong>Adresse sociale:<\/strong> Plaza Jos\u00e9 Luis Serna n\u00ba 1 03184 (TORREVIEJA) ALICANTE<\/li>\n<li><strong>Code \/ num\u00e9ro d&#8217;identification fiscale:<\/strong> B03350642<\/li>\n<li><strong>Adresse e-mail de contact:<\/strong> datos@tmgrupoinmobiliario.com<\/li>\n<li><strong>Adresse de contact avec le DPO:<\/strong> dpo@tmgrupoinmobiliario.com<\/li>\n<li><strong>T\u00e9l\u00e9phone de contact:<\/strong> 902 15 15 12<\/li>\n<li><strong>Donn\u00e9es d&#8217;enregistrement:<\/strong> <\/li>\n<\/ul>\n<h2 class=\"section-title static-title\"><span>2. Objet et champ d\u2019application<\/span><\/h2>\n<p>2.1.- Les pr\u00e9sentes Mentions l\u00e9gales \u00e9tablissent les conditions g\u00e9n\u00e9rales d&#8217;utilisation qui r\u00e9gissent l&#8217;acc\u00e8s, la navigation et l&#8217;utilisation du site www.tmgrupoinmobiliario.com (ci-apr\u00e8s, le Site Web), ainsi que les responsabilit\u00e9s d\u00e9coulant de l&#8217;utilisation de son contenu. En outre, la fourniture de certains services ou activit\u00e9s dans le cadre du Site Web peut \u00e9galement \u00eatre soumise \u00e0 d&#8217;autres conditions particuli\u00e8res qui pourraient \u00eatre \u00e9tablies et qui, le cas \u00e9ch\u00e9ant, se substituent, compl\u00e8tent et \/ ou modifient les conditions g\u00e9n\u00e9rales d&#8217;utilisation des pr\u00e9sentes Mentions l\u00e9gales.\u00a0<\/p>\n<p>2.2.- Ce Site Web est un service que TM Grupo Inmobiliario, (ci-apr\u00e8s le RESPONSABLE DU TRAITEMENT) met \u00e0 disposition des internautes \u00e0 titre informatif, en \u00e9tant en mesure d&#8217;apporter \u00e0 tout moment et sans pr\u00e9avis les modifications qu&#8217;il juge appropri\u00e9es dans sa conception, configuration et contenu.<\/p>\n<p>2.3.- L&#8217;acc\u00e8s et l&#8217;utilisation de ce Site Web conf\u00e8rent au visiteur la qualit\u00e9 d&#8217;UTILISATEUR et implique son acceptation pleine et sans r\u00e9serve, d\u00e8s ledit acc\u00e8s et \/ ou ladite utilisation, de toutes les conditions d&#8217;utilisation que le RESPONSABLE DU TRAITEMENT inclue dans les pr\u00e9sentes Mentions l\u00e9gales, dans la version publi\u00e9e au moment de l&#8217;acc\u00e8s au Site Web. \u00c0 cet \u00e9gard, l&#8217;UTILISATEUR s&#8217;entendra comme la personne qui acc\u00e8de, navigue, utilise ou participe aux services et activit\u00e9s d\u00e9velopp\u00e9s sur le Site Web.<\/p>\n<p>2.4.- L&#8217;UTILISATEUR s&#8217;engage \u00e0 faire un usage correct du Site Web, conform\u00e9ment aux lois applicables, \u00e0 la bonne foi, \u00e0 l&#8217;ordre public, aux usages du trafic et aux pr\u00e9sentes Mentions l\u00e9gales, en r\u00e9pondant \u00e0 l&#8217;\u00e9gard du RESPONSABLE DU TRAITEMENT et des tiers de tout dommage pouvant r\u00e9sulter du non-respect de cette obligation.<\/p>\n<h2 class=\"section-title static-title\"><span>3. Acc\u00e8s et utilisation du Site Web<\/span><\/h2>\n<p>3.1.- L&#8217;acc\u00e8s \u00e0 ce Site Web est libre et gratuit, \u00e0 l&#8217;exception des frais de connexion au r\u00e9seau de t\u00e9l\u00e9communications fourni par l&#8217;op\u00e9rateur aupr\u00e8s duquel chaque UTILISATEUR a souscrit un abonnement.<\/p>\n<p>3.2.- L&#8217;UTILISATEUR est responsable de l&#8217;utilisation du Site Web. Par cons\u00e9quent, l&#8217;UTILISATEUR s&#8217;engage \u00e0 utiliser le contenu de mani\u00e8re diligente, responsable et licite et, en particulier, s&#8217;engage \u00e0 ne pas l&#8217;utiliser pour, entre autres :<\/p>\n<ul>\n<li>Utiliser de fausses identit\u00e9s ou usurper l&#8217;identit\u00e9 d&#8217;autres utilisateurs lors de l&#8217;utilisation du Site Web ou de ses services.<\/li>\n<li>Introduire des virus informatiques dans le r\u00e9seau ou effectuer des actions susceptibles d&#8217;alt\u00e9rer, d&#8217;endommager, d&#8217;interrompre ou de g\u00e9n\u00e9rer des erreurs ou dommages sur des documents \u00e9lectroniques, des donn\u00e9es ou des syst\u00e8mes physiques et logiques du RESPONSABLE DU TRAITEMENT ou des tiers, ainsi que d&#8217;obstruer l&#8217;acc\u00e8s d&#8217;autres utilisateurs au Site Web et \u00e0 ses services par la consommation massive de ressources informatiques \u00e0 travers lesquelles le RESPONSABLE DU TRAITEMENT fournit ses services.<\/li>\n<li>Essayer d&#8217;acc\u00e9der et, le cas \u00e9ch\u00e9ant, utiliser les comptes de messagerie d&#8217;autres utilisateurs.<\/li>\n<li>Reproduire, copier, distribuer, mettre \u00e0 disposition ou de toute autre mani\u00e8re communiquer publiquement, transformer ou modifier le contenu du Site Web, \u00e0 des fins commerciales, sur tout support et par tout moyen technique, sans l&#8217;autorisation pr\u00e9alable et expresse du titulaire des droits correspondants.<\/li>\n<li>Introduire ou incorporer le contenu et \/ ou les services pr\u00e9sent\u00e9s sur ce Site Web \u00e0 titre d&#8217;activit\u00e9 commerciale ou professionnelle propre.<\/li>\n<li>Violer tout droit de propri\u00e9t\u00e9 intellectuelle ou industrielle d\u00e9riv\u00e9 du contenu du Site Web.<\/li>\n<li>Utiliser le contenu et \/ ou les informations de toute nature, obtenues via ce Site Web, pour mener des activit\u00e9s publicitaires ou promotionnelles, envoyer de la publicit\u00e9 de toute nature et des communications \u00e0 des fins de vente ou \u00e0 d&#8217;autres fins commerciales, ou pour collecter, commercialiser ou diffuser, par tout proc\u00e9d\u00e9, ces informations.<\/li>\n<li>Utiliser ce Site Web, ou le contenu et \/ ou les services obtenus via celle-ci, pour mener des activit\u00e9s contraires \u00e0 la loi, \u00e0 la morale, aux bonnes m\u0153urs ou \u00e0 l&#8217;ordre public, \u00e0 des fins ou effets illicites interdits ou pr\u00e9judiciables aux droits et les int\u00e9r\u00eats des tiers.<\/li>\n<\/ul>\n<p>3.3.- Le RESPONSABLE DU TRAITEMENT se r\u00e9serve le droit d&#8217;interrompre l&#8217;acc\u00e8s au Site Web \u00e0 tout moment et sans pr\u00e9avis, ainsi que d&#8217;interrompre la fourniture de tout ou partie des services fournis \u00e0 travers dudit Site Web, soit pour des raisons techniques, de s\u00e9curit\u00e9 ou pour toute autre raison.<\/p>\n<h2 class=\"section-title static-title\"><span>4. Protection des donn\u00e9es personnelles<\/span><\/h2>\n<p>4.1.- Le RESPONSABLE DU TRAITEMENT s&#8217;engage \u00e0 traiter les donn\u00e9es personnelles en respectant les droits de leurs titulaires, et conform\u00e9ment \u00e0 la r\u00e9glementation \u00e0 tout moment en vigueur en mati\u00e8re de protection des donn\u00e9es. \u00a0<\/p>\n<p>4.2.- Dans la section \u00ab Politique de confidentialit\u00e9 \u00bb du Site Web, les informations l\u00e9gales ou la politique de confidentialit\u00e9 correspondant aux diff\u00e9rents traitements de donn\u00e9es effectu\u00e9s par le RESPONSABLE DU TRAITEMENT, en relation avec la gestion des donn\u00e9es des internautes, abonn\u00e9s aux r\u00e9seaux sociaux, candidats, abonn\u00e9s, etc., sont en permanence \u00e0 la disposition de l&#8217;UTILISITEUR. \u00a0<\/p>\n<p>4.3.- Dans le cas o\u00f9 l&#8217;UTILISATEUR remplit volontairement l&#8217;un des formulaires de collecte de donn\u00e9es en ligne disponibles sur le Site Web, afin d&#8217;acc\u00e9der \u00e0 certains de ses services ou contenus, il s&#8217;engage \u00e0 fournir des donn\u00e9es exactes et v\u00e9ridiques, ainsi qu&#8217;\u00e0 communiquer au RESPONSABLE DU TRAITEMENT toute modification de celles-ci. Sauf indication contraire expresse, les donn\u00e9es demand\u00e9es dans nos formulaires sont n\u00e9cessaires pour le traitement de votre demande.\n<\/p>\n<p>Dans tous les cas, un lien vers la politique de confidentialit\u00e9 correspondante sera inclus dans le formulaire en ligne correspondant pour la collecte des donn\u00e9es personnelles de l&#8217;UTILISATEUR, qui sera applicable au traitement des donn\u00e9es personnelles fournies. L&#8217;acceptation expresse par l&#8217;UTILISATEUR de la politique de confidentialit\u00e9 correspondante sera n\u00e9cessaire pour que le formulaire soit rempli et pour pouvoir finaliser le processus d&#8217;envoi. Le contenu de ladite politique de confidentialit\u00e9 peut faire l&#8217;objet de modifications pour l&#8217;adapter aux changements l\u00e9gislatifs qui pourraient survenir, ainsi qu&#8217;aux crit\u00e8res et positions \u00e9mis par les autorit\u00e9s comp\u00e9tentes en mati\u00e8re de protection des donn\u00e9es. <\/p>\n<p>4.4.-Certains des services et produits propos\u00e9s sur le Site Web sont soumis \u00e0 une r\u00e9servation pr\u00e9alable et \/ ou \u00e0 un contrat portant sur ceux-ci, tel que d\u00e9fini dans les conditions contractuelles g\u00e9n\u00e9rales et \/ ou particuli\u00e8res correspondantes.<\/p>\n<p>4.5.- Si un UTILISATEUR fournit des donn\u00e9es personnelles d&#8217;autres personnes physiques, il s&#8217;engage \u00e0 respecter, en relation avec ces donn\u00e9es, toutes les obligations d\u00e9coulant de la r\u00e9glementation en vigueur en mati\u00e8re de protection des donn\u00e9es, et notamment le devoir d&#8217;informer et d&#8217;obtenir le consentement du propri\u00e9taire des donn\u00e9es personnelles. \u00a0<\/p>\n<p>4.6.- Les mineurs de moins de 13 ans ne sont pas autoris\u00e9s \u00e0 fournir leurs donn\u00e9es personnelles via le Site Web, l&#8217;autorisation expresse pr\u00e9alable de leurs parents ou tuteurs \u00e9tant n\u00e9cessaire. Dans tous les cas, ce Site Web n&#8217;est pas destin\u00e9 aux mineurs.<\/p>\n<h2 class=\"section-title static-title\"><span>5. Propri\u00e9t\u00e9 intellectuelle et industrielle<\/span><\/h2>\n<p>5.1.- Le RESPONSABLE DU TRAITEMENT est le propri\u00e9taire ou titulaire d&#8217;une licence sur les droits d&#8217;exploitation de la propri\u00e9t\u00e9 intellectuelle et industrielle de ce Site Web, ainsi que sur le contenu disponible sur celui-ci. Tous droits r\u00e9serv\u00e9s.<\/p>\n<p>5.2.- En aucun cas il ne sera entendu que l&#8217;acc\u00e8s et la navigation de l&#8217;UTILISATEUR sur le Site Web impliquent une renonciation, une transmission, une licence ou une cession totale ou partielle desdits droits par le RESPONSABLE DU TRAITEMENT, ni que cela conf\u00e8re \u00e0 l&#8217;UTILISATEUR un droit d&#8217;utilisation, de traduction, d&#8217;adaptation, de modification, d&#8217;exploitation, de reproduction, de distribution ou de communication publique, \u00e0 des fins commerciales, desdits contenus, sans l&#8217;autorisation pr\u00e9alable et expresse du RESPONSABLE DU TRAITEMENT ou du titulaire des droits concern\u00e9s. Le non-respect de ce qui pr\u00e9c\u00e8de autorisera le RESPONSABLE DU TRAITEMENT ou les titulaires des droits correspondants \u00e0 intenter les poursuites judiciaires appropri\u00e9es.<\/p>\n<p>5.3.- La distribution, la modification, le transfert ou la communication publique des contenus et tout autre acte qui n&#8217;a pas \u00e9t\u00e9 express\u00e9ment autoris\u00e9 par le titulaire des droits d&#8217;exploitation sont interdits.<\/p>\n<h2 class=\"section-title static-title\"><span>6. Exclusion de garanties et de responsabilit\u00e9<\/span><\/h2>\n<p>6.1.- Le contenu de ce site Web a un but informatif et de cr\u00e9ation d&#8217;un canal de communication avec les UTILISATEURS, sans que son contenu ne puisse \u00eatre consid\u00e9r\u00e9 comme un conseil exhaustif sur quelque question que ce soit. Le RESPONSABLE DU TRAITEMENT ne garantit pas pleinement l&#8217;acc\u00e8s \u00e0 tout le contenu, ni son exhaustivit\u00e9, son exactitude, sa validit\u00e9 ou son actualit\u00e9, ni son ad\u00e9quation ou son utilit\u00e9 pour un objectif sp\u00e9cifique. Le RESPONSABLE DU TRAITEMENT exclut, dans la mesure permise par la loi, toute responsabilit\u00e9 pour les dommages de toute nature d\u00e9coulant, \u00e0 titre d&#8217;exemple et sans s&#8217;y limiter : d&#8217;erreurs ou d&#8217;omissions dans le contenu, du manque de disponibilit\u00e9 du Site Web, ou de la transmission de virus ou programmes malveillants ou nuisibles dans le contenu. Toutefois, le RESPONSABLE DU TRAITEMENT d\u00e9clare avoir pris toutes les mesures n\u00e9cessaires, dans la limite de ses possibilit\u00e9s et de l&#8217;\u00e9tat de la technologie, pour garantir le fonctionnement du Site Web et \u00e9viter l&#8217;existence et la transmission de virus et d&#8217;autres \u00e9l\u00e9ments nuisibles aux UTILISATEURS.<\/p>\n<p>6.2.- Le RESPONSABLE DU TRAITEMENT n&#8217;est pas responsable de l&#8217;utilisation que l&#8217;UTILISATEUR fait des services et contenus du Site Web. L&#8217;UTILISATEUR reconna\u00eet et accepte que l&#8217;utilisation du Site Web, ainsi que ses services et contenu, s&#8217;effectue \u00e0 ses risques et p\u00e9rils.<\/p>\n<p>6.3.- L&#8217;UTILISATEUR sera seul responsable des contributions et commentaires faits sur ce Site Web, notamment \u00e0 travers son Blog, le RESPONSABLE DU TRAITEMENT se r\u00e9servant le droit de retirer de celui-ci ceux qu&#8217;il jugera inappropri\u00e9s, et n&#8217;assumant pas la responsabilit\u00e9 d\u00e9coulant des commentaires des UTILISATEURS.<\/p>\n<h2 class=\"section-title static-title\"><span>7. Liens<\/span><\/h2>\n<p>7.1.- Dans le cas o\u00f9 le Site Web fournit des liens ou des hyperliens vers d&#8217;autres sites Internet, le RESPONSABLE DU TRAITEMENT n&#8217;exercera aucun contr\u00f4le ni sur ces sites, ni sur leur contenu. En aucun cas, le RESPONSABLE DU TRAITEMENT n&#8217;assumera une responsabilit\u00e9 d\u00e9coulant du contenu des sites Web tiers li\u00e9s, ni ne garantira la disponibilit\u00e9 technique, la qualit\u00e9, la fiabilit\u00e9, l&#8217;exactitude, l&#8217;\u00e9tendue, la v\u00e9racit\u00e9, la l\u00e9galit\u00e9 ou la validit\u00e9 de tout mat\u00e9riel ou toute information contenue dans l&#8217;un desdits hyperliens ou autres sites Internet. \u00c0 cet \u00e9gard, si les UTILISATEURS devaient avoir une connaissance effective de l&#8217;ill\u00e9galit\u00e9 des activit\u00e9s men\u00e9es \u00e0 travers ces pages web tierces li\u00e9es, ils devraient imm\u00e9diatement en informer le RESPONSABLE DU TRAITEMENT afin que le lien d&#8217;acc\u00e8s \u00e0 ces pages web puisse \u00eatre d\u00e9sactiv\u00e9.<\/p>\n<p>7.2.- De m\u00eame, l&#8217;inclusion par le RESPONSABLE DU TRAITEMENT de tout type de lien vers d&#8217;autres sites Internet n&#8217;implique pas l&#8217;existence d&#8217;un quelconque type de relation, d&#8217;association, de collaboration ou de d\u00e9pendance entre le RESPONSABLE DU TRAITEMENT et le propri\u00e9taire du site Web tiers.<\/p>\n<h2 class=\"section-title static-title\"><span>8. Droit d&#8217;exclusivit\u00e9<\/span><\/h2>\n<p>Le RESPONSABLE DU TRAITEMENT se r\u00e9serve le droit de refuser ou de retirer l&#8217;acc\u00e8s \u00e0 ce Site Web et \/ ou aux contenus et services propos\u00e9s, sans pr\u00e9avis, aux UTILISATEURS qui ne respectent pas les pr\u00e9sentes conditions g\u00e9n\u00e9rales d&#8217;utilisation ou les conditions particuli\u00e8res qui pourraient \u00eatre \u00e9tablies.<\/p>\n<h2 class=\"section-title static-title\"><span>9. G\u00e9n\u00e9ralit\u00e9s<\/span><\/h2>\n<p>9.1.- En cas de divergence entre les dispositions des pr\u00e9sentes conditions g\u00e9n\u00e9rales et les conditions particuli\u00e8res de chaque service sp\u00e9cifique, les dispositions de ces derni\u00e8res pr\u00e9vaudront.<\/p>\n<p>9.2.- Si une disposition ou un contenu des pr\u00e9sentes Mentions l\u00e9gales est d\u00e9clar\u00e9 nul ou inapplicable, en tout ou en partie, par d\u00e9cision d\u00e9finitive d&#8217;un tribunal comp\u00e9tent, ladite nullit\u00e9 ou non-application n&#8217;affectera pas les autres dispositions des conditions d&#8217;utilisation qui resteront valables \u00e0 tous effets.<\/p>\n<p>9.3.- L&#8217;absence de l&#8217;exercice ou de l&#8217;ex\u00e9cution par le RESPONSABLE DU TRAITEMENT de tout droit ou disposition contenue dans les pr\u00e9sentes conditions d&#8217;utilisation ne constituera pas une renonciation \u00e0 celle-ci, sauf acceptation et accord contraires donn\u00e9s par \u00e9crit.<\/p>\n<p>9.4.- Le RESPONSABLE DU TRAITEMENT peut modifier en tout ou en partie et \u00e0 tout moment les conditions d\u00e9finies ici, et lesdites modifications seront effectives d\u00e8s leur publication sur ce Site Web. <\/p>\n<h2 class=\"section-title static-title\"><span>10. Loi applicable et juridiction comp\u00e9tente<\/span><\/h2>\n<p>Les relations \u00e9tablies entre le propri\u00e9taire de ce Site Web et l&#8217;UTILISATEUR, seront r\u00e9gies par les dispositions de la r\u00e9glementation en vigueur en mati\u00e8re de loi applicable et de juridiction comp\u00e9tente. Toutefois, pour les cas dans lesquels la loi pr\u00e9voit la possibilit\u00e9 que les parties se soumettent \u00e0 une juridiction, le RESPONSABLE DU TRAITEMENT et l&#8217;UTILISATEUR, renon\u00e7ant express\u00e9ment \u00e0 toute autre juridiction qui pourrait leur convenir, se soumettent aux tribunaux de la ville de Torrevieja.\u00a0<\/p>\n<p>27 ao\u00fbt 2018<\/p>\n<\/div>\n<\/section>\n","protected":false},"excerpt":{"rendered":"<p>1. Informations l\u00e9gales Conform\u00e9ment au devoir d&#8217;information \u00e9tabli \u00e0 l&#8217;article 10 de la loi 34\/2002 sur les services des soci\u00e9t\u00e9s de l&#8217;information et du commerce \u00e9lectronique, nous vous informons que le propri\u00e9taire du site www.tmgrupoinmobiliario.com est TM Groupo Inmobiliario compos\u00e9 des entreprises suivantes : Torreblanca del Mediterr\u00e1neo Sol S.L. B03350642 Mar Real Estates S.L.U. B53953873 [&hellip;]<\/p>\n","protected":false},"author":2,"featured_media":0,"parent":0,"menu_order":0,"comment_status":"closed","ping_status":"closed","template":"","meta":{"footnotes":""},"class_list":["post-12977","page","type-page","status-publish","hentry"],"better_featured_image":null,"acf":[],"yoast_head":"<!-- This site is optimized with the Yoast SEO Premium plugin v23.6 (Yoast SEO v27.5) - https:\/\/yoast.com\/product\/yoast-seo-premium-wordpress\/ -->\n<title>Aviso Legal - Francais<\/title>\n<meta name=\"robots\" content=\"index, follow, max-snippet:-1, max-image-preview:large, max-video-preview:-1\" \/>\n<link rel=\"canonical\" href=\"https:\/\/blog.tmgrupoinmobiliario.com\/fr\/aviso-legal\/\" \/>\n<meta property=\"og:locale\" content=\"fr_FR\" \/>\n<meta property=\"og:type\" content=\"article\" \/>\n<meta property=\"og:title\" content=\"Aviso Legal\" \/>\n<meta property=\"og:description\" content=\"1. Informations l\u00e9gales Conform\u00e9ment au devoir d&#8217;information \u00e9tabli \u00e0 l&#8217;article 10 de la loi 34\/2002 sur les services des soci\u00e9t\u00e9s de l&#8217;information et du commerce \u00e9lectronique, nous vous informons que le propri\u00e9taire du site www.tmgrupoinmobiliario.com est TM Groupo Inmobiliario compos\u00e9 des entreprises suivantes : Torreblanca del Mediterr\u00e1neo Sol S.L. B03350642 Mar Real Estates S.L.U. B53953873 [&hellip;]\" \/>\n<meta property=\"og:url\" content=\"https:\/\/blog.tmgrupoinmobiliario.com\/fr\/aviso-legal\/\" \/>\n<meta property=\"og:site_name\" content=\"Francais\" \/>\n<meta property=\"article:modified_time\" content=\"2025-10-27T16:07:55+00:00\" \/>\n<meta name=\"twitter:card\" content=\"summary_large_image\" \/>\n<meta name=\"twitter:label1\" content=\"Dur\u00e9e de lecture estim\u00e9e\" \/>\n\t<meta name=\"twitter:data1\" content=\"11 minutes\" \/>\n<script type=\"application\/ld+json\" class=\"yoast-schema-graph\">{\"@context\":\"https:\\\/\\\/schema.org\",\"@graph\":[{\"@type\":\"WebPage\",\"@id\":\"https:\\\/\\\/blog.tmgrupoinmobiliario.com\\\/fr\\\/aviso-legal\\\/\",\"url\":\"https:\\\/\\\/blog.tmgrupoinmobiliario.com\\\/fr\\\/aviso-legal\\\/\",\"name\":\"Aviso Legal - Francais\",\"isPartOf\":{\"@id\":\"https:\\\/\\\/blog.tmgrupoinmobiliario.com\\\/fr\\\/#website\"},\"datePublished\":\"2018-09-05T07:02:41+00:00\",\"dateModified\":\"2025-10-27T16:07:55+00:00\",\"breadcrumb\":{\"@id\":\"https:\\\/\\\/blog.tmgrupoinmobiliario.com\\\/fr\\\/aviso-legal\\\/#breadcrumb\"},\"inLanguage\":\"fr-FR\",\"potentialAction\":[{\"@type\":\"ReadAction\",\"target\":[\"https:\\\/\\\/blog.tmgrupoinmobiliario.com\\\/fr\\\/aviso-legal\\\/\"]}]},{\"@type\":\"BreadcrumbList\",\"@id\":\"https:\\\/\\\/blog.tmgrupoinmobiliario.com\\\/fr\\\/aviso-legal\\\/#breadcrumb\",\"itemListElement\":[{\"@type\":\"ListItem\",\"position\":1,\"name\":\"Portada\",\"item\":\"https:\\\/\\\/blog.tmgrupoinmobiliario.com\\\/fr\\\/\"},{\"@type\":\"ListItem\",\"position\":2,\"name\":\"Aviso Legal\"}]},{\"@type\":\"WebSite\",\"@id\":\"https:\\\/\\\/blog.tmgrupoinmobiliario.com\\\/fr\\\/#website\",\"url\":\"https:\\\/\\\/blog.tmgrupoinmobiliario.com\\\/fr\\\/\",\"name\":\"Francais\",\"description\":\"Otro sitio m\u00e1s de Blog Desarrollo TM sitios\",\"potentialAction\":[{\"@type\":\"SearchAction\",\"target\":{\"@type\":\"EntryPoint\",\"urlTemplate\":\"https:\\\/\\\/blog.tmgrupoinmobiliario.com\\\/fr\\\/?s={search_term_string}\"},\"query-input\":{\"@type\":\"PropertyValueSpecification\",\"valueRequired\":true,\"valueName\":\"search_term_string\"}}],\"inLanguage\":\"fr-FR\"}]}<\/script>\n<!-- \/ Yoast SEO Premium plugin. -->","yoast_head_json":{"title":"Aviso Legal - Francais","robots":{"index":"index","follow":"follow","max-snippet":"max-snippet:-1","max-image-preview":"max-image-preview:large","max-video-preview":"max-video-preview:-1"},"canonical":"https:\/\/blog.tmgrupoinmobiliario.com\/fr\/aviso-legal\/","og_locale":"fr_FR","og_type":"article","og_title":"Aviso Legal","og_description":"1. Informations l\u00e9gales Conform\u00e9ment au devoir d&#8217;information \u00e9tabli \u00e0 l&#8217;article 10 de la loi 34\/2002 sur les services des soci\u00e9t\u00e9s de l&#8217;information et du commerce \u00e9lectronique, nous vous informons que le propri\u00e9taire du site www.tmgrupoinmobiliario.com est TM Groupo Inmobiliario compos\u00e9 des entreprises suivantes : Torreblanca del Mediterr\u00e1neo Sol S.L. B03350642 Mar Real Estates S.L.U. B53953873 [&hellip;]","og_url":"https:\/\/blog.tmgrupoinmobiliario.com\/fr\/aviso-legal\/","og_site_name":"Francais","article_modified_time":"2025-10-27T16:07:55+00:00","twitter_card":"summary_large_image","twitter_misc":{"Dur\u00e9e de lecture estim\u00e9e":"11 minutes"},"schema":{"@context":"https:\/\/schema.org","@graph":[{"@type":"WebPage","@id":"https:\/\/blog.tmgrupoinmobiliario.com\/fr\/aviso-legal\/","url":"https:\/\/blog.tmgrupoinmobiliario.com\/fr\/aviso-legal\/","name":"Aviso Legal - Francais","isPartOf":{"@id":"https:\/\/blog.tmgrupoinmobiliario.com\/fr\/#website"},"datePublished":"2018-09-05T07:02:41+00:00","dateModified":"2025-10-27T16:07:55+00:00","breadcrumb":{"@id":"https:\/\/blog.tmgrupoinmobiliario.com\/fr\/aviso-legal\/#breadcrumb"},"inLanguage":"fr-FR","potentialAction":[{"@type":"ReadAction","target":["https:\/\/blog.tmgrupoinmobiliario.com\/fr\/aviso-legal\/"]}]},{"@type":"BreadcrumbList","@id":"https:\/\/blog.tmgrupoinmobiliario.com\/fr\/aviso-legal\/#breadcrumb","itemListElement":[{"@type":"ListItem","position":1,"name":"Portada","item":"https:\/\/blog.tmgrupoinmobiliario.com\/fr\/"},{"@type":"ListItem","position":2,"name":"Aviso Legal"}]},{"@type":"WebSite","@id":"https:\/\/blog.tmgrupoinmobiliario.com\/fr\/#website","url":"https:\/\/blog.tmgrupoinmobiliario.com\/fr\/","name":"Francais","description":"Otro sitio m\u00e1s de Blog Desarrollo TM sitios","potentialAction":[{"@type":"SearchAction","target":{"@type":"EntryPoint","urlTemplate":"https:\/\/blog.tmgrupoinmobiliario.com\/fr\/?s={search_term_string}"},"query-input":{"@type":"PropertyValueSpecification","valueRequired":true,"valueName":"search_term_string"}}],"inLanguage":"fr-FR"}]}},"jetpack_sharing_enabled":true,"_links":{"self":[{"href":"https:\/\/blog.tmgrupoinmobiliario.com\/fr\/wp-json\/wp\/v2\/pages\/12977","targetHints":{"allow":["GET"]}}],"collection":[{"href":"https:\/\/blog.tmgrupoinmobiliario.com\/fr\/wp-json\/wp\/v2\/pages"}],"about":[{"href":"https:\/\/blog.tmgrupoinmobiliario.com\/fr\/wp-json\/wp\/v2\/types\/page"}],"author":[{"embeddable":true,"href":"https:\/\/blog.tmgrupoinmobiliario.com\/fr\/wp-json\/wp\/v2\/users\/2"}],"replies":[{"embeddable":true,"href":"https:\/\/blog.tmgrupoinmobiliario.com\/fr\/wp-json\/wp\/v2\/comments?post=12977"}],"version-history":[{"count":6,"href":"https:\/\/blog.tmgrupoinmobiliario.com\/fr\/wp-json\/wp\/v2\/pages\/12977\/revisions"}],"predecessor-version":[{"id":20419,"href":"https:\/\/blog.tmgrupoinmobiliario.com\/fr\/wp-json\/wp\/v2\/pages\/12977\/revisions\/20419"}],"wp:attachment":[{"href":"https:\/\/blog.tmgrupoinmobiliario.com\/fr\/wp-json\/wp\/v2\/media?parent=12977"}],"curies":[{"name":"wp","href":"https:\/\/api.w.org\/{rel}","templated":true}]}}