{"version":"1.0","provider_name":"Deutsche","provider_url":"https:\/\/blog.tmgrupoinmobiliario.com\/de","author_name":"gabriel","author_url":"https:\/\/blog.tmgrupoinmobiliario.com\/de\/author\/gabriel\/","title":"TM Grupo Inmobiliario gedenkt seines Gr\u00fcnders","type":"rich","width":600,"height":338,"html":"<blockquote class=\"wp-embedded-content\" data-secret=\"delRHTSdyj\"><a href=\"https:\/\/blog.tmgrupoinmobiliario.com\/de\/2018\/08\/28\/tm-grupo-inmobiliario-gedenkt-seines-gruenders\/\">TM Grupo Inmobiliario gedenkt seines Gr\u00fcnders<\/a><\/blockquote><iframe sandbox=\"allow-scripts\" security=\"restricted\" src=\"https:\/\/blog.tmgrupoinmobiliario.com\/de\/2018\/08\/28\/tm-grupo-inmobiliario-gedenkt-seines-gruenders\/embed\/#?secret=delRHTSdyj\" width=\"600\" height=\"338\" title=\"&#8222;TM Grupo Inmobiliario gedenkt seines Gr\u00fcnders&#8220; &#8211; Deutsche\" data-secret=\"delRHTSdyj\" frameborder=\"0\" marginwidth=\"0\" marginheight=\"0\" scrolling=\"no\" class=\"wp-embedded-content\"><\/iframe><script type=\"text\/javascript\">\n\/* <![CDATA[ *\/\n\/*! This file is auto-generated *\/\n!function(d,l){\"use strict\";l.querySelector&&d.addEventListener&&\"undefined\"!=typeof URL&&(d.wp=d.wp||{},d.wp.receiveEmbedMessage||(d.wp.receiveEmbedMessage=function(e){var t=e.data;if((t||t.secret||t.message||t.value)&&!\/[^a-zA-Z0-9]\/.test(t.secret)){for(var s,r,n,a=l.querySelectorAll('iframe[data-secret=\"'+t.secret+'\"]'),o=l.querySelectorAll('blockquote[data-secret=\"'+t.secret+'\"]'),c=new RegExp(\"^https?:$\",\"i\"),i=0;i<o.length;i++)o[i].style.display=\"none\";for(i=0;i<a.length;i++)s=a[i],e.source===s.contentWindow&&(s.removeAttribute(\"style\"),\"height\"===t.message?(1e3<(r=parseInt(t.value,10))?r=1e3:~~r<200&&(r=200),s.height=r):\"link\"===t.message&&(r=new URL(s.getAttribute(\"src\")),n=new URL(t.value),c.test(n.protocol))&&n.host===r.host&&l.activeElement===s&&(d.top.location.href=t.value))}},d.addEventListener(\"message\",d.wp.receiveEmbedMessage,!1),l.addEventListener(\"DOMContentLoaded\",function(){for(var e,t,s=l.querySelectorAll(\"iframe.wp-embedded-content\"),r=0;r<s.length;r++)(t=(e=s[r]).getAttribute(\"data-secret\"))||(t=Math.random().toString(36).substring(2,12),e.src+=\"#?secret=\"+t,e.setAttribute(\"data-secret\",t)),e.contentWindow.postMessage({message:\"ready\",secret:t},\"*\")},!1)))}(window,document);\n\/\/# sourceURL=https:\/\/blog.tmgrupoinmobiliario.com\/de\/wp-includes\/js\/wp-embed.min.js\n\/* ]]> *\/\n<\/script>\n","thumbnail_url":"https:\/\/blog.tmgrupoinmobiliario.com\/de\/wp-content\/uploads\/sites\/3\/2018\/08\/12A2656D-2.jpg","thumbnail_width":405,"thumbnail_height":270,"description":"5.04.2018 I TM Grupo Inmobiliario &nbsp; Am heutigen 5. April gedenken wir des Geburtstags unseres Gr\u00fcnders Jos\u00e9 Luis Serna, eines vision\u00e4ren Unternehmers voller Engagement f\u00fcr seine Arbeit. Bereits am Anfang seiner Berufst\u00e4tigkeit erkannte er, wie wichtig es ist, eine F\u00fchrungsrolle zu \u00fcbernehmen und ausgezeichnete Arbeit zu leisten. Er war von der Bedeutung einer umfassend am [&hellip;]"}